{"id":10344,"date":"2024-09-13T09:12:47","date_gmt":"2024-09-13T08:12:47","guid":{"rendered":"\/?post_type=tribe_events&#038;p=10344"},"modified":"2024-09-13T09:12:47","modified_gmt":"2024-09-13T08:12:47","slug":"exposicion-de-pintura-alma-del-mediterraneo-de-ines-loring-moxo","status":"publish","type":"tribe_events","link":"https:\/\/fundacioncajaruraldelsur.com\/pt\/evento\/exposicion-de-pintura-alma-del-mediterraneo-de-ines-loring-moxo\/","title":{"rendered":"Exposici\u00f3n de pintura: \u00abAlma del Mediterr\u00e1neo\u00bb, de In\u00e9s Loring Mox\u00f3"},"content":{"rendered":"<p><a href=\"\/wp-content\/uploads\/2024\/09\/Cartel_Alma-del-Mediterraneo_v3-scaled.jpg\" rel=\"lightbox-0\"><img loading=\"lazy\" decoding=\"async\" class=\"alignnone size-full wp-image-10345\" src=\"\/wp-content\/uploads\/2024\/09\/Cartel_Alma-del-Mediterraneo_v3-scaled.jpg\" alt=\"\" width=\"1810\" height=\"2560\" srcset=\"https:\/\/fundacioncajaruraldelsur.com\/wp-content\/uploads\/2024\/09\/Cartel_Alma-del-Mediterraneo_v3-scaled.jpg 1810w, https:\/\/fundacioncajaruraldelsur.com\/wp-content\/uploads\/2024\/09\/Cartel_Alma-del-Mediterraneo_v3-212x300.jpg 212w, https:\/\/fundacioncajaruraldelsur.com\/wp-content\/uploads\/2024\/09\/Cartel_Alma-del-Mediterraneo_v3-724x1024.jpg 724w, https:\/\/fundacioncajaruraldelsur.com\/wp-content\/uploads\/2024\/09\/Cartel_Alma-del-Mediterraneo_v3-768x1086.jpg 768w, https:\/\/fundacioncajaruraldelsur.com\/wp-content\/uploads\/2024\/09\/Cartel_Alma-del-Mediterraneo_v3-1086x1536.jpg 1086w, https:\/\/fundacioncajaruraldelsur.com\/wp-content\/uploads\/2024\/09\/Cartel_Alma-del-Mediterraneo_v3-1448x2048.jpg 1448w\" sizes=\"auto, (max-width: 1810px) 100vw, 1810px\" \/><\/a><\/p>\n<p>&nbsp;<\/p>\n<div class=\"page\" title=\"Page 1\">\n<div class=\"section\">\n<div class=\"layoutArea\">\n<div class=\"column\">\n<h3>Alma del Mediterra\u0301neo<\/h3>\n<p>Tierra, Mar y Cielo se funden en esta muestra inspirada en el Mediterra\u0301neo y en su a\u0301rbol por excelencia, el olivo.<\/p>\n<p>Con esta coleccio\u0301n de obras quiero crear una mezcla de sensaciones que nos trasladan al Mediterra\u0301neo, solo hay que dejarse envolver por las aguas verdes y azuladas de este Mar que desde Algeciras hasta Estambul recorren varias culturas. O por las sombras violetas y luces anaranjadas que se proyectan en el olivar, cuyos olivos han sido y son el centro de la cultura mediterra\u0301nea, esta\u0301n presentes en numerosos escritos mitolo\u0301gicos y griegos, romanos y musulmanes los han venerado siempre como sagrados, por las beneficiosas propiedades del zumo de la aceituna.<\/p>\n<p>Mi intencio\u0301n con este conjunto de obras es que el espectador se impregne de sensaciones, me gustari\u0301a que mis manchas y colores lo envuelvan en un Mundo Mediterra\u0301neo donde Tierra, Mar y Cielo comparten color.<\/p>\n<p>Esta exposicio\u0301n se la quiero dedicar a mi padre, el fue y es un alma del Mediterra\u0301neo, de origen malaguen\u0303o y de cara\u0301cter alegre y extrovertido, un nin\u0303o grande que nunca quiso ver la parte negativa del mundo.<\/p>\n<p>Ine\u0301s Loring Moxo\u0301<\/p>\n<\/div>\n<\/div>\n<p><img decoding=\"async\" src=\"data:image\/png;base64,iVBORw0KGgoAAAANSUhEUgAAAcQAAAABCAYAAABADd6sAAAAAXNSR0IArs4c6QAAAHhlWElmTU0AKgAAAAgABAEaAAUAAAABAAAAPgEbAAUAAAABAAAARgEoAAMAAAABAAIAAIdpAAQAAAABAAAATgAAAAAABd0TAAAOvQAF3RMAAA69AAOgAQADAAAAAQABAACgAgAEAAAAAQAAAcSgAwAEAAAAAQAAAAEAAAAA6oVmtQAAAAlwSFlzAAAPqgAAD6oB+x5HmwAAAChJREFUOBFjDAwMjP\/\/\/78CwygYDYHREBgNgdEQGA2BERoCf\/\/+PQwAV6oIK\/kqVRUAAAAASUVORK5CYII=\" alt=\"page1image472724320\" width=\"451.775600\" height=\"0.500000\" \/><\/div>\n<\/div>\n<div>\n<div class=\"page\" title=\"Page 1\">\n<div class=\"section\">\n<div class=\"layoutArea\">\n<div class=\"column\">\n<h3>Ine\u0301s Loring Moxo\u0301<\/h3>\n<\/div>\n<\/div>\n<div class=\"layoutArea\">\n<div class=\"column\">\n<p>Naci\u0301 en Sevilla 1974, y mi pasio\u0301n por el arte comienza el di\u0301a que tengo uso de razo\u0301n. Me licencie en Bellas Artes en mi ciudad natal, pero siempre he tenido la inquietud de participar en diferentes talleres en Espan\u0303a y en el extranjero, como Pari\u0301s (\u201cE\u0301cole de Beaux Arts\u201d) , Londres (Central Saint Martins College Art and Desing), Marruecos (Fundacio\u0301n Tres Culturas) y Siria (Delegacio\u0301n de la Comisio\u0301n Europea en Siria). Mi labor expositiva da comienzos en 1995 con una colectiva, interviniendo posteriormente en diversas muestras dentro del a\u0301mbito nacional e internacional. En el an\u0303o 2001 realizo mi primera exposicio\u0301n individual en La Cite\u0301 Inernationale Universitere de Paris \u201cSevilla, Luz y Color\u201d y presento la muestra \u201cATRAVESANDO EL SENA\u201d en el Instituto cultural france\u0301s de Sevilla.<\/p>\n<p>Durante los an\u0303os 2009 y 2010 viaje a trave\u0301s de diferentes pai\u0301ses de Asia, como China, Taiwa\u0301n, Tailandia e Indonesia. De esta experiencia surgio\u0301 mi serie llamada \u00abAires de Oriente\u00bb .<\/p>\n<p>Posteriormente intervine en \u201cArt Basel 2010\u201d, el proyecto se llamaba \u201cDampster Art Proyect, Bakehouse\u201d y tuvo lugar en Miami, ciudad en la que estuve residiendo dos an\u0303os.<\/p>\n<p>En la actualidad vivo en Sevilla, donde tengo abierto al publico desde 2019 un espacio dedicado al arte y nuevas ideas \u201cConceptArt\u201d.<\/p>\n<p>Mis ultimas exposiciones han sido:<br \/>\nArte y flamenco, Museo del Flamenco, Sevilla, 2015<br \/>\nPaisaje Interior, Sevilla, 2015\/2016<br \/>\nMa\u0301s que blanco, Sevilla, 2017<br \/>\nDesde mi interior, Sevilla, 2018<br \/>\nTauromaquia, Hotel Colo\u0301n, Sevilla, 2019<br \/>\nPaisaje Lineal, Hotel La Malvasia, Huelva, 2022.<br \/>\nUna Para\u0301 en Gines, Cartel anunciador, Sevilla, 2023. Ayuntamiento de Sevilla, 2024.<br \/>\nAlma del Mediterra\u0301neo, Fundacio\u0301n Caja Rural, Sevilla, 2024.<\/p>\n<\/div>\n<\/div>\n<\/div>\n<\/div>\n<\/div>","protected":false},"excerpt":{"rendered":"<p>&nbsp; Alma del Mediterra\u0301neo Tierra, Mar y Cielo se funden en esta muestra inspirada en el Mediterra\u0301neo y en su a\u0301rbol por excelencia, el olivo. Con esta coleccio\u0301n de obras [&hellip;]<\/p>\n","protected":false},"author":8,"featured_media":6995,"template":"","meta":{"_tribe_events_status":"","_tribe_events_status_reason":"","_tribe_events_is_hybrid":"","_tribe_events_is_virtual":"","_tribe_events_virtual_video_source":"","_tribe_events_virtual_embed_video":"","_tribe_events_virtual_linked_button_text":"","_tribe_events_virtual_linked_button":"","_tribe_events_virtual_show_embed_at":"","_tribe_events_virtual_show_embed_to":[],"_tribe_events_virtual_show_on_event":"","_tribe_events_virtual_show_on_views":"","_tribe_events_virtual_url":"","footnotes":""},"tags":[],"tribe_events_cat":[71],"class_list":["post-10344","tribe_events","type-tribe_events","status-publish","has-post-thumbnail","hentry","tribe_events_cat-exposicion","cat_exposicion"],"yoast_head":"<!-- This site is optimized with the Yoast SEO plugin v27.3 - https:\/\/yoast.com\/product\/yoast-seo-wordpress\/ -->\n<title>Exposici\u00f3n de pintura: &quot;Alma del Mediterr\u00e1neo&quot;, de In\u00e9s Loring Mox\u00f3 - Fundaci\u00f3n Caja Rural del Sur<\/title>\n<meta name=\"robots\" content=\"index, follow, max-snippet:-1, max-image-preview:large, max-video-preview:-1\" \/>\n<link rel=\"canonical\" href=\"https:\/\/fundacioncajaruraldelsur.com\/pt\/evento\/exposicion-de-pintura-alma-del-mediterraneo-de-ines-loring-moxo\/\" \/>\n<meta property=\"og:locale\" content=\"pt_PT\" \/>\n<meta property=\"og:type\" content=\"article\" \/>\n<meta property=\"og:title\" content=\"Exposici\u00f3n de pintura: &quot;Alma del Mediterr\u00e1neo&quot;, de In\u00e9s Loring Mox\u00f3 - Fundaci\u00f3n Caja Rural del Sur\" \/>\n<meta property=\"og:description\" content=\"&nbsp; Alma del Mediterra\u0301neo Tierra, Mar y Cielo se funden en esta muestra inspirada en el Mediterra\u0301neo y en su a\u0301rbol por excelencia, el olivo. Con esta coleccio\u0301n de obras [&hellip;]\" \/>\n<meta property=\"og:url\" content=\"https:\/\/fundacioncajaruraldelsur.com\/pt\/evento\/exposicion-de-pintura-alma-del-mediterraneo-de-ines-loring-moxo\/\" \/>\n<meta property=\"og:site_name\" content=\"Fundaci\u00f3n Caja Rural del Sur\" \/>\n<meta property=\"og:image\" content=\"https:\/\/fundacioncajaruraldelsur.com\/wp-content\/uploads\/2021\/12\/pintor.jpg\" \/>\n\t<meta property=\"og:image:width\" content=\"1925\" \/>\n\t<meta property=\"og:image:height\" content=\"500\" \/>\n\t<meta property=\"og:image:type\" content=\"image\/jpeg\" \/>\n<meta name=\"twitter:card\" content=\"summary_large_image\" \/>\n<meta name=\"twitter:label1\" content=\"Est. reading time\" \/>\n\t<meta name=\"twitter:data1\" content=\"3 minutes\" \/>\n<script type=\"application\/ld+json\" class=\"yoast-schema-graph\">{\"@context\":\"https:\\\/\\\/schema.org\",\"@graph\":[{\"@type\":\"WebPage\",\"@id\":\"https:\\\/\\\/fundacioncajaruraldelsur.com\\\/evento\\\/exposicion-de-pintura-alma-del-mediterraneo-de-ines-loring-moxo\\\/\",\"url\":\"https:\\\/\\\/fundacioncajaruraldelsur.com\\\/evento\\\/exposicion-de-pintura-alma-del-mediterraneo-de-ines-loring-moxo\\\/\",\"name\":\"Exposici\u00f3n de pintura: \\\"Alma del Mediterr\u00e1neo\\\", de In\u00e9s Loring Mox\u00f3 - Fundaci\u00f3n Caja Rural del Sur\",\"isPartOf\":{\"@id\":\"https:\\\/\\\/fundacioncajaruraldelsur.com\\\/#website\"},\"primaryImageOfPage\":{\"@id\":\"https:\\\/\\\/fundacioncajaruraldelsur.com\\\/evento\\\/exposicion-de-pintura-alma-del-mediterraneo-de-ines-loring-moxo\\\/#primaryimage\"},\"image\":{\"@id\":\"https:\\\/\\\/fundacioncajaruraldelsur.com\\\/evento\\\/exposicion-de-pintura-alma-del-mediterraneo-de-ines-loring-moxo\\\/#primaryimage\"},\"thumbnailUrl\":\"https:\\\/\\\/fundacioncajaruraldelsur.com\\\/wp-content\\\/uploads\\\/2021\\\/12\\\/pintor.jpg\",\"datePublished\":\"2024-09-13T08:12:47+00:00\",\"breadcrumb\":{\"@id\":\"https:\\\/\\\/fundacioncajaruraldelsur.com\\\/evento\\\/exposicion-de-pintura-alma-del-mediterraneo-de-ines-loring-moxo\\\/#breadcrumb\"},\"inLanguage\":\"pt-PT\",\"potentialAction\":[{\"@type\":\"ReadAction\",\"target\":[\"https:\\\/\\\/fundacioncajaruraldelsur.com\\\/evento\\\/exposicion-de-pintura-alma-del-mediterraneo-de-ines-loring-moxo\\\/\"]}]},{\"@type\":\"ImageObject\",\"inLanguage\":\"pt-PT\",\"@id\":\"https:\\\/\\\/fundacioncajaruraldelsur.com\\\/evento\\\/exposicion-de-pintura-alma-del-mediterraneo-de-ines-loring-moxo\\\/#primaryimage\",\"url\":\"https:\\\/\\\/fundacioncajaruraldelsur.com\\\/wp-content\\\/uploads\\\/2021\\\/12\\\/pintor.jpg\",\"contentUrl\":\"https:\\\/\\\/fundacioncajaruraldelsur.com\\\/wp-content\\\/uploads\\\/2021\\\/12\\\/pintor.jpg\",\"width\":1925,\"height\":500},{\"@type\":\"BreadcrumbList\",\"@id\":\"https:\\\/\\\/fundacioncajaruraldelsur.com\\\/evento\\\/exposicion-de-pintura-alma-del-mediterraneo-de-ines-loring-moxo\\\/#breadcrumb\",\"itemListElement\":[{\"@type\":\"ListItem\",\"position\":1,\"name\":\"Portada\",\"item\":\"https:\\\/\\\/fundacioncajaruraldelsur.com\\\/\"},{\"@type\":\"ListItem\",\"position\":2,\"name\":\"Eventos\",\"item\":\"https:\\\/\\\/fundacioncajaruraldelsur.com\\\/eventos\\\/\"},{\"@type\":\"ListItem\",\"position\":3,\"name\":\"Exposici\u00f3n de pintura: \u00abAlma del Mediterr\u00e1neo\u00bb, de In\u00e9s Loring Mox\u00f3\"}]},{\"@type\":\"WebSite\",\"@id\":\"https:\\\/\\\/fundacioncajaruraldelsur.com\\\/#website\",\"url\":\"https:\\\/\\\/fundacioncajaruraldelsur.com\\\/\",\"name\":\"Fundaci\u00f3n Caja Rural del Sur\",\"description\":\"\",\"potentialAction\":[{\"@type\":\"SearchAction\",\"target\":{\"@type\":\"EntryPoint\",\"urlTemplate\":\"https:\\\/\\\/fundacioncajaruraldelsur.com\\\/?s={search_term_string}\"},\"query-input\":{\"@type\":\"PropertyValueSpecification\",\"valueRequired\":true,\"valueName\":\"search_term_string\"}}],\"inLanguage\":\"pt-PT\"}]}<\/script>\n<!-- \/ Yoast SEO plugin. -->","yoast_head_json":{"title":"Exposici\u00f3n de pintura: \"Alma del Mediterr\u00e1neo\", de In\u00e9s Loring Mox\u00f3 - Fundaci\u00f3n Caja Rural del Sur","robots":{"index":"index","follow":"follow","max-snippet":"max-snippet:-1","max-image-preview":"max-image-preview:large","max-video-preview":"max-video-preview:-1"},"canonical":"https:\/\/fundacioncajaruraldelsur.com\/pt\/evento\/exposicion-de-pintura-alma-del-mediterraneo-de-ines-loring-moxo\/","og_locale":"pt_PT","og_type":"article","og_title":"Exposici\u00f3n de pintura: \"Alma del Mediterr\u00e1neo\", de In\u00e9s Loring Mox\u00f3 - Fundaci\u00f3n Caja Rural del Sur","og_description":"&nbsp; Alma del Mediterra\u0301neo Tierra, Mar y Cielo se funden en esta muestra inspirada en el Mediterra\u0301neo y en su a\u0301rbol por excelencia, el olivo. Con esta coleccio\u0301n de obras [&hellip;]","og_url":"https:\/\/fundacioncajaruraldelsur.com\/pt\/evento\/exposicion-de-pintura-alma-del-mediterraneo-de-ines-loring-moxo\/","og_site_name":"Fundaci\u00f3n Caja Rural del Sur","og_image":[{"width":1925,"height":500,"url":"https:\/\/fundacioncajaruraldelsur.com\/wp-content\/uploads\/2021\/12\/pintor.jpg","type":"image\/jpeg"}],"twitter_card":"summary_large_image","twitter_misc":{"Est. reading time":"3 minutes"},"schema":{"@context":"https:\/\/schema.org","@graph":[{"@type":"WebPage","@id":"https:\/\/fundacioncajaruraldelsur.com\/evento\/exposicion-de-pintura-alma-del-mediterraneo-de-ines-loring-moxo\/","url":"https:\/\/fundacioncajaruraldelsur.com\/evento\/exposicion-de-pintura-alma-del-mediterraneo-de-ines-loring-moxo\/","name":"Exposici\u00f3n de pintura: \"Alma del Mediterr\u00e1neo\", de In\u00e9s Loring Mox\u00f3 - Fundaci\u00f3n Caja Rural del Sur","isPartOf":{"@id":"https:\/\/fundacioncajaruraldelsur.com\/#website"},"primaryImageOfPage":{"@id":"https:\/\/fundacioncajaruraldelsur.com\/evento\/exposicion-de-pintura-alma-del-mediterraneo-de-ines-loring-moxo\/#primaryimage"},"image":{"@id":"https:\/\/fundacioncajaruraldelsur.com\/evento\/exposicion-de-pintura-alma-del-mediterraneo-de-ines-loring-moxo\/#primaryimage"},"thumbnailUrl":"https:\/\/fundacioncajaruraldelsur.com\/wp-content\/uploads\/2021\/12\/pintor.jpg","datePublished":"2024-09-13T08:12:47+00:00","breadcrumb":{"@id":"https:\/\/fundacioncajaruraldelsur.com\/evento\/exposicion-de-pintura-alma-del-mediterraneo-de-ines-loring-moxo\/#breadcrumb"},"inLanguage":"pt-PT","potentialAction":[{"@type":"ReadAction","target":["https:\/\/fundacioncajaruraldelsur.com\/evento\/exposicion-de-pintura-alma-del-mediterraneo-de-ines-loring-moxo\/"]}]},{"@type":"ImageObject","inLanguage":"pt-PT","@id":"https:\/\/fundacioncajaruraldelsur.com\/evento\/exposicion-de-pintura-alma-del-mediterraneo-de-ines-loring-moxo\/#primaryimage","url":"https:\/\/fundacioncajaruraldelsur.com\/wp-content\/uploads\/2021\/12\/pintor.jpg","contentUrl":"https:\/\/fundacioncajaruraldelsur.com\/wp-content\/uploads\/2021\/12\/pintor.jpg","width":1925,"height":500},{"@type":"BreadcrumbList","@id":"https:\/\/fundacioncajaruraldelsur.com\/evento\/exposicion-de-pintura-alma-del-mediterraneo-de-ines-loring-moxo\/#breadcrumb","itemListElement":[{"@type":"ListItem","position":1,"name":"Portada","item":"https:\/\/fundacioncajaruraldelsur.com\/"},{"@type":"ListItem","position":2,"name":"Eventos","item":"https:\/\/fundacioncajaruraldelsur.com\/eventos\/"},{"@type":"ListItem","position":3,"name":"Exposici\u00f3n de pintura: \u00abAlma del Mediterr\u00e1neo\u00bb, de In\u00e9s Loring Mox\u00f3"}]},{"@type":"WebSite","@id":"https:\/\/fundacioncajaruraldelsur.com\/#website","url":"https:\/\/fundacioncajaruraldelsur.com\/","name":"Funda\u00e7\u00e3o Caja Rural del Sur","description":"","potentialAction":[{"@type":"SearchAction","target":{"@type":"EntryPoint","urlTemplate":"https:\/\/fundacioncajaruraldelsur.com\/?s={search_term_string}"},"query-input":{"@type":"PropertyValueSpecification","valueRequired":true,"valueName":"search_term_string"}}],"inLanguage":"pt-PT"}]}},"_links":{"self":[{"href":"https:\/\/fundacioncajaruraldelsur.com\/pt\/wp-json\/wp\/v2\/tribe_events\/10344","targetHints":{"allow":["GET"]}}],"collection":[{"href":"https:\/\/fundacioncajaruraldelsur.com\/pt\/wp-json\/wp\/v2\/tribe_events"}],"about":[{"href":"https:\/\/fundacioncajaruraldelsur.com\/pt\/wp-json\/wp\/v2\/types\/tribe_events"}],"author":[{"embeddable":true,"href":"https:\/\/fundacioncajaruraldelsur.com\/pt\/wp-json\/wp\/v2\/users\/8"}],"version-history":[{"count":1,"href":"https:\/\/fundacioncajaruraldelsur.com\/pt\/wp-json\/wp\/v2\/tribe_events\/10344\/revisions"}],"predecessor-version":[{"id":10346,"href":"https:\/\/fundacioncajaruraldelsur.com\/pt\/wp-json\/wp\/v2\/tribe_events\/10344\/revisions\/10346"}],"wp:featuredmedia":[{"embeddable":true,"href":"https:\/\/fundacioncajaruraldelsur.com\/pt\/wp-json\/wp\/v2\/media\/6995"}],"wp:attachment":[{"href":"https:\/\/fundacioncajaruraldelsur.com\/pt\/wp-json\/wp\/v2\/media?parent=10344"}],"wp:term":[{"taxonomy":"post_tag","embeddable":true,"href":"https:\/\/fundacioncajaruraldelsur.com\/pt\/wp-json\/wp\/v2\/tags?post=10344"},{"taxonomy":"tribe_events_cat","embeddable":true,"href":"https:\/\/fundacioncajaruraldelsur.com\/pt\/wp-json\/wp\/v2\/tribe_events_cat?post=10344"}],"curies":[{"name":"wp","href":"https:\/\/api.w.org\/{rel}","templated":true}]}}