{"id":10000875,"date":"2023-09-15T21:20:57","date_gmt":"2023-09-15T20:20:57","guid":{"rendered":"\/?post_type=tribe_events&#038;p=9156"},"modified":"2023-10-03T09:48:59","modified_gmt":"2023-10-03T08:48:59","slug":"curso-formativo-conservacion-del-patrimonio-de-las-cofradias","status":"publish","type":"tribe_events","link":"https:\/\/fundacioncajaruraldelsur.com\/pt\/evento\/curso-formativo-conservacion-del-patrimonio-de-las-cofradias\/2023-10-18\/","title":{"rendered":"Curso formativo: \u00abConservaci\u00f3n del patrimonio de las cofrad\u00edas\u00bb"},"content":{"rendered":"<p><a href=\"\/wp-content\/uploads\/2023\/09\/CARTEL-CURSO-IAPH-.jpeg\" rel=\"lightbox-0\"><img loading=\"lazy\" decoding=\"async\" class=\"alignnone size-full wp-image-9157\" src=\"\/wp-content\/uploads\/2023\/09\/CARTEL-CURSO-IAPH-.jpeg\" alt=\"\" width=\"730\" height=\"1024\" srcset=\"https:\/\/fundacioncajaruraldelsur.com\/wp-content\/uploads\/2023\/09\/CARTEL-CURSO-IAPH-.jpeg 730w, https:\/\/fundacioncajaruraldelsur.com\/wp-content\/uploads\/2023\/09\/CARTEL-CURSO-IAPH--214x300.jpeg 214w\" sizes=\"auto, (max-width: 730px) 100vw, 730px\" \/><\/a><\/p>\n<p>&nbsp;<\/p>\n<p class=\"voc-p\">En ocho sesiones de trabajo\u00a0<strong>130 cofrades de C\u00f3rdoba<\/strong>\u00a0podr\u00e1n formarse de manera integral en la conservaci\u00f3n del patrimonio de las hermandades. La\u00a0<strong>Agrupaci\u00f3n de Cofrad\u00edas<\/strong>\u00a0de C\u00f3rdoba pone en marcha la iniciativa, pionera en Andaluc\u00eda, que impartir\u00e1 el Instituto Andaluz de Patrimonio Hist\u00f3rico (IAPH).<\/p>","protected":false},"excerpt":{"rendered":"<p>&nbsp; En ocho sesiones de trabajo\u00a0130 cofrades de C\u00f3rdoba\u00a0podr\u00e1n formarse de manera integral en la conservaci\u00f3n del patrimonio de las hermandades. La\u00a0Agrupaci\u00f3n de Cofrad\u00edas\u00a0de C\u00f3rdoba pone en marcha la iniciativa, [&hellip;]<\/p>\n","protected":false},"author":8,"featured_media":7992,"template":"","meta":{"_tribe_events_status":"","_tribe_events_status_reason":"","_tribe_events_is_hybrid":"","_tribe_events_is_virtual":"","_tribe_events_virtual_video_source":"","_tribe_events_virtual_embed_video":"","_tribe_events_virtual_linked_button_text":"","_tribe_events_virtual_linked_button":"","_tribe_events_virtual_show_embed_at":"","_tribe_events_virtual_show_embed_to":[],"_tribe_events_virtual_show_on_event":"","_tribe_events_virtual_show_on_views":"","_tribe_events_virtual_url":"","footnotes":""},"tags":[],"tribe_events_cat":[],"class_list":["post-10000875","tribe_events","type-tribe_events","status-publish","has-post-thumbnail","hentry","tribe-recurring-event","tribe-recurring-event-parent"],"yoast_head":"<!-- This site is optimized with the Yoast SEO plugin v27.3 - https:\/\/yoast.com\/product\/yoast-seo-wordpress\/ -->\n<title>Curso formativo: &quot;Conservaci\u00f3n del patrimonio de las cofrad\u00edas&quot; - Fundaci\u00f3n Caja Rural del Sur<\/title>\n<meta name=\"robots\" content=\"index, follow, max-snippet:-1, max-image-preview:large, max-video-preview:-1\" \/>\n<link rel=\"canonical\" href=\"https:\/\/fundacioncajaruraldelsur.com\/pt\/evento\/curso-formativo-conservacion-del-patrimonio-de-las-cofradias\/2023-10-18\/\" \/>\n<meta property=\"og:locale\" content=\"pt_PT\" \/>\n<meta property=\"og:type\" content=\"article\" \/>\n<meta property=\"og:title\" content=\"Curso formativo: &quot;Conservaci\u00f3n del patrimonio de las cofrad\u00edas&quot; - Fundaci\u00f3n Caja Rural del Sur\" \/>\n<meta property=\"og:description\" content=\"&nbsp; En ocho sesiones de trabajo\u00a0130 cofrades de C\u00f3rdoba\u00a0podr\u00e1n formarse de manera integral en la conservaci\u00f3n del patrimonio de las hermandades. La\u00a0Agrupaci\u00f3n de Cofrad\u00edas\u00a0de C\u00f3rdoba pone en marcha la iniciativa, [&hellip;]\" \/>\n<meta property=\"og:url\" content=\"https:\/\/fundacioncajaruraldelsur.com\/pt\/evento\/curso-formativo-conservacion-del-patrimonio-de-las-cofradias\/2023-10-18\/\" \/>\n<meta property=\"og:site_name\" content=\"Fundaci\u00f3n Caja Rural del Sur\" \/>\n<meta property=\"article:modified_time\" content=\"2023-10-03T08:48:59+00:00\" \/>\n<meta property=\"og:image\" content=\"https:\/\/fundacioncajaruraldelsur.com\/wp-content\/uploads\/2022\/10\/Diseno-sin-titulo-5.png\" \/>\n\t<meta property=\"og:image:width\" content=\"1925\" \/>\n\t<meta property=\"og:image:height\" content=\"500\" \/>\n\t<meta property=\"og:image:type\" content=\"image\/png\" \/>\n<meta name=\"twitter:card\" content=\"summary_large_image\" \/>\n<meta name=\"twitter:label1\" content=\"Est. reading time\" \/>\n\t<meta name=\"twitter:data1\" content=\"1 minute\" \/>\n<script type=\"application\/ld+json\" class=\"yoast-schema-graph\">{\"@context\":\"https:\\\/\\\/schema.org\",\"@graph\":[{\"@type\":\"WebPage\",\"@id\":\"https:\\\/\\\/fundacioncajaruraldelsur.com\\\/pt\\\/evento\\\/curso-formativo-conservacion-del-patrimonio-de-las-cofradias\\\/2023-10-18\\\/\",\"url\":\"https:\\\/\\\/fundacioncajaruraldelsur.com\\\/pt\\\/evento\\\/curso-formativo-conservacion-del-patrimonio-de-las-cofradias\\\/2023-10-18\\\/\",\"name\":\"Curso formativo: \\\"Conservaci\u00f3n del patrimonio de las cofrad\u00edas\\\" - Fundaci\u00f3n Caja Rural del Sur\",\"isPartOf\":{\"@id\":\"https:\\\/\\\/fundacioncajaruraldelsur.com\\\/#website\"},\"primaryImageOfPage\":{\"@id\":\"https:\\\/\\\/fundacioncajaruraldelsur.com\\\/pt\\\/evento\\\/curso-formativo-conservacion-del-patrimonio-de-las-cofradias\\\/2023-10-18\\\/#primaryimage\"},\"image\":{\"@id\":\"https:\\\/\\\/fundacioncajaruraldelsur.com\\\/pt\\\/evento\\\/curso-formativo-conservacion-del-patrimonio-de-las-cofradias\\\/2023-10-18\\\/#primaryimage\"},\"thumbnailUrl\":\"https:\\\/\\\/fundacioncajaruraldelsur.com\\\/wp-content\\\/uploads\\\/2022\\\/10\\\/Diseno-sin-titulo-5.png\",\"datePublished\":\"2023-09-15T20:20:57+00:00\",\"dateModified\":\"2023-10-03T08:48:59+00:00\",\"breadcrumb\":{\"@id\":\"https:\\\/\\\/fundacioncajaruraldelsur.com\\\/pt\\\/evento\\\/curso-formativo-conservacion-del-patrimonio-de-las-cofradias\\\/2023-10-18\\\/#breadcrumb\"},\"inLanguage\":\"pt-PT\",\"potentialAction\":[{\"@type\":\"ReadAction\",\"target\":[\"https:\\\/\\\/fundacioncajaruraldelsur.com\\\/pt\\\/evento\\\/curso-formativo-conservacion-del-patrimonio-de-las-cofradias\\\/2023-10-18\\\/\"]}]},{\"@type\":\"ImageObject\",\"inLanguage\":\"pt-PT\",\"@id\":\"https:\\\/\\\/fundacioncajaruraldelsur.com\\\/pt\\\/evento\\\/curso-formativo-conservacion-del-patrimonio-de-las-cofradias\\\/2023-10-18\\\/#primaryimage\",\"url\":\"https:\\\/\\\/fundacioncajaruraldelsur.com\\\/wp-content\\\/uploads\\\/2022\\\/10\\\/Diseno-sin-titulo-5.png\",\"contentUrl\":\"https:\\\/\\\/fundacioncajaruraldelsur.com\\\/wp-content\\\/uploads\\\/2022\\\/10\\\/Diseno-sin-titulo-5.png\",\"width\":1925,\"height\":500},{\"@type\":\"BreadcrumbList\",\"@id\":\"https:\\\/\\\/fundacioncajaruraldelsur.com\\\/pt\\\/evento\\\/curso-formativo-conservacion-del-patrimonio-de-las-cofradias\\\/2023-10-18\\\/#breadcrumb\",\"itemListElement\":[{\"@type\":\"ListItem\",\"position\":1,\"name\":\"Portada\",\"item\":\"https:\\\/\\\/fundacioncajaruraldelsur.com\\\/\"},{\"@type\":\"ListItem\",\"position\":2,\"name\":\"Eventos\",\"item\":\"https:\\\/\\\/fundacioncajaruraldelsur.com\\\/eventos\\\/\"},{\"@type\":\"ListItem\",\"position\":3,\"name\":\"Curso formativo: \u00abConservaci\u00f3n del patrimonio de las cofrad\u00edas\u00bb\"}]},{\"@type\":\"WebSite\",\"@id\":\"https:\\\/\\\/fundacioncajaruraldelsur.com\\\/#website\",\"url\":\"https:\\\/\\\/fundacioncajaruraldelsur.com\\\/\",\"name\":\"Fundaci\u00f3n Caja Rural del Sur\",\"description\":\"\",\"potentialAction\":[{\"@type\":\"SearchAction\",\"target\":{\"@type\":\"EntryPoint\",\"urlTemplate\":\"https:\\\/\\\/fundacioncajaruraldelsur.com\\\/?s={search_term_string}\"},\"query-input\":{\"@type\":\"PropertyValueSpecification\",\"valueRequired\":true,\"valueName\":\"search_term_string\"}}],\"inLanguage\":\"pt-PT\"}]}<\/script>\n<!-- \/ Yoast SEO plugin. -->","yoast_head_json":{"title":"Curso formativo: \"Conservaci\u00f3n del patrimonio de las cofrad\u00edas\" - Fundaci\u00f3n Caja Rural del Sur","robots":{"index":"index","follow":"follow","max-snippet":"max-snippet:-1","max-image-preview":"max-image-preview:large","max-video-preview":"max-video-preview:-1"},"canonical":"https:\/\/fundacioncajaruraldelsur.com\/pt\/evento\/curso-formativo-conservacion-del-patrimonio-de-las-cofradias\/2023-10-18\/","og_locale":"pt_PT","og_type":"article","og_title":"Curso formativo: \"Conservaci\u00f3n del patrimonio de las cofrad\u00edas\" - Fundaci\u00f3n Caja Rural del Sur","og_description":"&nbsp; En ocho sesiones de trabajo\u00a0130 cofrades de C\u00f3rdoba\u00a0podr\u00e1n formarse de manera integral en la conservaci\u00f3n del patrimonio de las hermandades. La\u00a0Agrupaci\u00f3n de Cofrad\u00edas\u00a0de C\u00f3rdoba pone en marcha la iniciativa, [&hellip;]","og_url":"https:\/\/fundacioncajaruraldelsur.com\/pt\/evento\/curso-formativo-conservacion-del-patrimonio-de-las-cofradias\/2023-10-18\/","og_site_name":"Fundaci\u00f3n Caja Rural del Sur","article_modified_time":"2023-10-03T08:48:59+00:00","og_image":[{"width":1925,"height":500,"url":"https:\/\/fundacioncajaruraldelsur.com\/wp-content\/uploads\/2022\/10\/Diseno-sin-titulo-5.png","type":"image\/png"}],"twitter_card":"summary_large_image","twitter_misc":{"Est. reading time":"1 minute"},"schema":{"@context":"https:\/\/schema.org","@graph":[{"@type":"WebPage","@id":"https:\/\/fundacioncajaruraldelsur.com\/pt\/evento\/curso-formativo-conservacion-del-patrimonio-de-las-cofradias\/2023-10-18\/","url":"https:\/\/fundacioncajaruraldelsur.com\/pt\/evento\/curso-formativo-conservacion-del-patrimonio-de-las-cofradias\/2023-10-18\/","name":"Curso formativo: \"Conservaci\u00f3n del patrimonio de las cofrad\u00edas\" - Fundaci\u00f3n Caja Rural del Sur","isPartOf":{"@id":"https:\/\/fundacioncajaruraldelsur.com\/#website"},"primaryImageOfPage":{"@id":"https:\/\/fundacioncajaruraldelsur.com\/pt\/evento\/curso-formativo-conservacion-del-patrimonio-de-las-cofradias\/2023-10-18\/#primaryimage"},"image":{"@id":"https:\/\/fundacioncajaruraldelsur.com\/pt\/evento\/curso-formativo-conservacion-del-patrimonio-de-las-cofradias\/2023-10-18\/#primaryimage"},"thumbnailUrl":"https:\/\/fundacioncajaruraldelsur.com\/wp-content\/uploads\/2022\/10\/Diseno-sin-titulo-5.png","datePublished":"2023-09-15T20:20:57+00:00","dateModified":"2023-10-03T08:48:59+00:00","breadcrumb":{"@id":"https:\/\/fundacioncajaruraldelsur.com\/pt\/evento\/curso-formativo-conservacion-del-patrimonio-de-las-cofradias\/2023-10-18\/#breadcrumb"},"inLanguage":"pt-PT","potentialAction":[{"@type":"ReadAction","target":["https:\/\/fundacioncajaruraldelsur.com\/pt\/evento\/curso-formativo-conservacion-del-patrimonio-de-las-cofradias\/2023-10-18\/"]}]},{"@type":"ImageObject","inLanguage":"pt-PT","@id":"https:\/\/fundacioncajaruraldelsur.com\/pt\/evento\/curso-formativo-conservacion-del-patrimonio-de-las-cofradias\/2023-10-18\/#primaryimage","url":"https:\/\/fundacioncajaruraldelsur.com\/wp-content\/uploads\/2022\/10\/Diseno-sin-titulo-5.png","contentUrl":"https:\/\/fundacioncajaruraldelsur.com\/wp-content\/uploads\/2022\/10\/Diseno-sin-titulo-5.png","width":1925,"height":500},{"@type":"BreadcrumbList","@id":"https:\/\/fundacioncajaruraldelsur.com\/pt\/evento\/curso-formativo-conservacion-del-patrimonio-de-las-cofradias\/2023-10-18\/#breadcrumb","itemListElement":[{"@type":"ListItem","position":1,"name":"Portada","item":"https:\/\/fundacioncajaruraldelsur.com\/"},{"@type":"ListItem","position":2,"name":"Eventos","item":"https:\/\/fundacioncajaruraldelsur.com\/eventos\/"},{"@type":"ListItem","position":3,"name":"Curso formativo: \u00abConservaci\u00f3n del patrimonio de las cofrad\u00edas\u00bb"}]},{"@type":"WebSite","@id":"https:\/\/fundacioncajaruraldelsur.com\/#website","url":"https:\/\/fundacioncajaruraldelsur.com\/","name":"Funda\u00e7\u00e3o Caja Rural del Sur","description":"","potentialAction":[{"@type":"SearchAction","target":{"@type":"EntryPoint","urlTemplate":"https:\/\/fundacioncajaruraldelsur.com\/?s={search_term_string}"},"query-input":{"@type":"PropertyValueSpecification","valueRequired":true,"valueName":"search_term_string"}}],"inLanguage":"pt-PT"}]}},"_links":{"self":[{"href":"https:\/\/fundacioncajaruraldelsur.com\/pt\/wp-json\/wp\/v2\/tribe_events\/10000875","targetHints":{"allow":["GET"]}}],"collection":[{"href":"https:\/\/fundacioncajaruraldelsur.com\/pt\/wp-json\/wp\/v2\/tribe_events"}],"about":[{"href":"https:\/\/fundacioncajaruraldelsur.com\/pt\/wp-json\/wp\/v2\/types\/tribe_events"}],"author":[{"embeddable":true,"href":"https:\/\/fundacioncajaruraldelsur.com\/pt\/wp-json\/wp\/v2\/users\/8"}],"version-history":[{"count":0,"href":"https:\/\/fundacioncajaruraldelsur.com\/pt\/wp-json\/wp\/v2\/tribe_events\/10000875\/revisions"}],"wp:featuredmedia":[{"embeddable":true,"href":"https:\/\/fundacioncajaruraldelsur.com\/pt\/wp-json\/wp\/v2\/media\/7992"}],"wp:attachment":[{"href":"https:\/\/fundacioncajaruraldelsur.com\/pt\/wp-json\/wp\/v2\/media?parent=10000875"}],"wp:term":[{"taxonomy":"post_tag","embeddable":true,"href":"https:\/\/fundacioncajaruraldelsur.com\/pt\/wp-json\/wp\/v2\/tags?post=10000875"},{"taxonomy":"tribe_events_cat","embeddable":true,"href":"https:\/\/fundacioncajaruraldelsur.com\/pt\/wp-json\/wp\/v2\/tribe_events_cat?post=10000875"}],"curies":[{"name":"wp","href":"https:\/\/api.w.org\/{rel}","templated":true}]}}