{"id":6516,"date":"2021-06-22T10:53:43","date_gmt":"2021-06-22T08:53:43","guid":{"rendered":"\/?page_id=6516"},"modified":"2023-02-17T11:50:54","modified_gmt":"2023-02-17T10:50:54","slug":"expo3d","status":"publish","type":"page","link":"https:\/\/fundacioncajaruraldelsur.com\/pt\/expo3d\/","title":{"rendered":"Expo3D"},"content":{"rendered":"<div class=\"wpb-content-wrapper\"><div class=\"vc_row wpb_row vc_row-fluid\"><div class=\"wpb_column vc_column_container vc_col-sm-12\"><div class=\"vc_column-inner\"><div class=\"wpb_wrapper\"><div class=\"vc_empty_space\"   style=\"height: 20px\"><span class=\"vc_empty_space_inner\"><\/span><\/div>\n\t<div  class=\"wpb_single_image wpb_content_element vc_align_left wpb_content_element\">\n\t\t\n\t\t<figure class=\"wpb_wrapper vc_figure\">\n\t\t\t<div class=\"vc_single_image-wrapper   vc_box_border_grey\"><img loading=\"lazy\" decoding=\"async\" width=\"2022\" height=\"563\" src=\"https:\/\/fundacioncajaruraldelsur.com\/wp-content\/uploads\/2021\/06\/expo3d-Fundacion_cabecera.png\" class=\"vc_single_image-img attachment-full\" alt=\"\" title=\"expo3d Fundacion_cabecera\" srcset=\"https:\/\/fundacioncajaruraldelsur.com\/wp-content\/uploads\/2021\/06\/expo3d-Fundacion_cabecera.png 2022w, https:\/\/fundacioncajaruraldelsur.com\/wp-content\/uploads\/2021\/06\/expo3d-Fundacion_cabecera-300x84.png 300w, https:\/\/fundacioncajaruraldelsur.com\/wp-content\/uploads\/2021\/06\/expo3d-Fundacion_cabecera-1024x285.png 1024w, https:\/\/fundacioncajaruraldelsur.com\/wp-content\/uploads\/2021\/06\/expo3d-Fundacion_cabecera-768x214.png 768w, https:\/\/fundacioncajaruraldelsur.com\/wp-content\/uploads\/2021\/06\/expo3d-Fundacion_cabecera-1536x428.png 1536w\" sizes=\"auto, (max-width: 2022px) 100vw, 2022px\" \/><\/div>\n\t\t<\/figure>\n\t<\/div>\n<\/div><\/div><\/div><\/div><div class=\"vc_row wpb_row vc_row-fluid\"><div class=\"wpb_column vc_column_container vc_col-sm-4\"><div class=\"vc_column-inner\"><div class=\"wpb_wrapper\">\n\t<div  class=\"wpb_single_image wpb_content_element vc_align_left wpb_content_element\">\n\t\t\n\t\t<figure class=\"wpb_wrapper vc_figure\">\n\t\t\t<a href=\"https:\/\/www.vrte.es\/cajarural\/los-romero\/index.htm\" target=\"_blank\" class=\"vc_single_image-wrapper   vc_box_border_grey\"><img loading=\"lazy\" decoding=\"async\" width=\"1204\" height=\"904\" src=\"https:\/\/fundacioncajaruraldelsur.com\/wp-content\/uploads\/2021\/12\/familia-romero-de-torres.jpg\" class=\"vc_single_image-img attachment-full\" alt=\"\" title=\"familia-romero-de-torres\" srcset=\"https:\/\/fundacioncajaruraldelsur.com\/wp-content\/uploads\/2021\/12\/familia-romero-de-torres.jpg 1204w, https:\/\/fundacioncajaruraldelsur.com\/wp-content\/uploads\/2021\/12\/familia-romero-de-torres-300x225.jpg 300w, https:\/\/fundacioncajaruraldelsur.com\/wp-content\/uploads\/2021\/12\/familia-romero-de-torres-1024x769.jpg 1024w, https:\/\/fundacioncajaruraldelsur.com\/wp-content\/uploads\/2021\/12\/familia-romero-de-torres-768x577.jpg 768w\" sizes=\"auto, (max-width: 1204px) 100vw, 1204px\" \/><\/a>\n\t\t<\/figure>\n\t<\/div>\n\n\t<div class=\"wpb_text_column wpb_content_element\" >\n\t\t<div class=\"wpb_wrapper\">\n\t\t\t<p>T\u00edtulo: <strong>Los Romero, saga de pintores<\/strong><br \/>\nAutor: <strong>Familia Romero de Torres<\/strong><br \/>\nSala: <strong>Fundaci\u00f3n Cordoba<\/strong><\/p>\n\n\t\t<\/div>\n\t<\/div>\n<\/div><\/div><\/div><div class=\"wpb_column vc_column_container vc_col-sm-4\"><div class=\"vc_column-inner\"><div class=\"wpb_wrapper\">\n\t<div  class=\"wpb_single_image wpb_content_element vc_align_left wpb_content_element\">\n\t\t\n\t\t<figure class=\"wpb_wrapper vc_figure\">\n\t\t\t<a href=\"https:\/\/my.matterport.com\/show\/?m=1KDz5KbR5Ta\" target=\"_blank\" class=\"vc_single_image-wrapper   vc_box_border_grey\"><img loading=\"lazy\" decoding=\"async\" width=\"600\" height=\"450\" src=\"https:\/\/fundacioncajaruraldelsur.com\/wp-content\/uploads\/2021\/06\/Vi\u0301ctor-Pulido.jpg\" class=\"vc_single_image-img attachment-full\" alt=\"\" title=\"Vi\u0301ctor-Pulido\" srcset=\"https:\/\/fundacioncajaruraldelsur.com\/wp-content\/uploads\/2021\/06\/Vi\u0301ctor-Pulido.jpg 600w, https:\/\/fundacioncajaruraldelsur.com\/wp-content\/uploads\/2021\/06\/Vi\u0301ctor-Pulido-300x225.jpg 300w\" sizes=\"auto, (max-width: 600px) 100vw, 600px\" \/><\/a>\n\t\t<\/figure>\n\t<\/div>\n\n\t<div class=\"wpb_text_column wpb_content_element\" >\n\t\t<div class=\"wpb_wrapper\">\n\t\t\t<p>T\u00edtulo: <strong>Donde hay arte, hay coraz\u00f3n<\/strong><br \/>\nAutor: <strong>V\u00edctor Pulido<\/strong><br \/>\nSala: <strong>Fundaci\u00f3n Huelva<\/strong><br \/>\n<a href=\"\/pt\/evento\/exposicion-donde-hay-arte-hay-corazon-de-victor-pulido\/\" rel=\"noopener\"><span style=\"color: #339966;\">+info<\/span><\/a><\/p>\n\n\t\t<\/div>\n\t<\/div>\n<\/div><\/div><\/div><div class=\"wpb_column vc_column_container vc_col-sm-4\"><div class=\"vc_column-inner\"><div class=\"wpb_wrapper\">\n\t<div  class=\"wpb_single_image wpb_content_element vc_align_left wpb_content_element\">\n\t\t\n\t\t<figure class=\"wpb_wrapper vc_figure\">\n\t\t\t<a href=\"https:\/\/my.matterport.com\/show\/?m=wBbFBZRPZxB\" target=\"_blank\" class=\"vc_single_image-wrapper   vc_box_border_grey\"><img loading=\"lazy\" decoding=\"async\" width=\"600\" height=\"450\" src=\"https:\/\/fundacioncajaruraldelsur.com\/wp-content\/uploads\/2021\/06\/Daniel-Bilbao.jpg\" class=\"vc_single_image-img attachment-full\" alt=\"\" title=\"Daniel-Bilbao\" srcset=\"https:\/\/fundacioncajaruraldelsur.com\/wp-content\/uploads\/2021\/06\/Daniel-Bilbao.jpg 600w, https:\/\/fundacioncajaruraldelsur.com\/wp-content\/uploads\/2021\/06\/Daniel-Bilbao-300x225.jpg 300w\" sizes=\"auto, (max-width: 600px) 100vw, 600px\" \/><\/a>\n\t\t<\/figure>\n\t<\/div>\n\n\t<div class=\"wpb_text_column wpb_content_element\" >\n\t\t<div class=\"wpb_wrapper\">\n\t\t\t<p>T\u00edtulo: <strong>Do\u00f1ana, el paisaje oculto<\/strong><br \/>\nAutor: <strong>Daniel Bilbao<\/strong><br \/>\nSala: <strong>Fundaci\u00f3n Huelva<\/strong><br \/>\n<a href=\"\/pt\/evento\/exposicion-donana-el-paisaje-oculto-de-daniel-bilbao\/\" rel=\"noopener noreferrer\"><span style=\"color: #339966;\">+info<\/span><\/a><\/p>\n\n\t\t<\/div>\n\t<\/div>\n<\/div><\/div><\/div><\/div><div class=\"vc_row wpb_row vc_row-fluid\"><div class=\"wpb_column vc_column_container vc_col-sm-4\"><div class=\"vc_column-inner\"><div class=\"wpb_wrapper\">\n\t<div  class=\"wpb_single_image wpb_content_element vc_align_left wpb_content_element\">\n\t\t\n\t\t<figure class=\"wpb_wrapper vc_figure\">\n\t\t\t<a href=\"https:\/\/www.vrte.es\/cajarural\/pacorrosa\/index.htm\" target=\"_blank\" class=\"vc_single_image-wrapper   vc_box_border_grey\"><img loading=\"lazy\" decoding=\"async\" width=\"1084\" height=\"430\" src=\"https:\/\/fundacioncajaruraldelsur.com\/wp-content\/uploads\/2022\/01\/expo.jpg\" class=\"vc_single_image-img attachment-full\" alt=\"\" title=\"expo\" srcset=\"https:\/\/fundacioncajaruraldelsur.com\/wp-content\/uploads\/2022\/01\/expo.jpg 1084w, https:\/\/fundacioncajaruraldelsur.com\/wp-content\/uploads\/2022\/01\/expo-300x119.jpg 300w, https:\/\/fundacioncajaruraldelsur.com\/wp-content\/uploads\/2022\/01\/expo-1024x406.jpg 1024w, https:\/\/fundacioncajaruraldelsur.com\/wp-content\/uploads\/2022\/01\/expo-768x305.jpg 768w\" sizes=\"auto, (max-width: 1084px) 100vw, 1084px\" \/><\/a>\n\t\t<\/figure>\n\t<\/div>\n\n\t<div class=\"wpb_text_column wpb_content_element\" >\n\t\t<div class=\"wpb_wrapper\">\n\t\t\t<p>T\u00edtulo: <strong>Elektra&amp;\u00c1tomo<\/strong><br \/>\nAutor: <strong>Pacorrosa<\/strong><br \/>\nSala: <strong>Fundaci\u00f3n C\u00f3rdoba <\/strong><\/p>\n<p><strong><a href=\"\/pt\/inaugurada-la-exposicion-de-pintura-de-pacorrosa-en-el-centro-cultural-de-fundacion-caja-rural-del-sur\/\" rel=\"noopener\"><span style=\"color: #339966;\">+info<\/span><\/a><\/strong><\/p>\n\n\t\t<\/div>\n\t<\/div>\n<\/div><\/div><\/div><div class=\"wpb_column vc_column_container vc_col-sm-4\"><div class=\"vc_column-inner\"><div class=\"wpb_wrapper\">\n\t<div  class=\"wpb_single_image wpb_content_element vc_align_left wpb_content_element\">\n\t\t\n\t\t<figure class=\"wpb_wrapper vc_figure\">\n\t\t\t<a href=\"https:\/\/www.vrte.es\/cajarural\/angel-corral\/index.htm\" target=\"_blank\" class=\"vc_single_image-wrapper   vc_box_border_grey\"><img loading=\"lazy\" decoding=\"async\" width=\"2784\" height=\"1306\" src=\"https:\/\/fundacioncajaruraldelsur.com\/wp-content\/uploads\/2022\/03\/Captura-de-pantalla-2022-03-14-a-las-13.19.48.png\" class=\"vc_single_image-img attachment-full\" alt=\"\" title=\"Captura de pantalla 2022-03-14 a las 13.19.48\" srcset=\"https:\/\/fundacioncajaruraldelsur.com\/wp-content\/uploads\/2022\/03\/Captura-de-pantalla-2022-03-14-a-las-13.19.48.png 2784w, https:\/\/fundacioncajaruraldelsur.com\/wp-content\/uploads\/2022\/03\/Captura-de-pantalla-2022-03-14-a-las-13.19.48-300x141.png 300w, https:\/\/fundacioncajaruraldelsur.com\/wp-content\/uploads\/2022\/03\/Captura-de-pantalla-2022-03-14-a-las-13.19.48-1024x480.png 1024w, https:\/\/fundacioncajaruraldelsur.com\/wp-content\/uploads\/2022\/03\/Captura-de-pantalla-2022-03-14-a-las-13.19.48-768x360.png 768w, https:\/\/fundacioncajaruraldelsur.com\/wp-content\/uploads\/2022\/03\/Captura-de-pantalla-2022-03-14-a-las-13.19.48-1536x721.png 1536w, https:\/\/fundacioncajaruraldelsur.com\/wp-content\/uploads\/2022\/03\/Captura-de-pantalla-2022-03-14-a-las-13.19.48-2048x961.png 2048w\" sizes=\"auto, (max-width: 2784px) 100vw, 2784px\" \/><\/a>\n\t\t<\/figure>\n\t<\/div>\n\n\t<div class=\"wpb_text_column wpb_content_element\" >\n\t\t<div class=\"wpb_wrapper\">\n\t\t\t<p>T\u00edtulo: <strong>Obra Reciente<\/strong><br \/>\nAutor: <b>\u00c1ngel Corral<\/b><br \/>\nSala: <strong>Fundaci\u00f3n C\u00f3rdoba <\/strong><\/p>\n<p><strong><a href=\"\/pt\/evento\/exposicion-de-pintura-de-angel-corral\/\" rel=\"noopener\"><span style=\"color: #339966;\">+info<\/span><\/a><\/strong><\/p>\n\n\t\t<\/div>\n\t<\/div>\n<\/div><\/div><\/div><div class=\"wpb_column vc_column_container vc_col-sm-4\"><div class=\"vc_column-inner\"><div class=\"wpb_wrapper\">\n\t<div  class=\"wpb_single_image wpb_content_element vc_align_left wpb_content_element\">\n\t\t\n\t\t<figure class=\"wpb_wrapper vc_figure\">\n\t\t\t<a href=\"https:\/\/www.vrte.es\/cajarural\/visiones-de-la-gran-ciudad\/index.htm\" target=\"_blank\" class=\"vc_single_image-wrapper   vc_box_border_grey\"><img loading=\"lazy\" decoding=\"async\" width=\"2814\" height=\"1514\" src=\"https:\/\/fundacioncajaruraldelsur.com\/wp-content\/uploads\/2022\/04\/Captura-de-pantalla-2022-04-02-a-las-0.58.24.png\" class=\"vc_single_image-img attachment-full\" alt=\"\" title=\"Captura de pantalla 2022-04-02 a las 0.58.24\" srcset=\"https:\/\/fundacioncajaruraldelsur.com\/wp-content\/uploads\/2022\/04\/Captura-de-pantalla-2022-04-02-a-las-0.58.24.png 2814w, https:\/\/fundacioncajaruraldelsur.com\/wp-content\/uploads\/2022\/04\/Captura-de-pantalla-2022-04-02-a-las-0.58.24-300x161.png 300w, https:\/\/fundacioncajaruraldelsur.com\/wp-content\/uploads\/2022\/04\/Captura-de-pantalla-2022-04-02-a-las-0.58.24-1024x551.png 1024w, https:\/\/fundacioncajaruraldelsur.com\/wp-content\/uploads\/2022\/04\/Captura-de-pantalla-2022-04-02-a-las-0.58.24-768x413.png 768w, https:\/\/fundacioncajaruraldelsur.com\/wp-content\/uploads\/2022\/04\/Captura-de-pantalla-2022-04-02-a-las-0.58.24-1536x826.png 1536w, https:\/\/fundacioncajaruraldelsur.com\/wp-content\/uploads\/2022\/04\/Captura-de-pantalla-2022-04-02-a-las-0.58.24-2048x1102.png 2048w\" sizes=\"auto, (max-width: 2814px) 100vw, 2814px\" \/><\/a>\n\t\t<\/figure>\n\t<\/div>\n\n\t<div class=\"wpb_text_column wpb_content_element\" >\n\t\t<div class=\"wpb_wrapper\">\n\t\t\t<p>T\u00edtulo: <strong>Visiones de la Gran Ciudad<\/strong><br \/>\nAutor: <b>Pedro Rodr\u00edguez<\/b><br \/>\nSala: <strong>Fundaci\u00f3n C\u00f3rdoba <\/strong><\/p>\n<p><strong><a href=\"\/pt\/evento\/exposicion-de-pedro-rodriguez-garrido\/\" rel=\"noopener\"><span style=\"color: #339966;\">+info<\/span><\/a><\/strong><\/p>\n\n\t\t<\/div>\n\t<\/div>\n<\/div><\/div><\/div><\/div><div class=\"vc_row wpb_row vc_row-fluid\"><div class=\"wpb_column vc_column_container vc_col-sm-4\"><div class=\"vc_column-inner\"><div class=\"wpb_wrapper\">\n\t<div  class=\"wpb_single_image wpb_content_element vc_align_left wpb_content_element\">\n\t\t\n\t\t<figure class=\"wpb_wrapper vc_figure\">\n\t\t\t<a href=\"https:\/\/www.vrte.es\/cajarural\/pepe-puntas\/index.htm\" target=\"_blank\" class=\"vc_single_image-wrapper   vc_box_border_grey\"><img loading=\"lazy\" decoding=\"async\" width=\"2324\" height=\"1268\" src=\"https:\/\/fundacioncajaruraldelsur.com\/wp-content\/uploads\/2022\/06\/Captura-de-Pantalla-2022-06-27-a-las-19.34.09.png\" class=\"vc_single_image-img attachment-full\" alt=\"\" title=\"Captura de Pantalla 2022-06-27 a las 19.34.09\" srcset=\"https:\/\/fundacioncajaruraldelsur.com\/wp-content\/uploads\/2022\/06\/Captura-de-Pantalla-2022-06-27-a-las-19.34.09.png 2324w, https:\/\/fundacioncajaruraldelsur.com\/wp-content\/uploads\/2022\/06\/Captura-de-Pantalla-2022-06-27-a-las-19.34.09-300x164.png 300w, https:\/\/fundacioncajaruraldelsur.com\/wp-content\/uploads\/2022\/06\/Captura-de-Pantalla-2022-06-27-a-las-19.34.09-1024x559.png 1024w, https:\/\/fundacioncajaruraldelsur.com\/wp-content\/uploads\/2022\/06\/Captura-de-Pantalla-2022-06-27-a-las-19.34.09-768x419.png 768w, https:\/\/fundacioncajaruraldelsur.com\/wp-content\/uploads\/2022\/06\/Captura-de-Pantalla-2022-06-27-a-las-19.34.09-1536x838.png 1536w, https:\/\/fundacioncajaruraldelsur.com\/wp-content\/uploads\/2022\/06\/Captura-de-Pantalla-2022-06-27-a-las-19.34.09-2048x1117.png 2048w\" sizes=\"auto, (max-width: 2324px) 100vw, 2324px\" \/><\/a>\n\t\t<\/figure>\n\t<\/div>\n\n\t<div class=\"wpb_text_column wpb_content_element\" >\n\t\t<div class=\"wpb_wrapper\">\n\t\t\t<p>T\u00edtulo: <strong>Traumas, s\u00edndromes y efectos<\/strong><br \/>\nAutor: <strong>Pepe Puntas<\/strong><br \/>\nSala: <strong>Fundaci\u00f3n C\u00f3rdoba <\/strong><\/p>\n<p><strong><a href=\"\/pt\/inaugurada-la-exposicion-de-pintura-de-pacorrosa-en-el-centro-cultural-de-fundacion-caja-rural-del-sur\/\" rel=\"noopener\"><span style=\"color: #339966;\">+info<\/span><\/a><\/strong><\/p>\n\n\t\t<\/div>\n\t<\/div>\n<\/div><\/div><\/div><div class=\"wpb_column vc_column_container vc_col-sm-4\"><div class=\"vc_column-inner\"><div class=\"wpb_wrapper\">\n\t<div  class=\"wpb_single_image wpb_content_element vc_align_left wpb_content_element\">\n\t\t\n\t\t<figure class=\"wpb_wrapper vc_figure\">\n\t\t\t<a href=\"https:\/\/www.vrte.es\/cajarural\/miradas\/index.htm\" target=\"_blank\" class=\"vc_single_image-wrapper   vc_box_border_grey\"><img loading=\"lazy\" decoding=\"async\" width=\"2514\" height=\"1012\" src=\"https:\/\/fundacioncajaruraldelsur.com\/wp-content\/uploads\/2022\/10\/Captura-de-Pantalla-2022-10-04-a-las-11.42.53.png\" class=\"vc_single_image-img attachment-full\" alt=\"\" title=\"Captura de Pantalla 2022-10-04 a las 11.42.53\" srcset=\"https:\/\/fundacioncajaruraldelsur.com\/wp-content\/uploads\/2022\/10\/Captura-de-Pantalla-2022-10-04-a-las-11.42.53.png 2514w, https:\/\/fundacioncajaruraldelsur.com\/wp-content\/uploads\/2022\/10\/Captura-de-Pantalla-2022-10-04-a-las-11.42.53-300x121.png 300w, https:\/\/fundacioncajaruraldelsur.com\/wp-content\/uploads\/2022\/10\/Captura-de-Pantalla-2022-10-04-a-las-11.42.53-1024x412.png 1024w, https:\/\/fundacioncajaruraldelsur.com\/wp-content\/uploads\/2022\/10\/Captura-de-Pantalla-2022-10-04-a-las-11.42.53-768x309.png 768w, https:\/\/fundacioncajaruraldelsur.com\/wp-content\/uploads\/2022\/10\/Captura-de-Pantalla-2022-10-04-a-las-11.42.53-1536x618.png 1536w, https:\/\/fundacioncajaruraldelsur.com\/wp-content\/uploads\/2022\/10\/Captura-de-Pantalla-2022-10-04-a-las-11.42.53-2048x824.png 2048w\" sizes=\"auto, (max-width: 2514px) 100vw, 2514px\" \/><\/a>\n\t\t<\/figure>\n\t<\/div>\n\n\t<div class=\"wpb_text_column wpb_content_element\" >\n\t\t<div class=\"wpb_wrapper\">\n\t\t\t<p>T\u00edtulo: <strong>3 Miradas<\/strong><br \/>\nAutores: <strong>Daniel Bilbao, Layla Halc\u00f3n y Chema Rodr\u00edguez<\/strong><br \/>\nSala: <strong>Fundaci\u00f3n C\u00f3rdoba <\/strong><\/p>\n<p><a href=\"\/pt\/evento\/exposicion-3-miradas-de-daniel-bilbao-layla-halcon-y-chema-rodriguez\/\"><strong><span style=\"color: #339966;\">+<\/span><span style=\"color: #339966;\">info<\/span><\/strong><\/a><\/p>\n\n\t\t<\/div>\n\t<\/div>\n<\/div><\/div><\/div><div class=\"wpb_column vc_column_container vc_col-sm-4\"><div class=\"vc_column-inner\"><div class=\"wpb_wrapper\">\n\t<div  class=\"wpb_single_image wpb_content_element vc_align_left wpb_content_element\">\n\t\t\n\t\t<figure class=\"wpb_wrapper vc_figure\">\n\t\t\t<a href=\"https:\/\/www.vrte.es\/cajarural\/vientos\/index.htm\" target=\"_blank\" class=\"vc_single_image-wrapper   vc_box_border_grey\"><img loading=\"lazy\" decoding=\"async\" width=\"2810\" height=\"1388\" src=\"https:\/\/fundacioncajaruraldelsur.com\/wp-content\/uploads\/2022\/11\/Captura-de-Pantalla-2022-11-15-a-las-11.33.16.png\" class=\"vc_single_image-img attachment-full\" alt=\"\" title=\"Captura de Pantalla 2022-11-15 a las 11.33.16\" srcset=\"https:\/\/fundacioncajaruraldelsur.com\/wp-content\/uploads\/2022\/11\/Captura-de-Pantalla-2022-11-15-a-las-11.33.16.png 2810w, https:\/\/fundacioncajaruraldelsur.com\/wp-content\/uploads\/2022\/11\/Captura-de-Pantalla-2022-11-15-a-las-11.33.16-300x148.png 300w, https:\/\/fundacioncajaruraldelsur.com\/wp-content\/uploads\/2022\/11\/Captura-de-Pantalla-2022-11-15-a-las-11.33.16-1024x506.png 1024w, https:\/\/fundacioncajaruraldelsur.com\/wp-content\/uploads\/2022\/11\/Captura-de-Pantalla-2022-11-15-a-las-11.33.16-768x379.png 768w, https:\/\/fundacioncajaruraldelsur.com\/wp-content\/uploads\/2022\/11\/Captura-de-Pantalla-2022-11-15-a-las-11.33.16-1536x759.png 1536w, https:\/\/fundacioncajaruraldelsur.com\/wp-content\/uploads\/2022\/11\/Captura-de-Pantalla-2022-11-15-a-las-11.33.16-2048x1012.png 2048w\" sizes=\"auto, (max-width: 2810px) 100vw, 2810px\" \/><\/a>\n\t\t<\/figure>\n\t<\/div>\n\n\t<div class=\"wpb_text_column wpb_content_element\" >\n\t\t<div class=\"wpb_wrapper\">\n\t\t\t<p>T\u00edtulo: <strong>De un viento antiguo<\/strong><br \/>\nAutores: <strong>Manuel Garc\u00e9s Blancart<\/strong><br \/>\nSala: <strong>Fundaci\u00f3n C\u00f3rdoba <\/strong><\/p>\n<p><a href=\"\/pt\/evento\/exposicion-de-un-viento-antiguo-de-manuel-garces-blancart\/\"><strong><span style=\"color: #339966;\">+<\/span><span style=\"color: #339966;\">info<\/span><\/strong><\/a><\/p>\n\n\t\t<\/div>\n\t<\/div>\n<\/div><\/div><\/div><\/div><div class=\"vc_row wpb_row vc_row-fluid\"><div class=\"wpb_column vc_column_container vc_col-sm-4\"><div class=\"vc_column-inner\"><div class=\"wpb_wrapper\">\n\t<div  class=\"wpb_single_image wpb_content_element vc_align_left wpb_content_element\">\n\t\t\n\t\t<figure class=\"wpb_wrapper vc_figure\">\n\t\t\t<a href=\"https:\/\/www.youtube.com\/watch?v=xViYL3MTu1s&#038;list=PLpriM2eRXhkePkpP5eLyxksNJ8uiaI62m\" target=\"_blank\" class=\"vc_single_image-wrapper   vc_box_border_grey\"><img loading=\"lazy\" decoding=\"async\" width=\"2832\" height=\"1570\" src=\"https:\/\/fundacioncajaruraldelsur.com\/wp-content\/uploads\/2023\/02\/Captura-de-Pantalla-2023-02-17-a-las-11.48.13.png\" class=\"vc_single_image-img attachment-full\" alt=\"\" title=\"Captura de Pantalla 2023-02-17 a las 11.48.13\" srcset=\"https:\/\/fundacioncajaruraldelsur.com\/wp-content\/uploads\/2023\/02\/Captura-de-Pantalla-2023-02-17-a-las-11.48.13.png 2832w, https:\/\/fundacioncajaruraldelsur.com\/wp-content\/uploads\/2023\/02\/Captura-de-Pantalla-2023-02-17-a-las-11.48.13-300x166.png 300w, https:\/\/fundacioncajaruraldelsur.com\/wp-content\/uploads\/2023\/02\/Captura-de-Pantalla-2023-02-17-a-las-11.48.13-1024x568.png 1024w, https:\/\/fundacioncajaruraldelsur.com\/wp-content\/uploads\/2023\/02\/Captura-de-Pantalla-2023-02-17-a-las-11.48.13-768x426.png 768w, https:\/\/fundacioncajaruraldelsur.com\/wp-content\/uploads\/2023\/02\/Captura-de-Pantalla-2023-02-17-a-las-11.48.13-1536x852.png 1536w, https:\/\/fundacioncajaruraldelsur.com\/wp-content\/uploads\/2023\/02\/Captura-de-Pantalla-2023-02-17-a-las-11.48.13-2048x1135.png 2048w\" sizes=\"auto, (max-width: 2832px) 100vw, 2832px\" \/><\/a>\n\t\t<\/figure>\n\t<\/div>\n\n\t<div class=\"wpb_text_column wpb_content_element\" >\n\t\t<div class=\"wpb_wrapper\">\n\t\t\t<p>T\u00edtulo: <strong>Imaginart<\/strong><br \/>\nAutor: <strong>Colectivo Ef\u00edmero<\/strong><br \/>\nSala: <strong>Fundaci\u00f3n C\u00f3rdoba <\/strong><\/p>\n<p><strong><span style=\"color: #339966;\">+info<\/span><\/strong><\/p>\n\n\t\t<\/div>\n\t<\/div>\n<\/div><\/div><\/div><\/div>\n<\/div>","protected":false},"excerpt":{"rendered":"T\u00edtulo: Los Romero, saga de pintores Autor: Familia Romero de Torres Sala: Fundaci\u00f3n Cordoba T\u00edtulo: Donde hay arte, hay coraz\u00f3n Autor: V\u00edctor Pulido Sala: Fundaci\u00f3n Huelva +info T\u00edtulo: Do\u00f1ana, el [...]","protected":false},"author":4,"featured_media":0,"parent":0,"menu_order":0,"comment_status":"closed","ping_status":"closed","template":"page_fullwidth_notitle.php","meta":{"footnotes":""},"class_list":["post-6516","page","type-page","status-publish","hentry"],"yoast_head":"<!-- This site is optimized with the Yoast SEO plugin v27.3 - https:\/\/yoast.com\/product\/yoast-seo-wordpress\/ -->\n<title>Expo3D - Fundaci\u00f3n Caja Rural del Sur<\/title>\n<meta name=\"robots\" content=\"index, follow, max-snippet:-1, max-image-preview:large, max-video-preview:-1\" \/>\n<link rel=\"canonical\" href=\"https:\/\/fundacioncajaruraldelsur.com\/pt\/expo3d\/\" \/>\n<meta property=\"og:locale\" content=\"pt_PT\" \/>\n<meta property=\"og:type\" content=\"article\" \/>\n<meta property=\"og:title\" content=\"Expo3D - Fundaci\u00f3n Caja Rural del Sur\" \/>\n<meta property=\"og:url\" content=\"https:\/\/fundacioncajaruraldelsur.com\/pt\/expo3d\/\" \/>\n<meta property=\"og:site_name\" content=\"Fundaci\u00f3n Caja Rural del Sur\" \/>\n<meta property=\"article:modified_time\" content=\"2023-02-17T10:50:54+00:00\" \/>\n<meta name=\"twitter:card\" content=\"summary_large_image\" \/>\n<meta name=\"twitter:label1\" content=\"Est. reading time\" \/>\n\t<meta name=\"twitter:data1\" content=\"1 minute\" \/>\n<script type=\"application\/ld+json\" class=\"yoast-schema-graph\">{\"@context\":\"https:\\\/\\\/schema.org\",\"@graph\":[{\"@type\":\"WebPage\",\"@id\":\"https:\\\/\\\/fundacioncajaruraldelsur.com\\\/expo3d\\\/\",\"url\":\"https:\\\/\\\/fundacioncajaruraldelsur.com\\\/expo3d\\\/\",\"name\":\"Expo3D - Fundaci\u00f3n Caja Rural del Sur\",\"isPartOf\":{\"@id\":\"https:\\\/\\\/fundacioncajaruraldelsur.com\\\/#website\"},\"datePublished\":\"2021-06-22T08:53:43+00:00\",\"dateModified\":\"2023-02-17T10:50:54+00:00\",\"breadcrumb\":{\"@id\":\"https:\\\/\\\/fundacioncajaruraldelsur.com\\\/expo3d\\\/#breadcrumb\"},\"inLanguage\":\"pt-PT\",\"potentialAction\":[{\"@type\":\"ReadAction\",\"target\":[\"https:\\\/\\\/fundacioncajaruraldelsur.com\\\/expo3d\\\/\"]}]},{\"@type\":\"BreadcrumbList\",\"@id\":\"https:\\\/\\\/fundacioncajaruraldelsur.com\\\/expo3d\\\/#breadcrumb\",\"itemListElement\":[{\"@type\":\"ListItem\",\"position\":1,\"name\":\"Portada\",\"item\":\"https:\\\/\\\/fundacioncajaruraldelsur.com\\\/\"},{\"@type\":\"ListItem\",\"position\":2,\"name\":\"Expo3D\"}]},{\"@type\":\"WebSite\",\"@id\":\"https:\\\/\\\/fundacioncajaruraldelsur.com\\\/#website\",\"url\":\"https:\\\/\\\/fundacioncajaruraldelsur.com\\\/\",\"name\":\"Fundaci\u00f3n Caja Rural del Sur\",\"description\":\"\",\"potentialAction\":[{\"@type\":\"SearchAction\",\"target\":{\"@type\":\"EntryPoint\",\"urlTemplate\":\"https:\\\/\\\/fundacioncajaruraldelsur.com\\\/?s={search_term_string}\"},\"query-input\":{\"@type\":\"PropertyValueSpecification\",\"valueRequired\":true,\"valueName\":\"search_term_string\"}}],\"inLanguage\":\"pt-PT\"}]}<\/script>\n<!-- \/ Yoast SEO plugin. -->","yoast_head_json":{"title":"Expo3D - Fundaci\u00f3n Caja Rural del Sur","robots":{"index":"index","follow":"follow","max-snippet":"max-snippet:-1","max-image-preview":"max-image-preview:large","max-video-preview":"max-video-preview:-1"},"canonical":"https:\/\/fundacioncajaruraldelsur.com\/pt\/expo3d\/","og_locale":"pt_PT","og_type":"article","og_title":"Expo3D - Fundaci\u00f3n Caja Rural del Sur","og_url":"https:\/\/fundacioncajaruraldelsur.com\/pt\/expo3d\/","og_site_name":"Fundaci\u00f3n Caja Rural del Sur","article_modified_time":"2023-02-17T10:50:54+00:00","twitter_card":"summary_large_image","twitter_misc":{"Est. reading time":"1 minute"},"schema":{"@context":"https:\/\/schema.org","@graph":[{"@type":"WebPage","@id":"https:\/\/fundacioncajaruraldelsur.com\/expo3d\/","url":"https:\/\/fundacioncajaruraldelsur.com\/expo3d\/","name":"Expo3D - Fundaci\u00f3n Caja Rural del Sur","isPartOf":{"@id":"https:\/\/fundacioncajaruraldelsur.com\/#website"},"datePublished":"2021-06-22T08:53:43+00:00","dateModified":"2023-02-17T10:50:54+00:00","breadcrumb":{"@id":"https:\/\/fundacioncajaruraldelsur.com\/expo3d\/#breadcrumb"},"inLanguage":"pt-PT","potentialAction":[{"@type":"ReadAction","target":["https:\/\/fundacioncajaruraldelsur.com\/expo3d\/"]}]},{"@type":"BreadcrumbList","@id":"https:\/\/fundacioncajaruraldelsur.com\/expo3d\/#breadcrumb","itemListElement":[{"@type":"ListItem","position":1,"name":"Portada","item":"https:\/\/fundacioncajaruraldelsur.com\/"},{"@type":"ListItem","position":2,"name":"Expo3D"}]},{"@type":"WebSite","@id":"https:\/\/fundacioncajaruraldelsur.com\/#website","url":"https:\/\/fundacioncajaruraldelsur.com\/","name":"Funda\u00e7\u00e3o Caja Rural del Sur","description":"","potentialAction":[{"@type":"SearchAction","target":{"@type":"EntryPoint","urlTemplate":"https:\/\/fundacioncajaruraldelsur.com\/?s={search_term_string}"},"query-input":{"@type":"PropertyValueSpecification","valueRequired":true,"valueName":"search_term_string"}}],"inLanguage":"pt-PT"}]}},"rttpg_featured_image_url":null,"rttpg_author":{"display_name":"Huelvaadmin","author_link":"https:\/\/fundacioncajaruraldelsur.com\/pt\/author\/huelvaadmin\/"},"rttpg_comment":0,"rttpg_category":null,"rttpg_excerpt":null,"_links":{"self":[{"href":"https:\/\/fundacioncajaruraldelsur.com\/pt\/wp-json\/wp\/v2\/pages\/6516","targetHints":{"allow":["GET"]}}],"collection":[{"href":"https:\/\/fundacioncajaruraldelsur.com\/pt\/wp-json\/wp\/v2\/pages"}],"about":[{"href":"https:\/\/fundacioncajaruraldelsur.com\/pt\/wp-json\/wp\/v2\/types\/page"}],"author":[{"embeddable":true,"href":"https:\/\/fundacioncajaruraldelsur.com\/pt\/wp-json\/wp\/v2\/users\/4"}],"replies":[{"embeddable":true,"href":"https:\/\/fundacioncajaruraldelsur.com\/pt\/wp-json\/wp\/v2\/comments?post=6516"}],"version-history":[{"count":24,"href":"https:\/\/fundacioncajaruraldelsur.com\/pt\/wp-json\/wp\/v2\/pages\/6516\/revisions"}],"predecessor-version":[{"id":8596,"href":"https:\/\/fundacioncajaruraldelsur.com\/pt\/wp-json\/wp\/v2\/pages\/6516\/revisions\/8596"}],"wp:attachment":[{"href":"https:\/\/fundacioncajaruraldelsur.com\/pt\/wp-json\/wp\/v2\/media?parent=6516"}],"curies":[{"name":"wp","href":"https:\/\/api.w.org\/{rel}","templated":true}]}}