{"id":2157,"date":"2015-03-13T08:58:35","date_gmt":"2015-03-13T08:58:35","guid":{"rendered":"\/?page_id=2157"},"modified":"2025-04-03T09:00:01","modified_gmt":"2025-04-03T08:00:01","slug":"noticias","status":"publish","type":"page","link":"https:\/\/fundacioncajaruraldelsur.com\/pt\/noticias\/","title":{"rendered":"Not\u00edcias"},"content":{"rendered":"<div class=\"wpb-content-wrapper\"><div class=\"vc_row wpb_row vc_row-fluid\"><div class=\"wpb_column vc_column_container vc_col-sm-12\"><div class=\"vc_column-inner\"><div class=\"wpb_wrapper\"><div class=\"vc_empty_space\"   style=\"height: 100px\"><span class=\"vc_empty_space_inner\"><\/span><\/div><\/div><\/div><\/div><\/div><div class=\"vc_row wpb_row vc_row-fluid\"><div class=\"espaciosup_noticias wpb_column vc_column_container vc_col-sm-12\"><div class=\"vc_column-inner\"><div class=\"wpb_wrapper\">\n\t<div class=\"wpb_text_column wpb_content_element\" >\n\t\t<div class=\"wpb_wrapper\">\n\t\t\t<style type='text\/css' media='all'>#rt-tpg-container-664553758 .rt-holder .rt-woo-info .price{color:#00b2a6;}body .rt-tpg-container .rt-tpg-isotope-buttons .selected,\n\t\t\t\t\t#rt-tpg-container-664553758 .layout12 .rt-holder:hover .rt-detail,\n\t\t\t\t\t#rt-tpg-container-664553758 .isotope8 .rt-holder:hover .rt-detail,\n\t\t\t\t\t#rt-tpg-container-664553758 .carousel8 .rt-holder:hover .rt-detail,\n\t\t\t\t\t#rt-tpg-container-664553758 .layout13 .rt-holder .overlay .post-info,\n\t\t\t\t\t#rt-tpg-container-664553758 .isotope9 .rt-holder .overlay .post-info,\n\t\t\t\t\t#rt-tpg-container-664553758.rt-tpg-container .layout4 .rt-holder .rt-detail,\n\t\t\t\t\t.rt-modal-664553758 .md-content,\n\t\t\t\t\t.rt-modal-664553758 .md-content > .rt-md-content-holder .rt-md-content,\n\t\t\t\t\t.rt-popup-wrap-664553758.rt-popup-wrap .rt-popup-navigation-wrap,\n\t\t\t\t\t#rt-tpg-container-664553758 .carousel9 .rt-holder .overlay .post-info{background-color:#00b2a6;}#rt-tpg-container-664553758 .layout5 .rt-holder .overlay, #rt-tpg-container-664553758 .isotope2 .rt-holder .overlay, #rt-tpg-container-664553758 .carousel2 .rt-holder .overlay,#rt-tpg-container-664553758 .layout15 .rt-holder h3, #rt-tpg-container-664553758 .isotope11 .rt-holder h3, #rt-tpg-container-664553758 .carousel11 .rt-holder h3, #rt-tpg-container-664553758 .layout16 .rt-holder h3,\n\t\t\t\t\t#rt-tpg-container-664553758 .isotope12 .rt-holder h3, #rt-tpg-container-664553758 .carousel12 .rt-holder h3 {background-color:rgba(0,178,166,0.8);}#rt-tpg-container-664553758 .pagination-list li a,\n\t\t\t\t\trt-tpg-container-664553758 .pagination-list li span,\n\t\t\t\t\trt-tpg-container-664553758 .pagination li a,\n\t\t\t\t\t#rt-tpg-container-664553758 .rt-tpg-isotope-buttons button,\n\t\t\t\t\t#rt-tpg-container-664553758 .rt-tpg-utility .rt-tpg-load-more button,\n\t\t\t\t\t#rt-tpg-container-664553758.rt-tpg-container .swiper-navigation .slider-btn,\n\t\t\t\t\t#rt-tpg-container-664553758.rt-tpg-container .swiper-pagination-bullet,\n\t\t\t\t\t#rt-tpg-container-664553758 .wc1 .rt-holder .rt-img-holder .overlay .product-more ul li a,\n\t\t\t\t\t#rt-tpg-container-664553758 .wc2 .rt-detail .rt-wc-add-to-cart,\n\t\t\t\t\t#rt-tpg-container-664553758 .wc3 .rt-detail .rt-wc-add-to-cart,\n\t\t\t\t\t#rt-tpg-container-664553758 .wc4 .rt-detail .rt-wc-add-to-cart,\n\t\t\t\t\t#rt-tpg-container-664553758 .wc-carousel2 .rt-detail .rt-wc-add-to-cart,\n\t\t\t\t\t#rt-tpg-container-664553758 .wc-isotope2 .rt-detail .rt-wc-add-to-cart,\n\t\t\t\t\t#rt-tpg-container-664553758 .rt-layout-filter-container .rt-filter-wrap .rt-filter-item-wrap.rt-filter-dropdown-wrap .rt-filter-dropdown,\n\t\t\t\t\t#rt-tpg-container-664553758 .rt-layout-filter-container .rt-filter-sub-tax.sub-button-group .rt-filter-button-item,\n\t\t\t\t\t#rt-tpg-container-664553758.rt-tpg-container .rt-pagination-wrap .rt-page-numbers .paginationjs .paginationjs-pages ul li>a,\n\t\t\t\t\t#rt-tpg-container-664553758 .rt-filter-item-wrap.rt-filter-button-wrap span.rt-filter-button-item,\n\t\t\t\t\t#rt-tpg-container-664553758.rt-tpg-container .rt-pagination-wrap  .rt-loadmore-btn,\n\t\t\t\t\t#rt-tpg-container-664553758.rt-tpg-container .rt-pagination-wrap .rt-cb-page-prev-next > *,\n\t\t\t\t\t#rt-tpg-container-664553758 .rt-read-more,\n\t\t\t\t\t#rt-tooltip-664553758, #rt-tooltip-664553758 .rt-tooltip-bottom:after{background-color:#005a42;}#rt-tpg-container-664553758 .rt-filter-item-wrap.rt-filter-button-wrap span.rt-filter-button-item,\n\t\t\t\t\t#rt-tpg-container-664553758 .rt-layout-filter-container .rt-filter-sub-tax.sub-button-group .rt-filter-button-item{border-color:#005a42;}#rt-tpg-container-664553758.rt-tpg-container .layout17 .rt-holder .overlay a.tpg-zoom .fa{color:#005a42;}#rt-tpg-container-664553758 .rt-holder .read-more a {background-color:#005a42;padding: 8px 15px;}#rt-tpg-container-664553758 .pagination-list li a,\n\t\t\t\t\t#rt-tpg-container-664553758 .pagination li a,\n\t\t\t\t\t#rt-tpg-container-664553758 .rt-tpg-isotope-buttons button,\n\t\t\t\t\t#rt-tpg-container-664553758 .rt-holder .read-more a,\n\t\t\t\t\t#rt-tpg-container-664553758 .rt-tpg-utility .rt-tpg-load-more button,\n\t\t\t\t\t#rt-tpg-container-664553758.rt-tpg-container .swiper-navigation .slider-btn,\n\t\t\t\t\t#rt-tpg-container-664553758 .wc1 .rt-holder .rt-img-holder .overlay .product-more ul li a,\n\t\t\t\t\t#rt-tpg-container-664553758 .edd1 .rt-holder .rt-img-holder .overlay .product-more ul li a,\n\t\t\t\t\t#rt-tpg-container-664553758 .wc2 .rt-detail .rt-wc-add-to-cart,\n\t\t\t\t\t#rt-tpg-container-664553758 .wc3 .rt-detail .rt-wc-add-to-cart,\n\t\t\t\t\t#rt-tpg-container-664553758 .edd2 .rt-detail .rt-wc-add-to-cart,\n\t\t\t\t\t#rt-tpg-container-664553758 .wc4 .rt-detail .rt-wc-add-to-cart,\n\t\t\t\t\t#rt-tpg-container-664553758 .edd3 .rt-detail .rt-wc-add-to-cart,\n\t\t\t\t\t#rt-tpg-container-664553758 .wc-carousel2 .rt-detail .rt-wc-add-to-cart,\n\t\t\t\t\t#rt-tpg-container-664553758 .wc-isotope2 .rt-detail .rt-wc-add-to-cart,\n\t\t\t\t\t#rt-tpg-container-664553758 .rt-tpg-utility .rt-tpg-load-more button,\n\t\t\t\t\t#rt-tooltip-664553758,\n\t\t\t\t\t#rt-tpg-container-664553758 .rt-filter-item-wrap.rt-filter-button-wrap span.rt-filter-button-item,\n\t\t\t\t\t#rt-tpg-container-664553758 .rt-layout-filter-container .rt-filter-sub-tax.sub-button-group .rt-filter-button-item,\n\t\t\t\t\t#rt-tpg-container-664553758 .rt-layout-filter-container .rt-filter-wrap .rt-filter-item-wrap.rt-sort-order-action,\n\t\t\t\t\t#rt-tpg-container-664553758 .rt-layout-filter-container .rt-filter-wrap .rt-filter-item-wrap.rt-filter-dropdown-wrap .rt-filter-dropdown .rt-filter-dropdown-item,\n\t\t\t\t\t#rt-tpg-container-664553758.rt-tpg-container .rt-pagination-wrap .rt-page-numbers .paginationjs .paginationjs-pages ul li>a,\n\t\t\t\t\t#rt-tpg-container-664553758.rt-tpg-container .rt-pagination-wrap .rt-cb-page-prev-next > *,\n\t\t\t\t\t#rt-tpg-container-664553758.rt-tpg-container .rt-pagination-wrap  .rt-loadmore-btn,\n\t\t\t\t\t#rt-tpg-container-664553758 .rt-read-more,\n\t\t\t\t\t#rt-tooltip-664553758 .rt-tooltip-bottom:after{color:#ffffff;}#rt-tpg-container-664553758 .read-more a{border-radius:px;}#rt-tpg-container-664553758 .rt-img-holder img.rt-img-responsive,#rt-tpg-container-664553758 .rt-img-holder,\n\t\t\t\t\t#rt-tpg-container-664553758 .rt-post-overlay .post-img,\n\t\t\t\t\t#rt-tpg-container-664553758 .post-sm .post-img,\n\t\t\t\t\t#rt-tpg-container-664553758 .rt-post-grid .post-img,\n\t\t\t\t\t#rt-tpg-container-664553758 .post-img img {border-radius:px;}<\/style><div class='rt-container-fluid rt-tpg-container tpg-shortcode-main-wrapper' id='rt-tpg-container-664553758'   data-layout='layout12' data-grid-style='even' data-desktop-col='3'  data-tab-col='2'  data-mobile-col='1' data-sc-id='11079'><div data-title='Loading ...' class='rt-row rt-content-loader   layout12 tpg-even'><div class=\"rt-col-md-4 rt-col-sm-6 rt-col-xs-12 even-grid-item rt-grid-item\" data-id=\"12726\"><div class=\"rt-holder\"><div class=\"rt-img-holder\"><a data-id='12726' class='' href='https:\/\/fundacioncajaruraldelsur.com\/pt\/caja-rural-del-sur-apoya-a-la-xxxii-feria-agroganadera-de-pozoblanco-y-xxii-feria-agroalimentaria-del-valle-de-los-pedroches\/'><img loading=\"lazy\" decoding=\"async\" width=\"831\" height=\"463\" src=\"https:\/\/fundacioncajaruraldelsur.com\/wp-content\/uploads\/2026\/04\/pedroches.jpg\" class=\"rt-img-responsive\" alt=\"\" \/><\/a><\/div> <div class='rt-detail'><div class='post-meta-user'><span class='date-meta'><i class='far fa-calendar-alt'><\/i>21 April, 2026<\/span><\/div><h3 class=\"entry-title\"><a data-id=\"12726\" class=\"\" href=\"https:\/\/fundacioncajaruraldelsur.com\/pt\/caja-rural-del-sur-apoya-a-la-xxxii-feria-agroganadera-de-pozoblanco-y-xxii-feria-agroalimentaria-del-valle-de-los-pedroches\/\">Caja Rural del Sur apoya a la XXXII Feria Agroganadera de Pozoblanco y XXII Feria Agroalimentaria del Valle de Los Pedroches<\/a><\/h3><div class='tpg-excerpt'>Caja Rural del Sur colabora, un a\u00f1o m\u00e1s, con la XXXII Feria Agroganadera y XXII...<\/div><div class='post-meta'><span class='read-more'><a data-id='12726' class='' href='https:\/\/fundacioncajaruraldelsur.com\/pt\/caja-rural-del-sur-apoya-a-la-xxxii-feria-agroganadera-de-pozoblanco-y-xxii-feria-agroalimentaria-del-valle-de-los-pedroches\/'>Read More<\/a><\/span><\/div><\/div><\/div><\/div><div class=\"rt-col-md-4 rt-col-sm-6 rt-col-xs-12 even-grid-item rt-grid-item\" data-id=\"12722\"><div class=\"rt-holder\"><div class=\"rt-img-holder\"><a data-id='12722' class='' href='https:\/\/fundacioncajaruraldelsur.com\/pt\/presentacion-en-caja-rural-del-sur-de-la-xl-exhibicion-de-enganches-y-la-xii-concurso-internacional-de-enganches-de-tradicion-ciat\/'><img loading=\"lazy\" decoding=\"async\" width=\"960\" height=\"600\" src=\"https:\/\/fundacioncajaruraldelsur.com\/wp-content\/uploads\/2026\/04\/WhatsApp-Image-2026-04-15-at-12.42.44-1080x675-1-1024x640.jpeg\" class=\"rt-img-responsive\" alt=\"\" \/><\/a><\/div> <div class='rt-detail'><div class='post-meta-user'><span class='date-meta'><i class='far fa-calendar-alt'><\/i>21 April, 2026<\/span><\/div><h3 class=\"entry-title\"><a data-id=\"12722\" class=\"\" href=\"https:\/\/fundacioncajaruraldelsur.com\/pt\/presentacion-en-caja-rural-del-sur-de-la-xl-exhibicion-de-enganches-y-la-xii-concurso-internacional-de-enganches-de-tradicion-ciat\/\">Presentaci\u00f3n en Caja Rural del Sur de la XL Exhibici\u00f3n de Enganches y la XII Concurso Internacional de Enganches de Tradici\u00f3n (CIAT)<\/a><\/h3><div class='tpg-excerpt'>Caja Rural del Sur ha acogido la presentaci\u00f3n oficial del XII Concurso Internacional de Enganches...<\/div><div class='post-meta'><span class='read-more'><a data-id='12722' class='' href='https:\/\/fundacioncajaruraldelsur.com\/pt\/presentacion-en-caja-rural-del-sur-de-la-xl-exhibicion-de-enganches-y-la-xii-concurso-internacional-de-enganches-de-tradicion-ciat\/'>Read More<\/a><\/span><\/div><\/div><\/div><\/div><div class=\"rt-col-md-4 rt-col-sm-6 rt-col-xs-12 even-grid-item rt-grid-item\" data-id=\"12720\"><div class=\"rt-holder\"><div class=\"rt-img-holder\"><a data-id='12720' class='' href='https:\/\/fundacioncajaruraldelsur.com\/pt\/la-fundacion-caja-rural-del-sur-en-sevilla-acoge-la-presentacion-de-la-novela-de-donana-de-juan-villa\/'><img loading=\"lazy\" decoding=\"async\" width=\"960\" height=\"600\" src=\"https:\/\/fundacioncajaruraldelsur.com\/wp-content\/uploads\/2026\/04\/Presentacion-Libro-Donana-1-1080x675-1-1024x640.jpg\" class=\"rt-img-responsive\" alt=\"\" \/><\/a><\/div> <div class='rt-detail'><div class='post-meta-user'><span class='date-meta'><i class='far fa-calendar-alt'><\/i>21 April, 2026<\/span><\/div><h3 class=\"entry-title\"><a data-id=\"12720\" class=\"\" href=\"https:\/\/fundacioncajaruraldelsur.com\/pt\/la-fundacion-caja-rural-del-sur-en-sevilla-acoge-la-presentacion-de-la-novela-de-donana-de-juan-villa\/\">La Fundaci\u00f3n Caja Rural del Sur en Sevilla acoge la presentaci\u00f3n de \u00abLa novela de Do\u00f1ana\u00bb de Juan Villa<\/a><\/h3><div class='tpg-excerpt'>La sede de la Fundaci\u00f3n Caja Rural del Sur en Sevilla ha sido el escenario...<\/div><div class='post-meta'><span class='read-more'><a data-id='12720' class='' href='https:\/\/fundacioncajaruraldelsur.com\/pt\/la-fundacion-caja-rural-del-sur-en-sevilla-acoge-la-presentacion-de-la-novela-de-donana-de-juan-villa\/'>Read More<\/a><\/span><\/div><\/div><\/div><\/div><div class=\"rt-col-md-4 rt-col-sm-6 rt-col-xs-12 even-grid-item rt-grid-item\" data-id=\"12704\"><div class=\"rt-holder\"><div class=\"rt-img-holder\"><a data-id='12704' class='' href='https:\/\/fundacioncajaruraldelsur.com\/pt\/presentado-en-sevilla-el-libro-versos-toreros-de-carlos-urquijo-herraiz-una-mirada-poetica-a-la-tradicion-taurina\/'><img loading=\"lazy\" decoding=\"async\" width=\"960\" height=\"433\" src=\"https:\/\/fundacioncajaruraldelsur.com\/wp-content\/uploads\/2026\/04\/Versos-Toreros-Caja-Rural-del-Sur-1024x462.jpeg\" class=\"rt-img-responsive\" alt=\"\" \/><\/a><\/div> <div class='rt-detail'><div class='post-meta-user'><span class='date-meta'><i class='far fa-calendar-alt'><\/i>14 April, 2026<\/span><\/div><h3 class=\"entry-title\"><a data-id=\"12704\" class=\"\" href=\"https:\/\/fundacioncajaruraldelsur.com\/pt\/presentado-en-sevilla-el-libro-versos-toreros-de-carlos-urquijo-herraiz-una-mirada-poetica-a-la-tradicion-taurina\/\">Presentado en Sevilla el libro Versos Toreros, de Carlos Urquijo Herraiz, una mirada po\u00e9tica a la tradici\u00f3n taurina<\/a><\/h3><div class='tpg-excerpt'>El libro Versos Toreros, obra de Carlos Urquijo Herraiz, se ha presentado este lunes, 13...<\/div><div class='post-meta'><span class='read-more'><a data-id='12704' class='' href='https:\/\/fundacioncajaruraldelsur.com\/pt\/presentado-en-sevilla-el-libro-versos-toreros-de-carlos-urquijo-herraiz-una-mirada-poetica-a-la-tradicion-taurina\/'>Read More<\/a><\/span><\/div><\/div><\/div><\/div><div class=\"rt-col-md-4 rt-col-sm-6 rt-col-xs-12 even-grid-item rt-grid-item\" data-id=\"12695\"><div class=\"rt-holder\"><div class=\"rt-img-holder\"><a data-id='12695' class='' href='https:\/\/fundacioncajaruraldelsur.com\/pt\/la-exposicion-fotografica-las-caras-de-huelva-2-reune-a-51-protagonistas-de-la-sociedad-de-huelva\/'><img loading=\"lazy\" decoding=\"async\" width=\"722\" height=\"403\" src=\"https:\/\/fundacioncajaruraldelsur.com\/wp-content\/uploads\/2026\/04\/caras-huelva.jpg\" class=\"rt-img-responsive\" alt=\"\" \/><\/a><\/div> <div class='rt-detail'><div class='post-meta-user'><span class='date-meta'><i class='far fa-calendar-alt'><\/i>9 April, 2026<\/span><\/div><h3 class=\"entry-title\"><a data-id=\"12695\" class=\"\" href=\"https:\/\/fundacioncajaruraldelsur.com\/pt\/la-exposicion-fotografica-las-caras-de-huelva-2-reune-a-51-protagonistas-de-la-sociedad-de-huelva\/\">La exposici\u00f3n fotogr\u00e1fica &#8216;Las Caras de Huelva 2&#8217; re\u00fane a 51 protagonistas de la sociedad de Huelva<\/a><\/h3><div class='tpg-excerpt'>La exposici\u00f3n \"Las Caras de Huelva II\" ha abierto sus puertas en el Centro Cultural...<\/div><div class='post-meta'><span class='read-more'><a data-id='12695' class='' href='https:\/\/fundacioncajaruraldelsur.com\/pt\/la-exposicion-fotografica-las-caras-de-huelva-2-reune-a-51-protagonistas-de-la-sociedad-de-huelva\/'>Read More<\/a><\/span><\/div><\/div><\/div><\/div><div class=\"rt-col-md-4 rt-col-sm-6 rt-col-xs-12 even-grid-item rt-grid-item\" data-id=\"12691\"><div class=\"rt-holder\"><div class=\"rt-img-holder\"><a data-id='12691' class='' href='https:\/\/fundacioncajaruraldelsur.com\/pt\/san-telmo-reune-en-sevilla-a-los-principales-lideres-del-sector-agroindustrial-con-la-colaboracion-de-la-fundacion-caja-rural-del-sur\/'><img loading=\"lazy\" decoding=\"async\" width=\"960\" height=\"639\" src=\"https:\/\/fundacioncajaruraldelsur.com\/wp-content\/uploads\/2026\/04\/Manuel-Pimentel-Siles-Exministro-del-Gobierno-de-Espana-1024x682.jpeg\" class=\"rt-img-responsive\" alt=\"\" \/><\/a><\/div> <div class='rt-detail'><div class='post-meta-user'><span class='date-meta'><i class='far fa-calendar-alt'><\/i>8 April, 2026<\/span><\/div><h3 class=\"entry-title\"><a data-id=\"12691\" class=\"\" href=\"https:\/\/fundacioncajaruraldelsur.com\/pt\/san-telmo-reune-en-sevilla-a-los-principales-lideres-del-sector-agroindustrial-con-la-colaboracion-de-la-fundacion-caja-rural-del-sur\/\">San Telmo re\u00fane en Sevilla a los principales l\u00edderes del sector agroindustrial con la colaboraci\u00f3n de la Fundaci\u00f3n Caja Rural del Sur<\/a><\/h3><div class='tpg-excerpt'>Dos exministros del Gobierno de Espa\u00f1a, altos cargos institucionales y algunos de los principales directivos...<\/div><div class='post-meta'><span class='read-more'><a data-id='12691' class='' href='https:\/\/fundacioncajaruraldelsur.com\/pt\/san-telmo-reune-en-sevilla-a-los-principales-lideres-del-sector-agroindustrial-con-la-colaboracion-de-la-fundacion-caja-rural-del-sur\/'>Read More<\/a><\/span><\/div><\/div><\/div><\/div><div class=\"rt-col-md-4 rt-col-sm-6 rt-col-xs-12 even-grid-item rt-grid-item\" data-id=\"12688\"><div class=\"rt-holder\"><div class=\"rt-img-holder\"><a data-id='12688' class='' href='https:\/\/fundacioncajaruraldelsur.com\/pt\/caja-rural-del-sur-y-su-fundacion-impulsan-el-deporte-en-huelva-con-el-premio-al-mejor-punto-en-el-europeo-de-badminton-2026\/'><img loading=\"lazy\" decoding=\"async\" width=\"960\" height=\"567\" src=\"https:\/\/fundacioncajaruraldelsur.com\/wp-content\/uploads\/2026\/04\/badminton.jpg\" class=\"rt-img-responsive\" alt=\"\" \/><\/a><\/div> <div class='rt-detail'><div class='post-meta-user'><span class='date-meta'><i class='far fa-calendar-alt'><\/i>8 April, 2026<\/span><\/div><h3 class=\"entry-title\"><a data-id=\"12688\" class=\"\" href=\"https:\/\/fundacioncajaruraldelsur.com\/pt\/caja-rural-del-sur-y-su-fundacion-impulsan-el-deporte-en-huelva-con-el-premio-al-mejor-punto-en-el-europeo-de-badminton-2026\/\">Caja Rural del Sur y su Fundaci\u00f3n impulsan el deporte en Huelva con el Premio al Mejor Punto en el Europeo de B\u00e1dminton 2026<\/a><\/h3><div class='tpg-excerpt'>Caja Rural del Sur y su Fundaci\u00f3n refuerzan su compromiso con el deporte y con...<\/div><div class='post-meta'><span class='read-more'><a data-id='12688' class='' href='https:\/\/fundacioncajaruraldelsur.com\/pt\/caja-rural-del-sur-y-su-fundacion-impulsan-el-deporte-en-huelva-con-el-premio-al-mejor-punto-en-el-europeo-de-badminton-2026\/'>Read More<\/a><\/span><\/div><\/div><\/div><\/div><div class=\"rt-col-md-4 rt-col-sm-6 rt-col-xs-12 even-grid-item rt-grid-item\" data-id=\"12664\"><div class=\"rt-holder\"><div class=\"rt-img-holder\"><a data-id='12664' class='' href='https:\/\/fundacioncajaruraldelsur.com\/pt\/la-universidad-ceu-fernando-iii-y-la-fundacion-caja-rural-del-sur-presentan-la-catedra-de-emprendimiento-y-empleabilidad-jose-luis-garcia-palacios\/'><img loading=\"lazy\" decoding=\"async\" width=\"960\" height=\"588\" src=\"https:\/\/fundacioncajaruraldelsur.com\/wp-content\/uploads\/2026\/04\/2026-04-07_presentacion_catedra-1024x627.jpg\" class=\"rt-img-responsive\" alt=\"\" \/><\/a><\/div> <div class='rt-detail'><div class='post-meta-user'><span class='date-meta'><i class='far fa-calendar-alt'><\/i>7 April, 2026<\/span><\/div><h3 class=\"entry-title\"><a data-id=\"12664\" class=\"\" href=\"https:\/\/fundacioncajaruraldelsur.com\/pt\/la-universidad-ceu-fernando-iii-y-la-fundacion-caja-rural-del-sur-presentan-la-catedra-de-emprendimiento-y-empleabilidad-jose-luis-garcia-palacios\/\">La Universidad CEU Fernando III y la Fundaci\u00f3n Caja Rural del Sur presentan la C\u00e1tedra de Emprendimiento y Empleabilidad \u00abJos\u00e9 Luis Garc\u00eda Palacios\u00bb<\/a><\/h3><div class='tpg-excerpt'>La Universidad CEU Fernando III y la Fundaci\u00f3n Caja Rural del Sur han puesto en...<\/div><div class='post-meta'><span class='read-more'><a data-id='12664' class='' href='https:\/\/fundacioncajaruraldelsur.com\/pt\/la-universidad-ceu-fernando-iii-y-la-fundacion-caja-rural-del-sur-presentan-la-catedra-de-emprendimiento-y-empleabilidad-jose-luis-garcia-palacios\/'>Read More<\/a><\/span><\/div><\/div><\/div><\/div><div class=\"rt-col-md-4 rt-col-sm-6 rt-col-xs-12 even-grid-item rt-grid-item\" data-id=\"12654\"><div class=\"rt-holder\"><div class=\"rt-img-holder\"><a data-id='12654' class='' href='https:\/\/fundacioncajaruraldelsur.com\/pt\/caja-rural-del-sur-entrega-los-xx-premios-taurinos-pepe-luis-vazquez-a-david-de-miranda-juan-pedro-domecq-y-juan-del-val\/'><img loading=\"lazy\" decoding=\"async\" width=\"960\" height=\"540\" src=\"https:\/\/fundacioncajaruraldelsur.com\/wp-content\/uploads\/2026\/04\/WhatsApp-Image-2026-04-06-at-21.34.59-1024x576.jpeg\" class=\"rt-img-responsive\" alt=\"\" \/><\/a><\/div> <div class='rt-detail'><div class='post-meta-user'><span class='date-meta'><i class='far fa-calendar-alt'><\/i>6 April, 2026<\/span><\/div><h3 class=\"entry-title\"><a data-id=\"12654\" class=\"\" href=\"https:\/\/fundacioncajaruraldelsur.com\/pt\/caja-rural-del-sur-entrega-los-xx-premios-taurinos-pepe-luis-vazquez-a-david-de-miranda-juan-pedro-domecq-y-juan-del-val\/\">Caja Rural del Sur entrega los XX Premios Taurinos \u201cPepe Luis V\u00e1zquez\u201d a David de Miranda, Juan Pedro Domecq y Juan del Val<\/a><\/h3><div class='tpg-excerpt'>Como cada Lunes de Pascua, la sede sevillana de la Fundaci\u00f3n Caja Rural del Sur...<\/div><div class='post-meta'><span class='read-more'><a data-id='12654' class='' href='https:\/\/fundacioncajaruraldelsur.com\/pt\/caja-rural-del-sur-entrega-los-xx-premios-taurinos-pepe-luis-vazquez-a-david-de-miranda-juan-pedro-domecq-y-juan-del-val\/'>Read More<\/a><\/span><\/div><\/div><\/div><\/div><\/div><div class='rt-pagination-wrap' data-total-pages='107' data-posts-per-page='9' data-type='pagination'  ><div class=\"rt-pagination\" ><ul class=\"pagination-list\"><li class=\"active\"><span>1<\/span><\/li><li><a data-paged='2' href='https:\/\/fundacioncajaruraldelsur.com\/pt\/wp-json\/wp\/v2\/pages\/2157\/page\/2\/'>2<\/a><\/li><li><a data-paged='3' href='https:\/\/fundacioncajaruraldelsur.com\/pt\/wp-json\/wp\/v2\/pages\/2157\/page\/3\/'>3<\/a><\/li><li><a data-paged='4' href='https:\/\/fundacioncajaruraldelsur.com\/pt\/wp-json\/wp\/v2\/pages\/2157\/page\/4\/'>4<\/a><\/li><li><a data-paged='5' href='https:\/\/fundacioncajaruraldelsur.com\/pt\/wp-json\/wp\/v2\/pages\/2157\/page\/5\/'>5<\/a><\/li><li><a data-paged='2' href=\"https:\/\/fundacioncajaruraldelsur.com\/pt\/wp-json\/wp\/v2\/pages\/2157\/page\/2\/\"  aria-label='Next'>&rsaquo;<\/a><\/li><li><a data-paged='107' href='https:\/\/fundacioncajaruraldelsur.com\/pt\/wp-json\/wp\/v2\/pages\/2157\/page\/107\/' aria-label='Last'>&raquo;<\/a><\/li><\/ul><\/div><\/div><\/div>\n\n\t\t<\/div>\n\t<\/div>\n<\/div><\/div><\/div><\/div>\n<\/div>","protected":false},"excerpt":{"rendered":"Como cada Lunes de Pascua, la sede sevillana de la Fundaci\u00f3n Caja Rural del Sur se ha convertido en punto de encuentro del mundo taurino andaluz para celebrar la entrega [...]","protected":false},"author":4,"featured_media":0,"parent":0,"menu_order":0,"comment_status":"closed","ping_status":"closed","template":"page_visualcomposer.php","meta":{"footnotes":""},"class_list":["post-2157","page","type-page","status-publish","hentry"],"yoast_head":"<!-- This site is optimized with the Yoast SEO plugin v27.3 - https:\/\/yoast.com\/product\/yoast-seo-wordpress\/ -->\n<title>NOTICIAS<\/title>\n<meta name=\"description\" content=\"NOTICIAS\" \/>\n<meta name=\"robots\" content=\"index, follow, max-snippet:-1, max-image-preview:large, max-video-preview:-1\" \/>\n<link rel=\"canonical\" href=\"https:\/\/fundacioncajaruraldelsur.com\/pt\/noticias\/\" \/>\n<meta property=\"og:locale\" content=\"pt_PT\" \/>\n<meta property=\"og:type\" content=\"article\" \/>\n<meta property=\"og:title\" content=\"NOTICIAS\" \/>\n<meta property=\"og:description\" content=\"NOTICIAS\" \/>\n<meta property=\"og:url\" content=\"https:\/\/fundacioncajaruraldelsur.com\/pt\/noticias\/\" \/>\n<meta property=\"og:site_name\" content=\"Fundaci\u00f3n Caja Rural del Sur\" \/>\n<meta property=\"article:modified_time\" content=\"2025-04-03T08:00:01+00:00\" \/>\n<meta name=\"twitter:card\" content=\"summary_large_image\" \/>\n<meta name=\"twitter:label1\" content=\"Est. reading time\" \/>\n\t<meta name=\"twitter:data1\" content=\"1 minute\" \/>\n<script type=\"application\/ld+json\" class=\"yoast-schema-graph\">{\"@context\":\"https:\\\/\\\/schema.org\",\"@graph\":[{\"@type\":\"WebPage\",\"@id\":\"https:\\\/\\\/fundacioncajaruraldelsur.com\\\/noticias\\\/\",\"url\":\"https:\\\/\\\/fundacioncajaruraldelsur.com\\\/noticias\\\/\",\"name\":\"NOTICIAS\",\"isPartOf\":{\"@id\":\"https:\\\/\\\/fundacioncajaruraldelsur.com\\\/#website\"},\"datePublished\":\"2015-03-13T08:58:35+00:00\",\"dateModified\":\"2025-04-03T08:00:01+00:00\",\"description\":\"NOTICIAS\",\"breadcrumb\":{\"@id\":\"https:\\\/\\\/fundacioncajaruraldelsur.com\\\/noticias\\\/#breadcrumb\"},\"inLanguage\":\"pt-PT\",\"potentialAction\":[{\"@type\":\"ReadAction\",\"target\":[\"https:\\\/\\\/fundacioncajaruraldelsur.com\\\/noticias\\\/\"]}]},{\"@type\":\"BreadcrumbList\",\"@id\":\"https:\\\/\\\/fundacioncajaruraldelsur.com\\\/noticias\\\/#breadcrumb\",\"itemListElement\":[{\"@type\":\"ListItem\",\"position\":1,\"name\":\"Portada\",\"item\":\"https:\\\/\\\/fundacioncajaruraldelsur.com\\\/\"},{\"@type\":\"ListItem\",\"position\":2,\"name\":\"NOTICIAS\"}]},{\"@type\":\"WebSite\",\"@id\":\"https:\\\/\\\/fundacioncajaruraldelsur.com\\\/#website\",\"url\":\"https:\\\/\\\/fundacioncajaruraldelsur.com\\\/\",\"name\":\"Fundaci\u00f3n Caja Rural del Sur\",\"description\":\"\",\"potentialAction\":[{\"@type\":\"SearchAction\",\"target\":{\"@type\":\"EntryPoint\",\"urlTemplate\":\"https:\\\/\\\/fundacioncajaruraldelsur.com\\\/?s={search_term_string}\"},\"query-input\":{\"@type\":\"PropertyValueSpecification\",\"valueRequired\":true,\"valueName\":\"search_term_string\"}}],\"inLanguage\":\"pt-PT\"}]}<\/script>\n<!-- \/ Yoast SEO plugin. -->","yoast_head_json":{"title":"Not\u00edcias","description":"Not\u00edcias","robots":{"index":"index","follow":"follow","max-snippet":"max-snippet:-1","max-image-preview":"max-image-preview:large","max-video-preview":"max-video-preview:-1"},"canonical":"https:\/\/fundacioncajaruraldelsur.com\/pt\/noticias\/","og_locale":"pt_PT","og_type":"article","og_title":"NOTICIAS","og_description":"NOTICIAS","og_url":"https:\/\/fundacioncajaruraldelsur.com\/pt\/noticias\/","og_site_name":"Fundaci\u00f3n Caja Rural del Sur","article_modified_time":"2025-04-03T08:00:01+00:00","twitter_card":"summary_large_image","twitter_misc":{"Est. reading time":"1 minute"},"schema":{"@context":"https:\/\/schema.org","@graph":[{"@type":"WebPage","@id":"https:\/\/fundacioncajaruraldelsur.com\/noticias\/","url":"https:\/\/fundacioncajaruraldelsur.com\/noticias\/","name":"Not\u00edcias","isPartOf":{"@id":"https:\/\/fundacioncajaruraldelsur.com\/#website"},"datePublished":"2015-03-13T08:58:35+00:00","dateModified":"2025-04-03T08:00:01+00:00","description":"Not\u00edcias","breadcrumb":{"@id":"https:\/\/fundacioncajaruraldelsur.com\/noticias\/#breadcrumb"},"inLanguage":"pt-PT","potentialAction":[{"@type":"ReadAction","target":["https:\/\/fundacioncajaruraldelsur.com\/noticias\/"]}]},{"@type":"BreadcrumbList","@id":"https:\/\/fundacioncajaruraldelsur.com\/noticias\/#breadcrumb","itemListElement":[{"@type":"ListItem","position":1,"name":"Portada","item":"https:\/\/fundacioncajaruraldelsur.com\/"},{"@type":"ListItem","position":2,"name":"NOTICIAS"}]},{"@type":"WebSite","@id":"https:\/\/fundacioncajaruraldelsur.com\/#website","url":"https:\/\/fundacioncajaruraldelsur.com\/","name":"Funda\u00e7\u00e3o Caja Rural del Sur","description":"","potentialAction":[{"@type":"SearchAction","target":{"@type":"EntryPoint","urlTemplate":"https:\/\/fundacioncajaruraldelsur.com\/?s={search_term_string}"},"query-input":{"@type":"PropertyValueSpecification","valueRequired":true,"valueName":"search_term_string"}}],"inLanguage":"pt-PT"}]}},"rttpg_featured_image_url":null,"rttpg_author":{"display_name":"Huelvaadmin","author_link":"https:\/\/fundacioncajaruraldelsur.com\/pt\/author\/huelvaadmin\/"},"rttpg_comment":0,"rttpg_category":"","rttpg_excerpt":null,"_links":{"self":[{"href":"https:\/\/fundacioncajaruraldelsur.com\/pt\/wp-json\/wp\/v2\/pages\/2157","targetHints":{"allow":["GET"]}}],"collection":[{"href":"https:\/\/fundacioncajaruraldelsur.com\/pt\/wp-json\/wp\/v2\/pages"}],"about":[{"href":"https:\/\/fundacioncajaruraldelsur.com\/pt\/wp-json\/wp\/v2\/types\/page"}],"author":[{"embeddable":true,"href":"https:\/\/fundacioncajaruraldelsur.com\/pt\/wp-json\/wp\/v2\/users\/4"}],"replies":[{"embeddable":true,"href":"https:\/\/fundacioncajaruraldelsur.com\/pt\/wp-json\/wp\/v2\/comments?post=2157"}],"version-history":[{"count":19,"href":"https:\/\/fundacioncajaruraldelsur.com\/pt\/wp-json\/wp\/v2\/pages\/2157\/revisions"}],"predecessor-version":[{"id":11081,"href":"https:\/\/fundacioncajaruraldelsur.com\/pt\/wp-json\/wp\/v2\/pages\/2157\/revisions\/11081"}],"wp:attachment":[{"href":"https:\/\/fundacioncajaruraldelsur.com\/pt\/wp-json\/wp\/v2\/media?parent=2157"}],"curies":[{"name":"wp","href":"https:\/\/api.w.org\/{rel}","templated":true}]}}