{"id":1881,"date":"2015-01-09T10:15:48","date_gmt":"2015-01-09T10:15:48","guid":{"rendered":"http:\/\/demo.toko.press\/eventica\/?page_id=1881"},"modified":"2025-04-03T08:56:24","modified_gmt":"2025-04-03T07:56:24","slug":"home-events","status":"publish","type":"page","link":"https:\/\/fundacioncajaruraldelsur.com\/pt\/","title":{"rendered":"Funda\u00e7\u00e3o Caja Rural del Sur"},"content":{"rendered":"<div class=\"wpb-content-wrapper\"><div data-vc-full-width=\"true\" data-vc-full-width-init=\"false\" data-vc-stretch-content=\"true\" class=\"vc_row wpb_row vc_row-fluid vc_row-no-padding\"><div class=\"wpb_column vc_column_container vc_col-sm-12\"><div class=\"vc_column-inner\"><div class=\"wpb_wrapper\"><div class=\"home-slider-events clearfix home-slider-events-active\"><div class=\"slide-event item\" style=\"background-image:url(https:\/\/fundacioncajaruraldelsur.com\/wp-content\/uploads\/2020\/09\/Pintura_pinceles.jpg)\"><div class=\"container\"><div class=\"row\"><div class=\"col-sm-6 col-md-5 col-lg-4\"><div class=\"slide-event-detail\" ><h2 class=\"slide-event-title\"><a class=\"url\" href=\"https:\/\/fundacioncajaruraldelsur.com\/pt\/evento\/exposicion-obra-grafica-trazos-florales-de-gema-climent\/\" rel=\"bookmark\" >Exposici\u00f3n | Obra Gr\u00e1fica: \u00abTrazos florales\u00bb, de Gema Climent<\/a><\/h2><div class=\"slide-event-cta\"><div class=\"slide-event-cta-date\"><span class=\"mm\">April<\/span><span class=\"dd\">23<\/span><span class=\"yy\">2026<\/span><\/div><a class=\"btn\" href=\"https:\/\/fundacioncajaruraldelsur.com\/pt\/evento\/exposicion-obra-grafica-trazos-florales-de-gema-climent\/\" >Ver m\u00e1s<\/a><\/div><div class=\"slide-event-venue\"><div class=\"slide-event-venue-name\">Fundaci\u00f3n Caja Rural del Sur C\u00f3rdoba<\/div><div class=\"slide-event-venue-address\"><span class=\"tribe-address\">\n\n<span class=\"tribe-street-address\">calle de la Radio 1<\/span>\n\t\n\t\t<br>\n\t\t<span class=\"tribe-locality\">C\u00f3rdoba<\/span><span class=\"tribe-delimiter\">,<\/span>\n\n\t<abbr class=\"tribe-region tribe-events-abbr\" title=\"C\u00f3rdoba\">C\u00f3rdoba<\/abbr>\n\n\t<span class=\"tribe-postal-code\">14006<\/span>\n\n\t<span class=\"tribe-country-name\">Espa\u00f1a<\/span>\n\n<\/span>\n<\/div><\/div><div class=\"slide-event-datetime\"><div class=\"slide-event-datetime-details\">April 23 - May 15<\/div><\/div><\/div><\/div><\/div><\/div><\/div><div class=\"slide-event item\" style=\"background-image:url(https:\/\/fundacioncajaruraldelsur.com\/wp-content\/uploads\/2023\/02\/libro.png)\"><div class=\"container\"><div class=\"row\"><div class=\"col-sm-6 col-md-5 col-lg-4\"><div class=\"slide-event-detail\" ><h2 class=\"slide-event-title\"><a class=\"url\" href=\"https:\/\/fundacioncajaruraldelsur.com\/pt\/evento\/presentacion-a-contracorriente-otra-educacion-es-posible-de-juan-carlos-hermosin-aleman\/\" rel=\"bookmark\" >Presentaci\u00f3n: \u00abA contracorriente, otra Educaci\u00f3n es posible\u00bb, de Juan Carlos Hermos\u00edn Alem\u00e1n<\/a><\/h2><div class=\"slide-event-cta\"><div class=\"slide-event-cta-date\"><span class=\"mm\">May<\/span><span class=\"dd\">11<\/span><span class=\"yy\">2026<\/span><\/div><a class=\"btn\" href=\"https:\/\/fundacioncajaruraldelsur.com\/pt\/evento\/presentacion-a-contracorriente-otra-educacion-es-posible-de-juan-carlos-hermosin-aleman\/\" >Ver m\u00e1s<\/a><\/div><div class=\"slide-event-venue\"><div class=\"slide-event-venue-name\">Fundaci\u00f3n Caja Rural del Sur Sevilla<\/div><div class=\"slide-event-venue-address\"><span class=\"tribe-address\">\n\n<span class=\"tribe-street-address\">C\/ Murillo, 2<\/span>\n\t\n\t\t<br>\n\t\t<span class=\"tribe-locality\">Sevilla<\/span><span class=\"tribe-delimiter\">,<\/span>\n\n\t<abbr class=\"tribe-region tribe-events-abbr\" title=\"Sevilla\">Sevilla<\/abbr>\n\n\t<span class=\"tribe-postal-code\">41001<\/span>\n\n\t<span class=\"tribe-country-name\">Espa\u00f1a<\/span>\n\n<\/span>\n<\/div><\/div><div class=\"slide-event-datetime\"><div class=\"slide-event-datetime-details\">6:00 pm - 7:00 pm<\/div><\/div><\/div><\/div><\/div><\/div><\/div><div class=\"slide-event item\" style=\"background-image:url(https:\/\/fundacioncajaruraldelsur.com\/wp-content\/uploads\/2023\/10\/Diseno-sin-titulo-25.png)\"><div class=\"container\"><div class=\"row\"><div class=\"col-sm-6 col-md-5 col-lg-4\"><div class=\"slide-event-detail\" ><h2 class=\"slide-event-title\"><a class=\"url\" href=\"https:\/\/fundacioncajaruraldelsur.com\/pt\/evento\/ciclo-de-conferencias-mujeres-influyentes-en-la-vida-de-alfonso-x-2\/\" rel=\"bookmark\" >CICLO DE CONFERENCIAS  \u201cMUJERES INFLUYENTES EN LA VIDA DE ALFONSO X\u201d<\/a><\/h2><div class=\"slide-event-cta\"><div class=\"slide-event-cta-date\"><span class=\"mm\">May<\/span><span class=\"dd\">13<\/span><span class=\"yy\">2026<\/span><\/div><a class=\"btn\" href=\"https:\/\/fundacioncajaruraldelsur.com\/pt\/evento\/ciclo-de-conferencias-mujeres-influyentes-en-la-vida-de-alfonso-x-2\/\" >Ver m\u00e1s<\/a><\/div><div class=\"slide-event-venue\"><div class=\"slide-event-venue-name\">Fundaci\u00f3n Caja Rural del Sur Sevilla<\/div><div class=\"slide-event-venue-address\"><span class=\"tribe-address\">\n\n<span class=\"tribe-street-address\">C\/ Murillo, 2<\/span>\n\t\n\t\t<br>\n\t\t<span class=\"tribe-locality\">Sevilla<\/span><span class=\"tribe-delimiter\">,<\/span>\n\n\t<abbr class=\"tribe-region tribe-events-abbr\" title=\"Sevilla\">Sevilla<\/abbr>\n\n\t<span class=\"tribe-postal-code\">41001<\/span>\n\n\t<span class=\"tribe-country-name\">Espa\u00f1a<\/span>\n\n<\/span>\n<\/div><\/div><div class=\"slide-event-datetime\"><div class=\"slide-event-datetime-details\">7:30 pm - 8:30 pm<\/div><\/div><\/div><\/div><\/div><\/div><\/div><div class=\"slide-event item\" style=\"background-image:url(https:\/\/fundacioncajaruraldelsur.com\/wp-content\/uploads\/2020\/01\/persona_mayor.jpg)\"><div class=\"container\"><div class=\"row\"><div class=\"col-sm-6 col-md-5 col-lg-4\"><div class=\"slide-event-detail\" ><h2 class=\"slide-event-title\"><a class=\"url\" href=\"https:\/\/fundacioncajaruraldelsur.com\/pt\/evento\/iii-jornadas-andaluzas-pacificar-el-final-de-vida\/\" rel=\"bookmark\" >III Jornadas Andaluzas: \u00abPacificar el Final de Vida\u00bb<\/a><\/h2><div class=\"slide-event-cta\"><div class=\"slide-event-cta-date\"><span class=\"mm\">May<\/span><span class=\"dd\">28<\/span><span class=\"yy\">2026<\/span><\/div><a class=\"btn\" href=\"https:\/\/fundacioncajaruraldelsur.com\/pt\/evento\/iii-jornadas-andaluzas-pacificar-el-final-de-vida\/\" >Ver m\u00e1s<\/a><\/div><div class=\"slide-event-venue\"><div class=\"slide-event-venue-name\">Fundaci\u00f3n Caja Rural del Sur Sevilla<\/div><div class=\"slide-event-venue-address\"><span class=\"tribe-address\">\n\n<span class=\"tribe-street-address\">C\/ Murillo, 2<\/span>\n\t\n\t\t<br>\n\t\t<span class=\"tribe-locality\">Sevilla<\/span><span class=\"tribe-delimiter\">,<\/span>\n\n\t<abbr class=\"tribe-region tribe-events-abbr\" title=\"Sevilla\">Sevilla<\/abbr>\n\n\t<span class=\"tribe-postal-code\">41001<\/span>\n\n\t<span class=\"tribe-country-name\">Espa\u00f1a<\/span>\n\n<\/span>\n<\/div><\/div><div class=\"slide-event-datetime\"><div class=\"slide-event-datetime-details\">8:30 am - 1:00 pm<\/div><\/div><\/div><\/div><\/div><\/div><\/div><\/div><\/div><\/div><\/div><\/div><div class=\"vc_row-full-width vc_clearfix\"><\/div><div class=\"vc_row wpb_row vc_row-fluid vc_custom_1454434550111 vc_row-has-fill\"><div class=\"wpb_column vc_column_container vc_col-sm-4\"><div class=\"vc_column-inner\"><div class=\"wpb_wrapper\"><div  class=\"wpb_widgetised_column wpb_content_element\">\n\t\t<div class=\"wpb_wrapper\">\n\t\t\t\n\t\t\t<section id=\"text-4\" class=\"widget widget_text\"><div class=\"widget-inner\">\t\t\t<div class=\"textwidget\"><p><a href=\"http:\/\/www.cajaruraldelsur.es\/inicio.html\" target=\"_blank\" bgcolor=\"#330066\"><img loading=\"lazy\" decoding=\"async\" class=\"alignnone size-full wp-image-2074\" src=\"\/wp-content\/uploads\/2015\/06\/ruralvia.jpg\" alt=\"ruralvia\" width=\"360\" height=\"96\"><\/a><\/p>\n<p><a href=\"https:\/\/www.blogcrsur.es\/\" target=\"_blank\" bgcolor=\"#330066\"><img loading=\"lazy\" decoding=\"async\" class=\"alignnone size-full wp-image-2074\" src=\"\/wp-content\/uploads\/2015\/06\/crsnoticias.jpg\" alt=\"ruralvia\" width=\"360\" height=\"96\"><\/a><\/p>\n<p><a href=\"\/expo3d\/\" target=\"_self\" bgcolor=\"#330066\"><img loading=\"lazy\" decoding=\"async\" class=\"alignnone size-full wp-image-2074\" src=\"\/wp-content\/uploads\/2021\/06\/expo3d-Fundacion_banner.png\" alt=\"Expo3D\" width=\"360\" height=\"96\"><\/a><\/p>\n<p><a href=\"\/wp-content\/uploads\/2022\/07\/Memoria-Fundacio\u0301n-CRSur-v9.pdf\" target=\"_blank\" bgcolor=\"#330066\"><img loading=\"lazy\" decoding=\"async\" class=\"alignnone size-full wp-image-2074\" src=\"\/wp-content\/uploads\/2022\/06\/Memoria-Fundacion.jpg\" alt=\"Expo3D\" width=\"360\" height=\"96\"><\/a><\/p>\n<\/div>\n\t\t<\/div><\/section>\n<section id=\"tribe-widget-events-month-10\" class=\"widget widget_tribe-widget-events-month\"><div class=\"widget-inner\"><div  class=\"tribe-compatibility-container tribe-common tribe-events tribe-events-widget-shortcode tribe-events-widget-shortcode-events-month\" >\n\n\t\n<div class=\"tribe-events-widget-shortcode__header-title\">\n\t<h3 class=\"widget-title\"><\/h3><\/div>\n\n\t<div\n\t class=\"tribe-common tribe-events tribe-events-view tribe-events-view--month alignwide tribe-events-view--shortcode tribe-events-view--shortcode-tribe-widget-events-month-10 tribe-events-widget tribe-events-widget-events-month\" \tdata-js=\"tribe-events-view\"\n\tdata-view-rest-url=\"https:\/\/fundacioncajaruraldelsur.com\/pt\/wp-json\/tribe\/views\/v2\/html\"\n\tdata-view-rest-method=\"GET\"\n\tdata-view-manage-url=\"\"\n\t\t\tdata-view-shortcode=\"tribe-widget-events-month-10\"\n\t\t\t\tdata-view-breakpoint-pointer=\"b7d3b2c2-12bb-404a-b64b-d3a556611853\"\n\t>\n\t<section class=\"tribe-common-l-container tribe-events-l-container\">\n\t\t<div\n\tclass=\"tribe-events-view-loader tribe-common-a11y-hidden\"\n\trole=\"alert\"\n\taria-live=\"polite\"\n>\n\t<span class=\"tribe-events-view-loader__text tribe-common-a11y-visual-hide\">\n\t\t35 eventos encontrados.\t<\/span>\n\t<div class=\"tribe-events-view-loader__dots tribe-common-c-loader\">\n\t\t<svg\n\t class=\"tribe-common-c-svgicon tribe-common-c-svgicon--dot tribe-common-c-loader__dot tribe-common-c-loader__dot--first\" \taria-hidden=\"true\"\n\tviewBox=\"0 0 15 15\"\n\txmlns=\"http:\/\/www.w3.org\/2000\/svg\"\n>\n\t<circle cx=\"7.5\" cy=\"7.5\" r=\"7.5\"\/>\n<\/svg>\n\t\t<svg\n\t class=\"tribe-common-c-svgicon tribe-common-c-svgicon--dot tribe-common-c-loader__dot tribe-common-c-loader__dot--second\" \taria-hidden=\"true\"\n\tviewBox=\"0 0 15 15\"\n\txmlns=\"http:\/\/www.w3.org\/2000\/svg\"\n>\n\t<circle cx=\"7.5\" cy=\"7.5\" r=\"7.5\"\/>\n<\/svg>\n\t\t<svg\n\t class=\"tribe-common-c-svgicon tribe-common-c-svgicon--dot tribe-common-c-loader__dot tribe-common-c-loader__dot--third\" \taria-hidden=\"true\"\n\tviewBox=\"0 0 15 15\"\n\txmlns=\"http:\/\/www.w3.org\/2000\/svg\"\n>\n\t<circle cx=\"7.5\" cy=\"7.5\" r=\"7.5\"\/>\n<\/svg>\n\t<\/div>\n<\/div>\n\n\t\t<script type=\"application\/ld+json\">\r\n[{\"@context\":\"http:\/\/schema.org\",\"@type\":\"Event\",\"name\":\"Exposici\\u00f3n fotogr\\u00e1fica de F\\u00e9lix V\\u00e1zquez: \\u00abPor Casualidad\\u00bb\",\"description\":\"\",\"image\":\"https:\/\/fundacioncajaruraldelsur.com\/wp-content\/uploads\/2019\/01\/Exposicion_Fotografia.jpg\",\"url\":\"https:\/\/fundacioncajaruraldelsur.com\/pt\/evento\/exposicion-fotografica-de-felix-vazquez-por-casualidad\/\",\"eventAttendanceMode\":\"https:\/\/schema.org\/OfflineEventAttendanceMode\",\"eventStatus\":\"https:\/\/schema.org\/EventScheduled\",\"startDate\":\"2026-03-19T08:00:00+01:00\",\"endDate\":\"2026-04-17T17:00:00+01:00\",\"location\":{\"@type\":\"Place\",\"name\":\"Fundaci\\u00f3n Caja Rural del Sur Sevilla\",\"description\":\"\",\"url\":\"https:\/\/fundacioncajaruraldelsur.com\/pt\/local\/fundacion-caja-rural-del-sur-en-sevilla\/\",\"address\":{\"@type\":\"PostalAddress\",\"streetAddress\":\"C\/ Murillo, 2\",\"addressLocality\":\"Sevilla\",\"addressRegion\":\"Sevilla\",\"postalCode\":\"41001\",\"addressCountry\":\"Espa\\u00f1a\"},\"geo\":{\"@type\":\"GeoCoordinates\",\"latitude\":37.2583599,\"longitude\":-6.9535303},\"telephone\":\"\",\"sameAs\":\"\"},\"performer\":\"Organization\"},{\"@context\":\"http:\/\/schema.org\",\"@type\":\"Event\",\"name\":\"I Certamen de Pintura y Escultura \\u00abAlfonso Aramburu Terrades\\u00bb\",\"description\":\"\",\"url\":\"https:\/\/fundacioncajaruraldelsur.com\/pt\/evento\/i-certamen-de-pintura-y-escultura-alfonso-aramburu-terrades-2\/\",\"eventAttendanceMode\":\"https:\/\/schema.org\/OfflineEventAttendanceMode\",\"eventStatus\":\"https:\/\/schema.org\/EventScheduled\",\"startDate\":\"2026-03-19T19:00:00+01:00\",\"endDate\":\"2026-04-17T21:00:00+01:00\",\"location\":{\"@type\":\"Place\",\"name\":\"Fundaci\\u00f3n Caja Rural del Sur C\\u00f3rdoba\",\"description\":\"\",\"url\":\"https:\/\/fundacioncajaruraldelsur.com\/pt\/local\/fundacion-caja-rural-del-sur-cordoba\/\",\"address\":{\"@type\":\"PostalAddress\",\"streetAddress\":\"calle de la Radio 1\",\"addressLocality\":\"C\\u00f3rdoba\",\"addressRegion\":\"C\\u00f3rdoba\",\"postalCode\":\"14006\",\"addressCountry\":\"Espa\\u00f1a\"},\"telephone\":\"\",\"sameAs\":\"\"},\"performer\":\"Organization\"},{\"@context\":\"http:\/\/schema.org\",\"@type\":\"Event\",\"name\":\"Exposici\\u00f3n de fotograf\\u00eda: \\u00abLas Caras de Huelva II\\u00bb, de Paco Gil\",\"description\":\"\",\"url\":\"https:\/\/fundacioncajaruraldelsur.com\/pt\/evento\/exposicion-de-fotografia-las-caras-de-huelva-ii-de-paco-gil\/\",\"eventAttendanceMode\":\"https:\/\/schema.org\/OfflineEventAttendanceMode\",\"eventStatus\":\"https:\/\/schema.org\/EventScheduled\",\"startDate\":\"2026-04-08T11:00:00+02:00\",\"endDate\":\"2026-04-24T21:00:00+02:00\",\"location\":{\"@type\":\"Place\",\"name\":\"Fundaci\\u00f3n Caja Rural del Sur Huelva\",\"description\":\"\",\"url\":\"https:\/\/fundacioncajaruraldelsur.com\/pt\/local\/fundacion-caja-rural-del-sur-en-huelva\/\",\"address\":{\"@type\":\"PostalAddress\",\"streetAddress\":\"C\/ Alcalde Mora Claros 6-8\",\"addressLocality\":\"Huelva\",\"addressRegion\":\"Huelva\",\"postalCode\":\"21001\",\"addressCountry\":\"Espa\\u00f1a\"},\"geo\":{\"@type\":\"GeoCoordinates\",\"latitude\":37.2583599,\"longitude\":-6.9535303},\"telephone\":\"\",\"sameAs\":\"\"},\"performer\":\"Organization\"},{\"@context\":\"http:\/\/schema.org\",\"@type\":\"Event\",\"name\":\"Presentaci\\u00f3n del libro: \\u00abVersos Toreros\\u00bb, de Carlos Urquijo Herr\\u00e0iz\",\"description\":\"\",\"image\":\"https:\/\/fundacioncajaruraldelsur.com\/wp-content\/uploads\/2020\/09\/libro_ella.jpg\",\"url\":\"https:\/\/fundacioncajaruraldelsur.com\/pt\/evento\/presentacion-del-libro-versos-toreros-de-carlos-urquijo-herraiz\/\",\"eventAttendanceMode\":\"https:\/\/schema.org\/OfflineEventAttendanceMode\",\"eventStatus\":\"https:\/\/schema.org\/EventScheduled\",\"startDate\":\"2026-04-13T19:00:00+02:00\",\"endDate\":\"2026-04-13T20:30:00+02:00\",\"location\":{\"@type\":\"Place\",\"name\":\"Fundaci\\u00f3n Caja Rural del Sur Sevilla\",\"description\":\"\",\"url\":\"https:\/\/fundacioncajaruraldelsur.com\/pt\/local\/fundacion-caja-rural-del-sur-en-sevilla\/\",\"address\":{\"@type\":\"PostalAddress\",\"streetAddress\":\"C\/ Murillo, 2\",\"addressLocality\":\"Sevilla\",\"addressRegion\":\"Sevilla\",\"postalCode\":\"41001\",\"addressCountry\":\"Espa\\u00f1a\"},\"geo\":{\"@type\":\"GeoCoordinates\",\"latitude\":37.2583599,\"longitude\":-6.9535303},\"telephone\":\"\",\"sameAs\":\"\"},\"performer\":\"Organization\"},{\"@context\":\"http:\/\/schema.org\",\"@type\":\"Event\",\"name\":\"Presentaci\\u00f3n: \\u00abLa Novela de Do\\u00f1ana\\u00bb, de Juan Villa\",\"description\":\"\",\"image\":\"https:\/\/fundacioncajaruraldelsur.com\/wp-content\/uploads\/2018\/10\/Presentacion_Libro.jpg\",\"url\":\"https:\/\/fundacioncajaruraldelsur.com\/pt\/evento\/presentacion-la-novela-de-donana-de-juan-villa\/\",\"eventAttendanceMode\":\"https:\/\/schema.org\/OfflineEventAttendanceMode\",\"eventStatus\":\"https:\/\/schema.org\/EventScheduled\",\"startDate\":\"2026-04-14T19:00:00+02:00\",\"endDate\":\"2026-04-14T20:00:00+02:00\",\"location\":{\"@type\":\"Place\",\"name\":\"Fundaci\\u00f3n Caja Rural del Sur Sevilla\",\"description\":\"\",\"url\":\"https:\/\/fundacioncajaruraldelsur.com\/pt\/local\/fundacion-caja-rural-del-sur-en-sevilla\/\",\"address\":{\"@type\":\"PostalAddress\",\"streetAddress\":\"C\/ Murillo, 2\",\"addressLocality\":\"Sevilla\",\"addressRegion\":\"Sevilla\",\"postalCode\":\"41001\",\"addressCountry\":\"Espa\\u00f1a\"},\"geo\":{\"@type\":\"GeoCoordinates\",\"latitude\":37.2583599,\"longitude\":-6.9535303},\"telephone\":\"\",\"sameAs\":\"\"},\"performer\":\"Organization\"},{\"@context\":\"http:\/\/schema.org\",\"@type\":\"Event\",\"name\":\"Presentaci\\u00f3n: \\u00abLa Novela de Do\\u00f1ana\\u00bb, de Juan Villa\",\"description\":\"\",\"image\":\"https:\/\/fundacioncajaruraldelsur.com\/wp-content\/uploads\/2018\/10\/Presentacion_Libro.jpg\",\"url\":\"https:\/\/fundacioncajaruraldelsur.com\/pt\/evento\/presentacion-la-novela-de-donana-de-juan-villa-2\/\",\"eventAttendanceMode\":\"https:\/\/schema.org\/OfflineEventAttendanceMode\",\"eventStatus\":\"https:\/\/schema.org\/EventScheduled\",\"startDate\":\"2026-04-14T19:00:00+02:00\",\"endDate\":\"2026-04-14T20:00:00+02:00\",\"location\":{\"@type\":\"Place\",\"name\":\"Fundaci\\u00f3n Caja Rural del Sur Sevilla\",\"description\":\"\",\"url\":\"https:\/\/fundacioncajaruraldelsur.com\/pt\/local\/fundacion-caja-rural-del-sur-en-sevilla\/\",\"address\":{\"@type\":\"PostalAddress\",\"streetAddress\":\"C\/ Murillo, 2\",\"addressLocality\":\"Sevilla\",\"addressRegion\":\"Sevilla\",\"postalCode\":\"41001\",\"addressCountry\":\"Espa\\u00f1a\"},\"geo\":{\"@type\":\"GeoCoordinates\",\"latitude\":37.2583599,\"longitude\":-6.9535303},\"telephone\":\"\",\"sameAs\":\"\"},\"performer\":\"Organization\"},{\"@context\":\"http:\/\/schema.org\",\"@type\":\"Event\",\"name\":\"XXVII FIESTA DE LOS PATIOS PORTUENSES\",\"description\":\"\",\"image\":\"https:\/\/fundacioncajaruraldelsur.com\/wp-content\/uploads\/2022\/02\/Diseno-sin-titulo-35.png\",\"url\":\"https:\/\/fundacioncajaruraldelsur.com\/pt\/evento\/xxvii-fiesta-de-los-patios-portuenses\/\",\"eventAttendanceMode\":\"https:\/\/schema.org\/OfflineEventAttendanceMode\",\"eventStatus\":\"https:\/\/schema.org\/EventScheduled\",\"startDate\":\"2026-04-15T19:30:00+02:00\",\"endDate\":\"2026-04-15T20:30:00+02:00\",\"location\":{\"@type\":\"Place\",\"name\":\"Fundaci\\u00f3n Caja Rural del Sur Sevilla\",\"description\":\"\",\"url\":\"https:\/\/fundacioncajaruraldelsur.com\/pt\/local\/fundacion-caja-rural-del-sur-en-sevilla\/\",\"address\":{\"@type\":\"PostalAddress\",\"streetAddress\":\"C\/ Murillo, 2\",\"addressLocality\":\"Sevilla\",\"addressRegion\":\"Sevilla\",\"postalCode\":\"41001\",\"addressCountry\":\"Espa\\u00f1a\"},\"geo\":{\"@type\":\"GeoCoordinates\",\"latitude\":37.2583599,\"longitude\":-6.9535303},\"telephone\":\"\",\"sameAs\":\"\"},\"performer\":\"Organization\"},{\"@context\":\"http:\/\/schema.org\",\"@type\":\"Event\",\"name\":\"Mesa redonda: \\u00abEl Reconocimiento del Autismo en adultos dentro del sistema de salud\\u00bb\",\"description\":\"\",\"image\":\"https:\/\/fundacioncajaruraldelsur.com\/wp-content\/uploads\/2019\/07\/medico_bata_puesta.jpg\",\"url\":\"https:\/\/fundacioncajaruraldelsur.com\/pt\/evento\/mesa-redonda-el-reconocimiento-del-autismo-en-adultos-dentro-del-sistema-de-salud\/\",\"eventAttendanceMode\":\"https:\/\/schema.org\/OfflineEventAttendanceMode\",\"eventStatus\":\"https:\/\/schema.org\/EventScheduled\",\"startDate\":\"2026-04-16T17:00:00+02:00\",\"endDate\":\"2026-04-16T18:00:00+02:00\",\"location\":{\"@type\":\"Place\",\"name\":\"Fundaci\\u00f3n Caja Rural del Sur Huelva\",\"description\":\"\",\"url\":\"https:\/\/fundacioncajaruraldelsur.com\/pt\/local\/fundacion-caja-rural-del-sur-en-huelva\/\",\"address\":{\"@type\":\"PostalAddress\",\"streetAddress\":\"C\/ Alcalde Mora Claros 6-8\",\"addressLocality\":\"Huelva\",\"addressRegion\":\"Huelva\",\"postalCode\":\"21001\",\"addressCountry\":\"Espa\\u00f1a\"},\"geo\":{\"@type\":\"GeoCoordinates\",\"latitude\":37.2583599,\"longitude\":-6.9535303},\"telephone\":\"\",\"sameAs\":\"\"},\"performer\":\"Organization\"},{\"@context\":\"http:\/\/schema.org\",\"@type\":\"Event\",\"name\":\"Ciclo de conferencias \\u00abEnvejecimiento saludable\\u00bb\",\"description\":\"\",\"image\":\"https:\/\/fundacioncajaruraldelsur.com\/wp-content\/uploads\/2019\/07\/medico_bata_puesta.jpg\",\"url\":\"https:\/\/fundacioncajaruraldelsur.com\/pt\/evento\/ciclo-de-conferencias-envejecimiento-saludable\/\",\"eventAttendanceMode\":\"https:\/\/schema.org\/OfflineEventAttendanceMode\",\"eventStatus\":\"https:\/\/schema.org\/EventScheduled\",\"startDate\":\"2026-04-16T19:00:00+02:00\",\"endDate\":\"2026-04-16T20:30:00+02:00\",\"location\":{\"@type\":\"Place\",\"name\":\"Fundaci\\u00f3n Caja Rural del Sur C\\u00f3rdoba\",\"description\":\"\",\"url\":\"https:\/\/fundacioncajaruraldelsur.com\/pt\/local\/fundacion-caja-rural-del-sur-cordoba\/\",\"address\":{\"@type\":\"PostalAddress\",\"streetAddress\":\"calle de la Radio 1\",\"addressLocality\":\"C\\u00f3rdoba\",\"addressRegion\":\"C\\u00f3rdoba\",\"postalCode\":\"14006\",\"addressCountry\":\"Espa\\u00f1a\"},\"telephone\":\"\",\"sameAs\":\"\"},\"performer\":\"Organization\"},{\"@context\":\"http:\/\/schema.org\",\"@type\":\"Event\",\"name\":\"XL Exhibici\\u00f3n de Enganches Sevilla\",\"description\":\"\",\"image\":\"https:\/\/fundacioncajaruraldelsur.com\/wp-content\/uploads\/2019\/04\/enganches.jpg\",\"url\":\"https:\/\/fundacioncajaruraldelsur.com\/pt\/evento\/xl-exhibicion-de-enganches-sevilla\/\",\"eventAttendanceMode\":\"https:\/\/schema.org\/OfflineEventAttendanceMode\",\"eventStatus\":\"https:\/\/schema.org\/EventScheduled\",\"startDate\":\"2026-04-19T12:00:00+02:00\",\"endDate\":\"2026-04-19T17:00:00+02:00\",\"performer\":\"Organization\"},{\"@context\":\"http:\/\/schema.org\",\"@type\":\"Event\",\"name\":\"Exposici\\u00f3n | Obra Gr\\u00e1fica: \\u00abTrazos florales\\u00bb, de Gema Climent\",\"description\":\"&lt;p&gt;&nbsp; Curr\\u00edculum Gema Climent Gema Climent nace en Aben\\u00f3jar (Ciudad Real) el 6 de febrero de 1963. Se licenci\\u00f3 en la Facultad de Bellas Artes de Valencia, con especialidad en [&hellip;]&lt;\/p&gt;\\\\n\",\"image\":\"https:\/\/fundacioncajaruraldelsur.com\/wp-content\/uploads\/2020\/09\/Pintura_pinceles.jpg\",\"url\":\"https:\/\/fundacioncajaruraldelsur.com\/pt\/evento\/exposicion-obra-grafica-trazos-florales-de-gema-climent\/\",\"eventAttendanceMode\":\"https:\/\/schema.org\/OfflineEventAttendanceMode\",\"eventStatus\":\"https:\/\/schema.org\/EventScheduled\",\"startDate\":\"2026-04-23T11:00:00+02:00\",\"endDate\":\"2026-05-15T21:00:00+02:00\",\"location\":{\"@type\":\"Place\",\"name\":\"Fundaci\\u00f3n Caja Rural del Sur C\\u00f3rdoba\",\"description\":\"\",\"url\":\"https:\/\/fundacioncajaruraldelsur.com\/pt\/local\/fundacion-caja-rural-del-sur-cordoba\/\",\"address\":{\"@type\":\"PostalAddress\",\"streetAddress\":\"calle de la Radio 1\",\"addressLocality\":\"C\\u00f3rdoba\",\"addressRegion\":\"C\\u00f3rdoba\",\"postalCode\":\"14006\",\"addressCountry\":\"Espa\\u00f1a\"},\"telephone\":\"\",\"sameAs\":\"\"},\"performer\":\"Organization\"},{\"@context\":\"http:\/\/schema.org\",\"@type\":\"Event\",\"name\":\"XXIII JORNADA UNIDADES DOCENTES MULTIPROFESIONALES DE ATENCI\\u00d3N FAMILIAR Y COMUNITARIA DE HUELVA\",\"description\":\"\",\"image\":\"https:\/\/fundacioncajaruraldelsur.com\/wp-content\/uploads\/2019\/07\/medico_bata_puesta.jpg\",\"url\":\"https:\/\/fundacioncajaruraldelsur.com\/pt\/evento\/xxiii-jornada-unidades-docentes-multiprofesionales-de-atencion-familiar-y-comunitaria-de-huelva\/\",\"eventAttendanceMode\":\"https:\/\/schema.org\/OfflineEventAttendanceMode\",\"eventStatus\":\"https:\/\/schema.org\/EventScheduled\",\"startDate\":\"2026-04-25T08:00:00+02:00\",\"endDate\":\"2026-04-25T14:30:00+02:00\",\"location\":{\"@type\":\"Place\",\"name\":\"Fundaci\\u00f3n Caja Rural del Sur Huelva\",\"description\":\"\",\"url\":\"https:\/\/fundacioncajaruraldelsur.com\/pt\/local\/fundacion-caja-rural-del-sur-en-huelva\/\",\"address\":{\"@type\":\"PostalAddress\",\"streetAddress\":\"C\/ Alcalde Mora Claros 6-8\",\"addressLocality\":\"Huelva\",\"addressRegion\":\"Huelva\",\"postalCode\":\"21001\",\"addressCountry\":\"Espa\\u00f1a\"},\"geo\":{\"@type\":\"GeoCoordinates\",\"latitude\":37.2583599,\"longitude\":-6.9535303},\"telephone\":\"\",\"sameAs\":\"\"},\"performer\":\"Organization\"}]\r\n<\/script>\n\t\t<script data-js=\"tribe-events-view-data\" type=\"application\/json\">\n\t{\"slug\":\"month\",\"prev_url\":\"https:\\\/\\\/fundacioncajaruraldelsur.com\\\/pt\\\/eventos\\\/mes\\\/2026-03\\\/?shortcode=tribe-widget-events-month-10\",\"next_url\":\"https:\\\/\\\/fundacioncajaruraldelsur.com\\\/pt\\\/eventos\\\/mes\\\/2026-05\\\/?shortcode=tribe-widget-events-month-10\",\"view_class\":\"Tribe\\\\Events\\\\Views\\\\V2\\\\Views\\\\Month_View\",\"view_slug\":\"month\",\"view_label\":\"M\\u00eas\",\"title\":\"Eventos em April 2026 \\u2013 Fundaci\\u00f3n Caja Rural del Sur\",\"events\":{\"2026-03-30\":[10001120,10001122],\"2026-03-31\":[10001120,10001122],\"2026-04-01\":[10001120,10001122],\"2026-04-02\":[10001120,10001122],\"2026-04-03\":[10001120,10001122],\"2026-04-04\":[10001120,10001122],\"2026-04-05\":[10001120,10001122],\"2026-04-06\":[10001120,10001122],\"2026-04-07\":[10001120,10001122],\"2026-04-08\":[10001120,10001122,10001127],\"2026-04-09\":[10001120,10001122,10001127],\"2026-04-10\":[10001120,10001122,10001127],\"2026-04-11\":[10001120,10001122,10001127],\"2026-04-12\":[10001120,10001122,10001127],\"2026-04-13\":[10001120,10001122,10001127,10001129],\"2026-04-14\":[10001120,10001122,10001127,10001125,10001130],\"2026-04-15\":[10001120,10001122,10001127,10001131],\"2026-04-16\":[10001120,10001122,10001127,10001133,10001132],\"2026-04-17\":[10001120,10001122,10001127],\"2026-04-18\":[10001127],\"2026-04-19\":[10001127,10001136],\"2026-04-20\":[10001127],\"2026-04-21\":[10001127],\"2026-04-22\":[10001127],\"2026-04-23\":[10001127,10001135],\"2026-04-24\":[10001127,10001135],\"2026-04-25\":[10001135,10001128],\"2026-04-26\":[10001135],\"2026-04-27\":[10001135],\"2026-04-28\":[10001135],\"2026-04-29\":[10001135],\"2026-04-30\":[10001135],\"2026-05-01\":[10001135],\"2026-05-02\":[10001135],\"2026-05-03\":[10001135]},\"url\":\"https:\\\/\\\/fundacioncajaruraldelsur.com\\\/pt\\\/eventos\\\/mes\\\/?shortcode=tribe-widget-events-month-10\",\"url_event_date\":false,\"bar\":{\"keyword\":\"\",\"date\":\"\"},\"today\":\"2026-04-28 00:00:00\",\"now\":\"2026-04-28 00:27:07\",\"home_url\":\"https:\\\/\\\/fundacioncajaruraldelsur.com\\\/pt\",\"rest_url\":\"https:\\\/\\\/fundacioncajaruraldelsur.com\\\/pt\\\/wp-json\\\/tribe\\\/views\\\/v2\\\/html\",\"rest_method\":\"GET\",\"rest_nonce\":\"\",\"should_manage_url\":false,\"today_url\":\"https:\\\/\\\/fundacioncajaruraldelsur.com\\\/pt\\\/eventos\\\/mes\\\/?rest_route=%2Fwp%2Fv2%2Fpages%2F1881&shortcode=tribe-widget-events-month-10\",\"today_title\":\"Clique para seleccionar o corrente m\\u00eas\",\"today_label\":\"Este m\\u00eas\",\"prev_label\":\"Mar\",\"next_label\":\"May\",\"date_formats\":{\"compact\":\"Y-m-d\",\"month_and_year_compact\":\"Y-m\",\"month_and_year\":\"F Y\",\"time_range_separator\":\" - \",\"date_time_separator\":\" @ \"},\"messages\":[],\"start_of_week\":\"1\",\"header_title\":\"\",\"header_title_element\":\"h1\",\"content_title\":\"\",\"show_content_title\":false,\"breadcrumbs\":[],\"backlink\":false,\"before_events\":\"\",\"after_events\":\"\",\"display_events_bar\":true,\"disable_event_search\":false,\"live_refresh\":true,\"ical\":{\"display_link\":true,\"link\":{\"url\":\"https:\\\/\\\/fundacioncajaruraldelsur.com\\\/pt\\\/eventos\\\/mes\\\/?shortcode=tribe-widget-events-month-10&#038;ical=1\",\"text\":\"Exportar Eventos\",\"title\":\"Utilize esta op\\u00e7\\u00e3o para partilhar com os calend\\u00e1rios Google, calend\\u00e1rios Apple e outras aplica\\u00e7\\u00f5es compat\\u00edveis\"}},\"container_classes\":[\"tribe-common\",\"tribe-events\",\"tribe-events-view\",\"tribe-events-view--month\",\"alignwide\",\"tribe-events-view--shortcode\",\"tribe-events-view--shortcode-tribe-widget-events-month-10\",\"tribe-events-widget\",\"tribe-events-widget-events-month\"],\"container_data\":{\"shortcode\":\"tribe-widget-events-month-10\"},\"is_past\":false,\"breakpoints\":{\"xsmall\":500,\"medium\":768,\"full\":960},\"breakpoint_pointer\":\"b7d3b2c2-12bb-404a-b64b-d3a556611853\",\"is_initial_load\":false,\"public_views\":{\"list\":{\"view_class\":\"Tribe\\\\Events\\\\Views\\\\V2\\\\Views\\\\List_View\",\"view_url\":\"https:\\\/\\\/fundacioncajaruraldelsur.com\\\/pt\\\/eventos\\\/lista\\\/?shortcode=tribe-widget-events-month-10\",\"view_label\":\"Lista\",\"aria_label\":\"Mostrar Eventos na vista Lista\"},\"month\":{\"view_class\":\"Tribe\\\\Events\\\\Views\\\\V2\\\\Views\\\\Month_View\",\"view_url\":\"https:\\\/\\\/fundacioncajaruraldelsur.com\\\/pt\\\/eventos\\\/mes\\\/?shortcode=tribe-widget-events-month-10\",\"view_label\":\"M\\u00eas\",\"aria_label\":\"Mostrar Eventos na vista M\\u00eas\"},\"day\":{\"view_class\":\"Tribe\\\\Events\\\\Views\\\\V2\\\\Views\\\\Day_View\",\"view_url\":\"https:\\\/\\\/fundacioncajaruraldelsur.com\\\/pt\\\/eventos\\\/(\\\/?:today|hoy)\\\/&shortcode=tribe-widget-events-month-10\",\"view_label\":\"Dia\",\"aria_label\":\"Mostrar Eventos na vista Dia\"},\"photo\":{\"view_class\":\"Tribe\\\\Events\\\\Pro\\\\Views\\\\V2\\\\Views\\\\Photo_View\",\"view_url\":\"https:\\\/\\\/fundacioncajaruraldelsur.com\\\/pt\\\/eventos\\\/(\\\/?:photo|foto)\\\/&shortcode=tribe-widget-events-month-10\",\"view_label\":\"Photo\",\"aria_label\":\"Mostrar Eventos na vista Photo\"},\"week\":{\"view_class\":\"Tribe\\\\Events\\\\Pro\\\\Views\\\\V2\\\\Views\\\\Week_View\",\"view_url\":\"https:\\\/\\\/fundacioncajaruraldelsur.com\\\/pt\\\/eventos\\\/(\\\/?:week|semana)\\\/&shortcode=tribe-widget-events-month-10\",\"view_label\":\"Week\",\"aria_label\":\"Mostrar Eventos na vista Week\"},\"map\":{\"view_class\":\"Tribe\\\\Events\\\\Pro\\\\Views\\\\V2\\\\Views\\\\Map_View\",\"view_url\":\"https:\\\/\\\/fundacioncajaruraldelsur.com\\\/pt\\\/eventos\\\/mapa\\\/?shortcode=tribe-widget-events-month-10\",\"view_label\":\"Map\",\"aria_label\":\"Mostrar Eventos na vista Map\"}},\"show_latest_past\":false,\"past\":false,\"today_date\":\"2026-04-28\",\"grid_date\":\"2026-04-28\",\"formatted_grid_date\":\"April 2026\",\"formatted_grid_date_mobile\":\"2026-04-28\",\"days\":{\"2026-03-30\":{\"date\":\"2026-03-30\",\"is_start_of_week\":true,\"year_number\":\"2026\",\"month_number\":\"03\",\"day_number\":\"30\",\"events\":[],\"featured_events\":[],\"multiday_events\":[10001120,10001122],\"found_events\":2,\"more_events\":0,\"day_url\":\"https:\\\/\\\/fundacioncajaruraldelsur.com\\\/pt\\\/eventos\\\/2026-03-30\\\/?shortcode=tribe-widget-events-month-10\"},\"2026-03-31\":{\"date\":\"2026-03-31\",\"is_start_of_week\":false,\"year_number\":\"2026\",\"month_number\":\"03\",\"day_number\":\"31\",\"events\":[],\"featured_events\":[],\"multiday_events\":[10001120,10001122],\"found_events\":2,\"more_events\":0,\"day_url\":\"https:\\\/\\\/fundacioncajaruraldelsur.com\\\/pt\\\/eventos\\\/2026-03-31\\\/?shortcode=tribe-widget-events-month-10\"},\"2026-04-01\":{\"date\":\"2026-04-01\",\"is_start_of_week\":false,\"year_number\":\"2026\",\"month_number\":\"04\",\"day_number\":\"1\",\"events\":[],\"featured_events\":[],\"multiday_events\":[10001120,10001122],\"found_events\":2,\"more_events\":0,\"day_url\":\"https:\\\/\\\/fundacioncajaruraldelsur.com\\\/pt\\\/eventos\\\/2026-04-01\\\/?shortcode=tribe-widget-events-month-10\"},\"2026-04-02\":{\"date\":\"2026-04-02\",\"is_start_of_week\":false,\"year_number\":\"2026\",\"month_number\":\"04\",\"day_number\":\"2\",\"events\":[],\"featured_events\":[],\"multiday_events\":[10001120,10001122],\"found_events\":2,\"more_events\":0,\"day_url\":\"https:\\\/\\\/fundacioncajaruraldelsur.com\\\/pt\\\/eventos\\\/2026-04-02\\\/?shortcode=tribe-widget-events-month-10\"},\"2026-04-03\":{\"date\":\"2026-04-03\",\"is_start_of_week\":false,\"year_number\":\"2026\",\"month_number\":\"04\",\"day_number\":\"3\",\"events\":[],\"featured_events\":[],\"multiday_events\":[10001120,10001122],\"found_events\":2,\"more_events\":0,\"day_url\":\"https:\\\/\\\/fundacioncajaruraldelsur.com\\\/pt\\\/eventos\\\/2026-04-03\\\/?shortcode=tribe-widget-events-month-10\"},\"2026-04-04\":{\"date\":\"2026-04-04\",\"is_start_of_week\":false,\"year_number\":\"2026\",\"month_number\":\"04\",\"day_number\":\"4\",\"events\":[],\"featured_events\":[],\"multiday_events\":[10001120,10001122],\"found_events\":2,\"more_events\":0,\"day_url\":\"https:\\\/\\\/fundacioncajaruraldelsur.com\\\/pt\\\/eventos\\\/2026-04-04\\\/?shortcode=tribe-widget-events-month-10\"},\"2026-04-05\":{\"date\":\"2026-04-05\",\"is_start_of_week\":false,\"year_number\":\"2026\",\"month_number\":\"04\",\"day_number\":\"5\",\"events\":[],\"featured_events\":[],\"multiday_events\":[10001120,10001122],\"found_events\":2,\"more_events\":0,\"day_url\":\"https:\\\/\\\/fundacioncajaruraldelsur.com\\\/pt\\\/eventos\\\/2026-04-05\\\/?shortcode=tribe-widget-events-month-10\"},\"2026-04-06\":{\"date\":\"2026-04-06\",\"is_start_of_week\":true,\"year_number\":\"2026\",\"month_number\":\"04\",\"day_number\":\"6\",\"events\":[],\"featured_events\":[],\"multiday_events\":[10001120,10001122],\"found_events\":2,\"more_events\":0,\"day_url\":\"https:\\\/\\\/fundacioncajaruraldelsur.com\\\/pt\\\/eventos\\\/2026-04-06\\\/?shortcode=tribe-widget-events-month-10\"},\"2026-04-07\":{\"date\":\"2026-04-07\",\"is_start_of_week\":false,\"year_number\":\"2026\",\"month_number\":\"04\",\"day_number\":\"7\",\"events\":[],\"featured_events\":[],\"multiday_events\":[10001120,10001122],\"found_events\":2,\"more_events\":0,\"day_url\":\"https:\\\/\\\/fundacioncajaruraldelsur.com\\\/pt\\\/eventos\\\/2026-04-07\\\/?shortcode=tribe-widget-events-month-10\"},\"2026-04-08\":{\"date\":\"2026-04-08\",\"is_start_of_week\":false,\"year_number\":\"2026\",\"month_number\":\"04\",\"day_number\":\"8\",\"events\":[],\"featured_events\":[],\"multiday_events\":[10001120,10001122,10001127],\"found_events\":3,\"more_events\":0,\"day_url\":\"https:\\\/\\\/fundacioncajaruraldelsur.com\\\/pt\\\/eventos\\\/2026-04-08\\\/?shortcode=tribe-widget-events-month-10\"},\"2026-04-09\":{\"date\":\"2026-04-09\",\"is_start_of_week\":false,\"year_number\":\"2026\",\"month_number\":\"04\",\"day_number\":\"9\",\"events\":[],\"featured_events\":[],\"multiday_events\":[10001120,10001122,10001127],\"found_events\":3,\"more_events\":0,\"day_url\":\"https:\\\/\\\/fundacioncajaruraldelsur.com\\\/pt\\\/eventos\\\/2026-04-09\\\/?shortcode=tribe-widget-events-month-10\"},\"2026-04-10\":{\"date\":\"2026-04-10\",\"is_start_of_week\":false,\"year_number\":\"2026\",\"month_number\":\"04\",\"day_number\":\"10\",\"events\":[],\"featured_events\":[],\"multiday_events\":[10001120,10001122,10001127],\"found_events\":3,\"more_events\":0,\"day_url\":\"https:\\\/\\\/fundacioncajaruraldelsur.com\\\/pt\\\/eventos\\\/2026-04-10\\\/?shortcode=tribe-widget-events-month-10\"},\"2026-04-11\":{\"date\":\"2026-04-11\",\"is_start_of_week\":false,\"year_number\":\"2026\",\"month_number\":\"04\",\"day_number\":\"11\",\"events\":[],\"featured_events\":[],\"multiday_events\":[10001120,10001122,10001127],\"found_events\":3,\"more_events\":0,\"day_url\":\"https:\\\/\\\/fundacioncajaruraldelsur.com\\\/pt\\\/eventos\\\/2026-04-11\\\/?shortcode=tribe-widget-events-month-10\"},\"2026-04-12\":{\"date\":\"2026-04-12\",\"is_start_of_week\":false,\"year_number\":\"2026\",\"month_number\":\"04\",\"day_number\":\"12\",\"events\":[],\"featured_events\":[],\"multiday_events\":[10001120,10001122,10001127],\"found_events\":3,\"more_events\":0,\"day_url\":\"https:\\\/\\\/fundacioncajaruraldelsur.com\\\/pt\\\/eventos\\\/2026-04-12\\\/?shortcode=tribe-widget-events-month-10\"},\"2026-04-13\":{\"date\":\"2026-04-13\",\"is_start_of_week\":true,\"year_number\":\"2026\",\"month_number\":\"04\",\"day_number\":\"13\",\"events\":[10001129],\"featured_events\":[],\"multiday_events\":[10001120,10001122,10001127],\"found_events\":4,\"more_events\":0,\"day_url\":\"https:\\\/\\\/fundacioncajaruraldelsur.com\\\/pt\\\/eventos\\\/2026-04-13\\\/?shortcode=tribe-widget-events-month-10\"},\"2026-04-14\":{\"date\":\"2026-04-14\",\"is_start_of_week\":false,\"year_number\":\"2026\",\"month_number\":\"04\",\"day_number\":\"14\",\"events\":[10001125,10001130],\"featured_events\":[],\"multiday_events\":[10001120,10001122,10001127],\"found_events\":5,\"more_events\":0,\"day_url\":\"https:\\\/\\\/fundacioncajaruraldelsur.com\\\/pt\\\/eventos\\\/2026-04-14\\\/?shortcode=tribe-widget-events-month-10\"},\"2026-04-15\":{\"date\":\"2026-04-15\",\"is_start_of_week\":false,\"year_number\":\"2026\",\"month_number\":\"04\",\"day_number\":\"15\",\"events\":[10001131],\"featured_events\":[],\"multiday_events\":[10001120,10001122,10001127],\"found_events\":4,\"more_events\":0,\"day_url\":\"https:\\\/\\\/fundacioncajaruraldelsur.com\\\/pt\\\/eventos\\\/2026-04-15\\\/?shortcode=tribe-widget-events-month-10\"},\"2026-04-16\":{\"date\":\"2026-04-16\",\"is_start_of_week\":false,\"year_number\":\"2026\",\"month_number\":\"04\",\"day_number\":\"16\",\"events\":[10001133,10001132],\"featured_events\":[],\"multiday_events\":[10001120,10001122,10001127],\"found_events\":5,\"more_events\":0,\"day_url\":\"https:\\\/\\\/fundacioncajaruraldelsur.com\\\/pt\\\/eventos\\\/2026-04-16\\\/?shortcode=tribe-widget-events-month-10\"},\"2026-04-17\":{\"date\":\"2026-04-17\",\"is_start_of_week\":false,\"year_number\":\"2026\",\"month_number\":\"04\",\"day_number\":\"17\",\"events\":[],\"featured_events\":[],\"multiday_events\":[10001120,10001122,10001127],\"found_events\":3,\"more_events\":0,\"day_url\":\"https:\\\/\\\/fundacioncajaruraldelsur.com\\\/pt\\\/eventos\\\/2026-04-17\\\/?shortcode=tribe-widget-events-month-10\"},\"2026-04-18\":{\"date\":\"2026-04-18\",\"is_start_of_week\":false,\"year_number\":\"2026\",\"month_number\":\"04\",\"day_number\":\"18\",\"events\":[],\"featured_events\":[],\"multiday_events\":[false,false,10001127],\"found_events\":1,\"more_events\":0,\"day_url\":\"https:\\\/\\\/fundacioncajaruraldelsur.com\\\/pt\\\/eventos\\\/2026-04-18\\\/?shortcode=tribe-widget-events-month-10\"},\"2026-04-19\":{\"date\":\"2026-04-19\",\"is_start_of_week\":false,\"year_number\":\"2026\",\"month_number\":\"04\",\"day_number\":\"19\",\"events\":[10001136],\"featured_events\":[],\"multiday_events\":[false,false,10001127],\"found_events\":2,\"more_events\":0,\"day_url\":\"https:\\\/\\\/fundacioncajaruraldelsur.com\\\/pt\\\/eventos\\\/2026-04-19\\\/?shortcode=tribe-widget-events-month-10\"},\"2026-04-20\":{\"date\":\"2026-04-20\",\"is_start_of_week\":true,\"year_number\":\"2026\",\"month_number\":\"04\",\"day_number\":\"20\",\"events\":[],\"featured_events\":[],\"multiday_events\":[10001127],\"found_events\":1,\"more_events\":0,\"day_url\":\"https:\\\/\\\/fundacioncajaruraldelsur.com\\\/pt\\\/eventos\\\/2026-04-20\\\/?shortcode=tribe-widget-events-month-10\"},\"2026-04-21\":{\"date\":\"2026-04-21\",\"is_start_of_week\":false,\"year_number\":\"2026\",\"month_number\":\"04\",\"day_number\":\"21\",\"events\":[],\"featured_events\":[],\"multiday_events\":[10001127],\"found_events\":1,\"more_events\":0,\"day_url\":\"https:\\\/\\\/fundacioncajaruraldelsur.com\\\/pt\\\/eventos\\\/2026-04-21\\\/?shortcode=tribe-widget-events-month-10\"},\"2026-04-22\":{\"date\":\"2026-04-22\",\"is_start_of_week\":false,\"year_number\":\"2026\",\"month_number\":\"04\",\"day_number\":\"22\",\"events\":[],\"featured_events\":[],\"multiday_events\":[10001127],\"found_events\":1,\"more_events\":0,\"day_url\":\"https:\\\/\\\/fundacioncajaruraldelsur.com\\\/pt\\\/eventos\\\/2026-04-22\\\/?shortcode=tribe-widget-events-month-10\"},\"2026-04-23\":{\"date\":\"2026-04-23\",\"is_start_of_week\":false,\"year_number\":\"2026\",\"month_number\":\"04\",\"day_number\":\"23\",\"events\":[],\"featured_events\":[],\"multiday_events\":[10001127,10001135],\"found_events\":2,\"more_events\":0,\"day_url\":\"https:\\\/\\\/fundacioncajaruraldelsur.com\\\/pt\\\/eventos\\\/2026-04-23\\\/?shortcode=tribe-widget-events-month-10\"},\"2026-04-24\":{\"date\":\"2026-04-24\",\"is_start_of_week\":false,\"year_number\":\"2026\",\"month_number\":\"04\",\"day_number\":\"24\",\"events\":[],\"featured_events\":[],\"multiday_events\":[10001127,10001135],\"found_events\":2,\"more_events\":0,\"day_url\":\"https:\\\/\\\/fundacioncajaruraldelsur.com\\\/pt\\\/eventos\\\/2026-04-24\\\/?shortcode=tribe-widget-events-month-10\"},\"2026-04-25\":{\"date\":\"2026-04-25\",\"is_start_of_week\":false,\"year_number\":\"2026\",\"month_number\":\"04\",\"day_number\":\"25\",\"events\":[10001128],\"featured_events\":[],\"multiday_events\":[false,10001135],\"found_events\":2,\"more_events\":0,\"day_url\":\"https:\\\/\\\/fundacioncajaruraldelsur.com\\\/pt\\\/eventos\\\/2026-04-25\\\/?shortcode=tribe-widget-events-month-10\"},\"2026-04-26\":{\"date\":\"2026-04-26\",\"is_start_of_week\":false,\"year_number\":\"2026\",\"month_number\":\"04\",\"day_number\":\"26\",\"events\":[],\"featured_events\":[],\"multiday_events\":[false,10001135],\"found_events\":1,\"more_events\":0,\"day_url\":\"https:\\\/\\\/fundacioncajaruraldelsur.com\\\/pt\\\/eventos\\\/2026-04-26\\\/?shortcode=tribe-widget-events-month-10\"},\"2026-04-27\":{\"date\":\"2026-04-27\",\"is_start_of_week\":true,\"year_number\":\"2026\",\"month_number\":\"04\",\"day_number\":\"27\",\"events\":[],\"featured_events\":[],\"multiday_events\":[10001135],\"found_events\":1,\"more_events\":0,\"day_url\":\"https:\\\/\\\/fundacioncajaruraldelsur.com\\\/pt\\\/eventos\\\/2026-04-27\\\/?shortcode=tribe-widget-events-month-10\"},\"2026-04-28\":{\"date\":\"2026-04-28\",\"is_start_of_week\":false,\"year_number\":\"2026\",\"month_number\":\"04\",\"day_number\":\"28\",\"events\":[],\"featured_events\":[],\"multiday_events\":[10001135],\"found_events\":1,\"more_events\":0,\"day_url\":\"https:\\\/\\\/fundacioncajaruraldelsur.com\\\/pt\\\/eventos\\\/2026-04-28\\\/?shortcode=tribe-widget-events-month-10\"},\"2026-04-29\":{\"date\":\"2026-04-29\",\"is_start_of_week\":false,\"year_number\":\"2026\",\"month_number\":\"04\",\"day_number\":\"29\",\"events\":[],\"featured_events\":[],\"multiday_events\":[10001135],\"found_events\":1,\"more_events\":0,\"day_url\":\"https:\\\/\\\/fundacioncajaruraldelsur.com\\\/pt\\\/eventos\\\/2026-04-29\\\/?shortcode=tribe-widget-events-month-10\"},\"2026-04-30\":{\"date\":\"2026-04-30\",\"is_start_of_week\":false,\"year_number\":\"2026\",\"month_number\":\"04\",\"day_number\":\"30\",\"events\":[],\"featured_events\":[],\"multiday_events\":[10001135],\"found_events\":1,\"more_events\":0,\"day_url\":\"https:\\\/\\\/fundacioncajaruraldelsur.com\\\/pt\\\/eventos\\\/2026-04-30\\\/?shortcode=tribe-widget-events-month-10\"},\"2026-05-01\":{\"date\":\"2026-05-01\",\"is_start_of_week\":false,\"year_number\":\"2026\",\"month_number\":\"05\",\"day_number\":\"1\",\"events\":[],\"featured_events\":[],\"multiday_events\":[10001135],\"found_events\":1,\"more_events\":0,\"day_url\":\"https:\\\/\\\/fundacioncajaruraldelsur.com\\\/pt\\\/eventos\\\/2026-05-01\\\/?shortcode=tribe-widget-events-month-10\"},\"2026-05-02\":{\"date\":\"2026-05-02\",\"is_start_of_week\":false,\"year_number\":\"2026\",\"month_number\":\"05\",\"day_number\":\"2\",\"events\":[],\"featured_events\":[],\"multiday_events\":[10001135],\"found_events\":1,\"more_events\":0,\"day_url\":\"https:\\\/\\\/fundacioncajaruraldelsur.com\\\/pt\\\/eventos\\\/2026-05-02\\\/?shortcode=tribe-widget-events-month-10\"},\"2026-05-03\":{\"date\":\"2026-05-03\",\"is_start_of_week\":false,\"year_number\":\"2026\",\"month_number\":\"05\",\"day_number\":\"3\",\"events\":[],\"featured_events\":[],\"multiday_events\":[10001135],\"found_events\":1,\"more_events\":0,\"day_url\":\"https:\\\/\\\/fundacioncajaruraldelsur.com\\\/pt\\\/eventos\\\/2026-05-03\\\/?shortcode=tribe-widget-events-month-10\"}},\"next_month\":\"5\",\"prev_month\":\"3\",\"next_rel\":\"next\",\"prev_rel\":\"prev\",\"mobile_messages\":{\"notice\":{\"no-events-in-day\":\"N\\u00e3o h\\u00e1 eventos neste dia.\"}},\"grid_start_date\":\"2026-03-30\",\"subscribe_links\":{\"gcal\":{\"label\":\"Calend\\u00e1rio Google\",\"single_label\":\"Adicionar ao Calend\\u00e1rio Google\",\"visible\":true,\"block_slug\":\"hasGoogleCalendar\"},\"ical\":{\"label\":\"iCalendar\",\"single_label\":\"Adicionar ao iCalendar\",\"visible\":true,\"block_slug\":\"hasiCal\"},\"outlook-365\":{\"label\":\"Outlook 365\",\"single_label\":\"Outlook 365\",\"visible\":true,\"block_slug\":\"hasOutlook365\"},\"outlook-live\":{\"label\":\"Outlook Live\",\"single_label\":\"Outlook Live\",\"visible\":true,\"block_slug\":\"hasOutlookLive\"},\"ics\":{\"label\":\"Exportar ficheiro .ics\",\"single_label\":\"Exportar ficheiro .ics\",\"visible\":true,\"block_slug\":null},\"outlook-ics\":{\"label\":\"Exportar para ficheiro Outlook .ics\",\"single_label\":\"Exportar para ficheiro Outlook .ics\",\"visible\":true,\"block_slug\":null}},\"display_recurring_toggle\":true,\"_context\":{\"slug\":\"month\",\"should_manage_url\":false},\"text\":\"Carregando...\",\"classes\":[\"tribe-common-c-loader__dot\",\"tribe-common-c-loader__dot--third\"]}<\/script>\n\n\t\t\n\t\t\n<header  class=\"tribe-events-header tribe-events-header--has-event-search\" >\n\t<div class=\"tribe-events-header__content-title\">\n\t<h1 class=\"screen-reader-text tec-a11y-title-hidden\">Eventos<\/h1><\/div>\n\n\t\n\t\n\t\n\t<div class=\"tribe-events-c-top-bar tribe-events-widget-header__top-bar\">\n\n\t<nav class=\"tribe-events-c-top-bar__nav\" aria-label=\"Month selection\">\n\t<ul class=\"tribe-events-c-top-bar__nav-list\">\n\t\t<li class=\"tribe-events-c-top-bar__nav-list-item\">\n\t<button\n\t\ttype=\"button\"\n\t\tclass=\"tribe-common-c-btn-icon tribe-common-c-btn-icon--caret-left tribe-events-c-top-bar__nav-link tribe-events-c-top-bar__nav-link--prev\"\n\t\taria-label=\"Previous month\"\n\t\tdata-url=\"https:\/\/fundacioncajaruraldelsur.com\/pt\/eventos\/mes\/2026-03\/?shortcode=tribe-widget-events-month-10\"\n\t\tdata-js=\"tribe-events-view-link\"\n\t>\n\t\t<svg  class=\"tribe-common-c-svgicon tribe-common-c-svgicon--caret-left tribe-common-c-btn-icon__icon-svg tribe-events-c-top-bar__nav-link-icon-svg\"  xmlns=\"http:\/\/www.w3.org\/2000\/svg\" viewBox=\"0 0 10 16\"><path d=\"M9.7 14.4l-1.5 1.5L.3 8 8.2.1l1.5 1.5L3.3 8l6.4 6.4z\"\/><\/svg>\n\t<\/button>\n<\/li>\n\n\t\t<li class=\"tribe-events-c-top-bar__nav-list-date\" role=\"presentation\" aria-hidden=\"true\">April 2026<\/li>\n\n\t\t<li class=\"tribe-events-c-top-bar__nav-list-item\">\n\t<button\n\t\ttype=\"button\"\n\t\tclass=\"tribe-common-c-btn-icon tribe-common-c-btn-icon--caret-right tribe-events-c-top-bar__nav-link tribe-events-c-top-bar__nav-link--next\"\n\t\taria-label=\"Next month\"\n\t\tdata-url=\"https:\/\/fundacioncajaruraldelsur.com\/pt\/eventos\/mes\/2026-05\/?shortcode=tribe-widget-events-month-10\"\n\t\tdata-js=\"tribe-events-view-link\"\n\t>\n\t\t<svg  class=\"tribe-common-c-svgicon tribe-common-c-svgicon--caret-right tribe-common-c-btn-icon__icon-svg tribe-events-c-top-bar__nav-link-icon-svg\"  xmlns=\"http:\/\/www.w3.org\/2000\/svg\" viewBox=\"0 0 10 16\"><path d=\"M.3 1.6L1.8.1 9.7 8l-7.9 7.9-1.5-1.5L6.7 8 .3 1.6z\"\/><\/svg>\n\t<\/button>\n<\/li>\n\t<\/ul>\n<\/nav>\n\n<\/div>\n<\/header>\n\n\t\t\n\t\t<h2 class=\"tribe-common-a11y-visual-hide\" id=\"tribe-events-calendar-header\">\n\t\t\t\t\t\tCalend\u00e1rio de Eventos\t\t<\/h2>\n\t\t<table\n\t\t\tclass=\"tribe-events-calendar-month\"\n\t\t\tdata-js=\"tribe-events-month-grid\"\n\t\t>\n\n\t\t\t<thead class=\"tribe-events-calendar-month__header\">\n<tr>\n\t\t\t<th\n\t\t\tclass=\"tribe-events-calendar-month__header-column\"\n\t\t\tscope=\"col\"\n\t\t\tabbr=\"Mon\"\n\t\t>\n\t\t\t<div class=\"tribe-events-calendar-month__header-column-title tribe-common-b3\">\n\t\t\t\t\t<span aria-hidden=\"true\">\n\t\t\t\t\t\tM\t\t\t\t\t<\/span>\n\t\t\t\t<span class=\"screen-reader-text\">\n\t\t\t\t\t\tMonday\t\t\t\t\t<\/span>\n\t\t\t<\/div>\n\t\t<\/th>\n\t\t\t<th\n\t\t\tclass=\"tribe-events-calendar-month__header-column\"\n\t\t\tscope=\"col\"\n\t\t\tabbr=\"Tue\"\n\t\t>\n\t\t\t<div class=\"tribe-events-calendar-month__header-column-title tribe-common-b3\">\n\t\t\t\t\t<span aria-hidden=\"true\">\n\t\t\t\t\t\tT\t\t\t\t\t<\/span>\n\t\t\t\t<span class=\"screen-reader-text\">\n\t\t\t\t\t\tTuesday\t\t\t\t\t<\/span>\n\t\t\t<\/div>\n\t\t<\/th>\n\t\t\t<th\n\t\t\tclass=\"tribe-events-calendar-month__header-column\"\n\t\t\tscope=\"col\"\n\t\t\tabbr=\"Wed\"\n\t\t>\n\t\t\t<div class=\"tribe-events-calendar-month__header-column-title tribe-common-b3\">\n\t\t\t\t\t<span aria-hidden=\"true\">\n\t\t\t\t\t\tW\t\t\t\t\t<\/span>\n\t\t\t\t<span class=\"screen-reader-text\">\n\t\t\t\t\t\tWednesday\t\t\t\t\t<\/span>\n\t\t\t<\/div>\n\t\t<\/th>\n\t\t\t<th\n\t\t\tclass=\"tribe-events-calendar-month__header-column\"\n\t\t\tscope=\"col\"\n\t\t\tabbr=\"Thu\"\n\t\t>\n\t\t\t<div class=\"tribe-events-calendar-month__header-column-title tribe-common-b3\">\n\t\t\t\t\t<span aria-hidden=\"true\">\n\t\t\t\t\t\tT\t\t\t\t\t<\/span>\n\t\t\t\t<span class=\"screen-reader-text\">\n\t\t\t\t\t\tThursday\t\t\t\t\t<\/span>\n\t\t\t<\/div>\n\t\t<\/th>\n\t\t\t<th\n\t\t\tclass=\"tribe-events-calendar-month__header-column\"\n\t\t\tscope=\"col\"\n\t\t\tabbr=\"Fri\"\n\t\t>\n\t\t\t<div class=\"tribe-events-calendar-month__header-column-title tribe-common-b3\">\n\t\t\t\t\t<span aria-hidden=\"true\">\n\t\t\t\t\t\tF\t\t\t\t\t<\/span>\n\t\t\t\t<span class=\"screen-reader-text\">\n\t\t\t\t\t\tFriday\t\t\t\t\t<\/span>\n\t\t\t<\/div>\n\t\t<\/th>\n\t\t\t<th\n\t\t\tclass=\"tribe-events-calendar-month__header-column\"\n\t\t\tscope=\"col\"\n\t\t\tabbr=\"Sat\"\n\t\t>\n\t\t\t<div class=\"tribe-events-calendar-month__header-column-title tribe-common-b3\">\n\t\t\t\t\t<span aria-hidden=\"true\">\n\t\t\t\t\t\tS\t\t\t\t\t<\/span>\n\t\t\t\t<span class=\"screen-reader-text\">\n\t\t\t\t\t\tSaturday\t\t\t\t\t<\/span>\n\t\t\t<\/div>\n\t\t<\/th>\n\t\t\t<th\n\t\t\tclass=\"tribe-events-calendar-month__header-column\"\n\t\t\tscope=\"col\"\n\t\t\tabbr=\"Sun\"\n\t\t>\n\t\t\t<div class=\"tribe-events-calendar-month__header-column-title tribe-common-b3\">\n\t\t\t\t\t<span aria-hidden=\"true\">\n\t\t\t\t\t\tS\t\t\t\t\t<\/span>\n\t\t\t\t<span class=\"screen-reader-text\">\n\t\t\t\t\t\tSunday\t\t\t\t\t<\/span>\n\t\t\t<\/div>\n\t\t<\/th>\n\t<\/tr>\n<\/thead>\n\n\t\t\t\n<tbody class=\"tribe-events-calendar-month__body\">\n\t\t\t<tr class=\"tribe-events-calendar-month__week\" data-js=\"tribe-events-month-grid-row\">\n\t\t\t\n\t\t\t\t<td\n\t class=\"tribe-events-calendar-month__day tribe-events-calendar-month__day--past tribe-events-calendar-month__day--other-month tribe-events-calendar-month__day--past-month\" \taria-labelledby=\"tribe-events-calendar-day-2026-03-30\"\n\tdata-js=\"tribe-events-month-grid-cell\"\n>\n\t<button\n\taria-expanded=\"false\"\n\taria-controls=\"tribe-events-calendar-mobile-day-2026-03-30\"\n\taria-label=\"March 30, 2 eventos, past day\"\n\t class=\"tribe-events-calendar-month__day-cell tribe-events-calendar-month__day-cell--mobile\" \tdata-js=\"tribe-events-calendar-month-day-cell-mobile\"\n>\n\t<h3 class=\"tribe-events-calendar-month__day-date tribe-common-h6 tribe-common-h--alt\">\n\t\t<span class=\"tribe-common-a11y-visual-hide\">\n\t\t\t2 eventos\t\t<\/span>\n\t\t<time\n\t\t\tclass=\"tribe-events-calendar-month__day-date-daynum\"\n\t\t\tdatetime=\"2026-03-30\"\n\t\t>\n\t\t\t30\t\t<\/time>\n\t<\/h3>\n\t\n\t<span class=\"tribe-events-calendar-month__mobile-events-icon tribe-events-calendar-month__mobile-events-icon--event\" >\n\t<\/span>\n<\/button>\n\t\n<div\n\tid=\"tribe-events-calendar-day-2026-03-30\"\n\tclass=\"tribe-events-calendar-month__day-cell tribe-events-calendar-month__day-cell--desktop tribe-common-a11y-hidden\"\n>\n\t\n<h3 class=\"tribe-events-calendar-month__day-date tribe-common-h4\">\n\t<span class=\"tribe-common-a11y-visual-hide\">\n\t\t2 eventos,\n\t<\/span>\n\t<time\n\t\tclass=\"tribe-events-calendar-month__day-date-daynum\"\n\t\tdatetime=\"2026-03-30\"\n\t>\n\t\t\t\t\t<a\n\t\t\t\thref=\"https:\/\/fundacioncajaruraldelsur.com\/pt\/eventos\/2026-03-30\/?shortcode=tribe-widget-events-month-10\"\n\t\t\t\tclass=\"tribe-events-calendar-month__day-date-link\"\n\t\t\t\tdata-js=\"tribe-events-view-link\"\n\t\t\t\taria-label=\"March 30\"\n\t\t\t>\n\t\t\t\t30\t\t\t<\/a>\n\t\t\t<\/time>\n<\/h3>\n\n\t<div class=\"tribe-events-calendar-month__events\">\n\t\t\n\t<div class=\"tribe-events-calendar-month__multiday-event-wrapper\">\n\t<article  class=\"tribe-events-calendar-month__multiday-event post-10001120 tribe_events type-tribe_events status-publish has-post-thumbnail hentry tribe_events_cat-exposiciones cat_exposiciones tribe-events-calendar-month__multiday-event--width-7 tribe-events-calendar-month__multiday-event--display tribe-events-calendar-month__multiday-event--past\"  data-event-id=\"10001120\">\n\t\t<div class=\"tribe-events-calendar-month__multiday-event-hidden\">\n\t<time\n\tdatetime=\"2026-03-19\"\n\tclass=\"tribe-common-a11y-visual-hide\"\n>\n\t2026-03-19<\/time>\n\t<a\n\thref=\"https:\/\/fundacioncajaruraldelsur.com\/pt\/evento\/exposicion-fotografica-de-felix-vazquez-por-casualidad\/\"\n\tclass=\"tribe-events-calendar-month__multiday-event-hidden-link\"\n\tdata-js=\"tribe-events-tooltip\"\n\tdata-tooltip-content=\"#tribe-events-tooltip-content-10001120\"\n\taria-describedby=\"tribe-events-tooltip-content-10001120\"\n>\n\t\t<div class=\"tribe-events-calendar-month__multiday-event-hidden-title tribe-common-h8\">\n\tExposici\u00f3n fotogr\u00e1fica de F\u00e9lix V\u00e1zquez: \u00abPor Casualidad\u00bb<\/div>\n<\/a>\n<\/div>\n\t\t<div class=\"tribe-events-calendar-month__multiday-event-bar\">\n\t<div class=\"tribe-events-calendar-month__multiday-event-bar-inner\">\n\t\t\t\t<div class=\"tribe-events-calendar-month__multiday-event-bar-title tribe-common-h8\">\n\tExposici\u00f3n fotogr\u00e1fica de F\u00e9lix V\u00e1zquez: \u00abPor Casualidad\u00bb<\/div>\n\t<\/div>\n<\/div>\n<div class=\"tribe-events-calendar-month__calendar-event-tooltip-template tribe-common-a11y-hidden\">\n\t<div\n\t\tclass=\"tribe-events-calendar-month__calendar-event-tooltip\"\n\t\tid=\"tribe-events-tooltip-content-10001120\"\n\t\trole=\"tooltip\"\n\t>\n\t\t<div class=\"tribe-events-calendar-month__calendar-event-tooltip-featured-image-wrapper\">\n\t<img\n\t\tclass=\"tribe-events-calendar-month__calendar-event-tooltip-featured-image\"\n\t\tsrc=\"https:\/\/fundacioncajaruraldelsur.com\/wp-content\/uploads\/2019\/01\/Exposicion_Fotografia.jpg\"\n\t\t\t\t\tsrcset=\"https:\/\/fundacioncajaruraldelsur.com\/wp-content\/uploads\/2019\/01\/Exposicion_Fotografia-300x78.jpg 300w, https:\/\/fundacioncajaruraldelsur.com\/wp-content\/uploads\/2019\/01\/Exposicion_Fotografia-768x200.jpg 768w, https:\/\/fundacioncajaruraldelsur.com\/wp-content\/uploads\/2019\/01\/Exposicion_Fotografia-1024x267.jpg 1024w, https:\/\/fundacioncajaruraldelsur.com\/wp-content\/uploads\/2019\/01\/Exposicion_Fotografia.jpg 1919w\"\n\t\t\t\t\t\t\talt=\"\"\n\t\t\t\/>\n<\/div>\n\t\t<div class=\"tribe-events-calendar-month__calendar-event-tooltip-datetime\">\n\t\t<time datetime=\"2026-03-19\">\n\t\t<span class=\"tribe-event-date-start\">March 19 @ 8:00 am<\/span> - <span class=\"tribe-event-date-end\">April 17 @ 5:00 pm<\/span>\t<\/time>\n\t<\/div>\n\t\t<div class=\"tribe-events-calendar-month__calendar-event-tooltip-title tribe-common-h7\">\n\t<a\n\t\thref=\"https:\/\/fundacioncajaruraldelsur.com\/pt\/evento\/exposicion-fotografica-de-felix-vazquez-por-casualidad\/\"\n\t\ttitle=\"Exposici\u00f3n fotogr\u00e1fica de F\u00e9lix V\u00e1zquez: \u00abPor Casualidad\u00bb\"\n\t\trel=\"bookmark\"\n\t\tclass=\"tribe-events-calendar-month__calendar-event-tooltip-title-link tribe-common-anchor-thin\"\n\t>\n\t\tExposici\u00f3n fotogr\u00e1fica de F\u00e9lix V\u00e1zquez: \u00abPor Casualidad\u00bb\t<\/a>\n<\/div>\n\t\t\t\t\t<\/div>\n<\/div>\n\t<\/article>\n<\/div>\n\n\t<div class=\"tribe-events-calendar-month__multiday-event-wrapper\">\n\t<article  class=\"tribe-events-calendar-month__multiday-event post-10001122 tribe_events type-tribe_events status-publish hentry tribe-events-calendar-month__multiday-event--width-7 tribe-events-calendar-month__multiday-event--display tribe-events-calendar-month__multiday-event--past\"  data-event-id=\"10001122\">\n\t\t<div class=\"tribe-events-calendar-month__multiday-event-hidden\">\n\t<time\n\tdatetime=\"2026-03-19\"\n\tclass=\"tribe-common-a11y-visual-hide\"\n>\n\t2026-03-19<\/time>\n\t<a\n\thref=\"https:\/\/fundacioncajaruraldelsur.com\/pt\/evento\/i-certamen-de-pintura-y-escultura-alfonso-aramburu-terrades-2\/\"\n\tclass=\"tribe-events-calendar-month__multiday-event-hidden-link\"\n\tdata-js=\"tribe-events-tooltip\"\n\tdata-tooltip-content=\"#tribe-events-tooltip-content-10001122\"\n\taria-describedby=\"tribe-events-tooltip-content-10001122\"\n>\n\t\t<div class=\"tribe-events-calendar-month__multiday-event-hidden-title tribe-common-h8\">\n\tI Certamen de Pintura y Escultura \u00abAlfonso Aramburu Terrades\u00bb<\/div>\n<\/a>\n<\/div>\n\t\t<div class=\"tribe-events-calendar-month__multiday-event-bar\">\n\t<div class=\"tribe-events-calendar-month__multiday-event-bar-inner\">\n\t\t\t\t<div class=\"tribe-events-calendar-month__multiday-event-bar-title tribe-common-h8\">\n\tI Certamen de Pintura y Escultura \u00abAlfonso Aramburu Terrades\u00bb<\/div>\n\t<\/div>\n<\/div>\n<div class=\"tribe-events-calendar-month__calendar-event-tooltip-template tribe-common-a11y-hidden\">\n\t<div\n\t\tclass=\"tribe-events-calendar-month__calendar-event-tooltip\"\n\t\tid=\"tribe-events-tooltip-content-10001122\"\n\t\trole=\"tooltip\"\n\t>\n\t\t\t\t<div class=\"tribe-events-calendar-month__calendar-event-tooltip-datetime\">\n\t\t<time datetime=\"2026-03-19\">\n\t\t<span class=\"tribe-event-date-start\">March 19 @ 7:00 pm<\/span> - <span class=\"tribe-event-date-end\">April 17 @ 9:00 pm<\/span>\t<\/time>\n\t<\/div>\n\t\t<div class=\"tribe-events-calendar-month__calendar-event-tooltip-title tribe-common-h7\">\n\t<a\n\t\thref=\"https:\/\/fundacioncajaruraldelsur.com\/pt\/evento\/i-certamen-de-pintura-y-escultura-alfonso-aramburu-terrades-2\/\"\n\t\ttitle=\"I Certamen de Pintura y Escultura \u00abAlfonso Aramburu Terrades\u00bb\"\n\t\trel=\"bookmark\"\n\t\tclass=\"tribe-events-calendar-month__calendar-event-tooltip-title-link tribe-common-anchor-thin\"\n\t>\n\t\tI Certamen de Pintura y Escultura \u00abAlfonso Aramburu Terrades\u00bb\t<\/a>\n<\/div>\n\t\t\t\t\t<\/div>\n<\/div>\n\t<\/article>\n<\/div>\n\n\n\t\t\t<\/div>\n\n\t\n<\/div>\n<\/td>\n\n\t\t\t\n\t\t\t\t<td\n\t class=\"tribe-events-calendar-month__day tribe-events-calendar-month__day--past tribe-events-calendar-month__day--other-month tribe-events-calendar-month__day--past-month\" \taria-labelledby=\"tribe-events-calendar-day-2026-03-31\"\n\tdata-js=\"tribe-events-month-grid-cell\"\n>\n\t<button\n\taria-expanded=\"false\"\n\taria-controls=\"tribe-events-calendar-mobile-day-2026-03-31\"\n\taria-label=\"March 31, 2 eventos, past day\"\n\t class=\"tribe-events-calendar-month__day-cell tribe-events-calendar-month__day-cell--mobile\" \tdata-js=\"tribe-events-calendar-month-day-cell-mobile\"\n>\n\t<h3 class=\"tribe-events-calendar-month__day-date tribe-common-h6 tribe-common-h--alt\">\n\t\t<span class=\"tribe-common-a11y-visual-hide\">\n\t\t\t2 eventos\t\t<\/span>\n\t\t<time\n\t\t\tclass=\"tribe-events-calendar-month__day-date-daynum\"\n\t\t\tdatetime=\"2026-03-31\"\n\t\t>\n\t\t\t31\t\t<\/time>\n\t<\/h3>\n\t\n\t<span class=\"tribe-events-calendar-month__mobile-events-icon tribe-events-calendar-month__mobile-events-icon--event\" >\n\t<\/span>\n<\/button>\n\t\n<div\n\tid=\"tribe-events-calendar-day-2026-03-31\"\n\tclass=\"tribe-events-calendar-month__day-cell tribe-events-calendar-month__day-cell--desktop tribe-common-a11y-hidden\"\n>\n\t\n<h3 class=\"tribe-events-calendar-month__day-date tribe-common-h4\">\n\t<span class=\"tribe-common-a11y-visual-hide\">\n\t\t2 eventos,\n\t<\/span>\n\t<time\n\t\tclass=\"tribe-events-calendar-month__day-date-daynum\"\n\t\tdatetime=\"2026-03-31\"\n\t>\n\t\t\t\t\t<a\n\t\t\t\thref=\"https:\/\/fundacioncajaruraldelsur.com\/pt\/eventos\/2026-03-31\/?shortcode=tribe-widget-events-month-10\"\n\t\t\t\tclass=\"tribe-events-calendar-month__day-date-link\"\n\t\t\t\tdata-js=\"tribe-events-view-link\"\n\t\t\t\taria-label=\"March 31\"\n\t\t\t>\n\t\t\t\t31\t\t\t<\/a>\n\t\t\t<\/time>\n<\/h3>\n\n\t<div class=\"tribe-events-calendar-month__events\">\n\t\t\n\t<div class=\"tribe-events-calendar-month__multiday-event-wrapper\">\n\t<article  class=\"tribe-events-calendar-month__multiday-event post-10001120 tribe_events type-tribe_events status-publish has-post-thumbnail hentry tribe_events_cat-exposiciones cat_exposiciones\"  data-event-id=\"10001120\">\n\t\t<div class=\"tribe-events-calendar-month__multiday-event-hidden\">\n\t<time\n\tdatetime=\"2026-03-19\"\n\tclass=\"tribe-common-a11y-visual-hide\"\n>\n\t2026-03-19<\/time>\n\t<a\n\thref=\"https:\/\/fundacioncajaruraldelsur.com\/pt\/evento\/exposicion-fotografica-de-felix-vazquez-por-casualidad\/\"\n\tclass=\"tribe-events-calendar-month__multiday-event-hidden-link\"\n\tdata-js=\"tribe-events-tooltip\"\n\tdata-tooltip-content=\"#tribe-events-tooltip-content-10001120\"\n\taria-describedby=\"tribe-events-tooltip-content-10001120\"\n>\n\t\t<div class=\"tribe-events-calendar-month__multiday-event-hidden-title tribe-common-h8\">\n\tExposici\u00f3n fotogr\u00e1fica de F\u00e9lix V\u00e1zquez: \u00abPor Casualidad\u00bb<\/div>\n<\/a>\n<\/div>\n\t\t\t<\/article>\n<\/div>\n\n\t<div class=\"tribe-events-calendar-month__multiday-event-wrapper\">\n\t<article  class=\"tribe-events-calendar-month__multiday-event post-10001122 tribe_events type-tribe_events status-publish hentry\"  data-event-id=\"10001122\">\n\t\t<div class=\"tribe-events-calendar-month__multiday-event-hidden\">\n\t<time\n\tdatetime=\"2026-03-19\"\n\tclass=\"tribe-common-a11y-visual-hide\"\n>\n\t2026-03-19<\/time>\n\t<a\n\thref=\"https:\/\/fundacioncajaruraldelsur.com\/pt\/evento\/i-certamen-de-pintura-y-escultura-alfonso-aramburu-terrades-2\/\"\n\tclass=\"tribe-events-calendar-month__multiday-event-hidden-link\"\n\tdata-js=\"tribe-events-tooltip\"\n\tdata-tooltip-content=\"#tribe-events-tooltip-content-10001122\"\n\taria-describedby=\"tribe-events-tooltip-content-10001122\"\n>\n\t\t<div class=\"tribe-events-calendar-month__multiday-event-hidden-title tribe-common-h8\">\n\tI Certamen de Pintura y Escultura \u00abAlfonso Aramburu Terrades\u00bb<\/div>\n<\/a>\n<\/div>\n\t\t\t<\/article>\n<\/div>\n\n\n\t\t\t<\/div>\n\n\t\n<\/div>\n<\/td>\n\n\t\t\t\n\t\t\t\t<td\n\t class=\"tribe-events-calendar-month__day tribe-events-calendar-month__day--past\" \taria-labelledby=\"tribe-events-calendar-day-2026-04-01\"\n\tdata-js=\"tribe-events-month-grid-cell\"\n>\n\t<button\n\taria-expanded=\"false\"\n\taria-controls=\"tribe-events-calendar-mobile-day-2026-04-1\"\n\taria-label=\"April 1, 2 eventos, past day\"\n\t class=\"tribe-events-calendar-month__day-cell tribe-events-calendar-month__day-cell--mobile\" \tdata-js=\"tribe-events-calendar-month-day-cell-mobile\"\n>\n\t<h3 class=\"tribe-events-calendar-month__day-date tribe-common-h6 tribe-common-h--alt\">\n\t\t<span class=\"tribe-common-a11y-visual-hide\">\n\t\t\t2 eventos\t\t<\/span>\n\t\t<time\n\t\t\tclass=\"tribe-events-calendar-month__day-date-daynum\"\n\t\t\tdatetime=\"2026-04-01\"\n\t\t>\n\t\t\t1\t\t<\/time>\n\t<\/h3>\n\t\n\t<span class=\"tribe-events-calendar-month__mobile-events-icon tribe-events-calendar-month__mobile-events-icon--event\" >\n\t<\/span>\n<\/button>\n\t\n<div\n\tid=\"tribe-events-calendar-day-2026-04-01\"\n\tclass=\"tribe-events-calendar-month__day-cell tribe-events-calendar-month__day-cell--desktop tribe-common-a11y-hidden\"\n>\n\t\n<h3 class=\"tribe-events-calendar-month__day-date tribe-common-h4\">\n\t<span class=\"tribe-common-a11y-visual-hide\">\n\t\t2 eventos,\n\t<\/span>\n\t<time\n\t\tclass=\"tribe-events-calendar-month__day-date-daynum\"\n\t\tdatetime=\"2026-04-01\"\n\t>\n\t\t\t\t\t<a\n\t\t\t\thref=\"https:\/\/fundacioncajaruraldelsur.com\/pt\/eventos\/2026-04-01\/?shortcode=tribe-widget-events-month-10\"\n\t\t\t\tclass=\"tribe-events-calendar-month__day-date-link\"\n\t\t\t\tdata-js=\"tribe-events-view-link\"\n\t\t\t\taria-label=\"April 1\"\n\t\t\t>\n\t\t\t\t1\t\t\t<\/a>\n\t\t\t<\/time>\n<\/h3>\n\n\t<div class=\"tribe-events-calendar-month__events\">\n\t\t\n\t<div class=\"tribe-events-calendar-month__multiday-event-wrapper\">\n\t<article  class=\"tribe-events-calendar-month__multiday-event post-10001120 tribe_events type-tribe_events status-publish has-post-thumbnail hentry tribe_events_cat-exposiciones cat_exposiciones\"  data-event-id=\"10001120\">\n\t\t<div class=\"tribe-events-calendar-month__multiday-event-hidden\">\n\t<time\n\tdatetime=\"2026-03-19\"\n\tclass=\"tribe-common-a11y-visual-hide\"\n>\n\t2026-03-19<\/time>\n\t<a\n\thref=\"https:\/\/fundacioncajaruraldelsur.com\/pt\/evento\/exposicion-fotografica-de-felix-vazquez-por-casualidad\/\"\n\tclass=\"tribe-events-calendar-month__multiday-event-hidden-link\"\n\tdata-js=\"tribe-events-tooltip\"\n\tdata-tooltip-content=\"#tribe-events-tooltip-content-10001120\"\n\taria-describedby=\"tribe-events-tooltip-content-10001120\"\n>\n\t\t<div class=\"tribe-events-calendar-month__multiday-event-hidden-title tribe-common-h8\">\n\tExposici\u00f3n fotogr\u00e1fica de F\u00e9lix V\u00e1zquez: \u00abPor Casualidad\u00bb<\/div>\n<\/a>\n<\/div>\n\t\t\t<\/article>\n<\/div>\n\n\t<div class=\"tribe-events-calendar-month__multiday-event-wrapper\">\n\t<article  class=\"tribe-events-calendar-month__multiday-event post-10001122 tribe_events type-tribe_events status-publish hentry\"  data-event-id=\"10001122\">\n\t\t<div class=\"tribe-events-calendar-month__multiday-event-hidden\">\n\t<time\n\tdatetime=\"2026-03-19\"\n\tclass=\"tribe-common-a11y-visual-hide\"\n>\n\t2026-03-19<\/time>\n\t<a\n\thref=\"https:\/\/fundacioncajaruraldelsur.com\/pt\/evento\/i-certamen-de-pintura-y-escultura-alfonso-aramburu-terrades-2\/\"\n\tclass=\"tribe-events-calendar-month__multiday-event-hidden-link\"\n\tdata-js=\"tribe-events-tooltip\"\n\tdata-tooltip-content=\"#tribe-events-tooltip-content-10001122\"\n\taria-describedby=\"tribe-events-tooltip-content-10001122\"\n>\n\t\t<div class=\"tribe-events-calendar-month__multiday-event-hidden-title tribe-common-h8\">\n\tI Certamen de Pintura y Escultura \u00abAlfonso Aramburu Terrades\u00bb<\/div>\n<\/a>\n<\/div>\n\t\t\t<\/article>\n<\/div>\n\n\n\t\t\t<\/div>\n\n\t\n<\/div>\n<\/td>\n\n\t\t\t\n\t\t\t\t<td\n\t class=\"tribe-events-calendar-month__day tribe-events-calendar-month__day--past\" \taria-labelledby=\"tribe-events-calendar-day-2026-04-02\"\n\tdata-js=\"tribe-events-month-grid-cell\"\n>\n\t<button\n\taria-expanded=\"false\"\n\taria-controls=\"tribe-events-calendar-mobile-day-2026-04-2\"\n\taria-label=\"April 2, 2 eventos, past day\"\n\t class=\"tribe-events-calendar-month__day-cell tribe-events-calendar-month__day-cell--mobile\" \tdata-js=\"tribe-events-calendar-month-day-cell-mobile\"\n>\n\t<h3 class=\"tribe-events-calendar-month__day-date tribe-common-h6 tribe-common-h--alt\">\n\t\t<span class=\"tribe-common-a11y-visual-hide\">\n\t\t\t2 eventos\t\t<\/span>\n\t\t<time\n\t\t\tclass=\"tribe-events-calendar-month__day-date-daynum\"\n\t\t\tdatetime=\"2026-04-02\"\n\t\t>\n\t\t\t2\t\t<\/time>\n\t<\/h3>\n\t\n\t<span class=\"tribe-events-calendar-month__mobile-events-icon tribe-events-calendar-month__mobile-events-icon--event\" >\n\t<\/span>\n<\/button>\n\t\n<div\n\tid=\"tribe-events-calendar-day-2026-04-02\"\n\tclass=\"tribe-events-calendar-month__day-cell tribe-events-calendar-month__day-cell--desktop tribe-common-a11y-hidden\"\n>\n\t\n<h3 class=\"tribe-events-calendar-month__day-date tribe-common-h4\">\n\t<span class=\"tribe-common-a11y-visual-hide\">\n\t\t2 eventos,\n\t<\/span>\n\t<time\n\t\tclass=\"tribe-events-calendar-month__day-date-daynum\"\n\t\tdatetime=\"2026-04-02\"\n\t>\n\t\t\t\t\t<a\n\t\t\t\thref=\"https:\/\/fundacioncajaruraldelsur.com\/pt\/eventos\/2026-04-02\/?shortcode=tribe-widget-events-month-10\"\n\t\t\t\tclass=\"tribe-events-calendar-month__day-date-link\"\n\t\t\t\tdata-js=\"tribe-events-view-link\"\n\t\t\t\taria-label=\"April 2\"\n\t\t\t>\n\t\t\t\t2\t\t\t<\/a>\n\t\t\t<\/time>\n<\/h3>\n\n\t<div class=\"tribe-events-calendar-month__events\">\n\t\t\n\t<div class=\"tribe-events-calendar-month__multiday-event-wrapper\">\n\t<article  class=\"tribe-events-calendar-month__multiday-event post-10001120 tribe_events type-tribe_events status-publish has-post-thumbnail hentry tribe_events_cat-exposiciones cat_exposiciones\"  data-event-id=\"10001120\">\n\t\t<div class=\"tribe-events-calendar-month__multiday-event-hidden\">\n\t<time\n\tdatetime=\"2026-03-19\"\n\tclass=\"tribe-common-a11y-visual-hide\"\n>\n\t2026-03-19<\/time>\n\t<a\n\thref=\"https:\/\/fundacioncajaruraldelsur.com\/pt\/evento\/exposicion-fotografica-de-felix-vazquez-por-casualidad\/\"\n\tclass=\"tribe-events-calendar-month__multiday-event-hidden-link\"\n\tdata-js=\"tribe-events-tooltip\"\n\tdata-tooltip-content=\"#tribe-events-tooltip-content-10001120\"\n\taria-describedby=\"tribe-events-tooltip-content-10001120\"\n>\n\t\t<div class=\"tribe-events-calendar-month__multiday-event-hidden-title tribe-common-h8\">\n\tExposici\u00f3n fotogr\u00e1fica de F\u00e9lix V\u00e1zquez: \u00abPor Casualidad\u00bb<\/div>\n<\/a>\n<\/div>\n\t\t\t<\/article>\n<\/div>\n\n\t<div class=\"tribe-events-calendar-month__multiday-event-wrapper\">\n\t<article  class=\"tribe-events-calendar-month__multiday-event post-10001122 tribe_events type-tribe_events status-publish hentry\"  data-event-id=\"10001122\">\n\t\t<div class=\"tribe-events-calendar-month__multiday-event-hidden\">\n\t<time\n\tdatetime=\"2026-03-19\"\n\tclass=\"tribe-common-a11y-visual-hide\"\n>\n\t2026-03-19<\/time>\n\t<a\n\thref=\"https:\/\/fundacioncajaruraldelsur.com\/pt\/evento\/i-certamen-de-pintura-y-escultura-alfonso-aramburu-terrades-2\/\"\n\tclass=\"tribe-events-calendar-month__multiday-event-hidden-link\"\n\tdata-js=\"tribe-events-tooltip\"\n\tdata-tooltip-content=\"#tribe-events-tooltip-content-10001122\"\n\taria-describedby=\"tribe-events-tooltip-content-10001122\"\n>\n\t\t<div class=\"tribe-events-calendar-month__multiday-event-hidden-title tribe-common-h8\">\n\tI Certamen de Pintura y Escultura \u00abAlfonso Aramburu Terrades\u00bb<\/div>\n<\/a>\n<\/div>\n\t\t\t<\/article>\n<\/div>\n\n\n\t\t\t<\/div>\n\n\t\n<\/div>\n<\/td>\n\n\t\t\t\n\t\t\t\t<td\n\t class=\"tribe-events-calendar-month__day tribe-events-calendar-month__day--past\" \taria-labelledby=\"tribe-events-calendar-day-2026-04-03\"\n\tdata-js=\"tribe-events-month-grid-cell\"\n>\n\t<button\n\taria-expanded=\"false\"\n\taria-controls=\"tribe-events-calendar-mobile-day-2026-04-3\"\n\taria-label=\"April 3, 2 eventos, past day\"\n\t class=\"tribe-events-calendar-month__day-cell tribe-events-calendar-month__day-cell--mobile\" \tdata-js=\"tribe-events-calendar-month-day-cell-mobile\"\n>\n\t<h3 class=\"tribe-events-calendar-month__day-date tribe-common-h6 tribe-common-h--alt\">\n\t\t<span class=\"tribe-common-a11y-visual-hide\">\n\t\t\t2 eventos\t\t<\/span>\n\t\t<time\n\t\t\tclass=\"tribe-events-calendar-month__day-date-daynum\"\n\t\t\tdatetime=\"2026-04-03\"\n\t\t>\n\t\t\t3\t\t<\/time>\n\t<\/h3>\n\t\n\t<span class=\"tribe-events-calendar-month__mobile-events-icon tribe-events-calendar-month__mobile-events-icon--event\" >\n\t<\/span>\n<\/button>\n\t\n<div\n\tid=\"tribe-events-calendar-day-2026-04-03\"\n\tclass=\"tribe-events-calendar-month__day-cell tribe-events-calendar-month__day-cell--desktop tribe-common-a11y-hidden\"\n>\n\t\n<h3 class=\"tribe-events-calendar-month__day-date tribe-common-h4\">\n\t<span class=\"tribe-common-a11y-visual-hide\">\n\t\t2 eventos,\n\t<\/span>\n\t<time\n\t\tclass=\"tribe-events-calendar-month__day-date-daynum\"\n\t\tdatetime=\"2026-04-03\"\n\t>\n\t\t\t\t\t<a\n\t\t\t\thref=\"https:\/\/fundacioncajaruraldelsur.com\/pt\/eventos\/2026-04-03\/?shortcode=tribe-widget-events-month-10\"\n\t\t\t\tclass=\"tribe-events-calendar-month__day-date-link\"\n\t\t\t\tdata-js=\"tribe-events-view-link\"\n\t\t\t\taria-label=\"April 3\"\n\t\t\t>\n\t\t\t\t3\t\t\t<\/a>\n\t\t\t<\/time>\n<\/h3>\n\n\t<div class=\"tribe-events-calendar-month__events\">\n\t\t\n\t<div class=\"tribe-events-calendar-month__multiday-event-wrapper\">\n\t<article  class=\"tribe-events-calendar-month__multiday-event post-10001120 tribe_events type-tribe_events status-publish has-post-thumbnail hentry tribe_events_cat-exposiciones cat_exposiciones\"  data-event-id=\"10001120\">\n\t\t<div class=\"tribe-events-calendar-month__multiday-event-hidden\">\n\t<time\n\tdatetime=\"2026-03-19\"\n\tclass=\"tribe-common-a11y-visual-hide\"\n>\n\t2026-03-19<\/time>\n\t<a\n\thref=\"https:\/\/fundacioncajaruraldelsur.com\/pt\/evento\/exposicion-fotografica-de-felix-vazquez-por-casualidad\/\"\n\tclass=\"tribe-events-calendar-month__multiday-event-hidden-link\"\n\tdata-js=\"tribe-events-tooltip\"\n\tdata-tooltip-content=\"#tribe-events-tooltip-content-10001120\"\n\taria-describedby=\"tribe-events-tooltip-content-10001120\"\n>\n\t\t<div class=\"tribe-events-calendar-month__multiday-event-hidden-title tribe-common-h8\">\n\tExposici\u00f3n fotogr\u00e1fica de F\u00e9lix V\u00e1zquez: \u00abPor Casualidad\u00bb<\/div>\n<\/a>\n<\/div>\n\t\t\t<\/article>\n<\/div>\n\n\t<div class=\"tribe-events-calendar-month__multiday-event-wrapper\">\n\t<article  class=\"tribe-events-calendar-month__multiday-event post-10001122 tribe_events type-tribe_events status-publish hentry\"  data-event-id=\"10001122\">\n\t\t<div class=\"tribe-events-calendar-month__multiday-event-hidden\">\n\t<time\n\tdatetime=\"2026-03-19\"\n\tclass=\"tribe-common-a11y-visual-hide\"\n>\n\t2026-03-19<\/time>\n\t<a\n\thref=\"https:\/\/fundacioncajaruraldelsur.com\/pt\/evento\/i-certamen-de-pintura-y-escultura-alfonso-aramburu-terrades-2\/\"\n\tclass=\"tribe-events-calendar-month__multiday-event-hidden-link\"\n\tdata-js=\"tribe-events-tooltip\"\n\tdata-tooltip-content=\"#tribe-events-tooltip-content-10001122\"\n\taria-describedby=\"tribe-events-tooltip-content-10001122\"\n>\n\t\t<div class=\"tribe-events-calendar-month__multiday-event-hidden-title tribe-common-h8\">\n\tI Certamen de Pintura y Escultura \u00abAlfonso Aramburu Terrades\u00bb<\/div>\n<\/a>\n<\/div>\n\t\t\t<\/article>\n<\/div>\n\n\n\t\t\t<\/div>\n\n\t\n<\/div>\n<\/td>\n\n\t\t\t\n\t\t\t\t<td\n\t class=\"tribe-events-calendar-month__day tribe-events-calendar-month__day--past\" \taria-labelledby=\"tribe-events-calendar-day-2026-04-04\"\n\tdata-js=\"tribe-events-month-grid-cell\"\n>\n\t<button\n\taria-expanded=\"false\"\n\taria-controls=\"tribe-events-calendar-mobile-day-2026-04-4\"\n\taria-label=\"April 4, 2 eventos, past day\"\n\t class=\"tribe-events-calendar-month__day-cell tribe-events-calendar-month__day-cell--mobile\" \tdata-js=\"tribe-events-calendar-month-day-cell-mobile\"\n>\n\t<h3 class=\"tribe-events-calendar-month__day-date tribe-common-h6 tribe-common-h--alt\">\n\t\t<span class=\"tribe-common-a11y-visual-hide\">\n\t\t\t2 eventos\t\t<\/span>\n\t\t<time\n\t\t\tclass=\"tribe-events-calendar-month__day-date-daynum\"\n\t\t\tdatetime=\"2026-04-04\"\n\t\t>\n\t\t\t4\t\t<\/time>\n\t<\/h3>\n\t\n\t<span class=\"tribe-events-calendar-month__mobile-events-icon tribe-events-calendar-month__mobile-events-icon--event\" >\n\t<\/span>\n<\/button>\n\t\n<div\n\tid=\"tribe-events-calendar-day-2026-04-04\"\n\tclass=\"tribe-events-calendar-month__day-cell tribe-events-calendar-month__day-cell--desktop tribe-common-a11y-hidden\"\n>\n\t\n<h3 class=\"tribe-events-calendar-month__day-date tribe-common-h4\">\n\t<span class=\"tribe-common-a11y-visual-hide\">\n\t\t2 eventos,\n\t<\/span>\n\t<time\n\t\tclass=\"tribe-events-calendar-month__day-date-daynum\"\n\t\tdatetime=\"2026-04-04\"\n\t>\n\t\t\t\t\t<a\n\t\t\t\thref=\"https:\/\/fundacioncajaruraldelsur.com\/pt\/eventos\/2026-04-04\/?shortcode=tribe-widget-events-month-10\"\n\t\t\t\tclass=\"tribe-events-calendar-month__day-date-link\"\n\t\t\t\tdata-js=\"tribe-events-view-link\"\n\t\t\t\taria-label=\"April 4\"\n\t\t\t>\n\t\t\t\t4\t\t\t<\/a>\n\t\t\t<\/time>\n<\/h3>\n\n\t<div class=\"tribe-events-calendar-month__events\">\n\t\t\n\t<div class=\"tribe-events-calendar-month__multiday-event-wrapper\">\n\t<article  class=\"tribe-events-calendar-month__multiday-event post-10001120 tribe_events type-tribe_events status-publish has-post-thumbnail hentry tribe_events_cat-exposiciones cat_exposiciones\"  data-event-id=\"10001120\">\n\t\t<div class=\"tribe-events-calendar-month__multiday-event-hidden\">\n\t<time\n\tdatetime=\"2026-03-19\"\n\tclass=\"tribe-common-a11y-visual-hide\"\n>\n\t2026-03-19<\/time>\n\t<a\n\thref=\"https:\/\/fundacioncajaruraldelsur.com\/pt\/evento\/exposicion-fotografica-de-felix-vazquez-por-casualidad\/\"\n\tclass=\"tribe-events-calendar-month__multiday-event-hidden-link\"\n\tdata-js=\"tribe-events-tooltip\"\n\tdata-tooltip-content=\"#tribe-events-tooltip-content-10001120\"\n\taria-describedby=\"tribe-events-tooltip-content-10001120\"\n>\n\t\t<div class=\"tribe-events-calendar-month__multiday-event-hidden-title tribe-common-h8\">\n\tExposici\u00f3n fotogr\u00e1fica de F\u00e9lix V\u00e1zquez: \u00abPor Casualidad\u00bb<\/div>\n<\/a>\n<\/div>\n\t\t\t<\/article>\n<\/div>\n\n\t<div class=\"tribe-events-calendar-month__multiday-event-wrapper\">\n\t<article  class=\"tribe-events-calendar-month__multiday-event post-10001122 tribe_events type-tribe_events status-publish hentry\"  data-event-id=\"10001122\">\n\t\t<div class=\"tribe-events-calendar-month__multiday-event-hidden\">\n\t<time\n\tdatetime=\"2026-03-19\"\n\tclass=\"tribe-common-a11y-visual-hide\"\n>\n\t2026-03-19<\/time>\n\t<a\n\thref=\"https:\/\/fundacioncajaruraldelsur.com\/pt\/evento\/i-certamen-de-pintura-y-escultura-alfonso-aramburu-terrades-2\/\"\n\tclass=\"tribe-events-calendar-month__multiday-event-hidden-link\"\n\tdata-js=\"tribe-events-tooltip\"\n\tdata-tooltip-content=\"#tribe-events-tooltip-content-10001122\"\n\taria-describedby=\"tribe-events-tooltip-content-10001122\"\n>\n\t\t<div class=\"tribe-events-calendar-month__multiday-event-hidden-title tribe-common-h8\">\n\tI Certamen de Pintura y Escultura \u00abAlfonso Aramburu Terrades\u00bb<\/div>\n<\/a>\n<\/div>\n\t\t\t<\/article>\n<\/div>\n\n\n\t\t\t<\/div>\n\n\t\n<\/div>\n<\/td>\n\n\t\t\t\n\t\t\t\t<td\n\t class=\"tribe-events-calendar-month__day tribe-events-calendar-month__day--past\" \taria-labelledby=\"tribe-events-calendar-day-2026-04-05\"\n\tdata-js=\"tribe-events-month-grid-cell\"\n>\n\t<button\n\taria-expanded=\"false\"\n\taria-controls=\"tribe-events-calendar-mobile-day-2026-04-5\"\n\taria-label=\"April 5, 2 eventos, past day\"\n\t class=\"tribe-events-calendar-month__day-cell tribe-events-calendar-month__day-cell--mobile\" \tdata-js=\"tribe-events-calendar-month-day-cell-mobile\"\n>\n\t<h3 class=\"tribe-events-calendar-month__day-date tribe-common-h6 tribe-common-h--alt\">\n\t\t<span class=\"tribe-common-a11y-visual-hide\">\n\t\t\t2 eventos\t\t<\/span>\n\t\t<time\n\t\t\tclass=\"tribe-events-calendar-month__day-date-daynum\"\n\t\t\tdatetime=\"2026-04-05\"\n\t\t>\n\t\t\t5\t\t<\/time>\n\t<\/h3>\n\t\n\t<span class=\"tribe-events-calendar-month__mobile-events-icon tribe-events-calendar-month__mobile-events-icon--event\" >\n\t<\/span>\n<\/button>\n\t\n<div\n\tid=\"tribe-events-calendar-day-2026-04-05\"\n\tclass=\"tribe-events-calendar-month__day-cell tribe-events-calendar-month__day-cell--desktop tribe-common-a11y-hidden\"\n>\n\t\n<h3 class=\"tribe-events-calendar-month__day-date tribe-common-h4\">\n\t<span class=\"tribe-common-a11y-visual-hide\">\n\t\t2 eventos,\n\t<\/span>\n\t<time\n\t\tclass=\"tribe-events-calendar-month__day-date-daynum\"\n\t\tdatetime=\"2026-04-05\"\n\t>\n\t\t\t\t\t<a\n\t\t\t\thref=\"https:\/\/fundacioncajaruraldelsur.com\/pt\/eventos\/2026-04-05\/?shortcode=tribe-widget-events-month-10\"\n\t\t\t\tclass=\"tribe-events-calendar-month__day-date-link\"\n\t\t\t\tdata-js=\"tribe-events-view-link\"\n\t\t\t\taria-label=\"April 5\"\n\t\t\t>\n\t\t\t\t5\t\t\t<\/a>\n\t\t\t<\/time>\n<\/h3>\n\n\t<div class=\"tribe-events-calendar-month__events\">\n\t\t\n\t<div class=\"tribe-events-calendar-month__multiday-event-wrapper\">\n\t<article  class=\"tribe-events-calendar-month__multiday-event post-10001120 tribe_events type-tribe_events status-publish has-post-thumbnail hentry tribe_events_cat-exposiciones cat_exposiciones\"  data-event-id=\"10001120\">\n\t\t<div class=\"tribe-events-calendar-month__multiday-event-hidden\">\n\t<time\n\tdatetime=\"2026-03-19\"\n\tclass=\"tribe-common-a11y-visual-hide\"\n>\n\t2026-03-19<\/time>\n\t<a\n\thref=\"https:\/\/fundacioncajaruraldelsur.com\/pt\/evento\/exposicion-fotografica-de-felix-vazquez-por-casualidad\/\"\n\tclass=\"tribe-events-calendar-month__multiday-event-hidden-link\"\n\tdata-js=\"tribe-events-tooltip\"\n\tdata-tooltip-content=\"#tribe-events-tooltip-content-10001120\"\n\taria-describedby=\"tribe-events-tooltip-content-10001120\"\n>\n\t\t<div class=\"tribe-events-calendar-month__multiday-event-hidden-title tribe-common-h8\">\n\tExposici\u00f3n fotogr\u00e1fica de F\u00e9lix V\u00e1zquez: \u00abPor Casualidad\u00bb<\/div>\n<\/a>\n<\/div>\n\t\t\t<\/article>\n<\/div>\n\n\t<div class=\"tribe-events-calendar-month__multiday-event-wrapper\">\n\t<article  class=\"tribe-events-calendar-month__multiday-event post-10001122 tribe_events type-tribe_events status-publish hentry\"  data-event-id=\"10001122\">\n\t\t<div class=\"tribe-events-calendar-month__multiday-event-hidden\">\n\t<time\n\tdatetime=\"2026-03-19\"\n\tclass=\"tribe-common-a11y-visual-hide\"\n>\n\t2026-03-19<\/time>\n\t<a\n\thref=\"https:\/\/fundacioncajaruraldelsur.com\/pt\/evento\/i-certamen-de-pintura-y-escultura-alfonso-aramburu-terrades-2\/\"\n\tclass=\"tribe-events-calendar-month__multiday-event-hidden-link\"\n\tdata-js=\"tribe-events-tooltip\"\n\tdata-tooltip-content=\"#tribe-events-tooltip-content-10001122\"\n\taria-describedby=\"tribe-events-tooltip-content-10001122\"\n>\n\t\t<div class=\"tribe-events-calendar-month__multiday-event-hidden-title tribe-common-h8\">\n\tI Certamen de Pintura y Escultura \u00abAlfonso Aramburu Terrades\u00bb<\/div>\n<\/a>\n<\/div>\n\t\t\t<\/article>\n<\/div>\n\n\n\t\t\t<\/div>\n\n\t\n<\/div>\n<\/td>\n\n\t\t\t\t\t<\/tr>\n\t\t\t<tr class=\"tribe-events-calendar-month__week\" data-js=\"tribe-events-month-grid-row\">\n\t\t\t\n\t\t\t\t<td\n\t class=\"tribe-events-calendar-month__day tribe-events-calendar-month__day--past\" \taria-labelledby=\"tribe-events-calendar-day-2026-04-06\"\n\tdata-js=\"tribe-events-month-grid-cell\"\n>\n\t<button\n\taria-expanded=\"false\"\n\taria-controls=\"tribe-events-calendar-mobile-day-2026-04-6\"\n\taria-label=\"April 6, 2 eventos, past day\"\n\t class=\"tribe-events-calendar-month__day-cell tribe-events-calendar-month__day-cell--mobile\" \tdata-js=\"tribe-events-calendar-month-day-cell-mobile\"\n>\n\t<h3 class=\"tribe-events-calendar-month__day-date tribe-common-h6 tribe-common-h--alt\">\n\t\t<span class=\"tribe-common-a11y-visual-hide\">\n\t\t\t2 eventos\t\t<\/span>\n\t\t<time\n\t\t\tclass=\"tribe-events-calendar-month__day-date-daynum\"\n\t\t\tdatetime=\"2026-04-06\"\n\t\t>\n\t\t\t6\t\t<\/time>\n\t<\/h3>\n\t\n\t<span class=\"tribe-events-calendar-month__mobile-events-icon tribe-events-calendar-month__mobile-events-icon--event\" >\n\t<\/span>\n<\/button>\n\t\n<div\n\tid=\"tribe-events-calendar-day-2026-04-06\"\n\tclass=\"tribe-events-calendar-month__day-cell tribe-events-calendar-month__day-cell--desktop tribe-common-a11y-hidden\"\n>\n\t\n<h3 class=\"tribe-events-calendar-month__day-date tribe-common-h4\">\n\t<span class=\"tribe-common-a11y-visual-hide\">\n\t\t2 eventos,\n\t<\/span>\n\t<time\n\t\tclass=\"tribe-events-calendar-month__day-date-daynum\"\n\t\tdatetime=\"2026-04-06\"\n\t>\n\t\t\t\t\t<a\n\t\t\t\thref=\"https:\/\/fundacioncajaruraldelsur.com\/pt\/eventos\/2026-04-06\/?shortcode=tribe-widget-events-month-10\"\n\t\t\t\tclass=\"tribe-events-calendar-month__day-date-link\"\n\t\t\t\tdata-js=\"tribe-events-view-link\"\n\t\t\t\taria-label=\"April 6\"\n\t\t\t>\n\t\t\t\t6\t\t\t<\/a>\n\t\t\t<\/time>\n<\/h3>\n\n\t<div class=\"tribe-events-calendar-month__events\">\n\t\t\n\t<div class=\"tribe-events-calendar-month__multiday-event-wrapper\">\n\t<article  class=\"tribe-events-calendar-month__multiday-event post-10001120 tribe_events type-tribe_events status-publish has-post-thumbnail hentry tribe_events_cat-exposiciones cat_exposiciones tribe-events-calendar-month__multiday-event--width-7 tribe-events-calendar-month__multiday-event--display tribe-events-calendar-month__multiday-event--past\"  data-event-id=\"10001120\">\n\t\t<div class=\"tribe-events-calendar-month__multiday-event-hidden\">\n\t<time\n\tdatetime=\"2026-03-19\"\n\tclass=\"tribe-common-a11y-visual-hide\"\n>\n\t2026-03-19<\/time>\n\t<a\n\thref=\"https:\/\/fundacioncajaruraldelsur.com\/pt\/evento\/exposicion-fotografica-de-felix-vazquez-por-casualidad\/\"\n\tclass=\"tribe-events-calendar-month__multiday-event-hidden-link\"\n\tdata-js=\"tribe-events-tooltip\"\n\tdata-tooltip-content=\"#tribe-events-tooltip-content-10001120\"\n\taria-describedby=\"tribe-events-tooltip-content-10001120\"\n>\n\t\t<div class=\"tribe-events-calendar-month__multiday-event-hidden-title tribe-common-h8\">\n\tExposici\u00f3n fotogr\u00e1fica de F\u00e9lix V\u00e1zquez: \u00abPor Casualidad\u00bb<\/div>\n<\/a>\n<\/div>\n\t\t<div class=\"tribe-events-calendar-month__multiday-event-bar\">\n\t<div class=\"tribe-events-calendar-month__multiday-event-bar-inner\">\n\t\t\t\t<div class=\"tribe-events-calendar-month__multiday-event-bar-title tribe-common-h8\">\n\tExposici\u00f3n fotogr\u00e1fica de F\u00e9lix V\u00e1zquez: \u00abPor Casualidad\u00bb<\/div>\n\t<\/div>\n<\/div>\n\t<\/article>\n<\/div>\n\n\t<div class=\"tribe-events-calendar-month__multiday-event-wrapper\">\n\t<article  class=\"tribe-events-calendar-month__multiday-event post-10001122 tribe_events type-tribe_events status-publish hentry tribe-events-calendar-month__multiday-event--width-7 tribe-events-calendar-month__multiday-event--display tribe-events-calendar-month__multiday-event--past\"  data-event-id=\"10001122\">\n\t\t<div class=\"tribe-events-calendar-month__multiday-event-hidden\">\n\t<time\n\tdatetime=\"2026-03-19\"\n\tclass=\"tribe-common-a11y-visual-hide\"\n>\n\t2026-03-19<\/time>\n\t<a\n\thref=\"https:\/\/fundacioncajaruraldelsur.com\/pt\/evento\/i-certamen-de-pintura-y-escultura-alfonso-aramburu-terrades-2\/\"\n\tclass=\"tribe-events-calendar-month__multiday-event-hidden-link\"\n\tdata-js=\"tribe-events-tooltip\"\n\tdata-tooltip-content=\"#tribe-events-tooltip-content-10001122\"\n\taria-describedby=\"tribe-events-tooltip-content-10001122\"\n>\n\t\t<div class=\"tribe-events-calendar-month__multiday-event-hidden-title tribe-common-h8\">\n\tI Certamen de Pintura y Escultura \u00abAlfonso Aramburu Terrades\u00bb<\/div>\n<\/a>\n<\/div>\n\t\t<div class=\"tribe-events-calendar-month__multiday-event-bar\">\n\t<div class=\"tribe-events-calendar-month__multiday-event-bar-inner\">\n\t\t\t\t<div class=\"tribe-events-calendar-month__multiday-event-bar-title tribe-common-h8\">\n\tI Certamen de Pintura y Escultura \u00abAlfonso Aramburu Terrades\u00bb<\/div>\n\t<\/div>\n<\/div>\n\t<\/article>\n<\/div>\n\n\n\t\t\t<\/div>\n\n\t\n<\/div>\n<\/td>\n\n\t\t\t\n\t\t\t\t<td\n\t class=\"tribe-events-calendar-month__day tribe-events-calendar-month__day--past\" \taria-labelledby=\"tribe-events-calendar-day-2026-04-07\"\n\tdata-js=\"tribe-events-month-grid-cell\"\n>\n\t<button\n\taria-expanded=\"false\"\n\taria-controls=\"tribe-events-calendar-mobile-day-2026-04-7\"\n\taria-label=\"April 7, 2 eventos, past day\"\n\t class=\"tribe-events-calendar-month__day-cell tribe-events-calendar-month__day-cell--mobile\" \tdata-js=\"tribe-events-calendar-month-day-cell-mobile\"\n>\n\t<h3 class=\"tribe-events-calendar-month__day-date tribe-common-h6 tribe-common-h--alt\">\n\t\t<span class=\"tribe-common-a11y-visual-hide\">\n\t\t\t2 eventos\t\t<\/span>\n\t\t<time\n\t\t\tclass=\"tribe-events-calendar-month__day-date-daynum\"\n\t\t\tdatetime=\"2026-04-07\"\n\t\t>\n\t\t\t7\t\t<\/time>\n\t<\/h3>\n\t\n\t<span class=\"tribe-events-calendar-month__mobile-events-icon tribe-events-calendar-month__mobile-events-icon--event\" >\n\t<\/span>\n<\/button>\n\t\n<div\n\tid=\"tribe-events-calendar-day-2026-04-07\"\n\tclass=\"tribe-events-calendar-month__day-cell tribe-events-calendar-month__day-cell--desktop tribe-common-a11y-hidden\"\n>\n\t\n<h3 class=\"tribe-events-calendar-month__day-date tribe-common-h4\">\n\t<span class=\"tribe-common-a11y-visual-hide\">\n\t\t2 eventos,\n\t<\/span>\n\t<time\n\t\tclass=\"tribe-events-calendar-month__day-date-daynum\"\n\t\tdatetime=\"2026-04-07\"\n\t>\n\t\t\t\t\t<a\n\t\t\t\thref=\"https:\/\/fundacioncajaruraldelsur.com\/pt\/eventos\/2026-04-07\/?shortcode=tribe-widget-events-month-10\"\n\t\t\t\tclass=\"tribe-events-calendar-month__day-date-link\"\n\t\t\t\tdata-js=\"tribe-events-view-link\"\n\t\t\t\taria-label=\"April 7\"\n\t\t\t>\n\t\t\t\t7\t\t\t<\/a>\n\t\t\t<\/time>\n<\/h3>\n\n\t<div class=\"tribe-events-calendar-month__events\">\n\t\t\n\t<div class=\"tribe-events-calendar-month__multiday-event-wrapper\">\n\t<article  class=\"tribe-events-calendar-month__multiday-event post-10001120 tribe_events type-tribe_events status-publish has-post-thumbnail hentry tribe_events_cat-exposiciones cat_exposiciones\"  data-event-id=\"10001120\">\n\t\t<div class=\"tribe-events-calendar-month__multiday-event-hidden\">\n\t<time\n\tdatetime=\"2026-03-19\"\n\tclass=\"tribe-common-a11y-visual-hide\"\n>\n\t2026-03-19<\/time>\n\t<a\n\thref=\"https:\/\/fundacioncajaruraldelsur.com\/pt\/evento\/exposicion-fotografica-de-felix-vazquez-por-casualidad\/\"\n\tclass=\"tribe-events-calendar-month__multiday-event-hidden-link\"\n\tdata-js=\"tribe-events-tooltip\"\n\tdata-tooltip-content=\"#tribe-events-tooltip-content-10001120\"\n\taria-describedby=\"tribe-events-tooltip-content-10001120\"\n>\n\t\t<div class=\"tribe-events-calendar-month__multiday-event-hidden-title tribe-common-h8\">\n\tExposici\u00f3n fotogr\u00e1fica de F\u00e9lix V\u00e1zquez: \u00abPor Casualidad\u00bb<\/div>\n<\/a>\n<\/div>\n\t\t\t<\/article>\n<\/div>\n\n\t<div class=\"tribe-events-calendar-month__multiday-event-wrapper\">\n\t<article  class=\"tribe-events-calendar-month__multiday-event post-10001122 tribe_events type-tribe_events status-publish hentry\"  data-event-id=\"10001122\">\n\t\t<div class=\"tribe-events-calendar-month__multiday-event-hidden\">\n\t<time\n\tdatetime=\"2026-03-19\"\n\tclass=\"tribe-common-a11y-visual-hide\"\n>\n\t2026-03-19<\/time>\n\t<a\n\thref=\"https:\/\/fundacioncajaruraldelsur.com\/pt\/evento\/i-certamen-de-pintura-y-escultura-alfonso-aramburu-terrades-2\/\"\n\tclass=\"tribe-events-calendar-month__multiday-event-hidden-link\"\n\tdata-js=\"tribe-events-tooltip\"\n\tdata-tooltip-content=\"#tribe-events-tooltip-content-10001122\"\n\taria-describedby=\"tribe-events-tooltip-content-10001122\"\n>\n\t\t<div class=\"tribe-events-calendar-month__multiday-event-hidden-title tribe-common-h8\">\n\tI Certamen de Pintura y Escultura \u00abAlfonso Aramburu Terrades\u00bb<\/div>\n<\/a>\n<\/div>\n\t\t\t<\/article>\n<\/div>\n\n\n\t\t\t<\/div>\n\n\t\n<\/div>\n<\/td>\n\n\t\t\t\n\t\t\t\t<td\n\t class=\"tribe-events-calendar-month__day tribe-events-calendar-month__day--past\" \taria-labelledby=\"tribe-events-calendar-day-2026-04-08\"\n\tdata-js=\"tribe-events-month-grid-cell\"\n>\n\t<button\n\taria-expanded=\"false\"\n\taria-controls=\"tribe-events-calendar-mobile-day-2026-04-8\"\n\taria-label=\"April 8, 3 eventos, past day\"\n\t class=\"tribe-events-calendar-month__day-cell tribe-events-calendar-month__day-cell--mobile\" \tdata-js=\"tribe-events-calendar-month-day-cell-mobile\"\n>\n\t<h3 class=\"tribe-events-calendar-month__day-date tribe-common-h6 tribe-common-h--alt\">\n\t\t<span class=\"tribe-common-a11y-visual-hide\">\n\t\t\t3 eventos\t\t<\/span>\n\t\t<time\n\t\t\tclass=\"tribe-events-calendar-month__day-date-daynum\"\n\t\t\tdatetime=\"2026-04-08\"\n\t\t>\n\t\t\t8\t\t<\/time>\n\t<\/h3>\n\t\n\t<span class=\"tribe-events-calendar-month__mobile-events-icon tribe-events-calendar-month__mobile-events-icon--event\" >\n\t<\/span>\n<\/button>\n\t\n<div\n\tid=\"tribe-events-calendar-day-2026-04-08\"\n\tclass=\"tribe-events-calendar-month__day-cell tribe-events-calendar-month__day-cell--desktop tribe-common-a11y-hidden\"\n>\n\t\n<h3 class=\"tribe-events-calendar-month__day-date tribe-common-h4\">\n\t<span class=\"tribe-common-a11y-visual-hide\">\n\t\t3 eventos,\n\t<\/span>\n\t<time\n\t\tclass=\"tribe-events-calendar-month__day-date-daynum\"\n\t\tdatetime=\"2026-04-08\"\n\t>\n\t\t\t\t\t<a\n\t\t\t\thref=\"https:\/\/fundacioncajaruraldelsur.com\/pt\/eventos\/2026-04-08\/?shortcode=tribe-widget-events-month-10\"\n\t\t\t\tclass=\"tribe-events-calendar-month__day-date-link\"\n\t\t\t\tdata-js=\"tribe-events-view-link\"\n\t\t\t\taria-label=\"April 8\"\n\t\t\t>\n\t\t\t\t8\t\t\t<\/a>\n\t\t\t<\/time>\n<\/h3>\n\n\t<div class=\"tribe-events-calendar-month__events\">\n\t\t\n\t<div class=\"tribe-events-calendar-month__multiday-event-wrapper\">\n\t<article  class=\"tribe-events-calendar-month__multiday-event post-10001120 tribe_events type-tribe_events status-publish has-post-thumbnail hentry tribe_events_cat-exposiciones cat_exposiciones\"  data-event-id=\"10001120\">\n\t\t<div class=\"tribe-events-calendar-month__multiday-event-hidden\">\n\t<time\n\tdatetime=\"2026-03-19\"\n\tclass=\"tribe-common-a11y-visual-hide\"\n>\n\t2026-03-19<\/time>\n\t<a\n\thref=\"https:\/\/fundacioncajaruraldelsur.com\/pt\/evento\/exposicion-fotografica-de-felix-vazquez-por-casualidad\/\"\n\tclass=\"tribe-events-calendar-month__multiday-event-hidden-link\"\n\tdata-js=\"tribe-events-tooltip\"\n\tdata-tooltip-content=\"#tribe-events-tooltip-content-10001120\"\n\taria-describedby=\"tribe-events-tooltip-content-10001120\"\n>\n\t\t<div class=\"tribe-events-calendar-month__multiday-event-hidden-title tribe-common-h8\">\n\tExposici\u00f3n fotogr\u00e1fica de F\u00e9lix V\u00e1zquez: \u00abPor Casualidad\u00bb<\/div>\n<\/a>\n<\/div>\n\t\t\t<\/article>\n<\/div>\n\n\t<div class=\"tribe-events-calendar-month__multiday-event-wrapper\">\n\t<article  class=\"tribe-events-calendar-month__multiday-event post-10001122 tribe_events type-tribe_events status-publish hentry\"  data-event-id=\"10001122\">\n\t\t<div class=\"tribe-events-calendar-month__multiday-event-hidden\">\n\t<time\n\tdatetime=\"2026-03-19\"\n\tclass=\"tribe-common-a11y-visual-hide\"\n>\n\t2026-03-19<\/time>\n\t<a\n\thref=\"https:\/\/fundacioncajaruraldelsur.com\/pt\/evento\/i-certamen-de-pintura-y-escultura-alfonso-aramburu-terrades-2\/\"\n\tclass=\"tribe-events-calendar-month__multiday-event-hidden-link\"\n\tdata-js=\"tribe-events-tooltip\"\n\tdata-tooltip-content=\"#tribe-events-tooltip-content-10001122\"\n\taria-describedby=\"tribe-events-tooltip-content-10001122\"\n>\n\t\t<div class=\"tribe-events-calendar-month__multiday-event-hidden-title tribe-common-h8\">\n\tI Certamen de Pintura y Escultura \u00abAlfonso Aramburu Terrades\u00bb<\/div>\n<\/a>\n<\/div>\n\t\t\t<\/article>\n<\/div>\n\n\t<div class=\"tribe-events-calendar-month__multiday-event-wrapper\">\n\t<article  class=\"tribe-events-calendar-month__multiday-event post-10001127 tribe_events type-tribe_events status-publish hentry tribe_events_cat-exposiciones cat_exposiciones tribe-events-calendar-month__multiday-event--width-5 tribe-events-calendar-month__multiday-event--display tribe-events-calendar-month__multiday-event--start tribe-events-calendar-month__multiday-event--past\"  data-event-id=\"10001127\">\n\t\t<div class=\"tribe-events-calendar-month__multiday-event-hidden\">\n\t<time\n\tdatetime=\"2026-04-08\"\n\tclass=\"tribe-common-a11y-visual-hide\"\n>\n\t2026-04-08<\/time>\n\t<a\n\thref=\"https:\/\/fundacioncajaruraldelsur.com\/pt\/evento\/exposicion-de-fotografia-las-caras-de-huelva-ii-de-paco-gil\/\"\n\tclass=\"tribe-events-calendar-month__multiday-event-hidden-link\"\n\tdata-js=\"tribe-events-tooltip\"\n\tdata-tooltip-content=\"#tribe-events-tooltip-content-10001127\"\n\taria-describedby=\"tribe-events-tooltip-content-10001127\"\n>\n\t\t<div class=\"tribe-events-calendar-month__multiday-event-hidden-title tribe-common-h8\">\n\tExposici\u00f3n de fotograf\u00eda: \u00abLas Caras de Huelva II\u00bb, de Paco Gil<\/div>\n<\/a>\n<\/div>\n\t\t<div class=\"tribe-events-calendar-month__multiday-event-bar\">\n\t<div class=\"tribe-events-calendar-month__multiday-event-bar-inner\">\n\t\t\t\t<div class=\"tribe-events-calendar-month__multiday-event-bar-title tribe-common-h8\">\n\tExposici\u00f3n de fotograf\u00eda: \u00abLas Caras de Huelva II\u00bb, de Paco Gil<\/div>\n\t<\/div>\n<\/div>\n<div class=\"tribe-events-calendar-month__calendar-event-tooltip-template tribe-common-a11y-hidden\">\n\t<div\n\t\tclass=\"tribe-events-calendar-month__calendar-event-tooltip\"\n\t\tid=\"tribe-events-tooltip-content-10001127\"\n\t\trole=\"tooltip\"\n\t>\n\t\t\t\t<div class=\"tribe-events-calendar-month__calendar-event-tooltip-datetime\">\n\t\t<time datetime=\"2026-04-08\">\n\t\t<span class=\"tribe-event-date-start\">April 8 @ 11:00 am<\/span> - <span class=\"tribe-event-date-end\">April 24 @ 9:00 pm<\/span>\t<\/time>\n\t<\/div>\n\t\t<div class=\"tribe-events-calendar-month__calendar-event-tooltip-title tribe-common-h7\">\n\t<a\n\t\thref=\"https:\/\/fundacioncajaruraldelsur.com\/pt\/evento\/exposicion-de-fotografia-las-caras-de-huelva-ii-de-paco-gil\/\"\n\t\ttitle=\"Exposici\u00f3n de fotograf\u00eda: \u00abLas Caras de Huelva II\u00bb, de Paco Gil\"\n\t\trel=\"bookmark\"\n\t\tclass=\"tribe-events-calendar-month__calendar-event-tooltip-title-link tribe-common-anchor-thin\"\n\t>\n\t\tExposici\u00f3n de fotograf\u00eda: \u00abLas Caras de Huelva II\u00bb, de Paco Gil\t<\/a>\n<\/div>\n\t\t\t\t\t<\/div>\n<\/div>\n\t<\/article>\n<\/div>\n\n\n\t\t\t<\/div>\n\n\t\n<\/div>\n<\/td>\n\n\t\t\t\n\t\t\t\t<td\n\t class=\"tribe-events-calendar-month__day tribe-events-calendar-month__day--past\" \taria-labelledby=\"tribe-events-calendar-day-2026-04-09\"\n\tdata-js=\"tribe-events-month-grid-cell\"\n>\n\t<button\n\taria-expanded=\"false\"\n\taria-controls=\"tribe-events-calendar-mobile-day-2026-04-9\"\n\taria-label=\"April 9, 3 eventos, past day\"\n\t class=\"tribe-events-calendar-month__day-cell tribe-events-calendar-month__day-cell--mobile\" \tdata-js=\"tribe-events-calendar-month-day-cell-mobile\"\n>\n\t<h3 class=\"tribe-events-calendar-month__day-date tribe-common-h6 tribe-common-h--alt\">\n\t\t<span class=\"tribe-common-a11y-visual-hide\">\n\t\t\t3 eventos\t\t<\/span>\n\t\t<time\n\t\t\tclass=\"tribe-events-calendar-month__day-date-daynum\"\n\t\t\tdatetime=\"2026-04-09\"\n\t\t>\n\t\t\t9\t\t<\/time>\n\t<\/h3>\n\t\n\t<span class=\"tribe-events-calendar-month__mobile-events-icon tribe-events-calendar-month__mobile-events-icon--event\" >\n\t<\/span>\n<\/button>\n\t\n<div\n\tid=\"tribe-events-calendar-day-2026-04-09\"\n\tclass=\"tribe-events-calendar-month__day-cell tribe-events-calendar-month__day-cell--desktop tribe-common-a11y-hidden\"\n>\n\t\n<h3 class=\"tribe-events-calendar-month__day-date tribe-common-h4\">\n\t<span class=\"tribe-common-a11y-visual-hide\">\n\t\t3 eventos,\n\t<\/span>\n\t<time\n\t\tclass=\"tribe-events-calendar-month__day-date-daynum\"\n\t\tdatetime=\"2026-04-09\"\n\t>\n\t\t\t\t\t<a\n\t\t\t\thref=\"https:\/\/fundacioncajaruraldelsur.com\/pt\/eventos\/2026-04-09\/?shortcode=tribe-widget-events-month-10\"\n\t\t\t\tclass=\"tribe-events-calendar-month__day-date-link\"\n\t\t\t\tdata-js=\"tribe-events-view-link\"\n\t\t\t\taria-label=\"April 9\"\n\t\t\t>\n\t\t\t\t9\t\t\t<\/a>\n\t\t\t<\/time>\n<\/h3>\n\n\t<div class=\"tribe-events-calendar-month__events\">\n\t\t\n\t<div class=\"tribe-events-calendar-month__multiday-event-wrapper\">\n\t<article  class=\"tribe-events-calendar-month__multiday-event post-10001120 tribe_events type-tribe_events status-publish has-post-thumbnail hentry tribe_events_cat-exposiciones cat_exposiciones\"  data-event-id=\"10001120\">\n\t\t<div class=\"tribe-events-calendar-month__multiday-event-hidden\">\n\t<time\n\tdatetime=\"2026-03-19\"\n\tclass=\"tribe-common-a11y-visual-hide\"\n>\n\t2026-03-19<\/time>\n\t<a\n\thref=\"https:\/\/fundacioncajaruraldelsur.com\/pt\/evento\/exposicion-fotografica-de-felix-vazquez-por-casualidad\/\"\n\tclass=\"tribe-events-calendar-month__multiday-event-hidden-link\"\n\tdata-js=\"tribe-events-tooltip\"\n\tdata-tooltip-content=\"#tribe-events-tooltip-content-10001120\"\n\taria-describedby=\"tribe-events-tooltip-content-10001120\"\n>\n\t\t<div class=\"tribe-events-calendar-month__multiday-event-hidden-title tribe-common-h8\">\n\tExposici\u00f3n fotogr\u00e1fica de F\u00e9lix V\u00e1zquez: \u00abPor Casualidad\u00bb<\/div>\n<\/a>\n<\/div>\n\t\t\t<\/article>\n<\/div>\n\n\t<div class=\"tribe-events-calendar-month__multiday-event-wrapper\">\n\t<article  class=\"tribe-events-calendar-month__multiday-event post-10001122 tribe_events type-tribe_events status-publish hentry\"  data-event-id=\"10001122\">\n\t\t<div class=\"tribe-events-calendar-month__multiday-event-hidden\">\n\t<time\n\tdatetime=\"2026-03-19\"\n\tclass=\"tribe-common-a11y-visual-hide\"\n>\n\t2026-03-19<\/time>\n\t<a\n\thref=\"https:\/\/fundacioncajaruraldelsur.com\/pt\/evento\/i-certamen-de-pintura-y-escultura-alfonso-aramburu-terrades-2\/\"\n\tclass=\"tribe-events-calendar-month__multiday-event-hidden-link\"\n\tdata-js=\"tribe-events-tooltip\"\n\tdata-tooltip-content=\"#tribe-events-tooltip-content-10001122\"\n\taria-describedby=\"tribe-events-tooltip-content-10001122\"\n>\n\t\t<div class=\"tribe-events-calendar-month__multiday-event-hidden-title tribe-common-h8\">\n\tI Certamen de Pintura y Escultura \u00abAlfonso Aramburu Terrades\u00bb<\/div>\n<\/a>\n<\/div>\n\t\t\t<\/article>\n<\/div>\n\n\t<div class=\"tribe-events-calendar-month__multiday-event-wrapper\">\n\t<article  class=\"tribe-events-calendar-month__multiday-event post-10001127 tribe_events type-tribe_events status-publish hentry tribe_events_cat-exposiciones cat_exposiciones\"  data-event-id=\"10001127\">\n\t\t<div class=\"tribe-events-calendar-month__multiday-event-hidden\">\n\t<time\n\tdatetime=\"2026-04-08\"\n\tclass=\"tribe-common-a11y-visual-hide\"\n>\n\t2026-04-08<\/time>\n\t<a\n\thref=\"https:\/\/fundacioncajaruraldelsur.com\/pt\/evento\/exposicion-de-fotografia-las-caras-de-huelva-ii-de-paco-gil\/\"\n\tclass=\"tribe-events-calendar-month__multiday-event-hidden-link\"\n\tdata-js=\"tribe-events-tooltip\"\n\tdata-tooltip-content=\"#tribe-events-tooltip-content-10001127\"\n\taria-describedby=\"tribe-events-tooltip-content-10001127\"\n>\n\t\t<div class=\"tribe-events-calendar-month__multiday-event-hidden-title tribe-common-h8\">\n\tExposici\u00f3n de fotograf\u00eda: \u00abLas Caras de Huelva II\u00bb, de Paco Gil<\/div>\n<\/a>\n<\/div>\n\t\t\t<\/article>\n<\/div>\n\n\n\t\t\t<\/div>\n\n\t\n<\/div>\n<\/td>\n\n\t\t\t\n\t\t\t\t<td\n\t class=\"tribe-events-calendar-month__day tribe-events-calendar-month__day--past\" \taria-labelledby=\"tribe-events-calendar-day-2026-04-10\"\n\tdata-js=\"tribe-events-month-grid-cell\"\n>\n\t<button\n\taria-expanded=\"false\"\n\taria-controls=\"tribe-events-calendar-mobile-day-2026-04-10\"\n\taria-label=\"April 10, 3 eventos, past day\"\n\t class=\"tribe-events-calendar-month__day-cell tribe-events-calendar-month__day-cell--mobile\" \tdata-js=\"tribe-events-calendar-month-day-cell-mobile\"\n>\n\t<h3 class=\"tribe-events-calendar-month__day-date tribe-common-h6 tribe-common-h--alt\">\n\t\t<span class=\"tribe-common-a11y-visual-hide\">\n\t\t\t3 eventos\t\t<\/span>\n\t\t<time\n\t\t\tclass=\"tribe-events-calendar-month__day-date-daynum\"\n\t\t\tdatetime=\"2026-04-10\"\n\t\t>\n\t\t\t10\t\t<\/time>\n\t<\/h3>\n\t\n\t<span class=\"tribe-events-calendar-month__mobile-events-icon tribe-events-calendar-month__mobile-events-icon--event\" >\n\t<\/span>\n<\/button>\n\t\n<div\n\tid=\"tribe-events-calendar-day-2026-04-10\"\n\tclass=\"tribe-events-calendar-month__day-cell tribe-events-calendar-month__day-cell--desktop tribe-common-a11y-hidden\"\n>\n\t\n<h3 class=\"tribe-events-calendar-month__day-date tribe-common-h4\">\n\t<span class=\"tribe-common-a11y-visual-hide\">\n\t\t3 eventos,\n\t<\/span>\n\t<time\n\t\tclass=\"tribe-events-calendar-month__day-date-daynum\"\n\t\tdatetime=\"2026-04-10\"\n\t>\n\t\t\t\t\t<a\n\t\t\t\thref=\"https:\/\/fundacioncajaruraldelsur.com\/pt\/eventos\/2026-04-10\/?shortcode=tribe-widget-events-month-10\"\n\t\t\t\tclass=\"tribe-events-calendar-month__day-date-link\"\n\t\t\t\tdata-js=\"tribe-events-view-link\"\n\t\t\t\taria-label=\"April 10\"\n\t\t\t>\n\t\t\t\t10\t\t\t<\/a>\n\t\t\t<\/time>\n<\/h3>\n\n\t<div class=\"tribe-events-calendar-month__events\">\n\t\t\n\t<div class=\"tribe-events-calendar-month__multiday-event-wrapper\">\n\t<article  class=\"tribe-events-calendar-month__multiday-event post-10001120 tribe_events type-tribe_events status-publish has-post-thumbnail hentry tribe_events_cat-exposiciones cat_exposiciones\"  data-event-id=\"10001120\">\n\t\t<div class=\"tribe-events-calendar-month__multiday-event-hidden\">\n\t<time\n\tdatetime=\"2026-03-19\"\n\tclass=\"tribe-common-a11y-visual-hide\"\n>\n\t2026-03-19<\/time>\n\t<a\n\thref=\"https:\/\/fundacioncajaruraldelsur.com\/pt\/evento\/exposicion-fotografica-de-felix-vazquez-por-casualidad\/\"\n\tclass=\"tribe-events-calendar-month__multiday-event-hidden-link\"\n\tdata-js=\"tribe-events-tooltip\"\n\tdata-tooltip-content=\"#tribe-events-tooltip-content-10001120\"\n\taria-describedby=\"tribe-events-tooltip-content-10001120\"\n>\n\t\t<div class=\"tribe-events-calendar-month__multiday-event-hidden-title tribe-common-h8\">\n\tExposici\u00f3n fotogr\u00e1fica de F\u00e9lix V\u00e1zquez: \u00abPor Casualidad\u00bb<\/div>\n<\/a>\n<\/div>\n\t\t\t<\/article>\n<\/div>\n\n\t<div class=\"tribe-events-calendar-month__multiday-event-wrapper\">\n\t<article  class=\"tribe-events-calendar-month__multiday-event post-10001122 tribe_events type-tribe_events status-publish hentry\"  data-event-id=\"10001122\">\n\t\t<div class=\"tribe-events-calendar-month__multiday-event-hidden\">\n\t<time\n\tdatetime=\"2026-03-19\"\n\tclass=\"tribe-common-a11y-visual-hide\"\n>\n\t2026-03-19<\/time>\n\t<a\n\thref=\"https:\/\/fundacioncajaruraldelsur.com\/pt\/evento\/i-certamen-de-pintura-y-escultura-alfonso-aramburu-terrades-2\/\"\n\tclass=\"tribe-events-calendar-month__multiday-event-hidden-link\"\n\tdata-js=\"tribe-events-tooltip\"\n\tdata-tooltip-content=\"#tribe-events-tooltip-content-10001122\"\n\taria-describedby=\"tribe-events-tooltip-content-10001122\"\n>\n\t\t<div class=\"tribe-events-calendar-month__multiday-event-hidden-title tribe-common-h8\">\n\tI Certamen de Pintura y Escultura \u00abAlfonso Aramburu Terrades\u00bb<\/div>\n<\/a>\n<\/div>\n\t\t\t<\/article>\n<\/div>\n\n\t<div class=\"tribe-events-calendar-month__multiday-event-wrapper\">\n\t<article  class=\"tribe-events-calendar-month__multiday-event post-10001127 tribe_events type-tribe_events status-publish hentry tribe_events_cat-exposiciones cat_exposiciones\"  data-event-id=\"10001127\">\n\t\t<div class=\"tribe-events-calendar-month__multiday-event-hidden\">\n\t<time\n\tdatetime=\"2026-04-08\"\n\tclass=\"tribe-common-a11y-visual-hide\"\n>\n\t2026-04-08<\/time>\n\t<a\n\thref=\"https:\/\/fundacioncajaruraldelsur.com\/pt\/evento\/exposicion-de-fotografia-las-caras-de-huelva-ii-de-paco-gil\/\"\n\tclass=\"tribe-events-calendar-month__multiday-event-hidden-link\"\n\tdata-js=\"tribe-events-tooltip\"\n\tdata-tooltip-content=\"#tribe-events-tooltip-content-10001127\"\n\taria-describedby=\"tribe-events-tooltip-content-10001127\"\n>\n\t\t<div class=\"tribe-events-calendar-month__multiday-event-hidden-title tribe-common-h8\">\n\tExposici\u00f3n de fotograf\u00eda: \u00abLas Caras de Huelva II\u00bb, de Paco Gil<\/div>\n<\/a>\n<\/div>\n\t\t\t<\/article>\n<\/div>\n\n\n\t\t\t<\/div>\n\n\t\n<\/div>\n<\/td>\n\n\t\t\t\n\t\t\t\t<td\n\t class=\"tribe-events-calendar-month__day tribe-events-calendar-month__day--past\" \taria-labelledby=\"tribe-events-calendar-day-2026-04-11\"\n\tdata-js=\"tribe-events-month-grid-cell\"\n>\n\t<button\n\taria-expanded=\"false\"\n\taria-controls=\"tribe-events-calendar-mobile-day-2026-04-11\"\n\taria-label=\"April 11, 3 eventos, past day\"\n\t class=\"tribe-events-calendar-month__day-cell tribe-events-calendar-month__day-cell--mobile\" \tdata-js=\"tribe-events-calendar-month-day-cell-mobile\"\n>\n\t<h3 class=\"tribe-events-calendar-month__day-date tribe-common-h6 tribe-common-h--alt\">\n\t\t<span class=\"tribe-common-a11y-visual-hide\">\n\t\t\t3 eventos\t\t<\/span>\n\t\t<time\n\t\t\tclass=\"tribe-events-calendar-month__day-date-daynum\"\n\t\t\tdatetime=\"2026-04-11\"\n\t\t>\n\t\t\t11\t\t<\/time>\n\t<\/h3>\n\t\n\t<span class=\"tribe-events-calendar-month__mobile-events-icon tribe-events-calendar-month__mobile-events-icon--event\" >\n\t<\/span>\n<\/button>\n\t\n<div\n\tid=\"tribe-events-calendar-day-2026-04-11\"\n\tclass=\"tribe-events-calendar-month__day-cell tribe-events-calendar-month__day-cell--desktop tribe-common-a11y-hidden\"\n>\n\t\n<h3 class=\"tribe-events-calendar-month__day-date tribe-common-h4\">\n\t<span class=\"tribe-common-a11y-visual-hide\">\n\t\t3 eventos,\n\t<\/span>\n\t<time\n\t\tclass=\"tribe-events-calendar-month__day-date-daynum\"\n\t\tdatetime=\"2026-04-11\"\n\t>\n\t\t\t\t\t<a\n\t\t\t\thref=\"https:\/\/fundacioncajaruraldelsur.com\/pt\/eventos\/2026-04-11\/?shortcode=tribe-widget-events-month-10\"\n\t\t\t\tclass=\"tribe-events-calendar-month__day-date-link\"\n\t\t\t\tdata-js=\"tribe-events-view-link\"\n\t\t\t\taria-label=\"April 11\"\n\t\t\t>\n\t\t\t\t11\t\t\t<\/a>\n\t\t\t<\/time>\n<\/h3>\n\n\t<div class=\"tribe-events-calendar-month__events\">\n\t\t\n\t<div class=\"tribe-events-calendar-month__multiday-event-wrapper\">\n\t<article  class=\"tribe-events-calendar-month__multiday-event post-10001120 tribe_events type-tribe_events status-publish has-post-thumbnail hentry tribe_events_cat-exposiciones cat_exposiciones\"  data-event-id=\"10001120\">\n\t\t<div class=\"tribe-events-calendar-month__multiday-event-hidden\">\n\t<time\n\tdatetime=\"2026-03-19\"\n\tclass=\"tribe-common-a11y-visual-hide\"\n>\n\t2026-03-19<\/time>\n\t<a\n\thref=\"https:\/\/fundacioncajaruraldelsur.com\/pt\/evento\/exposicion-fotografica-de-felix-vazquez-por-casualidad\/\"\n\tclass=\"tribe-events-calendar-month__multiday-event-hidden-link\"\n\tdata-js=\"tribe-events-tooltip\"\n\tdata-tooltip-content=\"#tribe-events-tooltip-content-10001120\"\n\taria-describedby=\"tribe-events-tooltip-content-10001120\"\n>\n\t\t<div class=\"tribe-events-calendar-month__multiday-event-hidden-title tribe-common-h8\">\n\tExposici\u00f3n fotogr\u00e1fica de F\u00e9lix V\u00e1zquez: \u00abPor Casualidad\u00bb<\/div>\n<\/a>\n<\/div>\n\t\t\t<\/article>\n<\/div>\n\n\t<div class=\"tribe-events-calendar-month__multiday-event-wrapper\">\n\t<article  class=\"tribe-events-calendar-month__multiday-event post-10001122 tribe_events type-tribe_events status-publish hentry\"  data-event-id=\"10001122\">\n\t\t<div class=\"tribe-events-calendar-month__multiday-event-hidden\">\n\t<time\n\tdatetime=\"2026-03-19\"\n\tclass=\"tribe-common-a11y-visual-hide\"\n>\n\t2026-03-19<\/time>\n\t<a\n\thref=\"https:\/\/fundacioncajaruraldelsur.com\/pt\/evento\/i-certamen-de-pintura-y-escultura-alfonso-aramburu-terrades-2\/\"\n\tclass=\"tribe-events-calendar-month__multiday-event-hidden-link\"\n\tdata-js=\"tribe-events-tooltip\"\n\tdata-tooltip-content=\"#tribe-events-tooltip-content-10001122\"\n\taria-describedby=\"tribe-events-tooltip-content-10001122\"\n>\n\t\t<div class=\"tribe-events-calendar-month__multiday-event-hidden-title tribe-common-h8\">\n\tI Certamen de Pintura y Escultura \u00abAlfonso Aramburu Terrades\u00bb<\/div>\n<\/a>\n<\/div>\n\t\t\t<\/article>\n<\/div>\n\n\t<div class=\"tribe-events-calendar-month__multiday-event-wrapper\">\n\t<article  class=\"tribe-events-calendar-month__multiday-event post-10001127 tribe_events type-tribe_events status-publish hentry tribe_events_cat-exposiciones cat_exposiciones\"  data-event-id=\"10001127\">\n\t\t<div class=\"tribe-events-calendar-month__multiday-event-hidden\">\n\t<time\n\tdatetime=\"2026-04-08\"\n\tclass=\"tribe-common-a11y-visual-hide\"\n>\n\t2026-04-08<\/time>\n\t<a\n\thref=\"https:\/\/fundacioncajaruraldelsur.com\/pt\/evento\/exposicion-de-fotografia-las-caras-de-huelva-ii-de-paco-gil\/\"\n\tclass=\"tribe-events-calendar-month__multiday-event-hidden-link\"\n\tdata-js=\"tribe-events-tooltip\"\n\tdata-tooltip-content=\"#tribe-events-tooltip-content-10001127\"\n\taria-describedby=\"tribe-events-tooltip-content-10001127\"\n>\n\t\t<div class=\"tribe-events-calendar-month__multiday-event-hidden-title tribe-common-h8\">\n\tExposici\u00f3n de fotograf\u00eda: \u00abLas Caras de Huelva II\u00bb, de Paco Gil<\/div>\n<\/a>\n<\/div>\n\t\t\t<\/article>\n<\/div>\n\n\n\t\t\t<\/div>\n\n\t\n<\/div>\n<\/td>\n\n\t\t\t\n\t\t\t\t<td\n\t class=\"tribe-events-calendar-month__day tribe-events-calendar-month__day--past\" \taria-labelledby=\"tribe-events-calendar-day-2026-04-12\"\n\tdata-js=\"tribe-events-month-grid-cell\"\n>\n\t<button\n\taria-expanded=\"false\"\n\taria-controls=\"tribe-events-calendar-mobile-day-2026-04-12\"\n\taria-label=\"April 12, 3 eventos, past day\"\n\t class=\"tribe-events-calendar-month__day-cell tribe-events-calendar-month__day-cell--mobile\" \tdata-js=\"tribe-events-calendar-month-day-cell-mobile\"\n>\n\t<h3 class=\"tribe-events-calendar-month__day-date tribe-common-h6 tribe-common-h--alt\">\n\t\t<span class=\"tribe-common-a11y-visual-hide\">\n\t\t\t3 eventos\t\t<\/span>\n\t\t<time\n\t\t\tclass=\"tribe-events-calendar-month__day-date-daynum\"\n\t\t\tdatetime=\"2026-04-12\"\n\t\t>\n\t\t\t12\t\t<\/time>\n\t<\/h3>\n\t\n\t<span class=\"tribe-events-calendar-month__mobile-events-icon tribe-events-calendar-month__mobile-events-icon--event\" >\n\t<\/span>\n<\/button>\n\t\n<div\n\tid=\"tribe-events-calendar-day-2026-04-12\"\n\tclass=\"tribe-events-calendar-month__day-cell tribe-events-calendar-month__day-cell--desktop tribe-common-a11y-hidden\"\n>\n\t\n<h3 class=\"tribe-events-calendar-month__day-date tribe-common-h4\">\n\t<span class=\"tribe-common-a11y-visual-hide\">\n\t\t3 eventos,\n\t<\/span>\n\t<time\n\t\tclass=\"tribe-events-calendar-month__day-date-daynum\"\n\t\tdatetime=\"2026-04-12\"\n\t>\n\t\t\t\t\t<a\n\t\t\t\thref=\"https:\/\/fundacioncajaruraldelsur.com\/pt\/eventos\/2026-04-12\/?shortcode=tribe-widget-events-month-10\"\n\t\t\t\tclass=\"tribe-events-calendar-month__day-date-link\"\n\t\t\t\tdata-js=\"tribe-events-view-link\"\n\t\t\t\taria-label=\"April 12\"\n\t\t\t>\n\t\t\t\t12\t\t\t<\/a>\n\t\t\t<\/time>\n<\/h3>\n\n\t<div class=\"tribe-events-calendar-month__events\">\n\t\t\n\t<div class=\"tribe-events-calendar-month__multiday-event-wrapper\">\n\t<article  class=\"tribe-events-calendar-month__multiday-event post-10001120 tribe_events type-tribe_events status-publish has-post-thumbnail hentry tribe_events_cat-exposiciones cat_exposiciones\"  data-event-id=\"10001120\">\n\t\t<div class=\"tribe-events-calendar-month__multiday-event-hidden\">\n\t<time\n\tdatetime=\"2026-03-19\"\n\tclass=\"tribe-common-a11y-visual-hide\"\n>\n\t2026-03-19<\/time>\n\t<a\n\thref=\"https:\/\/fundacioncajaruraldelsur.com\/pt\/evento\/exposicion-fotografica-de-felix-vazquez-por-casualidad\/\"\n\tclass=\"tribe-events-calendar-month__multiday-event-hidden-link\"\n\tdata-js=\"tribe-events-tooltip\"\n\tdata-tooltip-content=\"#tribe-events-tooltip-content-10001120\"\n\taria-describedby=\"tribe-events-tooltip-content-10001120\"\n>\n\t\t<div class=\"tribe-events-calendar-month__multiday-event-hidden-title tribe-common-h8\">\n\tExposici\u00f3n fotogr\u00e1fica de F\u00e9lix V\u00e1zquez: \u00abPor Casualidad\u00bb<\/div>\n<\/a>\n<\/div>\n\t\t\t<\/article>\n<\/div>\n\n\t<div class=\"tribe-events-calendar-month__multiday-event-wrapper\">\n\t<article  class=\"tribe-events-calendar-month__multiday-event post-10001122 tribe_events type-tribe_events status-publish hentry\"  data-event-id=\"10001122\">\n\t\t<div class=\"tribe-events-calendar-month__multiday-event-hidden\">\n\t<time\n\tdatetime=\"2026-03-19\"\n\tclass=\"tribe-common-a11y-visual-hide\"\n>\n\t2026-03-19<\/time>\n\t<a\n\thref=\"https:\/\/fundacioncajaruraldelsur.com\/pt\/evento\/i-certamen-de-pintura-y-escultura-alfonso-aramburu-terrades-2\/\"\n\tclass=\"tribe-events-calendar-month__multiday-event-hidden-link\"\n\tdata-js=\"tribe-events-tooltip\"\n\tdata-tooltip-content=\"#tribe-events-tooltip-content-10001122\"\n\taria-describedby=\"tribe-events-tooltip-content-10001122\"\n>\n\t\t<div class=\"tribe-events-calendar-month__multiday-event-hidden-title tribe-common-h8\">\n\tI Certamen de Pintura y Escultura \u00abAlfonso Aramburu Terrades\u00bb<\/div>\n<\/a>\n<\/div>\n\t\t\t<\/article>\n<\/div>\n\n\t<div class=\"tribe-events-calendar-month__multiday-event-wrapper\">\n\t<article  class=\"tribe-events-calendar-month__multiday-event post-10001127 tribe_events type-tribe_events status-publish hentry tribe_events_cat-exposiciones cat_exposiciones\"  data-event-id=\"10001127\">\n\t\t<div class=\"tribe-events-calendar-month__multiday-event-hidden\">\n\t<time\n\tdatetime=\"2026-04-08\"\n\tclass=\"tribe-common-a11y-visual-hide\"\n>\n\t2026-04-08<\/time>\n\t<a\n\thref=\"https:\/\/fundacioncajaruraldelsur.com\/pt\/evento\/exposicion-de-fotografia-las-caras-de-huelva-ii-de-paco-gil\/\"\n\tclass=\"tribe-events-calendar-month__multiday-event-hidden-link\"\n\tdata-js=\"tribe-events-tooltip\"\n\tdata-tooltip-content=\"#tribe-events-tooltip-content-10001127\"\n\taria-describedby=\"tribe-events-tooltip-content-10001127\"\n>\n\t\t<div class=\"tribe-events-calendar-month__multiday-event-hidden-title tribe-common-h8\">\n\tExposici\u00f3n de fotograf\u00eda: \u00abLas Caras de Huelva II\u00bb, de Paco Gil<\/div>\n<\/a>\n<\/div>\n\t\t\t<\/article>\n<\/div>\n\n\n\t\t\t<\/div>\n\n\t\n<\/div>\n<\/td>\n\n\t\t\t\t\t<\/tr>\n\t\t\t<tr class=\"tribe-events-calendar-month__week\" data-js=\"tribe-events-month-grid-row\">\n\t\t\t\n\t\t\t\t<td\n\t class=\"tribe-events-calendar-month__day tribe-events-calendar-month__day--past\" \taria-labelledby=\"tribe-events-calendar-day-2026-04-13\"\n\tdata-js=\"tribe-events-month-grid-cell\"\n>\n\t<button\n\taria-expanded=\"false\"\n\taria-controls=\"tribe-events-calendar-mobile-day-2026-04-13\"\n\taria-label=\"April 13, 4 eventos, past day\"\n\t class=\"tribe-events-calendar-month__day-cell tribe-events-calendar-month__day-cell--mobile\" \tdata-js=\"tribe-events-calendar-month-day-cell-mobile\"\n>\n\t<h3 class=\"tribe-events-calendar-month__day-date tribe-common-h6 tribe-common-h--alt\">\n\t\t<span class=\"tribe-common-a11y-visual-hide\">\n\t\t\t4 eventos\t\t<\/span>\n\t\t<time\n\t\t\tclass=\"tribe-events-calendar-month__day-date-daynum\"\n\t\t\tdatetime=\"2026-04-13\"\n\t\t>\n\t\t\t13\t\t<\/time>\n\t<\/h3>\n\t\n\t<span class=\"tribe-events-calendar-month__mobile-events-icon tribe-events-calendar-month__mobile-events-icon--event\" >\n\t<\/span>\n<\/button>\n\t\n<div\n\tid=\"tribe-events-calendar-day-2026-04-13\"\n\tclass=\"tribe-events-calendar-month__day-cell tribe-events-calendar-month__day-cell--desktop tribe-common-a11y-hidden\"\n>\n\t\n<h3 class=\"tribe-events-calendar-month__day-date tribe-common-h4\">\n\t<span class=\"tribe-common-a11y-visual-hide\">\n\t\t4 eventos,\n\t<\/span>\n\t<time\n\t\tclass=\"tribe-events-calendar-month__day-date-daynum\"\n\t\tdatetime=\"2026-04-13\"\n\t>\n\t\t\t\t\t<a\n\t\t\t\thref=\"https:\/\/fundacioncajaruraldelsur.com\/pt\/eventos\/2026-04-13\/?shortcode=tribe-widget-events-month-10\"\n\t\t\t\tclass=\"tribe-events-calendar-month__day-date-link\"\n\t\t\t\tdata-js=\"tribe-events-view-link\"\n\t\t\t\taria-label=\"April 13\"\n\t\t\t>\n\t\t\t\t13\t\t\t<\/a>\n\t\t\t<\/time>\n<\/h3>\n\n\t<div class=\"tribe-events-calendar-month__events\">\n\t\t\n\t<div class=\"tribe-events-calendar-month__multiday-event-wrapper\">\n\t<article  class=\"tribe-events-calendar-month__multiday-event post-10001120 tribe_events type-tribe_events status-publish has-post-thumbnail hentry tribe_events_cat-exposiciones cat_exposiciones tribe-events-calendar-month__multiday-event--width-5 tribe-events-calendar-month__multiday-event--display tribe-events-calendar-month__multiday-event--end tribe-events-calendar-month__multiday-event--past\"  data-event-id=\"10001120\">\n\t\t<div class=\"tribe-events-calendar-month__multiday-event-hidden\">\n\t<time\n\tdatetime=\"2026-03-19\"\n\tclass=\"tribe-common-a11y-visual-hide\"\n>\n\t2026-03-19<\/time>\n\t<a\n\thref=\"https:\/\/fundacioncajaruraldelsur.com\/pt\/evento\/exposicion-fotografica-de-felix-vazquez-por-casualidad\/\"\n\tclass=\"tribe-events-calendar-month__multiday-event-hidden-link\"\n\tdata-js=\"tribe-events-tooltip\"\n\tdata-tooltip-content=\"#tribe-events-tooltip-content-10001120\"\n\taria-describedby=\"tribe-events-tooltip-content-10001120\"\n>\n\t\t<div class=\"tribe-events-calendar-month__multiday-event-hidden-title tribe-common-h8\">\n\tExposici\u00f3n fotogr\u00e1fica de F\u00e9lix V\u00e1zquez: \u00abPor Casualidad\u00bb<\/div>\n<\/a>\n<\/div>\n\t\t<div class=\"tribe-events-calendar-month__multiday-event-bar\">\n\t<div class=\"tribe-events-calendar-month__multiday-event-bar-inner\">\n\t\t\t\t<div class=\"tribe-events-calendar-month__multiday-event-bar-title tribe-common-h8\">\n\tExposici\u00f3n fotogr\u00e1fica de F\u00e9lix V\u00e1zquez: \u00abPor Casualidad\u00bb<\/div>\n\t<\/div>\n<\/div>\n\t<\/article>\n<\/div>\n\n\t<div class=\"tribe-events-calendar-month__multiday-event-wrapper\">\n\t<article  class=\"tribe-events-calendar-month__multiday-event post-10001122 tribe_events type-tribe_events status-publish hentry tribe-events-calendar-month__multiday-event--width-5 tribe-events-calendar-month__multiday-event--display tribe-events-calendar-month__multiday-event--end tribe-events-calendar-month__multiday-event--past\"  data-event-id=\"10001122\">\n\t\t<div class=\"tribe-events-calendar-month__multiday-event-hidden\">\n\t<time\n\tdatetime=\"2026-03-19\"\n\tclass=\"tribe-common-a11y-visual-hide\"\n>\n\t2026-03-19<\/time>\n\t<a\n\thref=\"https:\/\/fundacioncajaruraldelsur.com\/pt\/evento\/i-certamen-de-pintura-y-escultura-alfonso-aramburu-terrades-2\/\"\n\tclass=\"tribe-events-calendar-month__multiday-event-hidden-link\"\n\tdata-js=\"tribe-events-tooltip\"\n\tdata-tooltip-content=\"#tribe-events-tooltip-content-10001122\"\n\taria-describedby=\"tribe-events-tooltip-content-10001122\"\n>\n\t\t<div class=\"tribe-events-calendar-month__multiday-event-hidden-title tribe-common-h8\">\n\tI Certamen de Pintura y Escultura \u00abAlfonso Aramburu Terrades\u00bb<\/div>\n<\/a>\n<\/div>\n\t\t<div class=\"tribe-events-calendar-month__multiday-event-bar\">\n\t<div class=\"tribe-events-calendar-month__multiday-event-bar-inner\">\n\t\t\t\t<div class=\"tribe-events-calendar-month__multiday-event-bar-title tribe-common-h8\">\n\tI Certamen de Pintura y Escultura \u00abAlfonso Aramburu Terrades\u00bb<\/div>\n\t<\/div>\n<\/div>\n\t<\/article>\n<\/div>\n\n\t<div class=\"tribe-events-calendar-month__multiday-event-wrapper\">\n\t<article  class=\"tribe-events-calendar-month__multiday-event post-10001127 tribe_events type-tribe_events status-publish hentry tribe_events_cat-exposiciones cat_exposiciones tribe-events-calendar-month__multiday-event--width-7 tribe-events-calendar-month__multiday-event--display tribe-events-calendar-month__multiday-event--past\"  data-event-id=\"10001127\">\n\t\t<div class=\"tribe-events-calendar-month__multiday-event-hidden\">\n\t<time\n\tdatetime=\"2026-04-08\"\n\tclass=\"tribe-common-a11y-visual-hide\"\n>\n\t2026-04-08<\/time>\n\t<a\n\thref=\"https:\/\/fundacioncajaruraldelsur.com\/pt\/evento\/exposicion-de-fotografia-las-caras-de-huelva-ii-de-paco-gil\/\"\n\tclass=\"tribe-events-calendar-month__multiday-event-hidden-link\"\n\tdata-js=\"tribe-events-tooltip\"\n\tdata-tooltip-content=\"#tribe-events-tooltip-content-10001127\"\n\taria-describedby=\"tribe-events-tooltip-content-10001127\"\n>\n\t\t<div class=\"tribe-events-calendar-month__multiday-event-hidden-title tribe-common-h8\">\n\tExposici\u00f3n de fotograf\u00eda: \u00abLas Caras de Huelva II\u00bb, de Paco Gil<\/div>\n<\/a>\n<\/div>\n\t\t<div class=\"tribe-events-calendar-month__multiday-event-bar\">\n\t<div class=\"tribe-events-calendar-month__multiday-event-bar-inner\">\n\t\t\t\t<div class=\"tribe-events-calendar-month__multiday-event-bar-title tribe-common-h8\">\n\tExposici\u00f3n de fotograf\u00eda: \u00abLas Caras de Huelva II\u00bb, de Paco Gil<\/div>\n\t<\/div>\n<\/div>\n\t<\/article>\n<\/div>\n\n\n\t\t\n\t\n\t\n<article  class=\"tribe-events-calendar-month__calendar-event post-10001129 tribe_events type-tribe_events status-publish has-post-thumbnail hentry tribe_events_cat-presentaciones cat_presentaciones\" >\n\n\t\n\t<div class=\"tribe-events-calendar-month__calendar-event-details\">\n\n\t\t<div class=\"tribe-events-calendar-month__calendar-event-datetime\">\n\t\t<time datetime=\"19:00\">\n\t\t7:00 pm\t<\/time>\n\t\t\t<span class=\"tribe-events-calendar-month__calendar-event-datetime-separator\"> - <\/span>\n\t\t<time datetime=\"20:30\">\n\t\t\t8:30 pm\t\t<\/time>\n\t\t<\/div>\n\t\t<div class=\"tribe-events-calendar-month__calendar-event-title tribe-common-h8 tribe-common-h--alt\">\n\t<a\n\t\thref=\"https:\/\/fundacioncajaruraldelsur.com\/pt\/evento\/presentacion-del-libro-versos-toreros-de-carlos-urquijo-herraiz\/\"\n\t\ttitle=\"Presentaci\u00f3n del libro: \u00abVersos Toreros\u00bb, de Carlos Urquijo Herr\u00e0iz\"\n\t\trel=\"bookmark\"\n\t\tclass=\"tribe-events-calendar-month__calendar-event-title-link tribe-common-anchor-thin\"\n\t\tdata-js=\"tribe-events-tooltip\"\n\t\tdata-tooltip-content=\"#tribe-events-tooltip-content-10001129\"\n\t\taria-describedby=\"tribe-events-tooltip-content-10001129\"\n\t>\n\t\tPresentaci\u00f3n del libro: \u00abVersos Toreros\u00bb, de Carlos Urquijo Herr\u00e0iz\t<\/a>\n<\/div>\n\n\t\t<div class=\"tribe-events-calendar-month__calendar-event-tooltip-template tribe-common-a11y-hidden\">\n\t<div\n\t\tclass=\"tribe-events-calendar-month__calendar-event-tooltip\"\n\t\tid=\"tribe-events-tooltip-content-10001129\"\n\t\trole=\"tooltip\"\n\t>\n\t\t<div class=\"tribe-events-calendar-month__calendar-event-tooltip-featured-image-wrapper\">\n\t<img\n\t\tclass=\"tribe-events-calendar-month__calendar-event-tooltip-featured-image\"\n\t\tsrc=\"https:\/\/fundacioncajaruraldelsur.com\/wp-content\/uploads\/2020\/09\/libro_ella.jpg\"\n\t\t\t\t\tsrcset=\"https:\/\/fundacioncajaruraldelsur.com\/wp-content\/uploads\/2020\/09\/libro_ella-300x79.jpg 300w, https:\/\/fundacioncajaruraldelsur.com\/wp-content\/uploads\/2020\/09\/libro_ella-768x201.jpg 768w, https:\/\/fundacioncajaruraldelsur.com\/wp-content\/uploads\/2020\/09\/libro_ella-1024x268.jpg 1024w, https:\/\/fundacioncajaruraldelsur.com\/wp-content\/uploads\/2020\/09\/libro_ella.jpg 1909w\"\n\t\t\t\t\t\t\talt=\"\"\n\t\t\t\/>\n<\/div>\n\t\t<div class=\"tribe-events-calendar-month__calendar-event-tooltip-datetime\">\n\t\t<time datetime=\"2026-04-13\">\n\t\t<span class=\"tribe-event-date-start\">April 13 @ 7:00 pm<\/span> - <span class=\"tribe-event-time\">8:30 pm<\/span>\t<\/time>\n\t<\/div>\n\t\t<div class=\"tribe-events-calendar-month__calendar-event-tooltip-title tribe-common-h7\">\n\t<a\n\t\thref=\"https:\/\/fundacioncajaruraldelsur.com\/pt\/evento\/presentacion-del-libro-versos-toreros-de-carlos-urquijo-herraiz\/\"\n\t\ttitle=\"Presentaci\u00f3n del libro: \u00abVersos Toreros\u00bb, de Carlos Urquijo Herr\u00e0iz\"\n\t\trel=\"bookmark\"\n\t\tclass=\"tribe-events-calendar-month__calendar-event-tooltip-title-link tribe-common-anchor-thin\"\n\t>\n\t\tPresentaci\u00f3n del libro: \u00abVersos Toreros\u00bb, de Carlos Urquijo Herr\u00e0iz\t<\/a>\n<\/div>\n\t\t\t\t\t<\/div>\n<\/div>\n\n\t<\/div>\n\n<\/article>\n\n\t<\/div>\n\n\t\n<\/div>\n<\/td>\n\n\t\t\t\n\t\t\t\t<td\n\t class=\"tribe-events-calendar-month__day tribe-events-calendar-month__day--past\" \taria-labelledby=\"tribe-events-calendar-day-2026-04-14\"\n\tdata-js=\"tribe-events-month-grid-cell\"\n>\n\t<button\n\taria-expanded=\"false\"\n\taria-controls=\"tribe-events-calendar-mobile-day-2026-04-14\"\n\taria-label=\"April 14, 5 eventos, past day\"\n\t class=\"tribe-events-calendar-month__day-cell tribe-events-calendar-month__day-cell--mobile\" \tdata-js=\"tribe-events-calendar-month-day-cell-mobile\"\n>\n\t<h3 class=\"tribe-events-calendar-month__day-date tribe-common-h6 tribe-common-h--alt\">\n\t\t<span class=\"tribe-common-a11y-visual-hide\">\n\t\t\t5 eventos\t\t<\/span>\n\t\t<time\n\t\t\tclass=\"tribe-events-calendar-month__day-date-daynum\"\n\t\t\tdatetime=\"2026-04-14\"\n\t\t>\n\t\t\t14\t\t<\/time>\n\t<\/h3>\n\t\n\t<span class=\"tribe-events-calendar-month__mobile-events-icon tribe-events-calendar-month__mobile-events-icon--event\" >\n\t<\/span>\n<\/button>\n\t\n<div\n\tid=\"tribe-events-calendar-day-2026-04-14\"\n\tclass=\"tribe-events-calendar-month__day-cell tribe-events-calendar-month__day-cell--desktop tribe-common-a11y-hidden\"\n>\n\t\n<h3 class=\"tribe-events-calendar-month__day-date tribe-common-h4\">\n\t<span class=\"tribe-common-a11y-visual-hide\">\n\t\t5 eventos,\n\t<\/span>\n\t<time\n\t\tclass=\"tribe-events-calendar-month__day-date-daynum\"\n\t\tdatetime=\"2026-04-14\"\n\t>\n\t\t\t\t\t<a\n\t\t\t\thref=\"https:\/\/fundacioncajaruraldelsur.com\/pt\/eventos\/2026-04-14\/?shortcode=tribe-widget-events-month-10\"\n\t\t\t\tclass=\"tribe-events-calendar-month__day-date-link\"\n\t\t\t\tdata-js=\"tribe-events-view-link\"\n\t\t\t\taria-label=\"April 14\"\n\t\t\t>\n\t\t\t\t14\t\t\t<\/a>\n\t\t\t<\/time>\n<\/h3>\n\n\t<div class=\"tribe-events-calendar-month__events\">\n\t\t\n\t<div class=\"tribe-events-calendar-month__multiday-event-wrapper\">\n\t<article  class=\"tribe-events-calendar-month__multiday-event post-10001120 tribe_events type-tribe_events status-publish has-post-thumbnail hentry tribe_events_cat-exposiciones cat_exposiciones\"  data-event-id=\"10001120\">\n\t\t<div class=\"tribe-events-calendar-month__multiday-event-hidden\">\n\t<time\n\tdatetime=\"2026-03-19\"\n\tclass=\"tribe-common-a11y-visual-hide\"\n>\n\t2026-03-19<\/time>\n\t<a\n\thref=\"https:\/\/fundacioncajaruraldelsur.com\/pt\/evento\/exposicion-fotografica-de-felix-vazquez-por-casualidad\/\"\n\tclass=\"tribe-events-calendar-month__multiday-event-hidden-link\"\n\tdata-js=\"tribe-events-tooltip\"\n\tdata-tooltip-content=\"#tribe-events-tooltip-content-10001120\"\n\taria-describedby=\"tribe-events-tooltip-content-10001120\"\n>\n\t\t<div class=\"tribe-events-calendar-month__multiday-event-hidden-title tribe-common-h8\">\n\tExposici\u00f3n fotogr\u00e1fica de F\u00e9lix V\u00e1zquez: \u00abPor Casualidad\u00bb<\/div>\n<\/a>\n<\/div>\n\t\t\t<\/article>\n<\/div>\n\n\t<div class=\"tribe-events-calendar-month__multiday-event-wrapper\">\n\t<article  class=\"tribe-events-calendar-month__multiday-event post-10001122 tribe_events type-tribe_events status-publish hentry\"  data-event-id=\"10001122\">\n\t\t<div class=\"tribe-events-calendar-month__multiday-event-hidden\">\n\t<time\n\tdatetime=\"2026-03-19\"\n\tclass=\"tribe-common-a11y-visual-hide\"\n>\n\t2026-03-19<\/time>\n\t<a\n\thref=\"https:\/\/fundacioncajaruraldelsur.com\/pt\/evento\/i-certamen-de-pintura-y-escultura-alfonso-aramburu-terrades-2\/\"\n\tclass=\"tribe-events-calendar-month__multiday-event-hidden-link\"\n\tdata-js=\"tribe-events-tooltip\"\n\tdata-tooltip-content=\"#tribe-events-tooltip-content-10001122\"\n\taria-describedby=\"tribe-events-tooltip-content-10001122\"\n>\n\t\t<div class=\"tribe-events-calendar-month__multiday-event-hidden-title tribe-common-h8\">\n\tI Certamen de Pintura y Escultura \u00abAlfonso Aramburu Terrades\u00bb<\/div>\n<\/a>\n<\/div>\n\t\t\t<\/article>\n<\/div>\n\n\t<div class=\"tribe-events-calendar-month__multiday-event-wrapper\">\n\t<article  class=\"tribe-events-calendar-month__multiday-event post-10001127 tribe_events type-tribe_events status-publish hentry tribe_events_cat-exposiciones cat_exposiciones\"  data-event-id=\"10001127\">\n\t\t<div class=\"tribe-events-calendar-month__multiday-event-hidden\">\n\t<time\n\tdatetime=\"2026-04-08\"\n\tclass=\"tribe-common-a11y-visual-hide\"\n>\n\t2026-04-08<\/time>\n\t<a\n\thref=\"https:\/\/fundacioncajaruraldelsur.com\/pt\/evento\/exposicion-de-fotografia-las-caras-de-huelva-ii-de-paco-gil\/\"\n\tclass=\"tribe-events-calendar-month__multiday-event-hidden-link\"\n\tdata-js=\"tribe-events-tooltip\"\n\tdata-tooltip-content=\"#tribe-events-tooltip-content-10001127\"\n\taria-describedby=\"tribe-events-tooltip-content-10001127\"\n>\n\t\t<div class=\"tribe-events-calendar-month__multiday-event-hidden-title tribe-common-h8\">\n\tExposici\u00f3n de fotograf\u00eda: \u00abLas Caras de Huelva II\u00bb, de Paco Gil<\/div>\n<\/a>\n<\/div>\n\t\t\t<\/article>\n<\/div>\n\n\n\t\t\n\t\n\t\n<article  class=\"tribe-events-calendar-month__calendar-event post-10001125 tribe_events type-tribe_events status-publish has-post-thumbnail hentry tribe_events_cat-presentaciones cat_presentaciones\" >\n\n\t\n\t<div class=\"tribe-events-calendar-month__calendar-event-details\">\n\n\t\t<div class=\"tribe-events-calendar-month__calendar-event-datetime\">\n\t\t<time datetime=\"19:00\">\n\t\t7:00 pm\t<\/time>\n\t\t\t<span class=\"tribe-events-calendar-month__calendar-event-datetime-separator\"> - <\/span>\n\t\t<time datetime=\"20:00\">\n\t\t\t8:00 pm\t\t<\/time>\n\t\t<\/div>\n\t\t<div class=\"tribe-events-calendar-month__calendar-event-title tribe-common-h8 tribe-common-h--alt\">\n\t<a\n\t\thref=\"https:\/\/fundacioncajaruraldelsur.com\/pt\/evento\/presentacion-la-novela-de-donana-de-juan-villa\/\"\n\t\ttitle=\"Presentaci\u00f3n: \u00abLa Novela de Do\u00f1ana\u00bb, de Juan Villa\"\n\t\trel=\"bookmark\"\n\t\tclass=\"tribe-events-calendar-month__calendar-event-title-link tribe-common-anchor-thin\"\n\t\tdata-js=\"tribe-events-tooltip\"\n\t\tdata-tooltip-content=\"#tribe-events-tooltip-content-10001125\"\n\t\taria-describedby=\"tribe-events-tooltip-content-10001125\"\n\t>\n\t\tPresentaci\u00f3n: \u00abLa Novela de Do\u00f1ana\u00bb, de Juan Villa\t<\/a>\n<\/div>\n\n\t\t<div class=\"tribe-events-calendar-month__calendar-event-tooltip-template tribe-common-a11y-hidden\">\n\t<div\n\t\tclass=\"tribe-events-calendar-month__calendar-event-tooltip\"\n\t\tid=\"tribe-events-tooltip-content-10001125\"\n\t\trole=\"tooltip\"\n\t>\n\t\t<div class=\"tribe-events-calendar-month__calendar-event-tooltip-featured-image-wrapper\">\n\t<img\n\t\tclass=\"tribe-events-calendar-month__calendar-event-tooltip-featured-image\"\n\t\tsrc=\"https:\/\/fundacioncajaruraldelsur.com\/wp-content\/uploads\/2018\/10\/Presentacion_Libro.jpg\"\n\t\t\t\t\tsrcset=\"https:\/\/fundacioncajaruraldelsur.com\/wp-content\/uploads\/2018\/10\/Presentacion_Libro-300x72.jpg 300w, https:\/\/fundacioncajaruraldelsur.com\/wp-content\/uploads\/2018\/10\/Presentacion_Libro-768x183.jpg 768w, https:\/\/fundacioncajaruraldelsur.com\/wp-content\/uploads\/2018\/10\/Presentacion_Libro-1024x245.jpg 1024w, https:\/\/fundacioncajaruraldelsur.com\/wp-content\/uploads\/2018\/10\/Presentacion_Libro.jpg 1909w\"\n\t\t\t\t\t\t\talt=\"\"\n\t\t\t\/>\n<\/div>\n\t\t<div class=\"tribe-events-calendar-month__calendar-event-tooltip-datetime\">\n\t\t<time datetime=\"2026-04-14\">\n\t\t<span class=\"tribe-event-date-start\">April 14 @ 7:00 pm<\/span> - <span class=\"tribe-event-time\">8:00 pm<\/span>\t<\/time>\n\t<\/div>\n\t\t<div class=\"tribe-events-calendar-month__calendar-event-tooltip-title tribe-common-h7\">\n\t<a\n\t\thref=\"https:\/\/fundacioncajaruraldelsur.com\/pt\/evento\/presentacion-la-novela-de-donana-de-juan-villa\/\"\n\t\ttitle=\"Presentaci\u00f3n: \u00abLa Novela de Do\u00f1ana\u00bb, de Juan Villa\"\n\t\trel=\"bookmark\"\n\t\tclass=\"tribe-events-calendar-month__calendar-event-tooltip-title-link tribe-common-anchor-thin\"\n\t>\n\t\tPresentaci\u00f3n: \u00abLa Novela de Do\u00f1ana\u00bb, de Juan Villa\t<\/a>\n<\/div>\n\t\t\t\t\t<\/div>\n<\/div>\n\n\t<\/div>\n\n<\/article>\n\n\t\n\t\n<article  class=\"tribe-events-calendar-month__calendar-event post-10001130 tribe_events type-tribe_events status-publish has-post-thumbnail hentry tribe_events_cat-presentaciones cat_presentaciones\" >\n\n\t\n\t<div class=\"tribe-events-calendar-month__calendar-event-details\">\n\n\t\t<div class=\"tribe-events-calendar-month__calendar-event-datetime\">\n\t\t<time datetime=\"19:00\">\n\t\t7:00 pm\t<\/time>\n\t\t\t<span class=\"tribe-events-calendar-month__calendar-event-datetime-separator\"> - <\/span>\n\t\t<time datetime=\"20:00\">\n\t\t\t8:00 pm\t\t<\/time>\n\t\t<\/div>\n\t\t<div class=\"tribe-events-calendar-month__calendar-event-title tribe-common-h8 tribe-common-h--alt\">\n\t<a\n\t\thref=\"https:\/\/fundacioncajaruraldelsur.com\/pt\/evento\/presentacion-la-novela-de-donana-de-juan-villa-2\/\"\n\t\ttitle=\"Presentaci\u00f3n: \u00abLa Novela de Do\u00f1ana\u00bb, de Juan Villa\"\n\t\trel=\"bookmark\"\n\t\tclass=\"tribe-events-calendar-month__calendar-event-title-link tribe-common-anchor-thin\"\n\t\tdata-js=\"tribe-events-tooltip\"\n\t\tdata-tooltip-content=\"#tribe-events-tooltip-content-10001130\"\n\t\taria-describedby=\"tribe-events-tooltip-content-10001130\"\n\t>\n\t\tPresentaci\u00f3n: \u00abLa Novela de Do\u00f1ana\u00bb, de Juan Villa\t<\/a>\n<\/div>\n\n\t\t<div class=\"tribe-events-calendar-month__calendar-event-tooltip-template tribe-common-a11y-hidden\">\n\t<div\n\t\tclass=\"tribe-events-calendar-month__calendar-event-tooltip\"\n\t\tid=\"tribe-events-tooltip-content-10001130\"\n\t\trole=\"tooltip\"\n\t>\n\t\t<div class=\"tribe-events-calendar-month__calendar-event-tooltip-featured-image-wrapper\">\n\t<img\n\t\tclass=\"tribe-events-calendar-month__calendar-event-tooltip-featured-image\"\n\t\tsrc=\"https:\/\/fundacioncajaruraldelsur.com\/wp-content\/uploads\/2018\/10\/Presentacion_Libro.jpg\"\n\t\t\t\t\tsrcset=\"https:\/\/fundacioncajaruraldelsur.com\/wp-content\/uploads\/2018\/10\/Presentacion_Libro-300x72.jpg 300w, https:\/\/fundacioncajaruraldelsur.com\/wp-content\/uploads\/2018\/10\/Presentacion_Libro-768x183.jpg 768w, https:\/\/fundacioncajaruraldelsur.com\/wp-content\/uploads\/2018\/10\/Presentacion_Libro-1024x245.jpg 1024w, https:\/\/fundacioncajaruraldelsur.com\/wp-content\/uploads\/2018\/10\/Presentacion_Libro.jpg 1909w\"\n\t\t\t\t\t\t\talt=\"\"\n\t\t\t\/>\n<\/div>\n\t\t<div class=\"tribe-events-calendar-month__calendar-event-tooltip-datetime\">\n\t\t<time datetime=\"2026-04-14\">\n\t\t<span class=\"tribe-event-date-start\">April 14 @ 7:00 pm<\/span> - <span class=\"tribe-event-time\">8:00 pm<\/span>\t<\/time>\n\t<\/div>\n\t\t<div class=\"tribe-events-calendar-month__calendar-event-tooltip-title tribe-common-h7\">\n\t<a\n\t\thref=\"https:\/\/fundacioncajaruraldelsur.com\/pt\/evento\/presentacion-la-novela-de-donana-de-juan-villa-2\/\"\n\t\ttitle=\"Presentaci\u00f3n: \u00abLa Novela de Do\u00f1ana\u00bb, de Juan Villa\"\n\t\trel=\"bookmark\"\n\t\tclass=\"tribe-events-calendar-month__calendar-event-tooltip-title-link tribe-common-anchor-thin\"\n\t>\n\t\tPresentaci\u00f3n: \u00abLa Novela de Do\u00f1ana\u00bb, de Juan Villa\t<\/a>\n<\/div>\n\t\t\t\t\t<\/div>\n<\/div>\n\n\t<\/div>\n\n<\/article>\n\n\t<\/div>\n\n\t\n<\/div>\n<\/td>\n\n\t\t\t\n\t\t\t\t<td\n\t class=\"tribe-events-calendar-month__day tribe-events-calendar-month__day--past\" \taria-labelledby=\"tribe-events-calendar-day-2026-04-15\"\n\tdata-js=\"tribe-events-month-grid-cell\"\n>\n\t<button\n\taria-expanded=\"false\"\n\taria-controls=\"tribe-events-calendar-mobile-day-2026-04-15\"\n\taria-label=\"April 15, 4 eventos, past day\"\n\t class=\"tribe-events-calendar-month__day-cell tribe-events-calendar-month__day-cell--mobile\" \tdata-js=\"tribe-events-calendar-month-day-cell-mobile\"\n>\n\t<h3 class=\"tribe-events-calendar-month__day-date tribe-common-h6 tribe-common-h--alt\">\n\t\t<span class=\"tribe-common-a11y-visual-hide\">\n\t\t\t4 eventos\t\t<\/span>\n\t\t<time\n\t\t\tclass=\"tribe-events-calendar-month__day-date-daynum\"\n\t\t\tdatetime=\"2026-04-15\"\n\t\t>\n\t\t\t15\t\t<\/time>\n\t<\/h3>\n\t\n\t<span class=\"tribe-events-calendar-month__mobile-events-icon tribe-events-calendar-month__mobile-events-icon--event\" >\n\t<\/span>\n<\/button>\n\t\n<div\n\tid=\"tribe-events-calendar-day-2026-04-15\"\n\tclass=\"tribe-events-calendar-month__day-cell tribe-events-calendar-month__day-cell--desktop tribe-common-a11y-hidden\"\n>\n\t\n<h3 class=\"tribe-events-calendar-month__day-date tribe-common-h4\">\n\t<span class=\"tribe-common-a11y-visual-hide\">\n\t\t4 eventos,\n\t<\/span>\n\t<time\n\t\tclass=\"tribe-events-calendar-month__day-date-daynum\"\n\t\tdatetime=\"2026-04-15\"\n\t>\n\t\t\t\t\t<a\n\t\t\t\thref=\"https:\/\/fundacioncajaruraldelsur.com\/pt\/eventos\/2026-04-15\/?shortcode=tribe-widget-events-month-10\"\n\t\t\t\tclass=\"tribe-events-calendar-month__day-date-link\"\n\t\t\t\tdata-js=\"tribe-events-view-link\"\n\t\t\t\taria-label=\"April 15\"\n\t\t\t>\n\t\t\t\t15\t\t\t<\/a>\n\t\t\t<\/time>\n<\/h3>\n\n\t<div class=\"tribe-events-calendar-month__events\">\n\t\t\n\t<div class=\"tribe-events-calendar-month__multiday-event-wrapper\">\n\t<article  class=\"tribe-events-calendar-month__multiday-event post-10001120 tribe_events type-tribe_events status-publish has-post-thumbnail hentry tribe_events_cat-exposiciones cat_exposiciones\"  data-event-id=\"10001120\">\n\t\t<div class=\"tribe-events-calendar-month__multiday-event-hidden\">\n\t<time\n\tdatetime=\"2026-03-19\"\n\tclass=\"tribe-common-a11y-visual-hide\"\n>\n\t2026-03-19<\/time>\n\t<a\n\thref=\"https:\/\/fundacioncajaruraldelsur.com\/pt\/evento\/exposicion-fotografica-de-felix-vazquez-por-casualidad\/\"\n\tclass=\"tribe-events-calendar-month__multiday-event-hidden-link\"\n\tdata-js=\"tribe-events-tooltip\"\n\tdata-tooltip-content=\"#tribe-events-tooltip-content-10001120\"\n\taria-describedby=\"tribe-events-tooltip-content-10001120\"\n>\n\t\t<div class=\"tribe-events-calendar-month__multiday-event-hidden-title tribe-common-h8\">\n\tExposici\u00f3n fotogr\u00e1fica de F\u00e9lix V\u00e1zquez: \u00abPor Casualidad\u00bb<\/div>\n<\/a>\n<\/div>\n\t\t\t<\/article>\n<\/div>\n\n\t<div class=\"tribe-events-calendar-month__multiday-event-wrapper\">\n\t<article  class=\"tribe-events-calendar-month__multiday-event post-10001122 tribe_events type-tribe_events status-publish hentry\"  data-event-id=\"10001122\">\n\t\t<div class=\"tribe-events-calendar-month__multiday-event-hidden\">\n\t<time\n\tdatetime=\"2026-03-19\"\n\tclass=\"tribe-common-a11y-visual-hide\"\n>\n\t2026-03-19<\/time>\n\t<a\n\thref=\"https:\/\/fundacioncajaruraldelsur.com\/pt\/evento\/i-certamen-de-pintura-y-escultura-alfonso-aramburu-terrades-2\/\"\n\tclass=\"tribe-events-calendar-month__multiday-event-hidden-link\"\n\tdata-js=\"tribe-events-tooltip\"\n\tdata-tooltip-content=\"#tribe-events-tooltip-content-10001122\"\n\taria-describedby=\"tribe-events-tooltip-content-10001122\"\n>\n\t\t<div class=\"tribe-events-calendar-month__multiday-event-hidden-title tribe-common-h8\">\n\tI Certamen de Pintura y Escultura \u00abAlfonso Aramburu Terrades\u00bb<\/div>\n<\/a>\n<\/div>\n\t\t\t<\/article>\n<\/div>\n\n\t<div class=\"tribe-events-calendar-month__multiday-event-wrapper\">\n\t<article  class=\"tribe-events-calendar-month__multiday-event post-10001127 tribe_events type-tribe_events status-publish hentry tribe_events_cat-exposiciones cat_exposiciones\"  data-event-id=\"10001127\">\n\t\t<div class=\"tribe-events-calendar-month__multiday-event-hidden\">\n\t<time\n\tdatetime=\"2026-04-08\"\n\tclass=\"tribe-common-a11y-visual-hide\"\n>\n\t2026-04-08<\/time>\n\t<a\n\thref=\"https:\/\/fundacioncajaruraldelsur.com\/pt\/evento\/exposicion-de-fotografia-las-caras-de-huelva-ii-de-paco-gil\/\"\n\tclass=\"tribe-events-calendar-month__multiday-event-hidden-link\"\n\tdata-js=\"tribe-events-tooltip\"\n\tdata-tooltip-content=\"#tribe-events-tooltip-content-10001127\"\n\taria-describedby=\"tribe-events-tooltip-content-10001127\"\n>\n\t\t<div class=\"tribe-events-calendar-month__multiday-event-hidden-title tribe-common-h8\">\n\tExposici\u00f3n de fotograf\u00eda: \u00abLas Caras de Huelva II\u00bb, de Paco Gil<\/div>\n<\/a>\n<\/div>\n\t\t\t<\/article>\n<\/div>\n\n\n\t\t\n\t\n\t\n<article  class=\"tribe-events-calendar-month__calendar-event post-10001131 tribe_events type-tribe_events status-publish has-post-thumbnail hentry tribe_events_cat-patrimonio-cultural cat_patrimonio-cultural\" >\n\n\t\n\t<div class=\"tribe-events-calendar-month__calendar-event-details\">\n\n\t\t<div class=\"tribe-events-calendar-month__calendar-event-datetime\">\n\t\t<time datetime=\"19:30\">\n\t\t7:30 pm\t<\/time>\n\t\t\t<span class=\"tribe-events-calendar-month__calendar-event-datetime-separator\"> - <\/span>\n\t\t<time datetime=\"20:30\">\n\t\t\t8:30 pm\t\t<\/time>\n\t\t<\/div>\n\t\t<div class=\"tribe-events-calendar-month__calendar-event-title tribe-common-h8 tribe-common-h--alt\">\n\t<a\n\t\thref=\"https:\/\/fundacioncajaruraldelsur.com\/pt\/evento\/xxvii-fiesta-de-los-patios-portuenses\/\"\n\t\ttitle=\"XXVII FIESTA DE LOS PATIOS PORTUENSES\"\n\t\trel=\"bookmark\"\n\t\tclass=\"tribe-events-calendar-month__calendar-event-title-link tribe-common-anchor-thin\"\n\t\tdata-js=\"tribe-events-tooltip\"\n\t\tdata-tooltip-content=\"#tribe-events-tooltip-content-10001131\"\n\t\taria-describedby=\"tribe-events-tooltip-content-10001131\"\n\t>\n\t\tXXVII FIESTA DE LOS PATIOS PORTUENSES\t<\/a>\n<\/div>\n\n\t\t<div class=\"tribe-events-calendar-month__calendar-event-tooltip-template tribe-common-a11y-hidden\">\n\t<div\n\t\tclass=\"tribe-events-calendar-month__calendar-event-tooltip\"\n\t\tid=\"tribe-events-tooltip-content-10001131\"\n\t\trole=\"tooltip\"\n\t>\n\t\t<div class=\"tribe-events-calendar-month__calendar-event-tooltip-featured-image-wrapper\">\n\t<img\n\t\tclass=\"tribe-events-calendar-month__calendar-event-tooltip-featured-image\"\n\t\tsrc=\"https:\/\/fundacioncajaruraldelsur.com\/wp-content\/uploads\/2022\/02\/Diseno-sin-titulo-35.png\"\n\t\t\t\t\tsrcset=\"https:\/\/fundacioncajaruraldelsur.com\/wp-content\/uploads\/2022\/02\/Diseno-sin-titulo-35-300x78.png 300w, https:\/\/fundacioncajaruraldelsur.com\/wp-content\/uploads\/2022\/02\/Diseno-sin-titulo-35-1024x266.png 1024w, https:\/\/fundacioncajaruraldelsur.com\/wp-content\/uploads\/2022\/02\/Diseno-sin-titulo-35-768x199.png 768w, https:\/\/fundacioncajaruraldelsur.com\/wp-content\/uploads\/2022\/02\/Diseno-sin-titulo-35-1536x399.png 1536w, https:\/\/fundacioncajaruraldelsur.com\/wp-content\/uploads\/2022\/02\/Diseno-sin-titulo-35.png 1925w\"\n\t\t\t\t\t\t\talt=\"\"\n\t\t\t\/>\n<\/div>\n\t\t<div class=\"tribe-events-calendar-month__calendar-event-tooltip-datetime\">\n\t\t<time datetime=\"2026-04-15\">\n\t\t<span class=\"tribe-event-date-start\">April 15 @ 7:30 pm<\/span> - <span class=\"tribe-event-time\">8:30 pm<\/span>\t<\/time>\n\t<\/div>\n\t\t<div class=\"tribe-events-calendar-month__calendar-event-tooltip-title tribe-common-h7\">\n\t<a\n\t\thref=\"https:\/\/fundacioncajaruraldelsur.com\/pt\/evento\/xxvii-fiesta-de-los-patios-portuenses\/\"\n\t\ttitle=\"XXVII FIESTA DE LOS PATIOS PORTUENSES\"\n\t\trel=\"bookmark\"\n\t\tclass=\"tribe-events-calendar-month__calendar-event-tooltip-title-link tribe-common-anchor-thin\"\n\t>\n\t\tXXVII FIESTA DE LOS PATIOS PORTUENSES\t<\/a>\n<\/div>\n\t\t\t\t\t<\/div>\n<\/div>\n\n\t<\/div>\n\n<\/article>\n\n\t<\/div>\n\n\t\n<\/div>\n<\/td>\n\n\t\t\t\n\t\t\t\t<td\n\t class=\"tribe-events-calendar-month__day tribe-events-calendar-month__day--past\" \taria-labelledby=\"tribe-events-calendar-day-2026-04-16\"\n\tdata-js=\"tribe-events-month-grid-cell\"\n>\n\t<button\n\taria-expanded=\"false\"\n\taria-controls=\"tribe-events-calendar-mobile-day-2026-04-16\"\n\taria-label=\"April 16, 5 eventos, past day\"\n\t class=\"tribe-events-calendar-month__day-cell tribe-events-calendar-month__day-cell--mobile\" \tdata-js=\"tribe-events-calendar-month-day-cell-mobile\"\n>\n\t<h3 class=\"tribe-events-calendar-month__day-date tribe-common-h6 tribe-common-h--alt\">\n\t\t<span class=\"tribe-common-a11y-visual-hide\">\n\t\t\t5 eventos\t\t<\/span>\n\t\t<time\n\t\t\tclass=\"tribe-events-calendar-month__day-date-daynum\"\n\t\t\tdatetime=\"2026-04-16\"\n\t\t>\n\t\t\t16\t\t<\/time>\n\t<\/h3>\n\t\n\t<span class=\"tribe-events-calendar-month__mobile-events-icon tribe-events-calendar-month__mobile-events-icon--event\" >\n\t<\/span>\n<\/button>\n\t\n<div\n\tid=\"tribe-events-calendar-day-2026-04-16\"\n\tclass=\"tribe-events-calendar-month__day-cell tribe-events-calendar-month__day-cell--desktop tribe-common-a11y-hidden\"\n>\n\t\n<h3 class=\"tribe-events-calendar-month__day-date tribe-common-h4\">\n\t<span class=\"tribe-common-a11y-visual-hide\">\n\t\t5 eventos,\n\t<\/span>\n\t<time\n\t\tclass=\"tribe-events-calendar-month__day-date-daynum\"\n\t\tdatetime=\"2026-04-16\"\n\t>\n\t\t\t\t\t<a\n\t\t\t\thref=\"https:\/\/fundacioncajaruraldelsur.com\/pt\/eventos\/2026-04-16\/?shortcode=tribe-widget-events-month-10\"\n\t\t\t\tclass=\"tribe-events-calendar-month__day-date-link\"\n\t\t\t\tdata-js=\"tribe-events-view-link\"\n\t\t\t\taria-label=\"April 16\"\n\t\t\t>\n\t\t\t\t16\t\t\t<\/a>\n\t\t\t<\/time>\n<\/h3>\n\n\t<div class=\"tribe-events-calendar-month__events\">\n\t\t\n\t<div class=\"tribe-events-calendar-month__multiday-event-wrapper\">\n\t<article  class=\"tribe-events-calendar-month__multiday-event post-10001120 tribe_events type-tribe_events status-publish has-post-thumbnail hentry tribe_events_cat-exposiciones cat_exposiciones\"  data-event-id=\"10001120\">\n\t\t<div class=\"tribe-events-calendar-month__multiday-event-hidden\">\n\t<time\n\tdatetime=\"2026-03-19\"\n\tclass=\"tribe-common-a11y-visual-hide\"\n>\n\t2026-03-19<\/time>\n\t<a\n\thref=\"https:\/\/fundacioncajaruraldelsur.com\/pt\/evento\/exposicion-fotografica-de-felix-vazquez-por-casualidad\/\"\n\tclass=\"tribe-events-calendar-month__multiday-event-hidden-link\"\n\tdata-js=\"tribe-events-tooltip\"\n\tdata-tooltip-content=\"#tribe-events-tooltip-content-10001120\"\n\taria-describedby=\"tribe-events-tooltip-content-10001120\"\n>\n\t\t<div class=\"tribe-events-calendar-month__multiday-event-hidden-title tribe-common-h8\">\n\tExposici\u00f3n fotogr\u00e1fica de F\u00e9lix V\u00e1zquez: \u00abPor Casualidad\u00bb<\/div>\n<\/a>\n<\/div>\n\t\t\t<\/article>\n<\/div>\n\n\t<div class=\"tribe-events-calendar-month__multiday-event-wrapper\">\n\t<article  class=\"tribe-events-calendar-month__multiday-event post-10001122 tribe_events type-tribe_events status-publish hentry\"  data-event-id=\"10001122\">\n\t\t<div class=\"tribe-events-calendar-month__multiday-event-hidden\">\n\t<time\n\tdatetime=\"2026-03-19\"\n\tclass=\"tribe-common-a11y-visual-hide\"\n>\n\t2026-03-19<\/time>\n\t<a\n\thref=\"https:\/\/fundacioncajaruraldelsur.com\/pt\/evento\/i-certamen-de-pintura-y-escultura-alfonso-aramburu-terrades-2\/\"\n\tclass=\"tribe-events-calendar-month__multiday-event-hidden-link\"\n\tdata-js=\"tribe-events-tooltip\"\n\tdata-tooltip-content=\"#tribe-events-tooltip-content-10001122\"\n\taria-describedby=\"tribe-events-tooltip-content-10001122\"\n>\n\t\t<div class=\"tribe-events-calendar-month__multiday-event-hidden-title tribe-common-h8\">\n\tI Certamen de Pintura y Escultura \u00abAlfonso Aramburu Terrades\u00bb<\/div>\n<\/a>\n<\/div>\n\t\t\t<\/article>\n<\/div>\n\n\t<div class=\"tribe-events-calendar-month__multiday-event-wrapper\">\n\t<article  class=\"tribe-events-calendar-month__multiday-event post-10001127 tribe_events type-tribe_events status-publish hentry tribe_events_cat-exposiciones cat_exposiciones\"  data-event-id=\"10001127\">\n\t\t<div class=\"tribe-events-calendar-month__multiday-event-hidden\">\n\t<time\n\tdatetime=\"2026-04-08\"\n\tclass=\"tribe-common-a11y-visual-hide\"\n>\n\t2026-04-08<\/time>\n\t<a\n\thref=\"https:\/\/fundacioncajaruraldelsur.com\/pt\/evento\/exposicion-de-fotografia-las-caras-de-huelva-ii-de-paco-gil\/\"\n\tclass=\"tribe-events-calendar-month__multiday-event-hidden-link\"\n\tdata-js=\"tribe-events-tooltip\"\n\tdata-tooltip-content=\"#tribe-events-tooltip-content-10001127\"\n\taria-describedby=\"tribe-events-tooltip-content-10001127\"\n>\n\t\t<div class=\"tribe-events-calendar-month__multiday-event-hidden-title tribe-common-h8\">\n\tExposici\u00f3n de fotograf\u00eda: \u00abLas Caras de Huelva II\u00bb, de Paco Gil<\/div>\n<\/a>\n<\/div>\n\t\t\t<\/article>\n<\/div>\n\n\n\t\t\n\t\n\t\n<article  class=\"tribe-events-calendar-month__calendar-event post-10001133 tribe_events type-tribe_events status-publish has-post-thumbnail hentry tribe_events_cat-conferencias cat_conferencias\" >\n\n\t\n\t<div class=\"tribe-events-calendar-month__calendar-event-details\">\n\n\t\t<div class=\"tribe-events-calendar-month__calendar-event-datetime\">\n\t\t<time datetime=\"17:00\">\n\t\t5:00 pm\t<\/time>\n\t\t\t<span class=\"tribe-events-calendar-month__calendar-event-datetime-separator\"> - <\/span>\n\t\t<time datetime=\"18:00\">\n\t\t\t6:00 pm\t\t<\/time>\n\t\t<\/div>\n\t\t<div class=\"tribe-events-calendar-month__calendar-event-title tribe-common-h8 tribe-common-h--alt\">\n\t<a\n\t\thref=\"https:\/\/fundacioncajaruraldelsur.com\/pt\/evento\/mesa-redonda-el-reconocimiento-del-autismo-en-adultos-dentro-del-sistema-de-salud\/\"\n\t\ttitle=\"Mesa redonda: \u00abEl Reconocimiento del Autismo en adultos dentro del sistema de salud\u00bb\"\n\t\trel=\"bookmark\"\n\t\tclass=\"tribe-events-calendar-month__calendar-event-title-link tribe-common-anchor-thin\"\n\t\tdata-js=\"tribe-events-tooltip\"\n\t\tdata-tooltip-content=\"#tribe-events-tooltip-content-10001133\"\n\t\taria-describedby=\"tribe-events-tooltip-content-10001133\"\n\t>\n\t\tMesa redonda: \u00abEl Reconocimiento del Autismo en adultos dentro del sistema de salud\u00bb\t<\/a>\n<\/div>\n\n\t\t<div class=\"tribe-events-calendar-month__calendar-event-tooltip-template tribe-common-a11y-hidden\">\n\t<div\n\t\tclass=\"tribe-events-calendar-month__calendar-event-tooltip\"\n\t\tid=\"tribe-events-tooltip-content-10001133\"\n\t\trole=\"tooltip\"\n\t>\n\t\t<div class=\"tribe-events-calendar-month__calendar-event-tooltip-featured-image-wrapper\">\n\t<img\n\t\tclass=\"tribe-events-calendar-month__calendar-event-tooltip-featured-image\"\n\t\tsrc=\"https:\/\/fundacioncajaruraldelsur.com\/wp-content\/uploads\/2019\/07\/medico_bata_puesta.jpg\"\n\t\t\t\t\tsrcset=\"https:\/\/fundacioncajaruraldelsur.com\/wp-content\/uploads\/2019\/07\/medico_bata_puesta-300x78.jpg 300w, https:\/\/fundacioncajaruraldelsur.com\/wp-content\/uploads\/2019\/07\/medico_bata_puesta-768x200.jpg 768w, https:\/\/fundacioncajaruraldelsur.com\/wp-content\/uploads\/2019\/07\/medico_bata_puesta-1024x267.jpg 1024w, https:\/\/fundacioncajaruraldelsur.com\/wp-content\/uploads\/2019\/07\/medico_bata_puesta.jpg 1920w\"\n\t\t\t\t\t\t\talt=\"\"\n\t\t\t\/>\n<\/div>\n\t\t<div class=\"tribe-events-calendar-month__calendar-event-tooltip-datetime\">\n\t\t<time datetime=\"2026-04-16\">\n\t\t<span class=\"tribe-event-date-start\">April 16 @ 5:00 pm<\/span> - <span class=\"tribe-event-time\">6:00 pm<\/span>\t<\/time>\n\t<\/div>\n\t\t<div class=\"tribe-events-calendar-month__calendar-event-tooltip-title tribe-common-h7\">\n\t<a\n\t\thref=\"https:\/\/fundacioncajaruraldelsur.com\/pt\/evento\/mesa-redonda-el-reconocimiento-del-autismo-en-adultos-dentro-del-sistema-de-salud\/\"\n\t\ttitle=\"Mesa redonda: \u00abEl Reconocimiento del Autismo en adultos dentro del sistema de salud\u00bb\"\n\t\trel=\"bookmark\"\n\t\tclass=\"tribe-events-calendar-month__calendar-event-tooltip-title-link tribe-common-anchor-thin\"\n\t>\n\t\tMesa redonda: \u00abEl Reconocimiento del Autismo en adultos dentro del sistema de salud\u00bb\t<\/a>\n<\/div>\n\t\t\t\t\t<\/div>\n<\/div>\n\n\t<\/div>\n\n<\/article>\n\n\t\n\t\n<article  class=\"tribe-events-calendar-month__calendar-event post-10001132 tribe_events type-tribe_events status-publish has-post-thumbnail hentry tribe_events_cat-conferencias cat_conferencias\" >\n\n\t\n\t<div class=\"tribe-events-calendar-month__calendar-event-details\">\n\n\t\t<div class=\"tribe-events-calendar-month__calendar-event-datetime\">\n\t\t<time datetime=\"19:00\">\n\t\t7:00 pm\t<\/time>\n\t\t\t<span class=\"tribe-events-calendar-month__calendar-event-datetime-separator\"> - <\/span>\n\t\t<time datetime=\"20:30\">\n\t\t\t8:30 pm\t\t<\/time>\n\t\t<\/div>\n\t\t<div class=\"tribe-events-calendar-month__calendar-event-title tribe-common-h8 tribe-common-h--alt\">\n\t<a\n\t\thref=\"https:\/\/fundacioncajaruraldelsur.com\/pt\/evento\/ciclo-de-conferencias-envejecimiento-saludable\/\"\n\t\ttitle=\"Ciclo de conferencias \u00abEnvejecimiento saludable\u00bb\"\n\t\trel=\"bookmark\"\n\t\tclass=\"tribe-events-calendar-month__calendar-event-title-link tribe-common-anchor-thin\"\n\t\tdata-js=\"tribe-events-tooltip\"\n\t\tdata-tooltip-content=\"#tribe-events-tooltip-content-10001132\"\n\t\taria-describedby=\"tribe-events-tooltip-content-10001132\"\n\t>\n\t\tCiclo de conferencias \u00abEnvejecimiento saludable\u00bb\t<\/a>\n<\/div>\n\n\t\t<div class=\"tribe-events-calendar-month__calendar-event-tooltip-template tribe-common-a11y-hidden\">\n\t<div\n\t\tclass=\"tribe-events-calendar-month__calendar-event-tooltip\"\n\t\tid=\"tribe-events-tooltip-content-10001132\"\n\t\trole=\"tooltip\"\n\t>\n\t\t<div class=\"tribe-events-calendar-month__calendar-event-tooltip-featured-image-wrapper\">\n\t<img\n\t\tclass=\"tribe-events-calendar-month__calendar-event-tooltip-featured-image\"\n\t\tsrc=\"https:\/\/fundacioncajaruraldelsur.com\/wp-content\/uploads\/2019\/07\/medico_bata_puesta.jpg\"\n\t\t\t\t\tsrcset=\"https:\/\/fundacioncajaruraldelsur.com\/wp-content\/uploads\/2019\/07\/medico_bata_puesta-300x78.jpg 300w, https:\/\/fundacioncajaruraldelsur.com\/wp-content\/uploads\/2019\/07\/medico_bata_puesta-768x200.jpg 768w, https:\/\/fundacioncajaruraldelsur.com\/wp-content\/uploads\/2019\/07\/medico_bata_puesta-1024x267.jpg 1024w, https:\/\/fundacioncajaruraldelsur.com\/wp-content\/uploads\/2019\/07\/medico_bata_puesta.jpg 1920w\"\n\t\t\t\t\t\t\talt=\"\"\n\t\t\t\/>\n<\/div>\n\t\t<div class=\"tribe-events-calendar-month__calendar-event-tooltip-datetime\">\n\t\t<time datetime=\"2026-04-16\">\n\t\t<span class=\"tribe-event-date-start\">April 16 @ 7:00 pm<\/span> - <span class=\"tribe-event-time\">8:30 pm<\/span>\t<\/time>\n\t<\/div>\n\t\t<div class=\"tribe-events-calendar-month__calendar-event-tooltip-title tribe-common-h7\">\n\t<a\n\t\thref=\"https:\/\/fundacioncajaruraldelsur.com\/pt\/evento\/ciclo-de-conferencias-envejecimiento-saludable\/\"\n\t\ttitle=\"Ciclo de conferencias \u00abEnvejecimiento saludable\u00bb\"\n\t\trel=\"bookmark\"\n\t\tclass=\"tribe-events-calendar-month__calendar-event-tooltip-title-link tribe-common-anchor-thin\"\n\t>\n\t\tCiclo de conferencias \u00abEnvejecimiento saludable\u00bb\t<\/a>\n<\/div>\n\t\t\t\t\t<\/div>\n<\/div>\n\n\t<\/div>\n\n<\/article>\n\n\t<\/div>\n\n\t\n<\/div>\n<\/td>\n\n\t\t\t\n\t\t\t\t<td\n\t class=\"tribe-events-calendar-month__day tribe-events-calendar-month__day--past\" \taria-labelledby=\"tribe-events-calendar-day-2026-04-17\"\n\tdata-js=\"tribe-events-month-grid-cell\"\n>\n\t<button\n\taria-expanded=\"false\"\n\taria-controls=\"tribe-events-calendar-mobile-day-2026-04-17\"\n\taria-label=\"April 17, 3 eventos, past day\"\n\t class=\"tribe-events-calendar-month__day-cell tribe-events-calendar-month__day-cell--mobile\" \tdata-js=\"tribe-events-calendar-month-day-cell-mobile\"\n>\n\t<h3 class=\"tribe-events-calendar-month__day-date tribe-common-h6 tribe-common-h--alt\">\n\t\t<span class=\"tribe-common-a11y-visual-hide\">\n\t\t\t3 eventos\t\t<\/span>\n\t\t<time\n\t\t\tclass=\"tribe-events-calendar-month__day-date-daynum\"\n\t\t\tdatetime=\"2026-04-17\"\n\t\t>\n\t\t\t17\t\t<\/time>\n\t<\/h3>\n\t\n\t<span class=\"tribe-events-calendar-month__mobile-events-icon tribe-events-calendar-month__mobile-events-icon--event\" >\n\t<\/span>\n<\/button>\n\t\n<div\n\tid=\"tribe-events-calendar-day-2026-04-17\"\n\tclass=\"tribe-events-calendar-month__day-cell tribe-events-calendar-month__day-cell--desktop tribe-common-a11y-hidden\"\n>\n\t\n<h3 class=\"tribe-events-calendar-month__day-date tribe-common-h4\">\n\t<span class=\"tribe-common-a11y-visual-hide\">\n\t\t3 eventos,\n\t<\/span>\n\t<time\n\t\tclass=\"tribe-events-calendar-month__day-date-daynum\"\n\t\tdatetime=\"2026-04-17\"\n\t>\n\t\t\t\t\t<a\n\t\t\t\thref=\"https:\/\/fundacioncajaruraldelsur.com\/pt\/eventos\/2026-04-17\/?shortcode=tribe-widget-events-month-10\"\n\t\t\t\tclass=\"tribe-events-calendar-month__day-date-link\"\n\t\t\t\tdata-js=\"tribe-events-view-link\"\n\t\t\t\taria-label=\"April 17\"\n\t\t\t>\n\t\t\t\t17\t\t\t<\/a>\n\t\t\t<\/time>\n<\/h3>\n\n\t<div class=\"tribe-events-calendar-month__events\">\n\t\t\n\t<div class=\"tribe-events-calendar-month__multiday-event-wrapper\">\n\t<article  class=\"tribe-events-calendar-month__multiday-event post-10001120 tribe_events type-tribe_events status-publish has-post-thumbnail hentry tribe_events_cat-exposiciones cat_exposiciones\"  data-event-id=\"10001120\">\n\t\t<div class=\"tribe-events-calendar-month__multiday-event-hidden\">\n\t<time\n\tdatetime=\"2026-03-19\"\n\tclass=\"tribe-common-a11y-visual-hide\"\n>\n\t2026-03-19<\/time>\n\t<a\n\thref=\"https:\/\/fundacioncajaruraldelsur.com\/pt\/evento\/exposicion-fotografica-de-felix-vazquez-por-casualidad\/\"\n\tclass=\"tribe-events-calendar-month__multiday-event-hidden-link\"\n\tdata-js=\"tribe-events-tooltip\"\n\tdata-tooltip-content=\"#tribe-events-tooltip-content-10001120\"\n\taria-describedby=\"tribe-events-tooltip-content-10001120\"\n>\n\t\t<div class=\"tribe-events-calendar-month__multiday-event-hidden-title tribe-common-h8\">\n\tExposici\u00f3n fotogr\u00e1fica de F\u00e9lix V\u00e1zquez: \u00abPor Casualidad\u00bb<\/div>\n<\/a>\n<\/div>\n\t\t\t<\/article>\n<\/div>\n\n\t<div class=\"tribe-events-calendar-month__multiday-event-wrapper\">\n\t<article  class=\"tribe-events-calendar-month__multiday-event post-10001122 tribe_events type-tribe_events status-publish hentry\"  data-event-id=\"10001122\">\n\t\t<div class=\"tribe-events-calendar-month__multiday-event-hidden\">\n\t<time\n\tdatetime=\"2026-03-19\"\n\tclass=\"tribe-common-a11y-visual-hide\"\n>\n\t2026-03-19<\/time>\n\t<a\n\thref=\"https:\/\/fundacioncajaruraldelsur.com\/pt\/evento\/i-certamen-de-pintura-y-escultura-alfonso-aramburu-terrades-2\/\"\n\tclass=\"tribe-events-calendar-month__multiday-event-hidden-link\"\n\tdata-js=\"tribe-events-tooltip\"\n\tdata-tooltip-content=\"#tribe-events-tooltip-content-10001122\"\n\taria-describedby=\"tribe-events-tooltip-content-10001122\"\n>\n\t\t<div class=\"tribe-events-calendar-month__multiday-event-hidden-title tribe-common-h8\">\n\tI Certamen de Pintura y Escultura \u00abAlfonso Aramburu Terrades\u00bb<\/div>\n<\/a>\n<\/div>\n\t\t\t<\/article>\n<\/div>\n\n\t<div class=\"tribe-events-calendar-month__multiday-event-wrapper\">\n\t<article  class=\"tribe-events-calendar-month__multiday-event post-10001127 tribe_events type-tribe_events status-publish hentry tribe_events_cat-exposiciones cat_exposiciones\"  data-event-id=\"10001127\">\n\t\t<div class=\"tribe-events-calendar-month__multiday-event-hidden\">\n\t<time\n\tdatetime=\"2026-04-08\"\n\tclass=\"tribe-common-a11y-visual-hide\"\n>\n\t2026-04-08<\/time>\n\t<a\n\thref=\"https:\/\/fundacioncajaruraldelsur.com\/pt\/evento\/exposicion-de-fotografia-las-caras-de-huelva-ii-de-paco-gil\/\"\n\tclass=\"tribe-events-calendar-month__multiday-event-hidden-link\"\n\tdata-js=\"tribe-events-tooltip\"\n\tdata-tooltip-content=\"#tribe-events-tooltip-content-10001127\"\n\taria-describedby=\"tribe-events-tooltip-content-10001127\"\n>\n\t\t<div class=\"tribe-events-calendar-month__multiday-event-hidden-title tribe-common-h8\">\n\tExposici\u00f3n de fotograf\u00eda: \u00abLas Caras de Huelva II\u00bb, de Paco Gil<\/div>\n<\/a>\n<\/div>\n\t\t\t<\/article>\n<\/div>\n\n\n\t\t\t<\/div>\n\n\t\n<\/div>\n<\/td>\n\n\t\t\t\n\t\t\t\t<td\n\t class=\"tribe-events-calendar-month__day tribe-events-calendar-month__day--past\" \taria-labelledby=\"tribe-events-calendar-day-2026-04-18\"\n\tdata-js=\"tribe-events-month-grid-cell\"\n>\n\t<button\n\taria-expanded=\"false\"\n\taria-controls=\"tribe-events-calendar-mobile-day-2026-04-18\"\n\taria-label=\"April 18, 1 evento, past day\"\n\t class=\"tribe-events-calendar-month__day-cell tribe-events-calendar-month__day-cell--mobile\" \tdata-js=\"tribe-events-calendar-month-day-cell-mobile\"\n>\n\t<h3 class=\"tribe-events-calendar-month__day-date tribe-common-h6 tribe-common-h--alt\">\n\t\t<span class=\"tribe-common-a11y-visual-hide\">\n\t\t\t1 evento\t\t<\/span>\n\t\t<time\n\t\t\tclass=\"tribe-events-calendar-month__day-date-daynum\"\n\t\t\tdatetime=\"2026-04-18\"\n\t\t>\n\t\t\t18\t\t<\/time>\n\t<\/h3>\n\t\n\t<span class=\"tribe-events-calendar-month__mobile-events-icon tribe-events-calendar-month__mobile-events-icon--event\" >\n\t<\/span>\n<\/button>\n\t\n<div\n\tid=\"tribe-events-calendar-day-2026-04-18\"\n\tclass=\"tribe-events-calendar-month__day-cell tribe-events-calendar-month__day-cell--desktop tribe-common-a11y-hidden\"\n>\n\t\n<h3 class=\"tribe-events-calendar-month__day-date tribe-common-h4\">\n\t<span class=\"tribe-common-a11y-visual-hide\">\n\t\t1 evento,\n\t<\/span>\n\t<time\n\t\tclass=\"tribe-events-calendar-month__day-date-daynum\"\n\t\tdatetime=\"2026-04-18\"\n\t>\n\t\t\t\t\t<a\n\t\t\t\thref=\"https:\/\/fundacioncajaruraldelsur.com\/pt\/eventos\/2026-04-18\/?shortcode=tribe-widget-events-month-10\"\n\t\t\t\tclass=\"tribe-events-calendar-month__day-date-link\"\n\t\t\t\tdata-js=\"tribe-events-view-link\"\n\t\t\t\taria-label=\"April 18\"\n\t\t\t>\n\t\t\t\t18\t\t\t<\/a>\n\t\t\t<\/time>\n<\/h3>\n\n\t<div class=\"tribe-events-calendar-month__events\">\n\t\t\n\t<div class=\"tribe-events-calendar-month__multiday-event-wrapper tribe-events-calendar-month__multiday-event--empty\"><\/div>\n\t<div class=\"tribe-events-calendar-month__multiday-event-wrapper tribe-events-calendar-month__multiday-event--empty\"><\/div>\n\t<div class=\"tribe-events-calendar-month__multiday-event-wrapper\">\n\t<article  class=\"tribe-events-calendar-month__multiday-event post-10001127 tribe_events type-tribe_events status-publish hentry tribe_events_cat-exposiciones cat_exposiciones\"  data-event-id=\"10001127\">\n\t\t<div class=\"tribe-events-calendar-month__multiday-event-hidden\">\n\t<time\n\tdatetime=\"2026-04-08\"\n\tclass=\"tribe-common-a11y-visual-hide\"\n>\n\t2026-04-08<\/time>\n\t<a\n\thref=\"https:\/\/fundacioncajaruraldelsur.com\/pt\/evento\/exposicion-de-fotografia-las-caras-de-huelva-ii-de-paco-gil\/\"\n\tclass=\"tribe-events-calendar-month__multiday-event-hidden-link\"\n\tdata-js=\"tribe-events-tooltip\"\n\tdata-tooltip-content=\"#tribe-events-tooltip-content-10001127\"\n\taria-describedby=\"tribe-events-tooltip-content-10001127\"\n>\n\t\t<div class=\"tribe-events-calendar-month__multiday-event-hidden-title tribe-common-h8\">\n\tExposici\u00f3n de fotograf\u00eda: \u00abLas Caras de Huelva II\u00bb, de Paco Gil<\/div>\n<\/a>\n<\/div>\n\t\t\t<\/article>\n<\/div>\n\n\n\t\t\t<\/div>\n\n\t\n<\/div>\n<\/td>\n\n\t\t\t\n\t\t\t\t<td\n\t class=\"tribe-events-calendar-month__day tribe-events-calendar-month__day--past\" \taria-labelledby=\"tribe-events-calendar-day-2026-04-19\"\n\tdata-js=\"tribe-events-month-grid-cell\"\n>\n\t<button\n\taria-expanded=\"false\"\n\taria-controls=\"tribe-events-calendar-mobile-day-2026-04-19\"\n\taria-label=\"April 19, 2 eventos, past day\"\n\t class=\"tribe-events-calendar-month__day-cell tribe-events-calendar-month__day-cell--mobile\" \tdata-js=\"tribe-events-calendar-month-day-cell-mobile\"\n>\n\t<h3 class=\"tribe-events-calendar-month__day-date tribe-common-h6 tribe-common-h--alt\">\n\t\t<span class=\"tribe-common-a11y-visual-hide\">\n\t\t\t2 eventos\t\t<\/span>\n\t\t<time\n\t\t\tclass=\"tribe-events-calendar-month__day-date-daynum\"\n\t\t\tdatetime=\"2026-04-19\"\n\t\t>\n\t\t\t19\t\t<\/time>\n\t<\/h3>\n\t\n\t<span class=\"tribe-events-calendar-month__mobile-events-icon tribe-events-calendar-month__mobile-events-icon--event\" >\n\t<\/span>\n<\/button>\n\t\n<div\n\tid=\"tribe-events-calendar-day-2026-04-19\"\n\tclass=\"tribe-events-calendar-month__day-cell tribe-events-calendar-month__day-cell--desktop tribe-common-a11y-hidden\"\n>\n\t\n<h3 class=\"tribe-events-calendar-month__day-date tribe-common-h4\">\n\t<span class=\"tribe-common-a11y-visual-hide\">\n\t\t2 eventos,\n\t<\/span>\n\t<time\n\t\tclass=\"tribe-events-calendar-month__day-date-daynum\"\n\t\tdatetime=\"2026-04-19\"\n\t>\n\t\t\t\t\t<a\n\t\t\t\thref=\"https:\/\/fundacioncajaruraldelsur.com\/pt\/eventos\/2026-04-19\/?shortcode=tribe-widget-events-month-10\"\n\t\t\t\tclass=\"tribe-events-calendar-month__day-date-link\"\n\t\t\t\tdata-js=\"tribe-events-view-link\"\n\t\t\t\taria-label=\"April 19\"\n\t\t\t>\n\t\t\t\t19\t\t\t<\/a>\n\t\t\t<\/time>\n<\/h3>\n\n\t<div class=\"tribe-events-calendar-month__events\">\n\t\t\n\t<div class=\"tribe-events-calendar-month__multiday-event-wrapper tribe-events-calendar-month__multiday-event--empty\"><\/div>\n\t<div class=\"tribe-events-calendar-month__multiday-event-wrapper tribe-events-calendar-month__multiday-event--empty\"><\/div>\n\t<div class=\"tribe-events-calendar-month__multiday-event-wrapper\">\n\t<article  class=\"tribe-events-calendar-month__multiday-event post-10001127 tribe_events type-tribe_events status-publish hentry tribe_events_cat-exposiciones cat_exposiciones\"  data-event-id=\"10001127\">\n\t\t<div class=\"tribe-events-calendar-month__multiday-event-hidden\">\n\t<time\n\tdatetime=\"2026-04-08\"\n\tclass=\"tribe-common-a11y-visual-hide\"\n>\n\t2026-04-08<\/time>\n\t<a\n\thref=\"https:\/\/fundacioncajaruraldelsur.com\/pt\/evento\/exposicion-de-fotografia-las-caras-de-huelva-ii-de-paco-gil\/\"\n\tclass=\"tribe-events-calendar-month__multiday-event-hidden-link\"\n\tdata-js=\"tribe-events-tooltip\"\n\tdata-tooltip-content=\"#tribe-events-tooltip-content-10001127\"\n\taria-describedby=\"tribe-events-tooltip-content-10001127\"\n>\n\t\t<div class=\"tribe-events-calendar-month__multiday-event-hidden-title tribe-common-h8\">\n\tExposici\u00f3n de fotograf\u00eda: \u00abLas Caras de Huelva II\u00bb, de Paco Gil<\/div>\n<\/a>\n<\/div>\n\t\t\t<\/article>\n<\/div>\n\n\n\t\t\n\t\n\t\n<article  class=\"tribe-events-calendar-month__calendar-event post-10001136 tribe_events type-tribe_events status-publish has-post-thumbnail hentry tribe_events_cat-patrimonio-cultural cat_patrimonio-cultural\" >\n\n\t\n\t<div class=\"tribe-events-calendar-month__calendar-event-details\">\n\n\t\t<div class=\"tribe-events-calendar-month__calendar-event-datetime\">\n\t\t<time datetime=\"12:00\">\n\t\t12:00 pm\t<\/time>\n\t\t\t<span class=\"tribe-events-calendar-month__calendar-event-datetime-separator\"> - <\/span>\n\t\t<time datetime=\"17:00\">\n\t\t\t5:00 pm\t\t<\/time>\n\t\t<\/div>\n\t\t<div class=\"tribe-events-calendar-month__calendar-event-title tribe-common-h8 tribe-common-h--alt\">\n\t<a\n\t\thref=\"https:\/\/fundacioncajaruraldelsur.com\/pt\/evento\/xl-exhibicion-de-enganches-sevilla\/\"\n\t\ttitle=\"XL Exhibici\u00f3n de Enganches Sevilla\"\n\t\trel=\"bookmark\"\n\t\tclass=\"tribe-events-calendar-month__calendar-event-title-link tribe-common-anchor-thin\"\n\t\tdata-js=\"tribe-events-tooltip\"\n\t\tdata-tooltip-content=\"#tribe-events-tooltip-content-10001136\"\n\t\taria-describedby=\"tribe-events-tooltip-content-10001136\"\n\t>\n\t\tXL Exhibici\u00f3n de Enganches Sevilla\t<\/a>\n<\/div>\n\n\t\t<div class=\"tribe-events-calendar-month__calendar-event-tooltip-template tribe-common-a11y-hidden\">\n\t<div\n\t\tclass=\"tribe-events-calendar-month__calendar-event-tooltip\"\n\t\tid=\"tribe-events-tooltip-content-10001136\"\n\t\trole=\"tooltip\"\n\t>\n\t\t<div class=\"tribe-events-calendar-month__calendar-event-tooltip-featured-image-wrapper\">\n\t<img\n\t\tclass=\"tribe-events-calendar-month__calendar-event-tooltip-featured-image\"\n\t\tsrc=\"https:\/\/fundacioncajaruraldelsur.com\/wp-content\/uploads\/2019\/04\/enganches.jpg\"\n\t\t\t\t\tsrcset=\"https:\/\/fundacioncajaruraldelsur.com\/wp-content\/uploads\/2019\/04\/enganches-300x78.jpg 300w, https:\/\/fundacioncajaruraldelsur.com\/wp-content\/uploads\/2019\/04\/enganches-768x199.jpg 768w, https:\/\/fundacioncajaruraldelsur.com\/wp-content\/uploads\/2019\/04\/enganches-1024x266.jpg 1024w, https:\/\/fundacioncajaruraldelsur.com\/wp-content\/uploads\/2019\/04\/enganches.jpg 1925w\"\n\t\t\t\t\t\t\talt=\"\"\n\t\t\t\/>\n<\/div>\n\t\t<div class=\"tribe-events-calendar-month__calendar-event-tooltip-datetime\">\n\t\t<time datetime=\"2026-04-19\">\n\t\t<span class=\"tribe-event-date-start\">April 19 @ 12:00 pm<\/span> - <span class=\"tribe-event-time\">5:00 pm<\/span>\t<\/time>\n\t<\/div>\n\t\t<div class=\"tribe-events-calendar-month__calendar-event-tooltip-title tribe-common-h7\">\n\t<a\n\t\thref=\"https:\/\/fundacioncajaruraldelsur.com\/pt\/evento\/xl-exhibicion-de-enganches-sevilla\/\"\n\t\ttitle=\"XL Exhibici\u00f3n de Enganches Sevilla\"\n\t\trel=\"bookmark\"\n\t\tclass=\"tribe-events-calendar-month__calendar-event-tooltip-title-link tribe-common-anchor-thin\"\n\t>\n\t\tXL Exhibici\u00f3n de Enganches Sevilla\t<\/a>\n<\/div>\n\t\t\t\t\t<\/div>\n<\/div>\n\n\t<\/div>\n\n<\/article>\n\n\t<\/div>\n\n\t\n<\/div>\n<\/td>\n\n\t\t\t\t\t<\/tr>\n\t\t\t<tr class=\"tribe-events-calendar-month__week\" data-js=\"tribe-events-month-grid-row\">\n\t\t\t\n\t\t\t\t<td\n\t class=\"tribe-events-calendar-month__day tribe-events-calendar-month__day--past\" \taria-labelledby=\"tribe-events-calendar-day-2026-04-20\"\n\tdata-js=\"tribe-events-month-grid-cell\"\n>\n\t<button\n\taria-expanded=\"false\"\n\taria-controls=\"tribe-events-calendar-mobile-day-2026-04-20\"\n\taria-label=\"April 20, 1 evento, past day\"\n\t class=\"tribe-events-calendar-month__day-cell tribe-events-calendar-month__day-cell--mobile\" \tdata-js=\"tribe-events-calendar-month-day-cell-mobile\"\n>\n\t<h3 class=\"tribe-events-calendar-month__day-date tribe-common-h6 tribe-common-h--alt\">\n\t\t<span class=\"tribe-common-a11y-visual-hide\">\n\t\t\t1 evento\t\t<\/span>\n\t\t<time\n\t\t\tclass=\"tribe-events-calendar-month__day-date-daynum\"\n\t\t\tdatetime=\"2026-04-20\"\n\t\t>\n\t\t\t20\t\t<\/time>\n\t<\/h3>\n\t\n\t<span class=\"tribe-events-calendar-month__mobile-events-icon tribe-events-calendar-month__mobile-events-icon--event\" >\n\t<\/span>\n<\/button>\n\t\n<div\n\tid=\"tribe-events-calendar-day-2026-04-20\"\n\tclass=\"tribe-events-calendar-month__day-cell tribe-events-calendar-month__day-cell--desktop tribe-common-a11y-hidden\"\n>\n\t\n<h3 class=\"tribe-events-calendar-month__day-date tribe-common-h4\">\n\t<span class=\"tribe-common-a11y-visual-hide\">\n\t\t1 evento,\n\t<\/span>\n\t<time\n\t\tclass=\"tribe-events-calendar-month__day-date-daynum\"\n\t\tdatetime=\"2026-04-20\"\n\t>\n\t\t\t\t\t<a\n\t\t\t\thref=\"https:\/\/fundacioncajaruraldelsur.com\/pt\/eventos\/2026-04-20\/?shortcode=tribe-widget-events-month-10\"\n\t\t\t\tclass=\"tribe-events-calendar-month__day-date-link\"\n\t\t\t\tdata-js=\"tribe-events-view-link\"\n\t\t\t\taria-label=\"April 20\"\n\t\t\t>\n\t\t\t\t20\t\t\t<\/a>\n\t\t\t<\/time>\n<\/h3>\n\n\t<div class=\"tribe-events-calendar-month__events\">\n\t\t\n\t<div class=\"tribe-events-calendar-month__multiday-event-wrapper\">\n\t<article  class=\"tribe-events-calendar-month__multiday-event post-10001127 tribe_events type-tribe_events status-publish hentry tribe_events_cat-exposiciones cat_exposiciones tribe-events-calendar-month__multiday-event--width-5 tribe-events-calendar-month__multiday-event--display tribe-events-calendar-month__multiday-event--end tribe-events-calendar-month__multiday-event--past\"  data-event-id=\"10001127\">\n\t\t<div class=\"tribe-events-calendar-month__multiday-event-hidden\">\n\t<time\n\tdatetime=\"2026-04-08\"\n\tclass=\"tribe-common-a11y-visual-hide\"\n>\n\t2026-04-08<\/time>\n\t<a\n\thref=\"https:\/\/fundacioncajaruraldelsur.com\/pt\/evento\/exposicion-de-fotografia-las-caras-de-huelva-ii-de-paco-gil\/\"\n\tclass=\"tribe-events-calendar-month__multiday-event-hidden-link\"\n\tdata-js=\"tribe-events-tooltip\"\n\tdata-tooltip-content=\"#tribe-events-tooltip-content-10001127\"\n\taria-describedby=\"tribe-events-tooltip-content-10001127\"\n>\n\t\t<div class=\"tribe-events-calendar-month__multiday-event-hidden-title tribe-common-h8\">\n\tExposici\u00f3n de fotograf\u00eda: \u00abLas Caras de Huelva II\u00bb, de Paco Gil<\/div>\n<\/a>\n<\/div>\n\t\t<div class=\"tribe-events-calendar-month__multiday-event-bar\">\n\t<div class=\"tribe-events-calendar-month__multiday-event-bar-inner\">\n\t\t\t\t<div class=\"tribe-events-calendar-month__multiday-event-bar-title tribe-common-h8\">\n\tExposici\u00f3n de fotograf\u00eda: \u00abLas Caras de Huelva II\u00bb, de Paco Gil<\/div>\n\t<\/div>\n<\/div>\n\t<\/article>\n<\/div>\n\n\n\t\t\t<\/div>\n\n\t\n<\/div>\n<\/td>\n\n\t\t\t\n\t\t\t\t<td\n\t class=\"tribe-events-calendar-month__day tribe-events-calendar-month__day--past\" \taria-labelledby=\"tribe-events-calendar-day-2026-04-21\"\n\tdata-js=\"tribe-events-month-grid-cell\"\n>\n\t<button\n\taria-expanded=\"false\"\n\taria-controls=\"tribe-events-calendar-mobile-day-2026-04-21\"\n\taria-label=\"April 21, 1 evento, past day\"\n\t class=\"tribe-events-calendar-month__day-cell tribe-events-calendar-month__day-cell--mobile\" \tdata-js=\"tribe-events-calendar-month-day-cell-mobile\"\n>\n\t<h3 class=\"tribe-events-calendar-month__day-date tribe-common-h6 tribe-common-h--alt\">\n\t\t<span class=\"tribe-common-a11y-visual-hide\">\n\t\t\t1 evento\t\t<\/span>\n\t\t<time\n\t\t\tclass=\"tribe-events-calendar-month__day-date-daynum\"\n\t\t\tdatetime=\"2026-04-21\"\n\t\t>\n\t\t\t21\t\t<\/time>\n\t<\/h3>\n\t\n\t<span class=\"tribe-events-calendar-month__mobile-events-icon tribe-events-calendar-month__mobile-events-icon--event\" >\n\t<\/span>\n<\/button>\n\t\n<div\n\tid=\"tribe-events-calendar-day-2026-04-21\"\n\tclass=\"tribe-events-calendar-month__day-cell tribe-events-calendar-month__day-cell--desktop tribe-common-a11y-hidden\"\n>\n\t\n<h3 class=\"tribe-events-calendar-month__day-date tribe-common-h4\">\n\t<span class=\"tribe-common-a11y-visual-hide\">\n\t\t1 evento,\n\t<\/span>\n\t<time\n\t\tclass=\"tribe-events-calendar-month__day-date-daynum\"\n\t\tdatetime=\"2026-04-21\"\n\t>\n\t\t\t\t\t<a\n\t\t\t\thref=\"https:\/\/fundacioncajaruraldelsur.com\/pt\/eventos\/2026-04-21\/?shortcode=tribe-widget-events-month-10\"\n\t\t\t\tclass=\"tribe-events-calendar-month__day-date-link\"\n\t\t\t\tdata-js=\"tribe-events-view-link\"\n\t\t\t\taria-label=\"April 21\"\n\t\t\t>\n\t\t\t\t21\t\t\t<\/a>\n\t\t\t<\/time>\n<\/h3>\n\n\t<div class=\"tribe-events-calendar-month__events\">\n\t\t\n\t<div class=\"tribe-events-calendar-month__multiday-event-wrapper\">\n\t<article  class=\"tribe-events-calendar-month__multiday-event post-10001127 tribe_events type-tribe_events status-publish hentry tribe_events_cat-exposiciones cat_exposiciones\"  data-event-id=\"10001127\">\n\t\t<div class=\"tribe-events-calendar-month__multiday-event-hidden\">\n\t<time\n\tdatetime=\"2026-04-08\"\n\tclass=\"tribe-common-a11y-visual-hide\"\n>\n\t2026-04-08<\/time>\n\t<a\n\thref=\"https:\/\/fundacioncajaruraldelsur.com\/pt\/evento\/exposicion-de-fotografia-las-caras-de-huelva-ii-de-paco-gil\/\"\n\tclass=\"tribe-events-calendar-month__multiday-event-hidden-link\"\n\tdata-js=\"tribe-events-tooltip\"\n\tdata-tooltip-content=\"#tribe-events-tooltip-content-10001127\"\n\taria-describedby=\"tribe-events-tooltip-content-10001127\"\n>\n\t\t<div class=\"tribe-events-calendar-month__multiday-event-hidden-title tribe-common-h8\">\n\tExposici\u00f3n de fotograf\u00eda: \u00abLas Caras de Huelva II\u00bb, de Paco Gil<\/div>\n<\/a>\n<\/div>\n\t\t\t<\/article>\n<\/div>\n\n\n\t\t\t<\/div>\n\n\t\n<\/div>\n<\/td>\n\n\t\t\t\n\t\t\t\t<td\n\t class=\"tribe-events-calendar-month__day tribe-events-calendar-month__day--past\" \taria-labelledby=\"tribe-events-calendar-day-2026-04-22\"\n\tdata-js=\"tribe-events-month-grid-cell\"\n>\n\t<button\n\taria-expanded=\"false\"\n\taria-controls=\"tribe-events-calendar-mobile-day-2026-04-22\"\n\taria-label=\"April 22, 1 evento, past day\"\n\t class=\"tribe-events-calendar-month__day-cell tribe-events-calendar-month__day-cell--mobile\" \tdata-js=\"tribe-events-calendar-month-day-cell-mobile\"\n>\n\t<h3 class=\"tribe-events-calendar-month__day-date tribe-common-h6 tribe-common-h--alt\">\n\t\t<span class=\"tribe-common-a11y-visual-hide\">\n\t\t\t1 evento\t\t<\/span>\n\t\t<time\n\t\t\tclass=\"tribe-events-calendar-month__day-date-daynum\"\n\t\t\tdatetime=\"2026-04-22\"\n\t\t>\n\t\t\t22\t\t<\/time>\n\t<\/h3>\n\t\n\t<span class=\"tribe-events-calendar-month__mobile-events-icon tribe-events-calendar-month__mobile-events-icon--event\" >\n\t<\/span>\n<\/button>\n\t\n<div\n\tid=\"tribe-events-calendar-day-2026-04-22\"\n\tclass=\"tribe-events-calendar-month__day-cell tribe-events-calendar-month__day-cell--desktop tribe-common-a11y-hidden\"\n>\n\t\n<h3 class=\"tribe-events-calendar-month__day-date tribe-common-h4\">\n\t<span class=\"tribe-common-a11y-visual-hide\">\n\t\t1 evento,\n\t<\/span>\n\t<time\n\t\tclass=\"tribe-events-calendar-month__day-date-daynum\"\n\t\tdatetime=\"2026-04-22\"\n\t>\n\t\t\t\t\t<a\n\t\t\t\thref=\"https:\/\/fundacioncajaruraldelsur.com\/pt\/eventos\/2026-04-22\/?shortcode=tribe-widget-events-month-10\"\n\t\t\t\tclass=\"tribe-events-calendar-month__day-date-link\"\n\t\t\t\tdata-js=\"tribe-events-view-link\"\n\t\t\t\taria-label=\"April 22\"\n\t\t\t>\n\t\t\t\t22\t\t\t<\/a>\n\t\t\t<\/time>\n<\/h3>\n\n\t<div class=\"tribe-events-calendar-month__events\">\n\t\t\n\t<div class=\"tribe-events-calendar-month__multiday-event-wrapper\">\n\t<article  class=\"tribe-events-calendar-month__multiday-event post-10001127 tribe_events type-tribe_events status-publish hentry tribe_events_cat-exposiciones cat_exposiciones\"  data-event-id=\"10001127\">\n\t\t<div class=\"tribe-events-calendar-month__multiday-event-hidden\">\n\t<time\n\tdatetime=\"2026-04-08\"\n\tclass=\"tribe-common-a11y-visual-hide\"\n>\n\t2026-04-08<\/time>\n\t<a\n\thref=\"https:\/\/fundacioncajaruraldelsur.com\/pt\/evento\/exposicion-de-fotografia-las-caras-de-huelva-ii-de-paco-gil\/\"\n\tclass=\"tribe-events-calendar-month__multiday-event-hidden-link\"\n\tdata-js=\"tribe-events-tooltip\"\n\tdata-tooltip-content=\"#tribe-events-tooltip-content-10001127\"\n\taria-describedby=\"tribe-events-tooltip-content-10001127\"\n>\n\t\t<div class=\"tribe-events-calendar-month__multiday-event-hidden-title tribe-common-h8\">\n\tExposici\u00f3n de fotograf\u00eda: \u00abLas Caras de Huelva II\u00bb, de Paco Gil<\/div>\n<\/a>\n<\/div>\n\t\t\t<\/article>\n<\/div>\n\n\n\t\t\t<\/div>\n\n\t\n<\/div>\n<\/td>\n\n\t\t\t\n\t\t\t\t<td\n\t class=\"tribe-events-calendar-month__day tribe-events-calendar-month__day--past\" \taria-labelledby=\"tribe-events-calendar-day-2026-04-23\"\n\tdata-js=\"tribe-events-month-grid-cell\"\n>\n\t<button\n\taria-expanded=\"false\"\n\taria-controls=\"tribe-events-calendar-mobile-day-2026-04-23\"\n\taria-label=\"April 23, 2 eventos, past day\"\n\t class=\"tribe-events-calendar-month__day-cell tribe-events-calendar-month__day-cell--mobile\" \tdata-js=\"tribe-events-calendar-month-day-cell-mobile\"\n>\n\t<h3 class=\"tribe-events-calendar-month__day-date tribe-common-h6 tribe-common-h--alt\">\n\t\t<span class=\"tribe-common-a11y-visual-hide\">\n\t\t\t2 eventos\t\t<\/span>\n\t\t<time\n\t\t\tclass=\"tribe-events-calendar-month__day-date-daynum\"\n\t\t\tdatetime=\"2026-04-23\"\n\t\t>\n\t\t\t23\t\t<\/time>\n\t<\/h3>\n\t\n\t<span class=\"tribe-events-calendar-month__mobile-events-icon tribe-events-calendar-month__mobile-events-icon--event\" >\n\t<\/span>\n<\/button>\n\t\n<div\n\tid=\"tribe-events-calendar-day-2026-04-23\"\n\tclass=\"tribe-events-calendar-month__day-cell tribe-events-calendar-month__day-cell--desktop tribe-common-a11y-hidden\"\n>\n\t\n<h3 class=\"tribe-events-calendar-month__day-date tribe-common-h4\">\n\t<span class=\"tribe-common-a11y-visual-hide\">\n\t\t2 eventos,\n\t<\/span>\n\t<time\n\t\tclass=\"tribe-events-calendar-month__day-date-daynum\"\n\t\tdatetime=\"2026-04-23\"\n\t>\n\t\t\t\t\t<a\n\t\t\t\thref=\"https:\/\/fundacioncajaruraldelsur.com\/pt\/eventos\/2026-04-23\/?shortcode=tribe-widget-events-month-10\"\n\t\t\t\tclass=\"tribe-events-calendar-month__day-date-link\"\n\t\t\t\tdata-js=\"tribe-events-view-link\"\n\t\t\t\taria-label=\"April 23\"\n\t\t\t>\n\t\t\t\t23\t\t\t<\/a>\n\t\t\t<\/time>\n<\/h3>\n\n\t<div class=\"tribe-events-calendar-month__events\">\n\t\t\n\t<div class=\"tribe-events-calendar-month__multiday-event-wrapper\">\n\t<article  class=\"tribe-events-calendar-month__multiday-event post-10001127 tribe_events type-tribe_events status-publish hentry tribe_events_cat-exposiciones cat_exposiciones\"  data-event-id=\"10001127\">\n\t\t<div class=\"tribe-events-calendar-month__multiday-event-hidden\">\n\t<time\n\tdatetime=\"2026-04-08\"\n\tclass=\"tribe-common-a11y-visual-hide\"\n>\n\t2026-04-08<\/time>\n\t<a\n\thref=\"https:\/\/fundacioncajaruraldelsur.com\/pt\/evento\/exposicion-de-fotografia-las-caras-de-huelva-ii-de-paco-gil\/\"\n\tclass=\"tribe-events-calendar-month__multiday-event-hidden-link\"\n\tdata-js=\"tribe-events-tooltip\"\n\tdata-tooltip-content=\"#tribe-events-tooltip-content-10001127\"\n\taria-describedby=\"tribe-events-tooltip-content-10001127\"\n>\n\t\t<div class=\"tribe-events-calendar-month__multiday-event-hidden-title tribe-common-h8\">\n\tExposici\u00f3n de fotograf\u00eda: \u00abLas Caras de Huelva II\u00bb, de Paco Gil<\/div>\n<\/a>\n<\/div>\n\t\t\t<\/article>\n<\/div>\n\n\t<div class=\"tribe-events-calendar-month__multiday-event-wrapper\">\n\t<article  class=\"tribe-events-calendar-month__multiday-event post-10001135 tribe_events type-tribe_events status-publish has-post-thumbnail hentry tribe_events_cat-exposicion cat_exposicion tribe-events-calendar-month__multiday-event--width-4 tribe-events-calendar-month__multiday-event--display tribe-events-calendar-month__multiday-event--start\"  data-event-id=\"10001135\">\n\t\t<div class=\"tribe-events-calendar-month__multiday-event-hidden\">\n\t<time\n\tdatetime=\"2026-04-23\"\n\tclass=\"tribe-common-a11y-visual-hide\"\n>\n\t2026-04-23<\/time>\n\t<a\n\thref=\"https:\/\/fundacioncajaruraldelsur.com\/pt\/evento\/exposicion-obra-grafica-trazos-florales-de-gema-climent\/\"\n\tclass=\"tribe-events-calendar-month__multiday-event-hidden-link\"\n\tdata-js=\"tribe-events-tooltip\"\n\tdata-tooltip-content=\"#tribe-events-tooltip-content-10001135\"\n\taria-describedby=\"tribe-events-tooltip-content-10001135\"\n>\n\t\t<div class=\"tribe-events-calendar-month__multiday-event-hidden-title tribe-common-h8\">\n\tExposici\u00f3n | Obra Gr\u00e1fica: \u00abTrazos florales\u00bb, de Gema Climent<\/div>\n<\/a>\n<\/div>\n\t\t<div class=\"tribe-events-calendar-month__multiday-event-bar\">\n\t<div class=\"tribe-events-calendar-month__multiday-event-bar-inner\">\n\t\t\t\t<div class=\"tribe-events-calendar-month__multiday-event-bar-title tribe-common-h8\">\n\tExposici\u00f3n | Obra Gr\u00e1fica: \u00abTrazos florales\u00bb, de Gema Climent<\/div>\n\t<\/div>\n<\/div>\n<div class=\"tribe-events-calendar-month__calendar-event-tooltip-template tribe-common-a11y-hidden\">\n\t<div\n\t\tclass=\"tribe-events-calendar-month__calendar-event-tooltip\"\n\t\tid=\"tribe-events-tooltip-content-10001135\"\n\t\trole=\"tooltip\"\n\t>\n\t\t<div class=\"tribe-events-calendar-month__calendar-event-tooltip-featured-image-wrapper\">\n\t<img\n\t\tclass=\"tribe-events-calendar-month__calendar-event-tooltip-featured-image\"\n\t\tsrc=\"https:\/\/fundacioncajaruraldelsur.com\/wp-content\/uploads\/2020\/09\/Pintura_pinceles.jpg\"\n\t\t\t\t\tsrcset=\"https:\/\/fundacioncajaruraldelsur.com\/wp-content\/uploads\/2020\/09\/Pintura_pinceles-300x78.jpg 300w, https:\/\/fundacioncajaruraldelsur.com\/wp-content\/uploads\/2020\/09\/Pintura_pinceles-768x199.jpg 768w, https:\/\/fundacioncajaruraldelsur.com\/wp-content\/uploads\/2020\/09\/Pintura_pinceles-1024x266.jpg 1024w, https:\/\/fundacioncajaruraldelsur.com\/wp-content\/uploads\/2020\/09\/Pintura_pinceles.jpg 1926w\"\n\t\t\t\t\t\t\talt=\"\"\n\t\t\t\/>\n<\/div>\n\t\t<div class=\"tribe-events-calendar-month__calendar-event-tooltip-datetime\">\n\t\t<time datetime=\"2026-04-23\">\n\t\t<span class=\"tribe-event-date-start\">April 23 @ 11:00 am<\/span> - <span class=\"tribe-event-date-end\">May 15 @ 9:00 pm<\/span>\t<\/time>\n\t<\/div>\n\t\t<div class=\"tribe-events-calendar-month__calendar-event-tooltip-title tribe-common-h7\">\n\t<a\n\t\thref=\"https:\/\/fundacioncajaruraldelsur.com\/pt\/evento\/exposicion-obra-grafica-trazos-florales-de-gema-climent\/\"\n\t\ttitle=\"Exposici\u00f3n | Obra Gr\u00e1fica: \u00abTrazos florales\u00bb, de Gema Climent\"\n\t\trel=\"bookmark\"\n\t\tclass=\"tribe-events-calendar-month__calendar-event-tooltip-title-link tribe-common-anchor-thin\"\n\t>\n\t\tExposici\u00f3n | Obra Gr\u00e1fica: \u00abTrazos florales\u00bb, de Gema Climent\t<\/a>\n<\/div>\n\t\t<div class=\"tribe-events-calendar-month__calendar-event-tooltip-description tribe-common-b3\">\n\t<p>&nbsp; Curr\u00edculum Gema Climent Gema Climent nace en Aben\u00f3jar (Ciudad Real) el 6 de febrero de 1963. Se licenci\u00f3 en la Facultad de Bellas Artes de Valencia, con especialidad en [&hellip;]<\/p>\n<\/div>\n\t\t\t<\/div>\n<\/div>\n\t<\/article>\n<\/div>\n\n\n\t\t\t<\/div>\n\n\t\n<\/div>\n<\/td>\n\n\t\t\t\n\t\t\t\t<td\n\t class=\"tribe-events-calendar-month__day tribe-events-calendar-month__day--past\" \taria-labelledby=\"tribe-events-calendar-day-2026-04-24\"\n\tdata-js=\"tribe-events-month-grid-cell\"\n>\n\t<button\n\taria-expanded=\"false\"\n\taria-controls=\"tribe-events-calendar-mobile-day-2026-04-24\"\n\taria-label=\"April 24, 2 eventos, past day\"\n\t class=\"tribe-events-calendar-month__day-cell tribe-events-calendar-month__day-cell--mobile\" \tdata-js=\"tribe-events-calendar-month-day-cell-mobile\"\n>\n\t<h3 class=\"tribe-events-calendar-month__day-date tribe-common-h6 tribe-common-h--alt\">\n\t\t<span class=\"tribe-common-a11y-visual-hide\">\n\t\t\t2 eventos\t\t<\/span>\n\t\t<time\n\t\t\tclass=\"tribe-events-calendar-month__day-date-daynum\"\n\t\t\tdatetime=\"2026-04-24\"\n\t\t>\n\t\t\t24\t\t<\/time>\n\t<\/h3>\n\t\n\t<span class=\"tribe-events-calendar-month__mobile-events-icon tribe-events-calendar-month__mobile-events-icon--event\" >\n\t<\/span>\n<\/button>\n\t\n<div\n\tid=\"tribe-events-calendar-day-2026-04-24\"\n\tclass=\"tribe-events-calendar-month__day-cell tribe-events-calendar-month__day-cell--desktop tribe-common-a11y-hidden\"\n>\n\t\n<h3 class=\"tribe-events-calendar-month__day-date tribe-common-h4\">\n\t<span class=\"tribe-common-a11y-visual-hide\">\n\t\t2 eventos,\n\t<\/span>\n\t<time\n\t\tclass=\"tribe-events-calendar-month__day-date-daynum\"\n\t\tdatetime=\"2026-04-24\"\n\t>\n\t\t\t\t\t<a\n\t\t\t\thref=\"https:\/\/fundacioncajaruraldelsur.com\/pt\/eventos\/2026-04-24\/?shortcode=tribe-widget-events-month-10\"\n\t\t\t\tclass=\"tribe-events-calendar-month__day-date-link\"\n\t\t\t\tdata-js=\"tribe-events-view-link\"\n\t\t\t\taria-label=\"April 24\"\n\t\t\t>\n\t\t\t\t24\t\t\t<\/a>\n\t\t\t<\/time>\n<\/h3>\n\n\t<div class=\"tribe-events-calendar-month__events\">\n\t\t\n\t<div class=\"tribe-events-calendar-month__multiday-event-wrapper\">\n\t<article  class=\"tribe-events-calendar-month__multiday-event post-10001127 tribe_events type-tribe_events status-publish hentry tribe_events_cat-exposiciones cat_exposiciones\"  data-event-id=\"10001127\">\n\t\t<div class=\"tribe-events-calendar-month__multiday-event-hidden\">\n\t<time\n\tdatetime=\"2026-04-08\"\n\tclass=\"tribe-common-a11y-visual-hide\"\n>\n\t2026-04-08<\/time>\n\t<a\n\thref=\"https:\/\/fundacioncajaruraldelsur.com\/pt\/evento\/exposicion-de-fotografia-las-caras-de-huelva-ii-de-paco-gil\/\"\n\tclass=\"tribe-events-calendar-month__multiday-event-hidden-link\"\n\tdata-js=\"tribe-events-tooltip\"\n\tdata-tooltip-content=\"#tribe-events-tooltip-content-10001127\"\n\taria-describedby=\"tribe-events-tooltip-content-10001127\"\n>\n\t\t<div class=\"tribe-events-calendar-month__multiday-event-hidden-title tribe-common-h8\">\n\tExposici\u00f3n de fotograf\u00eda: \u00abLas Caras de Huelva II\u00bb, de Paco Gil<\/div>\n<\/a>\n<\/div>\n\t\t\t<\/article>\n<\/div>\n\n\t<div class=\"tribe-events-calendar-month__multiday-event-wrapper\">\n\t<article  class=\"tribe-events-calendar-month__multiday-event post-10001135 tribe_events type-tribe_events status-publish has-post-thumbnail hentry tribe_events_cat-exposicion cat_exposicion\"  data-event-id=\"10001135\">\n\t\t<div class=\"tribe-events-calendar-month__multiday-event-hidden\">\n\t<time\n\tdatetime=\"2026-04-23\"\n\tclass=\"tribe-common-a11y-visual-hide\"\n>\n\t2026-04-23<\/time>\n\t<a\n\thref=\"https:\/\/fundacioncajaruraldelsur.com\/pt\/evento\/exposicion-obra-grafica-trazos-florales-de-gema-climent\/\"\n\tclass=\"tribe-events-calendar-month__multiday-event-hidden-link\"\n\tdata-js=\"tribe-events-tooltip\"\n\tdata-tooltip-content=\"#tribe-events-tooltip-content-10001135\"\n\taria-describedby=\"tribe-events-tooltip-content-10001135\"\n>\n\t\t<div class=\"tribe-events-calendar-month__multiday-event-hidden-title tribe-common-h8\">\n\tExposici\u00f3n | Obra Gr\u00e1fica: \u00abTrazos florales\u00bb, de Gema Climent<\/div>\n<\/a>\n<\/div>\n\t\t\t<\/article>\n<\/div>\n\n\n\t\t\t<\/div>\n\n\t\n<\/div>\n<\/td>\n\n\t\t\t\n\t\t\t\t<td\n\t class=\"tribe-events-calendar-month__day tribe-events-calendar-month__day--past\" \taria-labelledby=\"tribe-events-calendar-day-2026-04-25\"\n\tdata-js=\"tribe-events-month-grid-cell\"\n>\n\t<button\n\taria-expanded=\"false\"\n\taria-controls=\"tribe-events-calendar-mobile-day-2026-04-25\"\n\taria-label=\"April 25, 2 eventos, past day\"\n\t class=\"tribe-events-calendar-month__day-cell tribe-events-calendar-month__day-cell--mobile\" \tdata-js=\"tribe-events-calendar-month-day-cell-mobile\"\n>\n\t<h3 class=\"tribe-events-calendar-month__day-date tribe-common-h6 tribe-common-h--alt\">\n\t\t<span class=\"tribe-common-a11y-visual-hide\">\n\t\t\t2 eventos\t\t<\/span>\n\t\t<time\n\t\t\tclass=\"tribe-events-calendar-month__day-date-daynum\"\n\t\t\tdatetime=\"2026-04-25\"\n\t\t>\n\t\t\t25\t\t<\/time>\n\t<\/h3>\n\t\n\t<span class=\"tribe-events-calendar-month__mobile-events-icon tribe-events-calendar-month__mobile-events-icon--event\" >\n\t<\/span>\n<\/button>\n\t\n<div\n\tid=\"tribe-events-calendar-day-2026-04-25\"\n\tclass=\"tribe-events-calendar-month__day-cell tribe-events-calendar-month__day-cell--desktop tribe-common-a11y-hidden\"\n>\n\t\n<h3 class=\"tribe-events-calendar-month__day-date tribe-common-h4\">\n\t<span class=\"tribe-common-a11y-visual-hide\">\n\t\t2 eventos,\n\t<\/span>\n\t<time\n\t\tclass=\"tribe-events-calendar-month__day-date-daynum\"\n\t\tdatetime=\"2026-04-25\"\n\t>\n\t\t\t\t\t<a\n\t\t\t\thref=\"https:\/\/fundacioncajaruraldelsur.com\/pt\/eventos\/2026-04-25\/?shortcode=tribe-widget-events-month-10\"\n\t\t\t\tclass=\"tribe-events-calendar-month__day-date-link\"\n\t\t\t\tdata-js=\"tribe-events-view-link\"\n\t\t\t\taria-label=\"April 25\"\n\t\t\t>\n\t\t\t\t25\t\t\t<\/a>\n\t\t\t<\/time>\n<\/h3>\n\n\t<div class=\"tribe-events-calendar-month__events\">\n\t\t\n\t<div class=\"tribe-events-calendar-month__multiday-event-wrapper tribe-events-calendar-month__multiday-event--empty\"><\/div>\n\t<div class=\"tribe-events-calendar-month__multiday-event-wrapper\">\n\t<article  class=\"tribe-events-calendar-month__multiday-event post-10001135 tribe_events type-tribe_events status-publish has-post-thumbnail hentry tribe_events_cat-exposicion cat_exposicion\"  data-event-id=\"10001135\">\n\t\t<div class=\"tribe-events-calendar-month__multiday-event-hidden\">\n\t<time\n\tdatetime=\"2026-04-23\"\n\tclass=\"tribe-common-a11y-visual-hide\"\n>\n\t2026-04-23<\/time>\n\t<a\n\thref=\"https:\/\/fundacioncajaruraldelsur.com\/pt\/evento\/exposicion-obra-grafica-trazos-florales-de-gema-climent\/\"\n\tclass=\"tribe-events-calendar-month__multiday-event-hidden-link\"\n\tdata-js=\"tribe-events-tooltip\"\n\tdata-tooltip-content=\"#tribe-events-tooltip-content-10001135\"\n\taria-describedby=\"tribe-events-tooltip-content-10001135\"\n>\n\t\t<div class=\"tribe-events-calendar-month__multiday-event-hidden-title tribe-common-h8\">\n\tExposici\u00f3n | Obra Gr\u00e1fica: \u00abTrazos florales\u00bb, de Gema Climent<\/div>\n<\/a>\n<\/div>\n\t\t\t<\/article>\n<\/div>\n\n\n\t\t\n\t\n\t\n<article  class=\"tribe-events-calendar-month__calendar-event post-10001128 tribe_events type-tribe_events status-publish has-post-thumbnail hentry tribe_events_cat-jornadas cat_jornadas\" >\n\n\t\n\t<div class=\"tribe-events-calendar-month__calendar-event-details\">\n\n\t\t<div class=\"tribe-events-calendar-month__calendar-event-datetime\">\n\t\t<time datetime=\"08:00\">\n\t\t8:00 am\t<\/time>\n\t\t\t<span class=\"tribe-events-calendar-month__calendar-event-datetime-separator\"> - <\/span>\n\t\t<time datetime=\"14:30\">\n\t\t\t2:30 pm\t\t<\/time>\n\t\t<\/div>\n\t\t<div class=\"tribe-events-calendar-month__calendar-event-title tribe-common-h8 tribe-common-h--alt\">\n\t<a\n\t\thref=\"https:\/\/fundacioncajaruraldelsur.com\/pt\/evento\/xxiii-jornada-unidades-docentes-multiprofesionales-de-atencion-familiar-y-comunitaria-de-huelva\/\"\n\t\ttitle=\"XXIII JORNADA UNIDADES DOCENTES MULTIPROFESIONALES DE ATENCI\u00d3N FAMILIAR Y COMUNITARIA DE HUELVA\"\n\t\trel=\"bookmark\"\n\t\tclass=\"tribe-events-calendar-month__calendar-event-title-link tribe-common-anchor-thin\"\n\t\tdata-js=\"tribe-events-tooltip\"\n\t\tdata-tooltip-content=\"#tribe-events-tooltip-content-10001128\"\n\t\taria-describedby=\"tribe-events-tooltip-content-10001128\"\n\t>\n\t\tXXIII JORNADA UNIDADES DOCENTES MULTIPROFESIONALES DE ATENCI\u00d3N FAMILIAR Y COMUNITARIA DE HUELVA\t<\/a>\n<\/div>\n\n\t\t<div class=\"tribe-events-calendar-month__calendar-event-tooltip-template tribe-common-a11y-hidden\">\n\t<div\n\t\tclass=\"tribe-events-calendar-month__calendar-event-tooltip\"\n\t\tid=\"tribe-events-tooltip-content-10001128\"\n\t\trole=\"tooltip\"\n\t>\n\t\t<div class=\"tribe-events-calendar-month__calendar-event-tooltip-featured-image-wrapper\">\n\t<img\n\t\tclass=\"tribe-events-calendar-month__calendar-event-tooltip-featured-image\"\n\t\tsrc=\"https:\/\/fundacioncajaruraldelsur.com\/wp-content\/uploads\/2019\/07\/medico_bata_puesta.jpg\"\n\t\t\t\t\tsrcset=\"https:\/\/fundacioncajaruraldelsur.com\/wp-content\/uploads\/2019\/07\/medico_bata_puesta-300x78.jpg 300w, https:\/\/fundacioncajaruraldelsur.com\/wp-content\/uploads\/2019\/07\/medico_bata_puesta-768x200.jpg 768w, https:\/\/fundacioncajaruraldelsur.com\/wp-content\/uploads\/2019\/07\/medico_bata_puesta-1024x267.jpg 1024w, https:\/\/fundacioncajaruraldelsur.com\/wp-content\/uploads\/2019\/07\/medico_bata_puesta.jpg 1920w\"\n\t\t\t\t\t\t\talt=\"\"\n\t\t\t\/>\n<\/div>\n\t\t<div class=\"tribe-events-calendar-month__calendar-event-tooltip-datetime\">\n\t\t<time datetime=\"2026-04-25\">\n\t\t<span class=\"tribe-event-date-start\">April 25 @ 8:00 am<\/span> - <span class=\"tribe-event-time\">2:30 pm<\/span>\t<\/time>\n\t<\/div>\n\t\t<div class=\"tribe-events-calendar-month__calendar-event-tooltip-title tribe-common-h7\">\n\t<a\n\t\thref=\"https:\/\/fundacioncajaruraldelsur.com\/pt\/evento\/xxiii-jornada-unidades-docentes-multiprofesionales-de-atencion-familiar-y-comunitaria-de-huelva\/\"\n\t\ttitle=\"XXIII JORNADA UNIDADES DOCENTES MULTIPROFESIONALES DE ATENCI\u00d3N FAMILIAR Y COMUNITARIA DE HUELVA\"\n\t\trel=\"bookmark\"\n\t\tclass=\"tribe-events-calendar-month__calendar-event-tooltip-title-link tribe-common-anchor-thin\"\n\t>\n\t\tXXIII JORNADA UNIDADES DOCENTES MULTIPROFESIONALES DE ATENCI\u00d3N FAMILIAR Y COMUNITARIA DE HUELVA\t<\/a>\n<\/div>\n\t\t\t\t\t<\/div>\n<\/div>\n\n\t<\/div>\n\n<\/article>\n\n\t<\/div>\n\n\t\n<\/div>\n<\/td>\n\n\t\t\t\n\t\t\t\t<td\n\t class=\"tribe-events-calendar-month__day tribe-events-calendar-month__day--past\" \taria-labelledby=\"tribe-events-calendar-day-2026-04-26\"\n\tdata-js=\"tribe-events-month-grid-cell\"\n>\n\t<button\n\taria-expanded=\"false\"\n\taria-controls=\"tribe-events-calendar-mobile-day-2026-04-26\"\n\taria-label=\"April 26, 1 evento, past day\"\n\t class=\"tribe-events-calendar-month__day-cell tribe-events-calendar-month__day-cell--mobile\" \tdata-js=\"tribe-events-calendar-month-day-cell-mobile\"\n>\n\t<h3 class=\"tribe-events-calendar-month__day-date tribe-common-h6 tribe-common-h--alt\">\n\t\t<span class=\"tribe-common-a11y-visual-hide\">\n\t\t\t1 evento\t\t<\/span>\n\t\t<time\n\t\t\tclass=\"tribe-events-calendar-month__day-date-daynum\"\n\t\t\tdatetime=\"2026-04-26\"\n\t\t>\n\t\t\t26\t\t<\/time>\n\t<\/h3>\n\t\n\t<span class=\"tribe-events-calendar-month__mobile-events-icon tribe-events-calendar-month__mobile-events-icon--event\" >\n\t<\/span>\n<\/button>\n\t\n<div\n\tid=\"tribe-events-calendar-day-2026-04-26\"\n\tclass=\"tribe-events-calendar-month__day-cell tribe-events-calendar-month__day-cell--desktop tribe-common-a11y-hidden\"\n>\n\t\n<h3 class=\"tribe-events-calendar-month__day-date tribe-common-h4\">\n\t<span class=\"tribe-common-a11y-visual-hide\">\n\t\t1 evento,\n\t<\/span>\n\t<time\n\t\tclass=\"tribe-events-calendar-month__day-date-daynum\"\n\t\tdatetime=\"2026-04-26\"\n\t>\n\t\t\t\t\t<a\n\t\t\t\thref=\"https:\/\/fundacioncajaruraldelsur.com\/pt\/eventos\/2026-04-26\/?shortcode=tribe-widget-events-month-10\"\n\t\t\t\tclass=\"tribe-events-calendar-month__day-date-link\"\n\t\t\t\tdata-js=\"tribe-events-view-link\"\n\t\t\t\taria-label=\"April 26\"\n\t\t\t>\n\t\t\t\t26\t\t\t<\/a>\n\t\t\t<\/time>\n<\/h3>\n\n\t<div class=\"tribe-events-calendar-month__events\">\n\t\t\n\t<div class=\"tribe-events-calendar-month__multiday-event-wrapper tribe-events-calendar-month__multiday-event--empty\"><\/div>\n\t<div class=\"tribe-events-calendar-month__multiday-event-wrapper\">\n\t<article  class=\"tribe-events-calendar-month__multiday-event post-10001135 tribe_events type-tribe_events status-publish has-post-thumbnail hentry tribe_events_cat-exposicion cat_exposicion\"  data-event-id=\"10001135\">\n\t\t<div class=\"tribe-events-calendar-month__multiday-event-hidden\">\n\t<time\n\tdatetime=\"2026-04-23\"\n\tclass=\"tribe-common-a11y-visual-hide\"\n>\n\t2026-04-23<\/time>\n\t<a\n\thref=\"https:\/\/fundacioncajaruraldelsur.com\/pt\/evento\/exposicion-obra-grafica-trazos-florales-de-gema-climent\/\"\n\tclass=\"tribe-events-calendar-month__multiday-event-hidden-link\"\n\tdata-js=\"tribe-events-tooltip\"\n\tdata-tooltip-content=\"#tribe-events-tooltip-content-10001135\"\n\taria-describedby=\"tribe-events-tooltip-content-10001135\"\n>\n\t\t<div class=\"tribe-events-calendar-month__multiday-event-hidden-title tribe-common-h8\">\n\tExposici\u00f3n | Obra Gr\u00e1fica: \u00abTrazos florales\u00bb, de Gema Climent<\/div>\n<\/a>\n<\/div>\n\t\t\t<\/article>\n<\/div>\n\n\n\t\t\t<\/div>\n\n\t\n<\/div>\n<\/td>\n\n\t\t\t\t\t<\/tr>\n\t\t\t<tr class=\"tribe-events-calendar-month__week\" data-js=\"tribe-events-month-grid-row\">\n\t\t\t\n\t\t\t\t<td\n\t class=\"tribe-events-calendar-month__day tribe-events-calendar-month__day--past\" \taria-labelledby=\"tribe-events-calendar-day-2026-04-27\"\n\tdata-js=\"tribe-events-month-grid-cell\"\n>\n\t<button\n\taria-expanded=\"false\"\n\taria-controls=\"tribe-events-calendar-mobile-day-2026-04-27\"\n\taria-label=\"April 27, 1 evento, past day\"\n\t class=\"tribe-events-calendar-month__day-cell tribe-events-calendar-month__day-cell--mobile\" \tdata-js=\"tribe-events-calendar-month-day-cell-mobile\"\n>\n\t<h3 class=\"tribe-events-calendar-month__day-date tribe-common-h6 tribe-common-h--alt\">\n\t\t<span class=\"tribe-common-a11y-visual-hide\">\n\t\t\t1 evento\t\t<\/span>\n\t\t<time\n\t\t\tclass=\"tribe-events-calendar-month__day-date-daynum\"\n\t\t\tdatetime=\"2026-04-27\"\n\t\t>\n\t\t\t27\t\t<\/time>\n\t<\/h3>\n\t\n\t<span class=\"tribe-events-calendar-month__mobile-events-icon tribe-events-calendar-month__mobile-events-icon--event\" >\n\t<\/span>\n<\/button>\n\t\n<div\n\tid=\"tribe-events-calendar-day-2026-04-27\"\n\tclass=\"tribe-events-calendar-month__day-cell tribe-events-calendar-month__day-cell--desktop tribe-common-a11y-hidden\"\n>\n\t\n<h3 class=\"tribe-events-calendar-month__day-date tribe-common-h4\">\n\t<span class=\"tribe-common-a11y-visual-hide\">\n\t\t1 evento,\n\t<\/span>\n\t<time\n\t\tclass=\"tribe-events-calendar-month__day-date-daynum\"\n\t\tdatetime=\"2026-04-27\"\n\t>\n\t\t\t\t\t<a\n\t\t\t\thref=\"https:\/\/fundacioncajaruraldelsur.com\/pt\/eventos\/2026-04-27\/?shortcode=tribe-widget-events-month-10\"\n\t\t\t\tclass=\"tribe-events-calendar-month__day-date-link\"\n\t\t\t\tdata-js=\"tribe-events-view-link\"\n\t\t\t\taria-label=\"April 27\"\n\t\t\t>\n\t\t\t\t27\t\t\t<\/a>\n\t\t\t<\/time>\n<\/h3>\n\n\t<div class=\"tribe-events-calendar-month__events\">\n\t\t\n\t<div class=\"tribe-events-calendar-month__multiday-event-wrapper\">\n\t<article  class=\"tribe-events-calendar-month__multiday-event post-10001135 tribe_events type-tribe_events status-publish has-post-thumbnail hentry tribe_events_cat-exposicion cat_exposicion tribe-events-calendar-month__multiday-event--width-7 tribe-events-calendar-month__multiday-event--display\"  data-event-id=\"10001135\">\n\t\t<div class=\"tribe-events-calendar-month__multiday-event-hidden\">\n\t<time\n\tdatetime=\"2026-04-23\"\n\tclass=\"tribe-common-a11y-visual-hide\"\n>\n\t2026-04-23<\/time>\n\t<a\n\thref=\"https:\/\/fundacioncajaruraldelsur.com\/pt\/evento\/exposicion-obra-grafica-trazos-florales-de-gema-climent\/\"\n\tclass=\"tribe-events-calendar-month__multiday-event-hidden-link\"\n\tdata-js=\"tribe-events-tooltip\"\n\tdata-tooltip-content=\"#tribe-events-tooltip-content-10001135\"\n\taria-describedby=\"tribe-events-tooltip-content-10001135\"\n>\n\t\t<div class=\"tribe-events-calendar-month__multiday-event-hidden-title tribe-common-h8\">\n\tExposici\u00f3n | Obra Gr\u00e1fica: \u00abTrazos florales\u00bb, de Gema Climent<\/div>\n<\/a>\n<\/div>\n\t\t<div class=\"tribe-events-calendar-month__multiday-event-bar\">\n\t<div class=\"tribe-events-calendar-month__multiday-event-bar-inner\">\n\t\t\t\t<div class=\"tribe-events-calendar-month__multiday-event-bar-title tribe-common-h8\">\n\tExposici\u00f3n | Obra Gr\u00e1fica: \u00abTrazos florales\u00bb, de Gema Climent<\/div>\n\t<\/div>\n<\/div>\n\t<\/article>\n<\/div>\n\n\n\t\t\t<\/div>\n\n\t\n<\/div>\n<\/td>\n\n\t\t\t\n\t\t\t\t<td\n\t class=\"tribe-events-calendar-month__day tribe-events-calendar-month__day--current\" \taria-labelledby=\"tribe-events-calendar-day-2026-04-28\"\n\tdata-js=\"tribe-events-month-grid-cell\"\n>\n\t<button\n\taria-expanded=\"true\"\n\taria-controls=\"tribe-events-calendar-mobile-day-2026-04-28\"\n\taria-label=\"April 28, 1 evento, hoje\"\n\t class=\"tribe-events-calendar-month__day-cell tribe-events-calendar-month__day-cell--mobile tribe-events-calendar-month__day-cell--selected\" \tdata-js=\"tribe-events-calendar-month-day-cell-mobile\"\n>\n\t<h3 class=\"tribe-events-calendar-month__day-date tribe-common-h6 tribe-common-h--alt\">\n\t\t<span class=\"tribe-common-a11y-visual-hide\">\n\t\t\t1 evento\t\t<\/span>\n\t\t<time\n\t\t\tclass=\"tribe-events-calendar-month__day-date-daynum\"\n\t\t\tdatetime=\"2026-04-28\"\n\t\t>\n\t\t\t28\t\t<\/time>\n\t<\/h3>\n\t\n\t<span class=\"tribe-events-calendar-month__mobile-events-icon tribe-events-calendar-month__mobile-events-icon--event\" >\n\t<\/span>\n<\/button>\n\t\n<div\n\tid=\"tribe-events-calendar-day-2026-04-28\"\n\tclass=\"tribe-events-calendar-month__day-cell tribe-events-calendar-month__day-cell--desktop tribe-common-a11y-hidden\"\n>\n\t\n<h3 class=\"tribe-events-calendar-month__day-date tribe-common-h4\">\n\t<span class=\"tribe-common-a11y-visual-hide\">\n\t\t1 evento,\n\t<\/span>\n\t<time\n\t\tclass=\"tribe-events-calendar-month__day-date-daynum\"\n\t\tdatetime=\"2026-04-28\"\n\t>\n\t\t\t\t\t<a\n\t\t\t\thref=\"https:\/\/fundacioncajaruraldelsur.com\/pt\/eventos\/2026-04-28\/?shortcode=tribe-widget-events-month-10\"\n\t\t\t\tclass=\"tribe-events-calendar-month__day-date-link\"\n\t\t\t\tdata-js=\"tribe-events-view-link\"\n\t\t\t\taria-label=\"April 28\"\n\t\t\t>\n\t\t\t\t28\t\t\t<\/a>\n\t\t\t<\/time>\n<\/h3>\n\n\t<div class=\"tribe-events-calendar-month__events\">\n\t\t\n\t<div class=\"tribe-events-calendar-month__multiday-event-wrapper\">\n\t<article  class=\"tribe-events-calendar-month__multiday-event post-10001135 tribe_events type-tribe_events status-publish has-post-thumbnail hentry tribe_events_cat-exposicion cat_exposicion\"  data-event-id=\"10001135\">\n\t\t<div class=\"tribe-events-calendar-month__multiday-event-hidden\">\n\t<time\n\tdatetime=\"2026-04-23\"\n\tclass=\"tribe-common-a11y-visual-hide\"\n>\n\t2026-04-23<\/time>\n\t<a\n\thref=\"https:\/\/fundacioncajaruraldelsur.com\/pt\/evento\/exposicion-obra-grafica-trazos-florales-de-gema-climent\/\"\n\tclass=\"tribe-events-calendar-month__multiday-event-hidden-link\"\n\tdata-js=\"tribe-events-tooltip\"\n\tdata-tooltip-content=\"#tribe-events-tooltip-content-10001135\"\n\taria-describedby=\"tribe-events-tooltip-content-10001135\"\n>\n\t\t<div class=\"tribe-events-calendar-month__multiday-event-hidden-title tribe-common-h8\">\n\tExposici\u00f3n | Obra Gr\u00e1fica: \u00abTrazos florales\u00bb, de Gema Climent<\/div>\n<\/a>\n<\/div>\n\t\t\t<\/article>\n<\/div>\n\n\n\t\t\t<\/div>\n\n\t\n<\/div>\n<\/td>\n\n\t\t\t\n\t\t\t\t<td\n\t class=\"tribe-events-calendar-month__day\" \taria-labelledby=\"tribe-events-calendar-day-2026-04-29\"\n\tdata-js=\"tribe-events-month-grid-cell\"\n>\n\t<button\n\taria-expanded=\"false\"\n\taria-controls=\"tribe-events-calendar-mobile-day-2026-04-29\"\n\taria-label=\"April 29, 1 evento, upcoming day\"\n\t class=\"tribe-events-calendar-month__day-cell tribe-events-calendar-month__day-cell--mobile\" \tdata-js=\"tribe-events-calendar-month-day-cell-mobile\"\n>\n\t<h3 class=\"tribe-events-calendar-month__day-date tribe-common-h6 tribe-common-h--alt\">\n\t\t<span class=\"tribe-common-a11y-visual-hide\">\n\t\t\t1 evento\t\t<\/span>\n\t\t<time\n\t\t\tclass=\"tribe-events-calendar-month__day-date-daynum\"\n\t\t\tdatetime=\"2026-04-29\"\n\t\t>\n\t\t\t29\t\t<\/time>\n\t<\/h3>\n\t\n\t<span class=\"tribe-events-calendar-month__mobile-events-icon tribe-events-calendar-month__mobile-events-icon--event\" >\n\t<\/span>\n<\/button>\n\t\n<div\n\tid=\"tribe-events-calendar-day-2026-04-29\"\n\tclass=\"tribe-events-calendar-month__day-cell tribe-events-calendar-month__day-cell--desktop tribe-common-a11y-hidden\"\n>\n\t\n<h3 class=\"tribe-events-calendar-month__day-date tribe-common-h4\">\n\t<span class=\"tribe-common-a11y-visual-hide\">\n\t\t1 evento,\n\t<\/span>\n\t<time\n\t\tclass=\"tribe-events-calendar-month__day-date-daynum\"\n\t\tdatetime=\"2026-04-29\"\n\t>\n\t\t\t\t\t<a\n\t\t\t\thref=\"https:\/\/fundacioncajaruraldelsur.com\/pt\/eventos\/2026-04-29\/?shortcode=tribe-widget-events-month-10\"\n\t\t\t\tclass=\"tribe-events-calendar-month__day-date-link\"\n\t\t\t\tdata-js=\"tribe-events-view-link\"\n\t\t\t\taria-label=\"April 29\"\n\t\t\t>\n\t\t\t\t29\t\t\t<\/a>\n\t\t\t<\/time>\n<\/h3>\n\n\t<div class=\"tribe-events-calendar-month__events\">\n\t\t\n\t<div class=\"tribe-events-calendar-month__multiday-event-wrapper\">\n\t<article  class=\"tribe-events-calendar-month__multiday-event post-10001135 tribe_events type-tribe_events status-publish has-post-thumbnail hentry tribe_events_cat-exposicion cat_exposicion\"  data-event-id=\"10001135\">\n\t\t<div class=\"tribe-events-calendar-month__multiday-event-hidden\">\n\t<time\n\tdatetime=\"2026-04-23\"\n\tclass=\"tribe-common-a11y-visual-hide\"\n>\n\t2026-04-23<\/time>\n\t<a\n\thref=\"https:\/\/fundacioncajaruraldelsur.com\/pt\/evento\/exposicion-obra-grafica-trazos-florales-de-gema-climent\/\"\n\tclass=\"tribe-events-calendar-month__multiday-event-hidden-link\"\n\tdata-js=\"tribe-events-tooltip\"\n\tdata-tooltip-content=\"#tribe-events-tooltip-content-10001135\"\n\taria-describedby=\"tribe-events-tooltip-content-10001135\"\n>\n\t\t<div class=\"tribe-events-calendar-month__multiday-event-hidden-title tribe-common-h8\">\n\tExposici\u00f3n | Obra Gr\u00e1fica: \u00abTrazos florales\u00bb, de Gema Climent<\/div>\n<\/a>\n<\/div>\n\t\t\t<\/article>\n<\/div>\n\n\n\t\t\t<\/div>\n\n\t\n<\/div>\n<\/td>\n\n\t\t\t\n\t\t\t\t<td\n\t class=\"tribe-events-calendar-month__day\" \taria-labelledby=\"tribe-events-calendar-day-2026-04-30\"\n\tdata-js=\"tribe-events-month-grid-cell\"\n>\n\t<button\n\taria-expanded=\"false\"\n\taria-controls=\"tribe-events-calendar-mobile-day-2026-04-30\"\n\taria-label=\"April 30, 1 evento, upcoming day\"\n\t class=\"tribe-events-calendar-month__day-cell tribe-events-calendar-month__day-cell--mobile\" \tdata-js=\"tribe-events-calendar-month-day-cell-mobile\"\n>\n\t<h3 class=\"tribe-events-calendar-month__day-date tribe-common-h6 tribe-common-h--alt\">\n\t\t<span class=\"tribe-common-a11y-visual-hide\">\n\t\t\t1 evento\t\t<\/span>\n\t\t<time\n\t\t\tclass=\"tribe-events-calendar-month__day-date-daynum\"\n\t\t\tdatetime=\"2026-04-30\"\n\t\t>\n\t\t\t30\t\t<\/time>\n\t<\/h3>\n\t\n\t<span class=\"tribe-events-calendar-month__mobile-events-icon tribe-events-calendar-month__mobile-events-icon--event\" >\n\t<\/span>\n<\/button>\n\t\n<div\n\tid=\"tribe-events-calendar-day-2026-04-30\"\n\tclass=\"tribe-events-calendar-month__day-cell tribe-events-calendar-month__day-cell--desktop tribe-common-a11y-hidden\"\n>\n\t\n<h3 class=\"tribe-events-calendar-month__day-date tribe-common-h4\">\n\t<span class=\"tribe-common-a11y-visual-hide\">\n\t\t1 evento,\n\t<\/span>\n\t<time\n\t\tclass=\"tribe-events-calendar-month__day-date-daynum\"\n\t\tdatetime=\"2026-04-30\"\n\t>\n\t\t\t\t\t<a\n\t\t\t\thref=\"https:\/\/fundacioncajaruraldelsur.com\/pt\/eventos\/2026-04-30\/?shortcode=tribe-widget-events-month-10\"\n\t\t\t\tclass=\"tribe-events-calendar-month__day-date-link\"\n\t\t\t\tdata-js=\"tribe-events-view-link\"\n\t\t\t\taria-label=\"April 30\"\n\t\t\t>\n\t\t\t\t30\t\t\t<\/a>\n\t\t\t<\/time>\n<\/h3>\n\n\t<div class=\"tribe-events-calendar-month__events\">\n\t\t\n\t<div class=\"tribe-events-calendar-month__multiday-event-wrapper\">\n\t<article  class=\"tribe-events-calendar-month__multiday-event post-10001135 tribe_events type-tribe_events status-publish has-post-thumbnail hentry tribe_events_cat-exposicion cat_exposicion\"  data-event-id=\"10001135\">\n\t\t<div class=\"tribe-events-calendar-month__multiday-event-hidden\">\n\t<time\n\tdatetime=\"2026-04-23\"\n\tclass=\"tribe-common-a11y-visual-hide\"\n>\n\t2026-04-23<\/time>\n\t<a\n\thref=\"https:\/\/fundacioncajaruraldelsur.com\/pt\/evento\/exposicion-obra-grafica-trazos-florales-de-gema-climent\/\"\n\tclass=\"tribe-events-calendar-month__multiday-event-hidden-link\"\n\tdata-js=\"tribe-events-tooltip\"\n\tdata-tooltip-content=\"#tribe-events-tooltip-content-10001135\"\n\taria-describedby=\"tribe-events-tooltip-content-10001135\"\n>\n\t\t<div class=\"tribe-events-calendar-month__multiday-event-hidden-title tribe-common-h8\">\n\tExposici\u00f3n | Obra Gr\u00e1fica: \u00abTrazos florales\u00bb, de Gema Climent<\/div>\n<\/a>\n<\/div>\n\t\t\t<\/article>\n<\/div>\n\n\n\t\t\t<\/div>\n\n\t\n<\/div>\n<\/td>\n\n\t\t\t\n\t\t\t\t<td\n\t class=\"tribe-events-calendar-month__day tribe-events-calendar-month__day--other-month tribe-events-calendar-month__day--next-month\" \taria-labelledby=\"tribe-events-calendar-day-2026-05-01\"\n\tdata-js=\"tribe-events-month-grid-cell\"\n>\n\t<button\n\taria-expanded=\"false\"\n\taria-controls=\"tribe-events-calendar-mobile-day-2026-05-1\"\n\taria-label=\"May 1, 1 evento, upcoming day\"\n\t class=\"tribe-events-calendar-month__day-cell tribe-events-calendar-month__day-cell--mobile\" \tdata-js=\"tribe-events-calendar-month-day-cell-mobile\"\n>\n\t<h3 class=\"tribe-events-calendar-month__day-date tribe-common-h6 tribe-common-h--alt\">\n\t\t<span class=\"tribe-common-a11y-visual-hide\">\n\t\t\t1 evento\t\t<\/span>\n\t\t<time\n\t\t\tclass=\"tribe-events-calendar-month__day-date-daynum\"\n\t\t\tdatetime=\"2026-05-01\"\n\t\t>\n\t\t\t1\t\t<\/time>\n\t<\/h3>\n\t\n\t<span class=\"tribe-events-calendar-month__mobile-events-icon tribe-events-calendar-month__mobile-events-icon--event\" >\n\t<\/span>\n<\/button>\n\t\n<div\n\tid=\"tribe-events-calendar-day-2026-05-01\"\n\tclass=\"tribe-events-calendar-month__day-cell tribe-events-calendar-month__day-cell--desktop tribe-common-a11y-hidden\"\n>\n\t\n<h3 class=\"tribe-events-calendar-month__day-date tribe-common-h4\">\n\t<span class=\"tribe-common-a11y-visual-hide\">\n\t\t1 evento,\n\t<\/span>\n\t<time\n\t\tclass=\"tribe-events-calendar-month__day-date-daynum\"\n\t\tdatetime=\"2026-05-01\"\n\t>\n\t\t\t\t\t<a\n\t\t\t\thref=\"https:\/\/fundacioncajaruraldelsur.com\/pt\/eventos\/2026-05-01\/?shortcode=tribe-widget-events-month-10\"\n\t\t\t\tclass=\"tribe-events-calendar-month__day-date-link\"\n\t\t\t\tdata-js=\"tribe-events-view-link\"\n\t\t\t\taria-label=\"May 1\"\n\t\t\t>\n\t\t\t\t1\t\t\t<\/a>\n\t\t\t<\/time>\n<\/h3>\n\n\t<div class=\"tribe-events-calendar-month__events\">\n\t\t\n\t<div class=\"tribe-events-calendar-month__multiday-event-wrapper\">\n\t<article  class=\"tribe-events-calendar-month__multiday-event post-10001135 tribe_events type-tribe_events status-publish has-post-thumbnail hentry tribe_events_cat-exposicion cat_exposicion\"  data-event-id=\"10001135\">\n\t\t<div class=\"tribe-events-calendar-month__multiday-event-hidden\">\n\t<time\n\tdatetime=\"2026-04-23\"\n\tclass=\"tribe-common-a11y-visual-hide\"\n>\n\t2026-04-23<\/time>\n\t<a\n\thref=\"https:\/\/fundacioncajaruraldelsur.com\/pt\/evento\/exposicion-obra-grafica-trazos-florales-de-gema-climent\/\"\n\tclass=\"tribe-events-calendar-month__multiday-event-hidden-link\"\n\tdata-js=\"tribe-events-tooltip\"\n\tdata-tooltip-content=\"#tribe-events-tooltip-content-10001135\"\n\taria-describedby=\"tribe-events-tooltip-content-10001135\"\n>\n\t\t<div class=\"tribe-events-calendar-month__multiday-event-hidden-title tribe-common-h8\">\n\tExposici\u00f3n | Obra Gr\u00e1fica: \u00abTrazos florales\u00bb, de Gema Climent<\/div>\n<\/a>\n<\/div>\n\t\t\t<\/article>\n<\/div>\n\n\n\t\t\t<\/div>\n\n\t\n<\/div>\n<\/td>\n\n\t\t\t\n\t\t\t\t<td\n\t class=\"tribe-events-calendar-month__day tribe-events-calendar-month__day--other-month tribe-events-calendar-month__day--next-month\" \taria-labelledby=\"tribe-events-calendar-day-2026-05-02\"\n\tdata-js=\"tribe-events-month-grid-cell\"\n>\n\t<button\n\taria-expanded=\"false\"\n\taria-controls=\"tribe-events-calendar-mobile-day-2026-05-2\"\n\taria-label=\"May 2, 1 evento, upcoming day\"\n\t class=\"tribe-events-calendar-month__day-cell tribe-events-calendar-month__day-cell--mobile\" \tdata-js=\"tribe-events-calendar-month-day-cell-mobile\"\n>\n\t<h3 class=\"tribe-events-calendar-month__day-date tribe-common-h6 tribe-common-h--alt\">\n\t\t<span class=\"tribe-common-a11y-visual-hide\">\n\t\t\t1 evento\t\t<\/span>\n\t\t<time\n\t\t\tclass=\"tribe-events-calendar-month__day-date-daynum\"\n\t\t\tdatetime=\"2026-05-02\"\n\t\t>\n\t\t\t2\t\t<\/time>\n\t<\/h3>\n\t\n\t<span class=\"tribe-events-calendar-month__mobile-events-icon tribe-events-calendar-month__mobile-events-icon--event\" >\n\t<\/span>\n<\/button>\n\t\n<div\n\tid=\"tribe-events-calendar-day-2026-05-02\"\n\tclass=\"tribe-events-calendar-month__day-cell tribe-events-calendar-month__day-cell--desktop tribe-common-a11y-hidden\"\n>\n\t\n<h3 class=\"tribe-events-calendar-month__day-date tribe-common-h4\">\n\t<span class=\"tribe-common-a11y-visual-hide\">\n\t\t1 evento,\n\t<\/span>\n\t<time\n\t\tclass=\"tribe-events-calendar-month__day-date-daynum\"\n\t\tdatetime=\"2026-05-02\"\n\t>\n\t\t\t\t\t<a\n\t\t\t\thref=\"https:\/\/fundacioncajaruraldelsur.com\/pt\/eventos\/2026-05-02\/?shortcode=tribe-widget-events-month-10\"\n\t\t\t\tclass=\"tribe-events-calendar-month__day-date-link\"\n\t\t\t\tdata-js=\"tribe-events-view-link\"\n\t\t\t\taria-label=\"May 2\"\n\t\t\t>\n\t\t\t\t2\t\t\t<\/a>\n\t\t\t<\/time>\n<\/h3>\n\n\t<div class=\"tribe-events-calendar-month__events\">\n\t\t\n\t<div class=\"tribe-events-calendar-month__multiday-event-wrapper\">\n\t<article  class=\"tribe-events-calendar-month__multiday-event post-10001135 tribe_events type-tribe_events status-publish has-post-thumbnail hentry tribe_events_cat-exposicion cat_exposicion\"  data-event-id=\"10001135\">\n\t\t<div class=\"tribe-events-calendar-month__multiday-event-hidden\">\n\t<time\n\tdatetime=\"2026-04-23\"\n\tclass=\"tribe-common-a11y-visual-hide\"\n>\n\t2026-04-23<\/time>\n\t<a\n\thref=\"https:\/\/fundacioncajaruraldelsur.com\/pt\/evento\/exposicion-obra-grafica-trazos-florales-de-gema-climent\/\"\n\tclass=\"tribe-events-calendar-month__multiday-event-hidden-link\"\n\tdata-js=\"tribe-events-tooltip\"\n\tdata-tooltip-content=\"#tribe-events-tooltip-content-10001135\"\n\taria-describedby=\"tribe-events-tooltip-content-10001135\"\n>\n\t\t<div class=\"tribe-events-calendar-month__multiday-event-hidden-title tribe-common-h8\">\n\tExposici\u00f3n | Obra Gr\u00e1fica: \u00abTrazos florales\u00bb, de Gema Climent<\/div>\n<\/a>\n<\/div>\n\t\t\t<\/article>\n<\/div>\n\n\n\t\t\t<\/div>\n\n\t\n<\/div>\n<\/td>\n\n\t\t\t\n\t\t\t\t<td\n\t class=\"tribe-events-calendar-month__day tribe-events-calendar-month__day--other-month tribe-events-calendar-month__day--next-month\" \taria-labelledby=\"tribe-events-calendar-day-2026-05-03\"\n\tdata-js=\"tribe-events-month-grid-cell\"\n>\n\t<button\n\taria-expanded=\"false\"\n\taria-controls=\"tribe-events-calendar-mobile-day-2026-05-3\"\n\taria-label=\"May 3, 1 evento, upcoming day\"\n\t class=\"tribe-events-calendar-month__day-cell tribe-events-calendar-month__day-cell--mobile\" \tdata-js=\"tribe-events-calendar-month-day-cell-mobile\"\n>\n\t<h3 class=\"tribe-events-calendar-month__day-date tribe-common-h6 tribe-common-h--alt\">\n\t\t<span class=\"tribe-common-a11y-visual-hide\">\n\t\t\t1 evento\t\t<\/span>\n\t\t<time\n\t\t\tclass=\"tribe-events-calendar-month__day-date-daynum\"\n\t\t\tdatetime=\"2026-05-03\"\n\t\t>\n\t\t\t3\t\t<\/time>\n\t<\/h3>\n\t\n\t<span class=\"tribe-events-calendar-month__mobile-events-icon tribe-events-calendar-month__mobile-events-icon--event\" >\n\t<\/span>\n<\/button>\n\t\n<div\n\tid=\"tribe-events-calendar-day-2026-05-03\"\n\tclass=\"tribe-events-calendar-month__day-cell tribe-events-calendar-month__day-cell--desktop tribe-common-a11y-hidden\"\n>\n\t\n<h3 class=\"tribe-events-calendar-month__day-date tribe-common-h4\">\n\t<span class=\"tribe-common-a11y-visual-hide\">\n\t\t1 evento,\n\t<\/span>\n\t<time\n\t\tclass=\"tribe-events-calendar-month__day-date-daynum\"\n\t\tdatetime=\"2026-05-03\"\n\t>\n\t\t\t\t\t<a\n\t\t\t\thref=\"https:\/\/fundacioncajaruraldelsur.com\/pt\/eventos\/2026-05-03\/?shortcode=tribe-widget-events-month-10\"\n\t\t\t\tclass=\"tribe-events-calendar-month__day-date-link\"\n\t\t\t\tdata-js=\"tribe-events-view-link\"\n\t\t\t\taria-label=\"May 3\"\n\t\t\t>\n\t\t\t\t3\t\t\t<\/a>\n\t\t\t<\/time>\n<\/h3>\n\n\t<div class=\"tribe-events-calendar-month__events\">\n\t\t\n\t<div class=\"tribe-events-calendar-month__multiday-event-wrapper\">\n\t<article  class=\"tribe-events-calendar-month__multiday-event post-10001135 tribe_events type-tribe_events status-publish has-post-thumbnail hentry tribe_events_cat-exposicion cat_exposicion\"  data-event-id=\"10001135\">\n\t\t<div class=\"tribe-events-calendar-month__multiday-event-hidden\">\n\t<time\n\tdatetime=\"2026-04-23\"\n\tclass=\"tribe-common-a11y-visual-hide\"\n>\n\t2026-04-23<\/time>\n\t<a\n\thref=\"https:\/\/fundacioncajaruraldelsur.com\/pt\/evento\/exposicion-obra-grafica-trazos-florales-de-gema-climent\/\"\n\tclass=\"tribe-events-calendar-month__multiday-event-hidden-link\"\n\tdata-js=\"tribe-events-tooltip\"\n\tdata-tooltip-content=\"#tribe-events-tooltip-content-10001135\"\n\taria-describedby=\"tribe-events-tooltip-content-10001135\"\n>\n\t\t<div class=\"tribe-events-calendar-month__multiday-event-hidden-title tribe-common-h8\">\n\tExposici\u00f3n | Obra Gr\u00e1fica: \u00abTrazos florales\u00bb, de Gema Climent<\/div>\n<\/a>\n<\/div>\n\t\t\t<\/article>\n<\/div>\n\n\n\t\t\t<\/div>\n\n\t\n<\/div>\n<\/td>\n\n\t\t\t\t\t<\/tr>\n\t<\/tbody>\n\n\t\t<\/table>\n\n\t\t\n\t\t<section class=\"tribe-events-calendar-month-mobile-events\" data-js=\"tribe-events-calendar-month-mobile-events\">\n\n\t\n\t\t\n<div  class=\"tribe-events-calendar-month-mobile-events__mobile-day\"  id=\"tribe-events-calendar-mobile-day-2026-03-30\">\n\n\t\n\t\t\t\t\t\n\t\t\t<div class=\"tribe-events-c-day-marker tribe-events-calendar-month-mobile-events__day-marker\">\n\t<time\n\t\tclass=\"tribe-events-c-day-marker__date tribe-common-h7 tribe-common-h--alt\"\n\t\tdatetime=\"2026-03-19\"\n\t>\n\t\tMarch 19\t<\/time>\n<\/div>\n\n\t\t\t\n\t\t\t\n<article  class=\"tribe-events-calendar-month-mobile-events__mobile-event post-10001120 tribe_events type-tribe_events status-publish has-post-thumbnail hentry tribe_events_cat-exposiciones cat_exposiciones\" >\n\n\t\n\t<div class=\"tribe-events-calendar-month-mobile-events__mobile-event-details\">\n\n\t\t<div class=\"tribe-events-calendar-month-mobile-events__mobile-event-datetime tribe-common-b2\">\n\t\t\t\t<time datetime=\"2026-03-19\">\n\t\t\t<span class=\"tribe-event-date-start\">March 19 @ 8:00 am<\/span> - <span class=\"tribe-event-date-end\">April 17 @ 5:00 pm<\/span>\t\t<\/time>\n\t\t<\/div>\n\t\t<h3  class=\"tribe-events-calendar-month-mobile-events__mobile-event-title tribe-common-h7\" >\n\t<a\n\t\thref=\"https:\/\/fundacioncajaruraldelsur.com\/pt\/evento\/exposicion-fotografica-de-felix-vazquez-por-casualidad\/\"\n\t\ttitle=\"Exposici\u00f3n fotogr\u00e1fica de F\u00e9lix V\u00e1zquez: \u00abPor Casualidad\u00bb\"\n\t\trel=\"bookmark\"\n\t\tclass=\"tribe-events-calendar-month-mobile-events__mobile-event-title-link tribe-common-anchor\"\n\t>\n\t\tExposici\u00f3n fotogr\u00e1fica de F\u00e9lix V\u00e1zquez: \u00abPor Casualidad\u00bb\t<\/a>\n<\/h3>\n\t\t\n\t<\/div>\n<\/article>\n\n\t\t\t\t\t\n\t\t\t\n\t\t\t\n\t\t\t\n<article  class=\"tribe-events-calendar-month-mobile-events__mobile-event post-10001122 tribe_events type-tribe_events status-publish hentry\" >\n\n\t\n\t<div class=\"tribe-events-calendar-month-mobile-events__mobile-event-details\">\n\n\t\t<div class=\"tribe-events-calendar-month-mobile-events__mobile-event-datetime tribe-common-b2\">\n\t\t\t\t<time datetime=\"2026-03-19\">\n\t\t\t<span class=\"tribe-event-date-start\">March 19 @ 7:00 pm<\/span> - <span class=\"tribe-event-date-end\">April 17 @ 9:00 pm<\/span>\t\t<\/time>\n\t\t<\/div>\n\t\t<h3  class=\"tribe-events-calendar-month-mobile-events__mobile-event-title tribe-common-h7\" >\n\t<a\n\t\thref=\"https:\/\/fundacioncajaruraldelsur.com\/pt\/evento\/i-certamen-de-pintura-y-escultura-alfonso-aramburu-terrades-2\/\"\n\t\ttitle=\"I Certamen de Pintura y Escultura \u00abAlfonso Aramburu Terrades\u00bb\"\n\t\trel=\"bookmark\"\n\t\tclass=\"tribe-events-calendar-month-mobile-events__mobile-event-title-link tribe-common-anchor\"\n\t>\n\t\tI Certamen de Pintura y Escultura \u00abAlfonso Aramburu Terrades\u00bb\t<\/a>\n<\/h3>\n\t\t\n\t<\/div>\n<\/article>\n\n\t\t\n\t\t\n\t<\/div>\n\n\t\n\t\t\n<div  class=\"tribe-events-calendar-month-mobile-events__mobile-day\"  id=\"tribe-events-calendar-mobile-day-2026-03-31\">\n\n\t\n\t\t\t\t\t\n\t\t\t<div class=\"tribe-events-c-day-marker tribe-events-calendar-month-mobile-events__day-marker\">\n\t<time\n\t\tclass=\"tribe-events-c-day-marker__date tribe-common-h7 tribe-common-h--alt\"\n\t\tdatetime=\"2026-03-19\"\n\t>\n\t\tMarch 19\t<\/time>\n<\/div>\n\n\t\t\t\n\t\t\t\n<article  class=\"tribe-events-calendar-month-mobile-events__mobile-event post-10001120 tribe_events type-tribe_events status-publish has-post-thumbnail hentry tribe_events_cat-exposiciones cat_exposiciones\" >\n\n\t\n\t<div class=\"tribe-events-calendar-month-mobile-events__mobile-event-details\">\n\n\t\t<div class=\"tribe-events-calendar-month-mobile-events__mobile-event-datetime tribe-common-b2\">\n\t\t\t\t<time datetime=\"2026-03-19\">\n\t\t\t<span class=\"tribe-event-date-start\">March 19 @ 8:00 am<\/span> - <span class=\"tribe-event-date-end\">April 17 @ 5:00 pm<\/span>\t\t<\/time>\n\t\t<\/div>\n\t\t<h3  class=\"tribe-events-calendar-month-mobile-events__mobile-event-title tribe-common-h7\" >\n\t<a\n\t\thref=\"https:\/\/fundacioncajaruraldelsur.com\/pt\/evento\/exposicion-fotografica-de-felix-vazquez-por-casualidad\/\"\n\t\ttitle=\"Exposici\u00f3n fotogr\u00e1fica de F\u00e9lix V\u00e1zquez: \u00abPor Casualidad\u00bb\"\n\t\trel=\"bookmark\"\n\t\tclass=\"tribe-events-calendar-month-mobile-events__mobile-event-title-link tribe-common-anchor\"\n\t>\n\t\tExposici\u00f3n fotogr\u00e1fica de F\u00e9lix V\u00e1zquez: \u00abPor Casualidad\u00bb\t<\/a>\n<\/h3>\n\t\t\n\t<\/div>\n<\/article>\n\n\t\t\t\t\t\n\t\t\t\n\t\t\t\n\t\t\t\n<article  class=\"tribe-events-calendar-month-mobile-events__mobile-event post-10001122 tribe_events type-tribe_events status-publish hentry\" >\n\n\t\n\t<div class=\"tribe-events-calendar-month-mobile-events__mobile-event-details\">\n\n\t\t<div class=\"tribe-events-calendar-month-mobile-events__mobile-event-datetime tribe-common-b2\">\n\t\t\t\t<time datetime=\"2026-03-19\">\n\t\t\t<span class=\"tribe-event-date-start\">March 19 @ 7:00 pm<\/span> - <span class=\"tribe-event-date-end\">April 17 @ 9:00 pm<\/span>\t\t<\/time>\n\t\t<\/div>\n\t\t<h3  class=\"tribe-events-calendar-month-mobile-events__mobile-event-title tribe-common-h7\" >\n\t<a\n\t\thref=\"https:\/\/fundacioncajaruraldelsur.com\/pt\/evento\/i-certamen-de-pintura-y-escultura-alfonso-aramburu-terrades-2\/\"\n\t\ttitle=\"I Certamen de Pintura y Escultura \u00abAlfonso Aramburu Terrades\u00bb\"\n\t\trel=\"bookmark\"\n\t\tclass=\"tribe-events-calendar-month-mobile-events__mobile-event-title-link tribe-common-anchor\"\n\t>\n\t\tI Certamen de Pintura y Escultura \u00abAlfonso Aramburu Terrades\u00bb\t<\/a>\n<\/h3>\n\t\t\n\t<\/div>\n<\/article>\n\n\t\t\n\t\t\n\t<\/div>\n\n\t\n\t\t\n<div  class=\"tribe-events-calendar-month-mobile-events__mobile-day\"  id=\"tribe-events-calendar-mobile-day-2026-04-1\">\n\n\t\n\t\t\t\t\t\n\t\t\t<div class=\"tribe-events-c-day-marker tribe-events-calendar-month-mobile-events__day-marker\">\n\t<time\n\t\tclass=\"tribe-events-c-day-marker__date tribe-common-h7 tribe-common-h--alt\"\n\t\tdatetime=\"2026-03-19\"\n\t>\n\t\tMarch 19\t<\/time>\n<\/div>\n\n\t\t\t\n\t\t\t\n<article  class=\"tribe-events-calendar-month-mobile-events__mobile-event post-10001120 tribe_events type-tribe_events status-publish has-post-thumbnail hentry tribe_events_cat-exposiciones cat_exposiciones\" >\n\n\t\n\t<div class=\"tribe-events-calendar-month-mobile-events__mobile-event-details\">\n\n\t\t<div class=\"tribe-events-calendar-month-mobile-events__mobile-event-datetime tribe-common-b2\">\n\t\t\t\t<time datetime=\"2026-03-19\">\n\t\t\t<span class=\"tribe-event-date-start\">March 19 @ 8:00 am<\/span> - <span class=\"tribe-event-date-end\">April 17 @ 5:00 pm<\/span>\t\t<\/time>\n\t\t<\/div>\n\t\t<h3  class=\"tribe-events-calendar-month-mobile-events__mobile-event-title tribe-common-h7\" >\n\t<a\n\t\thref=\"https:\/\/fundacioncajaruraldelsur.com\/pt\/evento\/exposicion-fotografica-de-felix-vazquez-por-casualidad\/\"\n\t\ttitle=\"Exposici\u00f3n fotogr\u00e1fica de F\u00e9lix V\u00e1zquez: \u00abPor Casualidad\u00bb\"\n\t\trel=\"bookmark\"\n\t\tclass=\"tribe-events-calendar-month-mobile-events__mobile-event-title-link tribe-common-anchor\"\n\t>\n\t\tExposici\u00f3n fotogr\u00e1fica de F\u00e9lix V\u00e1zquez: \u00abPor Casualidad\u00bb\t<\/a>\n<\/h3>\n\t\t\n\t<\/div>\n<\/article>\n\n\t\t\t\t\t\n\t\t\t\n\t\t\t\n\t\t\t\n<article  class=\"tribe-events-calendar-month-mobile-events__mobile-event post-10001122 tribe_events type-tribe_events status-publish hentry\" >\n\n\t\n\t<div class=\"tribe-events-calendar-month-mobile-events__mobile-event-details\">\n\n\t\t<div class=\"tribe-events-calendar-month-mobile-events__mobile-event-datetime tribe-common-b2\">\n\t\t\t\t<time datetime=\"2026-03-19\">\n\t\t\t<span class=\"tribe-event-date-start\">March 19 @ 7:00 pm<\/span> - <span class=\"tribe-event-date-end\">April 17 @ 9:00 pm<\/span>\t\t<\/time>\n\t\t<\/div>\n\t\t<h3  class=\"tribe-events-calendar-month-mobile-events__mobile-event-title tribe-common-h7\" >\n\t<a\n\t\thref=\"https:\/\/fundacioncajaruraldelsur.com\/pt\/evento\/i-certamen-de-pintura-y-escultura-alfonso-aramburu-terrades-2\/\"\n\t\ttitle=\"I Certamen de Pintura y Escultura \u00abAlfonso Aramburu Terrades\u00bb\"\n\t\trel=\"bookmark\"\n\t\tclass=\"tribe-events-calendar-month-mobile-events__mobile-event-title-link tribe-common-anchor\"\n\t>\n\t\tI Certamen de Pintura y Escultura \u00abAlfonso Aramburu Terrades\u00bb\t<\/a>\n<\/h3>\n\t\t\n\t<\/div>\n<\/article>\n\n\t\t\n\t\t\n\t<\/div>\n\n\t\n\t\t\n<div  class=\"tribe-events-calendar-month-mobile-events__mobile-day\"  id=\"tribe-events-calendar-mobile-day-2026-04-2\">\n\n\t\n\t\t\t\t\t\n\t\t\t<div class=\"tribe-events-c-day-marker tribe-events-calendar-month-mobile-events__day-marker\">\n\t<time\n\t\tclass=\"tribe-events-c-day-marker__date tribe-common-h7 tribe-common-h--alt\"\n\t\tdatetime=\"2026-03-19\"\n\t>\n\t\tMarch 19\t<\/time>\n<\/div>\n\n\t\t\t\n\t\t\t\n<article  class=\"tribe-events-calendar-month-mobile-events__mobile-event post-10001120 tribe_events type-tribe_events status-publish has-post-thumbnail hentry tribe_events_cat-exposiciones cat_exposiciones\" >\n\n\t\n\t<div class=\"tribe-events-calendar-month-mobile-events__mobile-event-details\">\n\n\t\t<div class=\"tribe-events-calendar-month-mobile-events__mobile-event-datetime tribe-common-b2\">\n\t\t\t\t<time datetime=\"2026-03-19\">\n\t\t\t<span class=\"tribe-event-date-start\">March 19 @ 8:00 am<\/span> - <span class=\"tribe-event-date-end\">April 17 @ 5:00 pm<\/span>\t\t<\/time>\n\t\t<\/div>\n\t\t<h3  class=\"tribe-events-calendar-month-mobile-events__mobile-event-title tribe-common-h7\" >\n\t<a\n\t\thref=\"https:\/\/fundacioncajaruraldelsur.com\/pt\/evento\/exposicion-fotografica-de-felix-vazquez-por-casualidad\/\"\n\t\ttitle=\"Exposici\u00f3n fotogr\u00e1fica de F\u00e9lix V\u00e1zquez: \u00abPor Casualidad\u00bb\"\n\t\trel=\"bookmark\"\n\t\tclass=\"tribe-events-calendar-month-mobile-events__mobile-event-title-link tribe-common-anchor\"\n\t>\n\t\tExposici\u00f3n fotogr\u00e1fica de F\u00e9lix V\u00e1zquez: \u00abPor Casualidad\u00bb\t<\/a>\n<\/h3>\n\t\t\n\t<\/div>\n<\/article>\n\n\t\t\t\t\t\n\t\t\t\n\t\t\t\n\t\t\t\n<article  class=\"tribe-events-calendar-month-mobile-events__mobile-event post-10001122 tribe_events type-tribe_events status-publish hentry\" >\n\n\t\n\t<div class=\"tribe-events-calendar-month-mobile-events__mobile-event-details\">\n\n\t\t<div class=\"tribe-events-calendar-month-mobile-events__mobile-event-datetime tribe-common-b2\">\n\t\t\t\t<time datetime=\"2026-03-19\">\n\t\t\t<span class=\"tribe-event-date-start\">March 19 @ 7:00 pm<\/span> - <span class=\"tribe-event-date-end\">April 17 @ 9:00 pm<\/span>\t\t<\/time>\n\t\t<\/div>\n\t\t<h3  class=\"tribe-events-calendar-month-mobile-events__mobile-event-title tribe-common-h7\" >\n\t<a\n\t\thref=\"https:\/\/fundacioncajaruraldelsur.com\/pt\/evento\/i-certamen-de-pintura-y-escultura-alfonso-aramburu-terrades-2\/\"\n\t\ttitle=\"I Certamen de Pintura y Escultura \u00abAlfonso Aramburu Terrades\u00bb\"\n\t\trel=\"bookmark\"\n\t\tclass=\"tribe-events-calendar-month-mobile-events__mobile-event-title-link tribe-common-anchor\"\n\t>\n\t\tI Certamen de Pintura y Escultura \u00abAlfonso Aramburu Terrades\u00bb\t<\/a>\n<\/h3>\n\t\t\n\t<\/div>\n<\/article>\n\n\t\t\n\t\t\n\t<\/div>\n\n\t\n\t\t\n<div  class=\"tribe-events-calendar-month-mobile-events__mobile-day\"  id=\"tribe-events-calendar-mobile-day-2026-04-3\">\n\n\t\n\t\t\t\t\t\n\t\t\t<div class=\"tribe-events-c-day-marker tribe-events-calendar-month-mobile-events__day-marker\">\n\t<time\n\t\tclass=\"tribe-events-c-day-marker__date tribe-common-h7 tribe-common-h--alt\"\n\t\tdatetime=\"2026-03-19\"\n\t>\n\t\tMarch 19\t<\/time>\n<\/div>\n\n\t\t\t\n\t\t\t\n<article  class=\"tribe-events-calendar-month-mobile-events__mobile-event post-10001120 tribe_events type-tribe_events status-publish has-post-thumbnail hentry tribe_events_cat-exposiciones cat_exposiciones\" >\n\n\t\n\t<div class=\"tribe-events-calendar-month-mobile-events__mobile-event-details\">\n\n\t\t<div class=\"tribe-events-calendar-month-mobile-events__mobile-event-datetime tribe-common-b2\">\n\t\t\t\t<time datetime=\"2026-03-19\">\n\t\t\t<span class=\"tribe-event-date-start\">March 19 @ 8:00 am<\/span> - <span class=\"tribe-event-date-end\">April 17 @ 5:00 pm<\/span>\t\t<\/time>\n\t\t<\/div>\n\t\t<h3  class=\"tribe-events-calendar-month-mobile-events__mobile-event-title tribe-common-h7\" >\n\t<a\n\t\thref=\"https:\/\/fundacioncajaruraldelsur.com\/pt\/evento\/exposicion-fotografica-de-felix-vazquez-por-casualidad\/\"\n\t\ttitle=\"Exposici\u00f3n fotogr\u00e1fica de F\u00e9lix V\u00e1zquez: \u00abPor Casualidad\u00bb\"\n\t\trel=\"bookmark\"\n\t\tclass=\"tribe-events-calendar-month-mobile-events__mobile-event-title-link tribe-common-anchor\"\n\t>\n\t\tExposici\u00f3n fotogr\u00e1fica de F\u00e9lix V\u00e1zquez: \u00abPor Casualidad\u00bb\t<\/a>\n<\/h3>\n\t\t\n\t<\/div>\n<\/article>\n\n\t\t\t\t\t\n\t\t\t\n\t\t\t\n\t\t\t\n<article  class=\"tribe-events-calendar-month-mobile-events__mobile-event post-10001122 tribe_events type-tribe_events status-publish hentry\" >\n\n\t\n\t<div class=\"tribe-events-calendar-month-mobile-events__mobile-event-details\">\n\n\t\t<div class=\"tribe-events-calendar-month-mobile-events__mobile-event-datetime tribe-common-b2\">\n\t\t\t\t<time datetime=\"2026-03-19\">\n\t\t\t<span class=\"tribe-event-date-start\">March 19 @ 7:00 pm<\/span> - <span class=\"tribe-event-date-end\">April 17 @ 9:00 pm<\/span>\t\t<\/time>\n\t\t<\/div>\n\t\t<h3  class=\"tribe-events-calendar-month-mobile-events__mobile-event-title tribe-common-h7\" >\n\t<a\n\t\thref=\"https:\/\/fundacioncajaruraldelsur.com\/pt\/evento\/i-certamen-de-pintura-y-escultura-alfonso-aramburu-terrades-2\/\"\n\t\ttitle=\"I Certamen de Pintura y Escultura \u00abAlfonso Aramburu Terrades\u00bb\"\n\t\trel=\"bookmark\"\n\t\tclass=\"tribe-events-calendar-month-mobile-events__mobile-event-title-link tribe-common-anchor\"\n\t>\n\t\tI Certamen de Pintura y Escultura \u00abAlfonso Aramburu Terrades\u00bb\t<\/a>\n<\/h3>\n\t\t\n\t<\/div>\n<\/article>\n\n\t\t\n\t\t\n\t<\/div>\n\n\t\n\t\t\n<div  class=\"tribe-events-calendar-month-mobile-events__mobile-day\"  id=\"tribe-events-calendar-mobile-day-2026-04-4\">\n\n\t\n\t\t\t\t\t\n\t\t\t<div class=\"tribe-events-c-day-marker tribe-events-calendar-month-mobile-events__day-marker\">\n\t<time\n\t\tclass=\"tribe-events-c-day-marker__date tribe-common-h7 tribe-common-h--alt\"\n\t\tdatetime=\"2026-03-19\"\n\t>\n\t\tMarch 19\t<\/time>\n<\/div>\n\n\t\t\t\n\t\t\t\n<article  class=\"tribe-events-calendar-month-mobile-events__mobile-event post-10001120 tribe_events type-tribe_events status-publish has-post-thumbnail hentry tribe_events_cat-exposiciones cat_exposiciones\" >\n\n\t\n\t<div class=\"tribe-events-calendar-month-mobile-events__mobile-event-details\">\n\n\t\t<div class=\"tribe-events-calendar-month-mobile-events__mobile-event-datetime tribe-common-b2\">\n\t\t\t\t<time datetime=\"2026-03-19\">\n\t\t\t<span class=\"tribe-event-date-start\">March 19 @ 8:00 am<\/span> - <span class=\"tribe-event-date-end\">April 17 @ 5:00 pm<\/span>\t\t<\/time>\n\t\t<\/div>\n\t\t<h3  class=\"tribe-events-calendar-month-mobile-events__mobile-event-title tribe-common-h7\" >\n\t<a\n\t\thref=\"https:\/\/fundacioncajaruraldelsur.com\/pt\/evento\/exposicion-fotografica-de-felix-vazquez-por-casualidad\/\"\n\t\ttitle=\"Exposici\u00f3n fotogr\u00e1fica de F\u00e9lix V\u00e1zquez: \u00abPor Casualidad\u00bb\"\n\t\trel=\"bookmark\"\n\t\tclass=\"tribe-events-calendar-month-mobile-events__mobile-event-title-link tribe-common-anchor\"\n\t>\n\t\tExposici\u00f3n fotogr\u00e1fica de F\u00e9lix V\u00e1zquez: \u00abPor Casualidad\u00bb\t<\/a>\n<\/h3>\n\t\t\n\t<\/div>\n<\/article>\n\n\t\t\t\t\t\n\t\t\t\n\t\t\t\n\t\t\t\n<article  class=\"tribe-events-calendar-month-mobile-events__mobile-event post-10001122 tribe_events type-tribe_events status-publish hentry\" >\n\n\t\n\t<div class=\"tribe-events-calendar-month-mobile-events__mobile-event-details\">\n\n\t\t<div class=\"tribe-events-calendar-month-mobile-events__mobile-event-datetime tribe-common-b2\">\n\t\t\t\t<time datetime=\"2026-03-19\">\n\t\t\t<span class=\"tribe-event-date-start\">March 19 @ 7:00 pm<\/span> - <span class=\"tribe-event-date-end\">April 17 @ 9:00 pm<\/span>\t\t<\/time>\n\t\t<\/div>\n\t\t<h3  class=\"tribe-events-calendar-month-mobile-events__mobile-event-title tribe-common-h7\" >\n\t<a\n\t\thref=\"https:\/\/fundacioncajaruraldelsur.com\/pt\/evento\/i-certamen-de-pintura-y-escultura-alfonso-aramburu-terrades-2\/\"\n\t\ttitle=\"I Certamen de Pintura y Escultura \u00abAlfonso Aramburu Terrades\u00bb\"\n\t\trel=\"bookmark\"\n\t\tclass=\"tribe-events-calendar-month-mobile-events__mobile-event-title-link tribe-common-anchor\"\n\t>\n\t\tI Certamen de Pintura y Escultura \u00abAlfonso Aramburu Terrades\u00bb\t<\/a>\n<\/h3>\n\t\t\n\t<\/div>\n<\/article>\n\n\t\t\n\t\t\n\t<\/div>\n\n\t\n\t\t\n<div  class=\"tribe-events-calendar-month-mobile-events__mobile-day\"  id=\"tribe-events-calendar-mobile-day-2026-04-5\">\n\n\t\n\t\t\t\t\t\n\t\t\t<div class=\"tribe-events-c-day-marker tribe-events-calendar-month-mobile-events__day-marker\">\n\t<time\n\t\tclass=\"tribe-events-c-day-marker__date tribe-common-h7 tribe-common-h--alt\"\n\t\tdatetime=\"2026-03-19\"\n\t>\n\t\tMarch 19\t<\/time>\n<\/div>\n\n\t\t\t\n\t\t\t\n<article  class=\"tribe-events-calendar-month-mobile-events__mobile-event post-10001120 tribe_events type-tribe_events status-publish has-post-thumbnail hentry tribe_events_cat-exposiciones cat_exposiciones\" >\n\n\t\n\t<div class=\"tribe-events-calendar-month-mobile-events__mobile-event-details\">\n\n\t\t<div class=\"tribe-events-calendar-month-mobile-events__mobile-event-datetime tribe-common-b2\">\n\t\t\t\t<time datetime=\"2026-03-19\">\n\t\t\t<span class=\"tribe-event-date-start\">March 19 @ 8:00 am<\/span> - <span class=\"tribe-event-date-end\">April 17 @ 5:00 pm<\/span>\t\t<\/time>\n\t\t<\/div>\n\t\t<h3  class=\"tribe-events-calendar-month-mobile-events__mobile-event-title tribe-common-h7\" >\n\t<a\n\t\thref=\"https:\/\/fundacioncajaruraldelsur.com\/pt\/evento\/exposicion-fotografica-de-felix-vazquez-por-casualidad\/\"\n\t\ttitle=\"Exposici\u00f3n fotogr\u00e1fica de F\u00e9lix V\u00e1zquez: \u00abPor Casualidad\u00bb\"\n\t\trel=\"bookmark\"\n\t\tclass=\"tribe-events-calendar-month-mobile-events__mobile-event-title-link tribe-common-anchor\"\n\t>\n\t\tExposici\u00f3n fotogr\u00e1fica de F\u00e9lix V\u00e1zquez: \u00abPor Casualidad\u00bb\t<\/a>\n<\/h3>\n\t\t\n\t<\/div>\n<\/article>\n\n\t\t\t\t\t\n\t\t\t\n\t\t\t\n\t\t\t\n<article  class=\"tribe-events-calendar-month-mobile-events__mobile-event post-10001122 tribe_events type-tribe_events status-publish hentry\" >\n\n\t\n\t<div class=\"tribe-events-calendar-month-mobile-events__mobile-event-details\">\n\n\t\t<div class=\"tribe-events-calendar-month-mobile-events__mobile-event-datetime tribe-common-b2\">\n\t\t\t\t<time datetime=\"2026-03-19\">\n\t\t\t<span class=\"tribe-event-date-start\">March 19 @ 7:00 pm<\/span> - <span class=\"tribe-event-date-end\">April 17 @ 9:00 pm<\/span>\t\t<\/time>\n\t\t<\/div>\n\t\t<h3  class=\"tribe-events-calendar-month-mobile-events__mobile-event-title tribe-common-h7\" >\n\t<a\n\t\thref=\"https:\/\/fundacioncajaruraldelsur.com\/pt\/evento\/i-certamen-de-pintura-y-escultura-alfonso-aramburu-terrades-2\/\"\n\t\ttitle=\"I Certamen de Pintura y Escultura \u00abAlfonso Aramburu Terrades\u00bb\"\n\t\trel=\"bookmark\"\n\t\tclass=\"tribe-events-calendar-month-mobile-events__mobile-event-title-link tribe-common-anchor\"\n\t>\n\t\tI Certamen de Pintura y Escultura \u00abAlfonso Aramburu Terrades\u00bb\t<\/a>\n<\/h3>\n\t\t\n\t<\/div>\n<\/article>\n\n\t\t\n\t\t\n\t<\/div>\n\n\t\n\t\t\n<div  class=\"tribe-events-calendar-month-mobile-events__mobile-day\"  id=\"tribe-events-calendar-mobile-day-2026-04-6\">\n\n\t\n\t\t\t\t\t\n\t\t\t<div class=\"tribe-events-c-day-marker tribe-events-calendar-month-mobile-events__day-marker\">\n\t<time\n\t\tclass=\"tribe-events-c-day-marker__date tribe-common-h7 tribe-common-h--alt\"\n\t\tdatetime=\"2026-03-19\"\n\t>\n\t\tMarch 19\t<\/time>\n<\/div>\n\n\t\t\t\n\t\t\t\n<article  class=\"tribe-events-calendar-month-mobile-events__mobile-event post-10001120 tribe_events type-tribe_events status-publish has-post-thumbnail hentry tribe_events_cat-exposiciones cat_exposiciones\" >\n\n\t\n\t<div class=\"tribe-events-calendar-month-mobile-events__mobile-event-details\">\n\n\t\t<div class=\"tribe-events-calendar-month-mobile-events__mobile-event-datetime tribe-common-b2\">\n\t\t\t\t<time datetime=\"2026-03-19\">\n\t\t\t<span class=\"tribe-event-date-start\">March 19 @ 8:00 am<\/span> - <span class=\"tribe-event-date-end\">April 17 @ 5:00 pm<\/span>\t\t<\/time>\n\t\t<\/div>\n\t\t<h3  class=\"tribe-events-calendar-month-mobile-events__mobile-event-title tribe-common-h7\" >\n\t<a\n\t\thref=\"https:\/\/fundacioncajaruraldelsur.com\/pt\/evento\/exposicion-fotografica-de-felix-vazquez-por-casualidad\/\"\n\t\ttitle=\"Exposici\u00f3n fotogr\u00e1fica de F\u00e9lix V\u00e1zquez: \u00abPor Casualidad\u00bb\"\n\t\trel=\"bookmark\"\n\t\tclass=\"tribe-events-calendar-month-mobile-events__mobile-event-title-link tribe-common-anchor\"\n\t>\n\t\tExposici\u00f3n fotogr\u00e1fica de F\u00e9lix V\u00e1zquez: \u00abPor Casualidad\u00bb\t<\/a>\n<\/h3>\n\t\t\n\t<\/div>\n<\/article>\n\n\t\t\t\t\t\n\t\t\t\n\t\t\t\n\t\t\t\n<article  class=\"tribe-events-calendar-month-mobile-events__mobile-event post-10001122 tribe_events type-tribe_events status-publish hentry\" >\n\n\t\n\t<div class=\"tribe-events-calendar-month-mobile-events__mobile-event-details\">\n\n\t\t<div class=\"tribe-events-calendar-month-mobile-events__mobile-event-datetime tribe-common-b2\">\n\t\t\t\t<time datetime=\"2026-03-19\">\n\t\t\t<span class=\"tribe-event-date-start\">March 19 @ 7:00 pm<\/span> - <span class=\"tribe-event-date-end\">April 17 @ 9:00 pm<\/span>\t\t<\/time>\n\t\t<\/div>\n\t\t<h3  class=\"tribe-events-calendar-month-mobile-events__mobile-event-title tribe-common-h7\" >\n\t<a\n\t\thref=\"https:\/\/fundacioncajaruraldelsur.com\/pt\/evento\/i-certamen-de-pintura-y-escultura-alfonso-aramburu-terrades-2\/\"\n\t\ttitle=\"I Certamen de Pintura y Escultura \u00abAlfonso Aramburu Terrades\u00bb\"\n\t\trel=\"bookmark\"\n\t\tclass=\"tribe-events-calendar-month-mobile-events__mobile-event-title-link tribe-common-anchor\"\n\t>\n\t\tI Certamen de Pintura y Escultura \u00abAlfonso Aramburu Terrades\u00bb\t<\/a>\n<\/h3>\n\t\t\n\t<\/div>\n<\/article>\n\n\t\t\n\t\t\n\t<\/div>\n\n\t\n\t\t\n<div  class=\"tribe-events-calendar-month-mobile-events__mobile-day\"  id=\"tribe-events-calendar-mobile-day-2026-04-7\">\n\n\t\n\t\t\t\t\t\n\t\t\t<div class=\"tribe-events-c-day-marker tribe-events-calendar-month-mobile-events__day-marker\">\n\t<time\n\t\tclass=\"tribe-events-c-day-marker__date tribe-common-h7 tribe-common-h--alt\"\n\t\tdatetime=\"2026-03-19\"\n\t>\n\t\tMarch 19\t<\/time>\n<\/div>\n\n\t\t\t\n\t\t\t\n<article  class=\"tribe-events-calendar-month-mobile-events__mobile-event post-10001120 tribe_events type-tribe_events status-publish has-post-thumbnail hentry tribe_events_cat-exposiciones cat_exposiciones\" >\n\n\t\n\t<div class=\"tribe-events-calendar-month-mobile-events__mobile-event-details\">\n\n\t\t<div class=\"tribe-events-calendar-month-mobile-events__mobile-event-datetime tribe-common-b2\">\n\t\t\t\t<time datetime=\"2026-03-19\">\n\t\t\t<span class=\"tribe-event-date-start\">March 19 @ 8:00 am<\/span> - <span class=\"tribe-event-date-end\">April 17 @ 5:00 pm<\/span>\t\t<\/time>\n\t\t<\/div>\n\t\t<h3  class=\"tribe-events-calendar-month-mobile-events__mobile-event-title tribe-common-h7\" >\n\t<a\n\t\thref=\"https:\/\/fundacioncajaruraldelsur.com\/pt\/evento\/exposicion-fotografica-de-felix-vazquez-por-casualidad\/\"\n\t\ttitle=\"Exposici\u00f3n fotogr\u00e1fica de F\u00e9lix V\u00e1zquez: \u00abPor Casualidad\u00bb\"\n\t\trel=\"bookmark\"\n\t\tclass=\"tribe-events-calendar-month-mobile-events__mobile-event-title-link tribe-common-anchor\"\n\t>\n\t\tExposici\u00f3n fotogr\u00e1fica de F\u00e9lix V\u00e1zquez: \u00abPor Casualidad\u00bb\t<\/a>\n<\/h3>\n\t\t\n\t<\/div>\n<\/article>\n\n\t\t\t\t\t\n\t\t\t\n\t\t\t\n\t\t\t\n<article  class=\"tribe-events-calendar-month-mobile-events__mobile-event post-10001122 tribe_events type-tribe_events status-publish hentry\" >\n\n\t\n\t<div class=\"tribe-events-calendar-month-mobile-events__mobile-event-details\">\n\n\t\t<div class=\"tribe-events-calendar-month-mobile-events__mobile-event-datetime tribe-common-b2\">\n\t\t\t\t<time datetime=\"2026-03-19\">\n\t\t\t<span class=\"tribe-event-date-start\">March 19 @ 7:00 pm<\/span> - <span class=\"tribe-event-date-end\">April 17 @ 9:00 pm<\/span>\t\t<\/time>\n\t\t<\/div>\n\t\t<h3  class=\"tribe-events-calendar-month-mobile-events__mobile-event-title tribe-common-h7\" >\n\t<a\n\t\thref=\"https:\/\/fundacioncajaruraldelsur.com\/pt\/evento\/i-certamen-de-pintura-y-escultura-alfonso-aramburu-terrades-2\/\"\n\t\ttitle=\"I Certamen de Pintura y Escultura \u00abAlfonso Aramburu Terrades\u00bb\"\n\t\trel=\"bookmark\"\n\t\tclass=\"tribe-events-calendar-month-mobile-events__mobile-event-title-link tribe-common-anchor\"\n\t>\n\t\tI Certamen de Pintura y Escultura \u00abAlfonso Aramburu Terrades\u00bb\t<\/a>\n<\/h3>\n\t\t\n\t<\/div>\n<\/article>\n\n\t\t\n\t\t\n\t<\/div>\n\n\t\n\t\t\n<div  class=\"tribe-events-calendar-month-mobile-events__mobile-day\"  id=\"tribe-events-calendar-mobile-day-2026-04-8\">\n\n\t\n\t\t\t\t\t\n\t\t\t<div class=\"tribe-events-c-day-marker tribe-events-calendar-month-mobile-events__day-marker\">\n\t<time\n\t\tclass=\"tribe-events-c-day-marker__date tribe-common-h7 tribe-common-h--alt\"\n\t\tdatetime=\"2026-03-19\"\n\t>\n\t\tMarch 19\t<\/time>\n<\/div>\n\n\t\t\t\n\t\t\t\n<article  class=\"tribe-events-calendar-month-mobile-events__mobile-event post-10001120 tribe_events type-tribe_events status-publish has-post-thumbnail hentry tribe_events_cat-exposiciones cat_exposiciones\" >\n\n\t\n\t<div class=\"tribe-events-calendar-month-mobile-events__mobile-event-details\">\n\n\t\t<div class=\"tribe-events-calendar-month-mobile-events__mobile-event-datetime tribe-common-b2\">\n\t\t\t\t<time datetime=\"2026-03-19\">\n\t\t\t<span class=\"tribe-event-date-start\">March 19 @ 8:00 am<\/span> - <span class=\"tribe-event-date-end\">April 17 @ 5:00 pm<\/span>\t\t<\/time>\n\t\t<\/div>\n\t\t<h3  class=\"tribe-events-calendar-month-mobile-events__mobile-event-title tribe-common-h7\" >\n\t<a\n\t\thref=\"https:\/\/fundacioncajaruraldelsur.com\/pt\/evento\/exposicion-fotografica-de-felix-vazquez-por-casualidad\/\"\n\t\ttitle=\"Exposici\u00f3n fotogr\u00e1fica de F\u00e9lix V\u00e1zquez: \u00abPor Casualidad\u00bb\"\n\t\trel=\"bookmark\"\n\t\tclass=\"tribe-events-calendar-month-mobile-events__mobile-event-title-link tribe-common-anchor\"\n\t>\n\t\tExposici\u00f3n fotogr\u00e1fica de F\u00e9lix V\u00e1zquez: \u00abPor Casualidad\u00bb\t<\/a>\n<\/h3>\n\t\t\n\t<\/div>\n<\/article>\n\n\t\t\t\t\t\n\t\t\t\n\t\t\t\n\t\t\t\n<article  class=\"tribe-events-calendar-month-mobile-events__mobile-event post-10001122 tribe_events type-tribe_events status-publish hentry\" >\n\n\t\n\t<div class=\"tribe-events-calendar-month-mobile-events__mobile-event-details\">\n\n\t\t<div class=\"tribe-events-calendar-month-mobile-events__mobile-event-datetime tribe-common-b2\">\n\t\t\t\t<time datetime=\"2026-03-19\">\n\t\t\t<span class=\"tribe-event-date-start\">March 19 @ 7:00 pm<\/span> - <span class=\"tribe-event-date-end\">April 17 @ 9:00 pm<\/span>\t\t<\/time>\n\t\t<\/div>\n\t\t<h3  class=\"tribe-events-calendar-month-mobile-events__mobile-event-title tribe-common-h7\" >\n\t<a\n\t\thref=\"https:\/\/fundacioncajaruraldelsur.com\/pt\/evento\/i-certamen-de-pintura-y-escultura-alfonso-aramburu-terrades-2\/\"\n\t\ttitle=\"I Certamen de Pintura y Escultura \u00abAlfonso Aramburu Terrades\u00bb\"\n\t\trel=\"bookmark\"\n\t\tclass=\"tribe-events-calendar-month-mobile-events__mobile-event-title-link tribe-common-anchor\"\n\t>\n\t\tI Certamen de Pintura y Escultura \u00abAlfonso Aramburu Terrades\u00bb\t<\/a>\n<\/h3>\n\t\t\n\t<\/div>\n<\/article>\n\n\t\t\t\t\t\n\t\t\t\n\t\t\t\n\t\t\t\n<article  class=\"tribe-events-calendar-month-mobile-events__mobile-event post-10001127 tribe_events type-tribe_events status-publish hentry tribe_events_cat-exposiciones cat_exposiciones\" >\n\n\t\n\t<div class=\"tribe-events-calendar-month-mobile-events__mobile-event-details\">\n\n\t\t<div class=\"tribe-events-calendar-month-mobile-events__mobile-event-datetime tribe-common-b2\">\n\t\t\t\t<time datetime=\"2026-04-08\">\n\t\t\t<span class=\"tribe-event-date-start\">April 8 @ 11:00 am<\/span> - <span class=\"tribe-event-date-end\">April 24 @ 9:00 pm<\/span>\t\t<\/time>\n\t\t<\/div>\n\t\t<h3  class=\"tribe-events-calendar-month-mobile-events__mobile-event-title tribe-common-h7\" >\n\t<a\n\t\thref=\"https:\/\/fundacioncajaruraldelsur.com\/pt\/evento\/exposicion-de-fotografia-las-caras-de-huelva-ii-de-paco-gil\/\"\n\t\ttitle=\"Exposici\u00f3n de fotograf\u00eda: \u00abLas Caras de Huelva II\u00bb, de Paco Gil\"\n\t\trel=\"bookmark\"\n\t\tclass=\"tribe-events-calendar-month-mobile-events__mobile-event-title-link tribe-common-anchor\"\n\t>\n\t\tExposici\u00f3n de fotograf\u00eda: \u00abLas Caras de Huelva II\u00bb, de Paco Gil\t<\/a>\n<\/h3>\n\t\t\n\t<\/div>\n<\/article>\n\n\t\t\n\t\t\n\t<\/div>\n\n\t\n\t\t\n<div  class=\"tribe-events-calendar-month-mobile-events__mobile-day\"  id=\"tribe-events-calendar-mobile-day-2026-04-9\">\n\n\t\n\t\t\t\t\t\n\t\t\t<div class=\"tribe-events-c-day-marker tribe-events-calendar-month-mobile-events__day-marker\">\n\t<time\n\t\tclass=\"tribe-events-c-day-marker__date tribe-common-h7 tribe-common-h--alt\"\n\t\tdatetime=\"2026-03-19\"\n\t>\n\t\tMarch 19\t<\/time>\n<\/div>\n\n\t\t\t\n\t\t\t\n<article  class=\"tribe-events-calendar-month-mobile-events__mobile-event post-10001120 tribe_events type-tribe_events status-publish has-post-thumbnail hentry tribe_events_cat-exposiciones cat_exposiciones\" >\n\n\t\n\t<div class=\"tribe-events-calendar-month-mobile-events__mobile-event-details\">\n\n\t\t<div class=\"tribe-events-calendar-month-mobile-events__mobile-event-datetime tribe-common-b2\">\n\t\t\t\t<time datetime=\"2026-03-19\">\n\t\t\t<span class=\"tribe-event-date-start\">March 19 @ 8:00 am<\/span> - <span class=\"tribe-event-date-end\">April 17 @ 5:00 pm<\/span>\t\t<\/time>\n\t\t<\/div>\n\t\t<h3  class=\"tribe-events-calendar-month-mobile-events__mobile-event-title tribe-common-h7\" >\n\t<a\n\t\thref=\"https:\/\/fundacioncajaruraldelsur.com\/pt\/evento\/exposicion-fotografica-de-felix-vazquez-por-casualidad\/\"\n\t\ttitle=\"Exposici\u00f3n fotogr\u00e1fica de F\u00e9lix V\u00e1zquez: \u00abPor Casualidad\u00bb\"\n\t\trel=\"bookmark\"\n\t\tclass=\"tribe-events-calendar-month-mobile-events__mobile-event-title-link tribe-common-anchor\"\n\t>\n\t\tExposici\u00f3n fotogr\u00e1fica de F\u00e9lix V\u00e1zquez: \u00abPor Casualidad\u00bb\t<\/a>\n<\/h3>\n\t\t\n\t<\/div>\n<\/article>\n\n\t\t\t\t\t\n\t\t\t\n\t\t\t\n\t\t\t\n<article  class=\"tribe-events-calendar-month-mobile-events__mobile-event post-10001122 tribe_events type-tribe_events status-publish hentry\" >\n\n\t\n\t<div class=\"tribe-events-calendar-month-mobile-events__mobile-event-details\">\n\n\t\t<div class=\"tribe-events-calendar-month-mobile-events__mobile-event-datetime tribe-common-b2\">\n\t\t\t\t<time datetime=\"2026-03-19\">\n\t\t\t<span class=\"tribe-event-date-start\">March 19 @ 7:00 pm<\/span> - <span class=\"tribe-event-date-end\">April 17 @ 9:00 pm<\/span>\t\t<\/time>\n\t\t<\/div>\n\t\t<h3  class=\"tribe-events-calendar-month-mobile-events__mobile-event-title tribe-common-h7\" >\n\t<a\n\t\thref=\"https:\/\/fundacioncajaruraldelsur.com\/pt\/evento\/i-certamen-de-pintura-y-escultura-alfonso-aramburu-terrades-2\/\"\n\t\ttitle=\"I Certamen de Pintura y Escultura \u00abAlfonso Aramburu Terrades\u00bb\"\n\t\trel=\"bookmark\"\n\t\tclass=\"tribe-events-calendar-month-mobile-events__mobile-event-title-link tribe-common-anchor\"\n\t>\n\t\tI Certamen de Pintura y Escultura \u00abAlfonso Aramburu Terrades\u00bb\t<\/a>\n<\/h3>\n\t\t\n\t<\/div>\n<\/article>\n\n\t\t\t\t\t\n\t\t\t\n\t\t\t\n\t\t\t\n<article  class=\"tribe-events-calendar-month-mobile-events__mobile-event post-10001127 tribe_events type-tribe_events status-publish hentry tribe_events_cat-exposiciones cat_exposiciones\" >\n\n\t\n\t<div class=\"tribe-events-calendar-month-mobile-events__mobile-event-details\">\n\n\t\t<div class=\"tribe-events-calendar-month-mobile-events__mobile-event-datetime tribe-common-b2\">\n\t\t\t\t<time datetime=\"2026-04-08\">\n\t\t\t<span class=\"tribe-event-date-start\">April 8 @ 11:00 am<\/span> - <span class=\"tribe-event-date-end\">April 24 @ 9:00 pm<\/span>\t\t<\/time>\n\t\t<\/div>\n\t\t<h3  class=\"tribe-events-calendar-month-mobile-events__mobile-event-title tribe-common-h7\" >\n\t<a\n\t\thref=\"https:\/\/fundacioncajaruraldelsur.com\/pt\/evento\/exposicion-de-fotografia-las-caras-de-huelva-ii-de-paco-gil\/\"\n\t\ttitle=\"Exposici\u00f3n de fotograf\u00eda: \u00abLas Caras de Huelva II\u00bb, de Paco Gil\"\n\t\trel=\"bookmark\"\n\t\tclass=\"tribe-events-calendar-month-mobile-events__mobile-event-title-link tribe-common-anchor\"\n\t>\n\t\tExposici\u00f3n de fotograf\u00eda: \u00abLas Caras de Huelva II\u00bb, de Paco Gil\t<\/a>\n<\/h3>\n\t\t\n\t<\/div>\n<\/article>\n\n\t\t\n\t\t\n\t<\/div>\n\n\t\n\t\t\n<div  class=\"tribe-events-calendar-month-mobile-events__mobile-day\"  id=\"tribe-events-calendar-mobile-day-2026-04-10\">\n\n\t\n\t\t\t\t\t\n\t\t\t<div class=\"tribe-events-c-day-marker tribe-events-calendar-month-mobile-events__day-marker\">\n\t<time\n\t\tclass=\"tribe-events-c-day-marker__date tribe-common-h7 tribe-common-h--alt\"\n\t\tdatetime=\"2026-03-19\"\n\t>\n\t\tMarch 19\t<\/time>\n<\/div>\n\n\t\t\t\n\t\t\t\n<article  class=\"tribe-events-calendar-month-mobile-events__mobile-event post-10001120 tribe_events type-tribe_events status-publish has-post-thumbnail hentry tribe_events_cat-exposiciones cat_exposiciones\" >\n\n\t\n\t<div class=\"tribe-events-calendar-month-mobile-events__mobile-event-details\">\n\n\t\t<div class=\"tribe-events-calendar-month-mobile-events__mobile-event-datetime tribe-common-b2\">\n\t\t\t\t<time datetime=\"2026-03-19\">\n\t\t\t<span class=\"tribe-event-date-start\">March 19 @ 8:00 am<\/span> - <span class=\"tribe-event-date-end\">April 17 @ 5:00 pm<\/span>\t\t<\/time>\n\t\t<\/div>\n\t\t<h3  class=\"tribe-events-calendar-month-mobile-events__mobile-event-title tribe-common-h7\" >\n\t<a\n\t\thref=\"https:\/\/fundacioncajaruraldelsur.com\/pt\/evento\/exposicion-fotografica-de-felix-vazquez-por-casualidad\/\"\n\t\ttitle=\"Exposici\u00f3n fotogr\u00e1fica de F\u00e9lix V\u00e1zquez: \u00abPor Casualidad\u00bb\"\n\t\trel=\"bookmark\"\n\t\tclass=\"tribe-events-calendar-month-mobile-events__mobile-event-title-link tribe-common-anchor\"\n\t>\n\t\tExposici\u00f3n fotogr\u00e1fica de F\u00e9lix V\u00e1zquez: \u00abPor Casualidad\u00bb\t<\/a>\n<\/h3>\n\t\t\n\t<\/div>\n<\/article>\n\n\t\t\t\t\t\n\t\t\t\n\t\t\t\n\t\t\t\n<article  class=\"tribe-events-calendar-month-mobile-events__mobile-event post-10001122 tribe_events type-tribe_events status-publish hentry\" >\n\n\t\n\t<div class=\"tribe-events-calendar-month-mobile-events__mobile-event-details\">\n\n\t\t<div class=\"tribe-events-calendar-month-mobile-events__mobile-event-datetime tribe-common-b2\">\n\t\t\t\t<time datetime=\"2026-03-19\">\n\t\t\t<span class=\"tribe-event-date-start\">March 19 @ 7:00 pm<\/span> - <span class=\"tribe-event-date-end\">April 17 @ 9:00 pm<\/span>\t\t<\/time>\n\t\t<\/div>\n\t\t<h3  class=\"tribe-events-calendar-month-mobile-events__mobile-event-title tribe-common-h7\" >\n\t<a\n\t\thref=\"https:\/\/fundacioncajaruraldelsur.com\/pt\/evento\/i-certamen-de-pintura-y-escultura-alfonso-aramburu-terrades-2\/\"\n\t\ttitle=\"I Certamen de Pintura y Escultura \u00abAlfonso Aramburu Terrades\u00bb\"\n\t\trel=\"bookmark\"\n\t\tclass=\"tribe-events-calendar-month-mobile-events__mobile-event-title-link tribe-common-anchor\"\n\t>\n\t\tI Certamen de Pintura y Escultura \u00abAlfonso Aramburu Terrades\u00bb\t<\/a>\n<\/h3>\n\t\t\n\t<\/div>\n<\/article>\n\n\t\t\t\t\t\n\t\t\t\n\t\t\t\n\t\t\t\n<article  class=\"tribe-events-calendar-month-mobile-events__mobile-event post-10001127 tribe_events type-tribe_events status-publish hentry tribe_events_cat-exposiciones cat_exposiciones\" >\n\n\t\n\t<div class=\"tribe-events-calendar-month-mobile-events__mobile-event-details\">\n\n\t\t<div class=\"tribe-events-calendar-month-mobile-events__mobile-event-datetime tribe-common-b2\">\n\t\t\t\t<time datetime=\"2026-04-08\">\n\t\t\t<span class=\"tribe-event-date-start\">April 8 @ 11:00 am<\/span> - <span class=\"tribe-event-date-end\">April 24 @ 9:00 pm<\/span>\t\t<\/time>\n\t\t<\/div>\n\t\t<h3  class=\"tribe-events-calendar-month-mobile-events__mobile-event-title tribe-common-h7\" >\n\t<a\n\t\thref=\"https:\/\/fundacioncajaruraldelsur.com\/pt\/evento\/exposicion-de-fotografia-las-caras-de-huelva-ii-de-paco-gil\/\"\n\t\ttitle=\"Exposici\u00f3n de fotograf\u00eda: \u00abLas Caras de Huelva II\u00bb, de Paco Gil\"\n\t\trel=\"bookmark\"\n\t\tclass=\"tribe-events-calendar-month-mobile-events__mobile-event-title-link tribe-common-anchor\"\n\t>\n\t\tExposici\u00f3n de fotograf\u00eda: \u00abLas Caras de Huelva II\u00bb, de Paco Gil\t<\/a>\n<\/h3>\n\t\t\n\t<\/div>\n<\/article>\n\n\t\t\n\t\t\n\t<\/div>\n\n\t\n\t\t\n<div  class=\"tribe-events-calendar-month-mobile-events__mobile-day\"  id=\"tribe-events-calendar-mobile-day-2026-04-11\">\n\n\t\n\t\t\t\t\t\n\t\t\t<div class=\"tribe-events-c-day-marker tribe-events-calendar-month-mobile-events__day-marker\">\n\t<time\n\t\tclass=\"tribe-events-c-day-marker__date tribe-common-h7 tribe-common-h--alt\"\n\t\tdatetime=\"2026-03-19\"\n\t>\n\t\tMarch 19\t<\/time>\n<\/div>\n\n\t\t\t\n\t\t\t\n<article  class=\"tribe-events-calendar-month-mobile-events__mobile-event post-10001120 tribe_events type-tribe_events status-publish has-post-thumbnail hentry tribe_events_cat-exposiciones cat_exposiciones\" >\n\n\t\n\t<div class=\"tribe-events-calendar-month-mobile-events__mobile-event-details\">\n\n\t\t<div class=\"tribe-events-calendar-month-mobile-events__mobile-event-datetime tribe-common-b2\">\n\t\t\t\t<time datetime=\"2026-03-19\">\n\t\t\t<span class=\"tribe-event-date-start\">March 19 @ 8:00 am<\/span> - <span class=\"tribe-event-date-end\">April 17 @ 5:00 pm<\/span>\t\t<\/time>\n\t\t<\/div>\n\t\t<h3  class=\"tribe-events-calendar-month-mobile-events__mobile-event-title tribe-common-h7\" >\n\t<a\n\t\thref=\"https:\/\/fundacioncajaruraldelsur.com\/pt\/evento\/exposicion-fotografica-de-felix-vazquez-por-casualidad\/\"\n\t\ttitle=\"Exposici\u00f3n fotogr\u00e1fica de F\u00e9lix V\u00e1zquez: \u00abPor Casualidad\u00bb\"\n\t\trel=\"bookmark\"\n\t\tclass=\"tribe-events-calendar-month-mobile-events__mobile-event-title-link tribe-common-anchor\"\n\t>\n\t\tExposici\u00f3n fotogr\u00e1fica de F\u00e9lix V\u00e1zquez: \u00abPor Casualidad\u00bb\t<\/a>\n<\/h3>\n\t\t\n\t<\/div>\n<\/article>\n\n\t\t\t\t\t\n\t\t\t\n\t\t\t\n\t\t\t\n<article  class=\"tribe-events-calendar-month-mobile-events__mobile-event post-10001122 tribe_events type-tribe_events status-publish hentry\" >\n\n\t\n\t<div class=\"tribe-events-calendar-month-mobile-events__mobile-event-details\">\n\n\t\t<div class=\"tribe-events-calendar-month-mobile-events__mobile-event-datetime tribe-common-b2\">\n\t\t\t\t<time datetime=\"2026-03-19\">\n\t\t\t<span class=\"tribe-event-date-start\">March 19 @ 7:00 pm<\/span> - <span class=\"tribe-event-date-end\">April 17 @ 9:00 pm<\/span>\t\t<\/time>\n\t\t<\/div>\n\t\t<h3  class=\"tribe-events-calendar-month-mobile-events__mobile-event-title tribe-common-h7\" >\n\t<a\n\t\thref=\"https:\/\/fundacioncajaruraldelsur.com\/pt\/evento\/i-certamen-de-pintura-y-escultura-alfonso-aramburu-terrades-2\/\"\n\t\ttitle=\"I Certamen de Pintura y Escultura \u00abAlfonso Aramburu Terrades\u00bb\"\n\t\trel=\"bookmark\"\n\t\tclass=\"tribe-events-calendar-month-mobile-events__mobile-event-title-link tribe-common-anchor\"\n\t>\n\t\tI Certamen de Pintura y Escultura \u00abAlfonso Aramburu Terrades\u00bb\t<\/a>\n<\/h3>\n\t\t\n\t<\/div>\n<\/article>\n\n\t\t\t\t\t\n\t\t\t\n\t\t\t\n\t\t\t\n<article  class=\"tribe-events-calendar-month-mobile-events__mobile-event post-10001127 tribe_events type-tribe_events status-publish hentry tribe_events_cat-exposiciones cat_exposiciones\" >\n\n\t\n\t<div class=\"tribe-events-calendar-month-mobile-events__mobile-event-details\">\n\n\t\t<div class=\"tribe-events-calendar-month-mobile-events__mobile-event-datetime tribe-common-b2\">\n\t\t\t\t<time datetime=\"2026-04-08\">\n\t\t\t<span class=\"tribe-event-date-start\">April 8 @ 11:00 am<\/span> - <span class=\"tribe-event-date-end\">April 24 @ 9:00 pm<\/span>\t\t<\/time>\n\t\t<\/div>\n\t\t<h3  class=\"tribe-events-calendar-month-mobile-events__mobile-event-title tribe-common-h7\" >\n\t<a\n\t\thref=\"https:\/\/fundacioncajaruraldelsur.com\/pt\/evento\/exposicion-de-fotografia-las-caras-de-huelva-ii-de-paco-gil\/\"\n\t\ttitle=\"Exposici\u00f3n de fotograf\u00eda: \u00abLas Caras de Huelva II\u00bb, de Paco Gil\"\n\t\trel=\"bookmark\"\n\t\tclass=\"tribe-events-calendar-month-mobile-events__mobile-event-title-link tribe-common-anchor\"\n\t>\n\t\tExposici\u00f3n de fotograf\u00eda: \u00abLas Caras de Huelva II\u00bb, de Paco Gil\t<\/a>\n<\/h3>\n\t\t\n\t<\/div>\n<\/article>\n\n\t\t\n\t\t\n\t<\/div>\n\n\t\n\t\t\n<div  class=\"tribe-events-calendar-month-mobile-events__mobile-day\"  id=\"tribe-events-calendar-mobile-day-2026-04-12\">\n\n\t\n\t\t\t\t\t\n\t\t\t<div class=\"tribe-events-c-day-marker tribe-events-calendar-month-mobile-events__day-marker\">\n\t<time\n\t\tclass=\"tribe-events-c-day-marker__date tribe-common-h7 tribe-common-h--alt\"\n\t\tdatetime=\"2026-03-19\"\n\t>\n\t\tMarch 19\t<\/time>\n<\/div>\n\n\t\t\t\n\t\t\t\n<article  class=\"tribe-events-calendar-month-mobile-events__mobile-event post-10001120 tribe_events type-tribe_events status-publish has-post-thumbnail hentry tribe_events_cat-exposiciones cat_exposiciones\" >\n\n\t\n\t<div class=\"tribe-events-calendar-month-mobile-events__mobile-event-details\">\n\n\t\t<div class=\"tribe-events-calendar-month-mobile-events__mobile-event-datetime tribe-common-b2\">\n\t\t\t\t<time datetime=\"2026-03-19\">\n\t\t\t<span class=\"tribe-event-date-start\">March 19 @ 8:00 am<\/span> - <span class=\"tribe-event-date-end\">April 17 @ 5:00 pm<\/span>\t\t<\/time>\n\t\t<\/div>\n\t\t<h3  class=\"tribe-events-calendar-month-mobile-events__mobile-event-title tribe-common-h7\" >\n\t<a\n\t\thref=\"https:\/\/fundacioncajaruraldelsur.com\/pt\/evento\/exposicion-fotografica-de-felix-vazquez-por-casualidad\/\"\n\t\ttitle=\"Exposici\u00f3n fotogr\u00e1fica de F\u00e9lix V\u00e1zquez: \u00abPor Casualidad\u00bb\"\n\t\trel=\"bookmark\"\n\t\tclass=\"tribe-events-calendar-month-mobile-events__mobile-event-title-link tribe-common-anchor\"\n\t>\n\t\tExposici\u00f3n fotogr\u00e1fica de F\u00e9lix V\u00e1zquez: \u00abPor Casualidad\u00bb\t<\/a>\n<\/h3>\n\t\t\n\t<\/div>\n<\/article>\n\n\t\t\t\t\t\n\t\t\t\n\t\t\t\n\t\t\t\n<article  class=\"tribe-events-calendar-month-mobile-events__mobile-event post-10001122 tribe_events type-tribe_events status-publish hentry\" >\n\n\t\n\t<div class=\"tribe-events-calendar-month-mobile-events__mobile-event-details\">\n\n\t\t<div class=\"tribe-events-calendar-month-mobile-events__mobile-event-datetime tribe-common-b2\">\n\t\t\t\t<time datetime=\"2026-03-19\">\n\t\t\t<span class=\"tribe-event-date-start\">March 19 @ 7:00 pm<\/span> - <span class=\"tribe-event-date-end\">April 17 @ 9:00 pm<\/span>\t\t<\/time>\n\t\t<\/div>\n\t\t<h3  class=\"tribe-events-calendar-month-mobile-events__mobile-event-title tribe-common-h7\" >\n\t<a\n\t\thref=\"https:\/\/fundacioncajaruraldelsur.com\/pt\/evento\/i-certamen-de-pintura-y-escultura-alfonso-aramburu-terrades-2\/\"\n\t\ttitle=\"I Certamen de Pintura y Escultura \u00abAlfonso Aramburu Terrades\u00bb\"\n\t\trel=\"bookmark\"\n\t\tclass=\"tribe-events-calendar-month-mobile-events__mobile-event-title-link tribe-common-anchor\"\n\t>\n\t\tI Certamen de Pintura y Escultura \u00abAlfonso Aramburu Terrades\u00bb\t<\/a>\n<\/h3>\n\t\t\n\t<\/div>\n<\/article>\n\n\t\t\t\t\t\n\t\t\t\n\t\t\t\n\t\t\t\n<article  class=\"tribe-events-calendar-month-mobile-events__mobile-event post-10001127 tribe_events type-tribe_events status-publish hentry tribe_events_cat-exposiciones cat_exposiciones\" >\n\n\t\n\t<div class=\"tribe-events-calendar-month-mobile-events__mobile-event-details\">\n\n\t\t<div class=\"tribe-events-calendar-month-mobile-events__mobile-event-datetime tribe-common-b2\">\n\t\t\t\t<time datetime=\"2026-04-08\">\n\t\t\t<span class=\"tribe-event-date-start\">April 8 @ 11:00 am<\/span> - <span class=\"tribe-event-date-end\">April 24 @ 9:00 pm<\/span>\t\t<\/time>\n\t\t<\/div>\n\t\t<h3  class=\"tribe-events-calendar-month-mobile-events__mobile-event-title tribe-common-h7\" >\n\t<a\n\t\thref=\"https:\/\/fundacioncajaruraldelsur.com\/pt\/evento\/exposicion-de-fotografia-las-caras-de-huelva-ii-de-paco-gil\/\"\n\t\ttitle=\"Exposici\u00f3n de fotograf\u00eda: \u00abLas Caras de Huelva II\u00bb, de Paco Gil\"\n\t\trel=\"bookmark\"\n\t\tclass=\"tribe-events-calendar-month-mobile-events__mobile-event-title-link tribe-common-anchor\"\n\t>\n\t\tExposici\u00f3n de fotograf\u00eda: \u00abLas Caras de Huelva II\u00bb, de Paco Gil\t<\/a>\n<\/h3>\n\t\t\n\t<\/div>\n<\/article>\n\n\t\t\n\t\t\n\t<\/div>\n\n\t\n\t\t\n<div  class=\"tribe-events-calendar-month-mobile-events__mobile-day\"  id=\"tribe-events-calendar-mobile-day-2026-04-13\">\n\n\t\n\t\t\t\t\t\n\t\t\t<div class=\"tribe-events-c-day-marker tribe-events-calendar-month-mobile-events__day-marker\">\n\t<time\n\t\tclass=\"tribe-events-c-day-marker__date tribe-common-h7 tribe-common-h--alt\"\n\t\tdatetime=\"2026-03-19\"\n\t>\n\t\tMarch 19\t<\/time>\n<\/div>\n\n\t\t\t\n\t\t\t\n<article  class=\"tribe-events-calendar-month-mobile-events__mobile-event post-10001120 tribe_events type-tribe_events status-publish has-post-thumbnail hentry tribe_events_cat-exposiciones cat_exposiciones\" >\n\n\t\n\t<div class=\"tribe-events-calendar-month-mobile-events__mobile-event-details\">\n\n\t\t<div class=\"tribe-events-calendar-month-mobile-events__mobile-event-datetime tribe-common-b2\">\n\t\t\t\t<time datetime=\"2026-03-19\">\n\t\t\t<span class=\"tribe-event-date-start\">March 19 @ 8:00 am<\/span> - <span class=\"tribe-event-date-end\">April 17 @ 5:00 pm<\/span>\t\t<\/time>\n\t\t<\/div>\n\t\t<h3  class=\"tribe-events-calendar-month-mobile-events__mobile-event-title tribe-common-h7\" >\n\t<a\n\t\thref=\"https:\/\/fundacioncajaruraldelsur.com\/pt\/evento\/exposicion-fotografica-de-felix-vazquez-por-casualidad\/\"\n\t\ttitle=\"Exposici\u00f3n fotogr\u00e1fica de F\u00e9lix V\u00e1zquez: \u00abPor Casualidad\u00bb\"\n\t\trel=\"bookmark\"\n\t\tclass=\"tribe-events-calendar-month-mobile-events__mobile-event-title-link tribe-common-anchor\"\n\t>\n\t\tExposici\u00f3n fotogr\u00e1fica de F\u00e9lix V\u00e1zquez: \u00abPor Casualidad\u00bb\t<\/a>\n<\/h3>\n\t\t\n\t<\/div>\n<\/article>\n\n\t\t\t\t\t\n\t\t\t\n\t\t\t\n\t\t\t\n<article  class=\"tribe-events-calendar-month-mobile-events__mobile-event post-10001122 tribe_events type-tribe_events status-publish hentry\" >\n\n\t\n\t<div class=\"tribe-events-calendar-month-mobile-events__mobile-event-details\">\n\n\t\t<div class=\"tribe-events-calendar-month-mobile-events__mobile-event-datetime tribe-common-b2\">\n\t\t\t\t<time datetime=\"2026-03-19\">\n\t\t\t<span class=\"tribe-event-date-start\">March 19 @ 7:00 pm<\/span> - <span class=\"tribe-event-date-end\">April 17 @ 9:00 pm<\/span>\t\t<\/time>\n\t\t<\/div>\n\t\t<h3  class=\"tribe-events-calendar-month-mobile-events__mobile-event-title tribe-common-h7\" >\n\t<a\n\t\thref=\"https:\/\/fundacioncajaruraldelsur.com\/pt\/evento\/i-certamen-de-pintura-y-escultura-alfonso-aramburu-terrades-2\/\"\n\t\ttitle=\"I Certamen de Pintura y Escultura \u00abAlfonso Aramburu Terrades\u00bb\"\n\t\trel=\"bookmark\"\n\t\tclass=\"tribe-events-calendar-month-mobile-events__mobile-event-title-link tribe-common-anchor\"\n\t>\n\t\tI Certamen de Pintura y Escultura \u00abAlfonso Aramburu Terrades\u00bb\t<\/a>\n<\/h3>\n\t\t\n\t<\/div>\n<\/article>\n\n\t\t\t\t\t\n\t\t\t\n\t\t\t\n\t\t\t\n<article  class=\"tribe-events-calendar-month-mobile-events__mobile-event post-10001127 tribe_events type-tribe_events status-publish hentry tribe_events_cat-exposiciones cat_exposiciones\" >\n\n\t\n\t<div class=\"tribe-events-calendar-month-mobile-events__mobile-event-details\">\n\n\t\t<div class=\"tribe-events-calendar-month-mobile-events__mobile-event-datetime tribe-common-b2\">\n\t\t\t\t<time datetime=\"2026-04-08\">\n\t\t\t<span class=\"tribe-event-date-start\">April 8 @ 11:00 am<\/span> - <span class=\"tribe-event-date-end\">April 24 @ 9:00 pm<\/span>\t\t<\/time>\n\t\t<\/div>\n\t\t<h3  class=\"tribe-events-calendar-month-mobile-events__mobile-event-title tribe-common-h7\" >\n\t<a\n\t\thref=\"https:\/\/fundacioncajaruraldelsur.com\/pt\/evento\/exposicion-de-fotografia-las-caras-de-huelva-ii-de-paco-gil\/\"\n\t\ttitle=\"Exposici\u00f3n de fotograf\u00eda: \u00abLas Caras de Huelva II\u00bb, de Paco Gil\"\n\t\trel=\"bookmark\"\n\t\tclass=\"tribe-events-calendar-month-mobile-events__mobile-event-title-link tribe-common-anchor\"\n\t>\n\t\tExposici\u00f3n de fotograf\u00eda: \u00abLas Caras de Huelva II\u00bb, de Paco Gil\t<\/a>\n<\/h3>\n\t\t\n\t<\/div>\n<\/article>\n\n\t\t\t\t\t\n\t\t\t\n\t\t\t\n\t\t\t\n<article  class=\"tribe-events-calendar-month-mobile-events__mobile-event post-10001129 tribe_events type-tribe_events status-publish has-post-thumbnail hentry tribe_events_cat-presentaciones cat_presentaciones\" >\n\n\t\n\t<div class=\"tribe-events-calendar-month-mobile-events__mobile-event-details\">\n\n\t\t<div class=\"tribe-events-calendar-month-mobile-events__mobile-event-datetime tribe-common-b2\">\n\t\t\t\t<time datetime=\"2026-04-13\">\n\t\t\t<span class=\"tribe-event-date-start\">April 13 @ 7:00 pm<\/span> - <span class=\"tribe-event-time\">8:30 pm<\/span>\t\t<\/time>\n\t\t<\/div>\n\t\t<h3  class=\"tribe-events-calendar-month-mobile-events__mobile-event-title tribe-common-h7\" >\n\t<a\n\t\thref=\"https:\/\/fundacioncajaruraldelsur.com\/pt\/evento\/presentacion-del-libro-versos-toreros-de-carlos-urquijo-herraiz\/\"\n\t\ttitle=\"Presentaci\u00f3n del libro: \u00abVersos Toreros\u00bb, de Carlos Urquijo Herr\u00e0iz\"\n\t\trel=\"bookmark\"\n\t\tclass=\"tribe-events-calendar-month-mobile-events__mobile-event-title-link tribe-common-anchor\"\n\t>\n\t\tPresentaci\u00f3n del libro: \u00abVersos Toreros\u00bb, de Carlos Urquijo Herr\u00e0iz\t<\/a>\n<\/h3>\n\t\t\n\t<\/div>\n<\/article>\n\n\t\t\n\t\t\n\t<\/div>\n\n\t\n\t\t\n<div  class=\"tribe-events-calendar-month-mobile-events__mobile-day\"  id=\"tribe-events-calendar-mobile-day-2026-04-14\">\n\n\t\n\t\t\t\t\t\n\t\t\t<div class=\"tribe-events-c-day-marker tribe-events-calendar-month-mobile-events__day-marker\">\n\t<time\n\t\tclass=\"tribe-events-c-day-marker__date tribe-common-h7 tribe-common-h--alt\"\n\t\tdatetime=\"2026-03-19\"\n\t>\n\t\tMarch 19\t<\/time>\n<\/div>\n\n\t\t\t\n\t\t\t\n<article  class=\"tribe-events-calendar-month-mobile-events__mobile-event post-10001120 tribe_events type-tribe_events status-publish has-post-thumbnail hentry tribe_events_cat-exposiciones cat_exposiciones\" >\n\n\t\n\t<div class=\"tribe-events-calendar-month-mobile-events__mobile-event-details\">\n\n\t\t<div class=\"tribe-events-calendar-month-mobile-events__mobile-event-datetime tribe-common-b2\">\n\t\t\t\t<time datetime=\"2026-03-19\">\n\t\t\t<span class=\"tribe-event-date-start\">March 19 @ 8:00 am<\/span> - <span class=\"tribe-event-date-end\">April 17 @ 5:00 pm<\/span>\t\t<\/time>\n\t\t<\/div>\n\t\t<h3  class=\"tribe-events-calendar-month-mobile-events__mobile-event-title tribe-common-h7\" >\n\t<a\n\t\thref=\"https:\/\/fundacioncajaruraldelsur.com\/pt\/evento\/exposicion-fotografica-de-felix-vazquez-por-casualidad\/\"\n\t\ttitle=\"Exposici\u00f3n fotogr\u00e1fica de F\u00e9lix V\u00e1zquez: \u00abPor Casualidad\u00bb\"\n\t\trel=\"bookmark\"\n\t\tclass=\"tribe-events-calendar-month-mobile-events__mobile-event-title-link tribe-common-anchor\"\n\t>\n\t\tExposici\u00f3n fotogr\u00e1fica de F\u00e9lix V\u00e1zquez: \u00abPor Casualidad\u00bb\t<\/a>\n<\/h3>\n\t\t\n\t<\/div>\n<\/article>\n\n\t\t\t\t\t\n\t\t\t\n\t\t\t\n\t\t\t\n<article  class=\"tribe-events-calendar-month-mobile-events__mobile-event post-10001122 tribe_events type-tribe_events status-publish hentry\" >\n\n\t\n\t<div class=\"tribe-events-calendar-month-mobile-events__mobile-event-details\">\n\n\t\t<div class=\"tribe-events-calendar-month-mobile-events__mobile-event-datetime tribe-common-b2\">\n\t\t\t\t<time datetime=\"2026-03-19\">\n\t\t\t<span class=\"tribe-event-date-start\">March 19 @ 7:00 pm<\/span> - <span class=\"tribe-event-date-end\">April 17 @ 9:00 pm<\/span>\t\t<\/time>\n\t\t<\/div>\n\t\t<h3  class=\"tribe-events-calendar-month-mobile-events__mobile-event-title tribe-common-h7\" >\n\t<a\n\t\thref=\"https:\/\/fundacioncajaruraldelsur.com\/pt\/evento\/i-certamen-de-pintura-y-escultura-alfonso-aramburu-terrades-2\/\"\n\t\ttitle=\"I Certamen de Pintura y Escultura \u00abAlfonso Aramburu Terrades\u00bb\"\n\t\trel=\"bookmark\"\n\t\tclass=\"tribe-events-calendar-month-mobile-events__mobile-event-title-link tribe-common-anchor\"\n\t>\n\t\tI Certamen de Pintura y Escultura \u00abAlfonso Aramburu Terrades\u00bb\t<\/a>\n<\/h3>\n\t\t\n\t<\/div>\n<\/article>\n\n\t\t\t\t\t\n\t\t\t\n\t\t\t\n\t\t\t\n<article  class=\"tribe-events-calendar-month-mobile-events__mobile-event post-10001127 tribe_events type-tribe_events status-publish hentry tribe_events_cat-exposiciones cat_exposiciones\" >\n\n\t\n\t<div class=\"tribe-events-calendar-month-mobile-events__mobile-event-details\">\n\n\t\t<div class=\"tribe-events-calendar-month-mobile-events__mobile-event-datetime tribe-common-b2\">\n\t\t\t\t<time datetime=\"2026-04-08\">\n\t\t\t<span class=\"tribe-event-date-start\">April 8 @ 11:00 am<\/span> - <span class=\"tribe-event-date-end\">April 24 @ 9:00 pm<\/span>\t\t<\/time>\n\t\t<\/div>\n\t\t<h3  class=\"tribe-events-calendar-month-mobile-events__mobile-event-title tribe-common-h7\" >\n\t<a\n\t\thref=\"https:\/\/fundacioncajaruraldelsur.com\/pt\/evento\/exposicion-de-fotografia-las-caras-de-huelva-ii-de-paco-gil\/\"\n\t\ttitle=\"Exposici\u00f3n de fotograf\u00eda: \u00abLas Caras de Huelva II\u00bb, de Paco Gil\"\n\t\trel=\"bookmark\"\n\t\tclass=\"tribe-events-calendar-month-mobile-events__mobile-event-title-link tribe-common-anchor\"\n\t>\n\t\tExposici\u00f3n de fotograf\u00eda: \u00abLas Caras de Huelva II\u00bb, de Paco Gil\t<\/a>\n<\/h3>\n\t\t\n\t<\/div>\n<\/article>\n\n\t\t\t\t\t\n\t\t\t\n\t\t\t\n\t\t\t\n<article  class=\"tribe-events-calendar-month-mobile-events__mobile-event post-10001125 tribe_events type-tribe_events status-publish has-post-thumbnail hentry tribe_events_cat-presentaciones cat_presentaciones\" >\n\n\t\n\t<div class=\"tribe-events-calendar-month-mobile-events__mobile-event-details\">\n\n\t\t<div class=\"tribe-events-calendar-month-mobile-events__mobile-event-datetime tribe-common-b2\">\n\t\t\t\t<time datetime=\"2026-04-14\">\n\t\t\t<span class=\"tribe-event-date-start\">April 14 @ 7:00 pm<\/span> - <span class=\"tribe-event-time\">8:00 pm<\/span>\t\t<\/time>\n\t\t<\/div>\n\t\t<h3  class=\"tribe-events-calendar-month-mobile-events__mobile-event-title tribe-common-h7\" >\n\t<a\n\t\thref=\"https:\/\/fundacioncajaruraldelsur.com\/pt\/evento\/presentacion-la-novela-de-donana-de-juan-villa\/\"\n\t\ttitle=\"Presentaci\u00f3n: \u00abLa Novela de Do\u00f1ana\u00bb, de Juan Villa\"\n\t\trel=\"bookmark\"\n\t\tclass=\"tribe-events-calendar-month-mobile-events__mobile-event-title-link tribe-common-anchor\"\n\t>\n\t\tPresentaci\u00f3n: \u00abLa Novela de Do\u00f1ana\u00bb, de Juan Villa\t<\/a>\n<\/h3>\n\t\t\n\t<\/div>\n<\/article>\n\n\t\t\t\t\t\n\t\t\t\n\t\t\t\n\t\t\t\n<article  class=\"tribe-events-calendar-month-mobile-events__mobile-event post-10001130 tribe_events type-tribe_events status-publish has-post-thumbnail hentry tribe_events_cat-presentaciones cat_presentaciones\" >\n\n\t\n\t<div class=\"tribe-events-calendar-month-mobile-events__mobile-event-details\">\n\n\t\t<div class=\"tribe-events-calendar-month-mobile-events__mobile-event-datetime tribe-common-b2\">\n\t\t\t\t<time datetime=\"2026-04-14\">\n\t\t\t<span class=\"tribe-event-date-start\">April 14 @ 7:00 pm<\/span> - <span class=\"tribe-event-time\">8:00 pm<\/span>\t\t<\/time>\n\t\t<\/div>\n\t\t<h3  class=\"tribe-events-calendar-month-mobile-events__mobile-event-title tribe-common-h7\" >\n\t<a\n\t\thref=\"https:\/\/fundacioncajaruraldelsur.com\/pt\/evento\/presentacion-la-novela-de-donana-de-juan-villa-2\/\"\n\t\ttitle=\"Presentaci\u00f3n: \u00abLa Novela de Do\u00f1ana\u00bb, de Juan Villa\"\n\t\trel=\"bookmark\"\n\t\tclass=\"tribe-events-calendar-month-mobile-events__mobile-event-title-link tribe-common-anchor\"\n\t>\n\t\tPresentaci\u00f3n: \u00abLa Novela de Do\u00f1ana\u00bb, de Juan Villa\t<\/a>\n<\/h3>\n\t\t\n\t<\/div>\n<\/article>\n\n\t\t\n\t\t\n\t<\/div>\n\n\t\n\t\t\n<div  class=\"tribe-events-calendar-month-mobile-events__mobile-day\"  id=\"tribe-events-calendar-mobile-day-2026-04-15\">\n\n\t\n\t\t\t\t\t\n\t\t\t<div class=\"tribe-events-c-day-marker tribe-events-calendar-month-mobile-events__day-marker\">\n\t<time\n\t\tclass=\"tribe-events-c-day-marker__date tribe-common-h7 tribe-common-h--alt\"\n\t\tdatetime=\"2026-03-19\"\n\t>\n\t\tMarch 19\t<\/time>\n<\/div>\n\n\t\t\t\n\t\t\t\n<article  class=\"tribe-events-calendar-month-mobile-events__mobile-event post-10001120 tribe_events type-tribe_events status-publish has-post-thumbnail hentry tribe_events_cat-exposiciones cat_exposiciones\" >\n\n\t\n\t<div class=\"tribe-events-calendar-month-mobile-events__mobile-event-details\">\n\n\t\t<div class=\"tribe-events-calendar-month-mobile-events__mobile-event-datetime tribe-common-b2\">\n\t\t\t\t<time datetime=\"2026-03-19\">\n\t\t\t<span class=\"tribe-event-date-start\">March 19 @ 8:00 am<\/span> - <span class=\"tribe-event-date-end\">April 17 @ 5:00 pm<\/span>\t\t<\/time>\n\t\t<\/div>\n\t\t<h3  class=\"tribe-events-calendar-month-mobile-events__mobile-event-title tribe-common-h7\" >\n\t<a\n\t\thref=\"https:\/\/fundacioncajaruraldelsur.com\/pt\/evento\/exposicion-fotografica-de-felix-vazquez-por-casualidad\/\"\n\t\ttitle=\"Exposici\u00f3n fotogr\u00e1fica de F\u00e9lix V\u00e1zquez: \u00abPor Casualidad\u00bb\"\n\t\trel=\"bookmark\"\n\t\tclass=\"tribe-events-calendar-month-mobile-events__mobile-event-title-link tribe-common-anchor\"\n\t>\n\t\tExposici\u00f3n fotogr\u00e1fica de F\u00e9lix V\u00e1zquez: \u00abPor Casualidad\u00bb\t<\/a>\n<\/h3>\n\t\t\n\t<\/div>\n<\/article>\n\n\t\t\t\t\t\n\t\t\t\n\t\t\t\n\t\t\t\n<article  class=\"tribe-events-calendar-month-mobile-events__mobile-event post-10001122 tribe_events type-tribe_events status-publish hentry\" >\n\n\t\n\t<div class=\"tribe-events-calendar-month-mobile-events__mobile-event-details\">\n\n\t\t<div class=\"tribe-events-calendar-month-mobile-events__mobile-event-datetime tribe-common-b2\">\n\t\t\t\t<time datetime=\"2026-03-19\">\n\t\t\t<span class=\"tribe-event-date-start\">March 19 @ 7:00 pm<\/span> - <span class=\"tribe-event-date-end\">April 17 @ 9:00 pm<\/span>\t\t<\/time>\n\t\t<\/div>\n\t\t<h3  class=\"tribe-events-calendar-month-mobile-events__mobile-event-title tribe-common-h7\" >\n\t<a\n\t\thref=\"https:\/\/fundacioncajaruraldelsur.com\/pt\/evento\/i-certamen-de-pintura-y-escultura-alfonso-aramburu-terrades-2\/\"\n\t\ttitle=\"I Certamen de Pintura y Escultura \u00abAlfonso Aramburu Terrades\u00bb\"\n\t\trel=\"bookmark\"\n\t\tclass=\"tribe-events-calendar-month-mobile-events__mobile-event-title-link tribe-common-anchor\"\n\t>\n\t\tI Certamen de Pintura y Escultura \u00abAlfonso Aramburu Terrades\u00bb\t<\/a>\n<\/h3>\n\t\t\n\t<\/div>\n<\/article>\n\n\t\t\t\t\t\n\t\t\t\n\t\t\t\n\t\t\t\n<article  class=\"tribe-events-calendar-month-mobile-events__mobile-event post-10001127 tribe_events type-tribe_events status-publish hentry tribe_events_cat-exposiciones cat_exposiciones\" >\n\n\t\n\t<div class=\"tribe-events-calendar-month-mobile-events__mobile-event-details\">\n\n\t\t<div class=\"tribe-events-calendar-month-mobile-events__mobile-event-datetime tribe-common-b2\">\n\t\t\t\t<time datetime=\"2026-04-08\">\n\t\t\t<span class=\"tribe-event-date-start\">April 8 @ 11:00 am<\/span> - <span class=\"tribe-event-date-end\">April 24 @ 9:00 pm<\/span>\t\t<\/time>\n\t\t<\/div>\n\t\t<h3  class=\"tribe-events-calendar-month-mobile-events__mobile-event-title tribe-common-h7\" >\n\t<a\n\t\thref=\"https:\/\/fundacioncajaruraldelsur.com\/pt\/evento\/exposicion-de-fotografia-las-caras-de-huelva-ii-de-paco-gil\/\"\n\t\ttitle=\"Exposici\u00f3n de fotograf\u00eda: \u00abLas Caras de Huelva II\u00bb, de Paco Gil\"\n\t\trel=\"bookmark\"\n\t\tclass=\"tribe-events-calendar-month-mobile-events__mobile-event-title-link tribe-common-anchor\"\n\t>\n\t\tExposici\u00f3n de fotograf\u00eda: \u00abLas Caras de Huelva II\u00bb, de Paco Gil\t<\/a>\n<\/h3>\n\t\t\n\t<\/div>\n<\/article>\n\n\t\t\t\t\t\n\t\t\t\n\t\t\t\n\t\t\t\n<article  class=\"tribe-events-calendar-month-mobile-events__mobile-event post-10001131 tribe_events type-tribe_events status-publish has-post-thumbnail hentry tribe_events_cat-patrimonio-cultural cat_patrimonio-cultural\" >\n\n\t\n\t<div class=\"tribe-events-calendar-month-mobile-events__mobile-event-details\">\n\n\t\t<div class=\"tribe-events-calendar-month-mobile-events__mobile-event-datetime tribe-common-b2\">\n\t\t\t\t<time datetime=\"2026-04-15\">\n\t\t\t<span class=\"tribe-event-date-start\">April 15 @ 7:30 pm<\/span> - <span class=\"tribe-event-time\">8:30 pm<\/span>\t\t<\/time>\n\t\t<\/div>\n\t\t<h3  class=\"tribe-events-calendar-month-mobile-events__mobile-event-title tribe-common-h7\" >\n\t<a\n\t\thref=\"https:\/\/fundacioncajaruraldelsur.com\/pt\/evento\/xxvii-fiesta-de-los-patios-portuenses\/\"\n\t\ttitle=\"XXVII FIESTA DE LOS PATIOS PORTUENSES\"\n\t\trel=\"bookmark\"\n\t\tclass=\"tribe-events-calendar-month-mobile-events__mobile-event-title-link tribe-common-anchor\"\n\t>\n\t\tXXVII FIESTA DE LOS PATIOS PORTUENSES\t<\/a>\n<\/h3>\n\t\t\n\t<\/div>\n<\/article>\n\n\t\t\n\t\t\n\t<\/div>\n\n\t\n\t\t\n<div  class=\"tribe-events-calendar-month-mobile-events__mobile-day\"  id=\"tribe-events-calendar-mobile-day-2026-04-16\">\n\n\t\n\t\t\t\t\t\n\t\t\t<div class=\"tribe-events-c-day-marker tribe-events-calendar-month-mobile-events__day-marker\">\n\t<time\n\t\tclass=\"tribe-events-c-day-marker__date tribe-common-h7 tribe-common-h--alt\"\n\t\tdatetime=\"2026-03-19\"\n\t>\n\t\tMarch 19\t<\/time>\n<\/div>\n\n\t\t\t\n\t\t\t\n<article  class=\"tribe-events-calendar-month-mobile-events__mobile-event post-10001120 tribe_events type-tribe_events status-publish has-post-thumbnail hentry tribe_events_cat-exposiciones cat_exposiciones\" >\n\n\t\n\t<div class=\"tribe-events-calendar-month-mobile-events__mobile-event-details\">\n\n\t\t<div class=\"tribe-events-calendar-month-mobile-events__mobile-event-datetime tribe-common-b2\">\n\t\t\t\t<time datetime=\"2026-03-19\">\n\t\t\t<span class=\"tribe-event-date-start\">March 19 @ 8:00 am<\/span> - <span class=\"tribe-event-date-end\">April 17 @ 5:00 pm<\/span>\t\t<\/time>\n\t\t<\/div>\n\t\t<h3  class=\"tribe-events-calendar-month-mobile-events__mobile-event-title tribe-common-h7\" >\n\t<a\n\t\thref=\"https:\/\/fundacioncajaruraldelsur.com\/pt\/evento\/exposicion-fotografica-de-felix-vazquez-por-casualidad\/\"\n\t\ttitle=\"Exposici\u00f3n fotogr\u00e1fica de F\u00e9lix V\u00e1zquez: \u00abPor Casualidad\u00bb\"\n\t\trel=\"bookmark\"\n\t\tclass=\"tribe-events-calendar-month-mobile-events__mobile-event-title-link tribe-common-anchor\"\n\t>\n\t\tExposici\u00f3n fotogr\u00e1fica de F\u00e9lix V\u00e1zquez: \u00abPor Casualidad\u00bb\t<\/a>\n<\/h3>\n\t\t\n\t<\/div>\n<\/article>\n\n\t\t\t\t\t\n\t\t\t\n\t\t\t\n\t\t\t\n<article  class=\"tribe-events-calendar-month-mobile-events__mobile-event post-10001122 tribe_events type-tribe_events status-publish hentry\" >\n\n\t\n\t<div class=\"tribe-events-calendar-month-mobile-events__mobile-event-details\">\n\n\t\t<div class=\"tribe-events-calendar-month-mobile-events__mobile-event-datetime tribe-common-b2\">\n\t\t\t\t<time datetime=\"2026-03-19\">\n\t\t\t<span class=\"tribe-event-date-start\">March 19 @ 7:00 pm<\/span> - <span class=\"tribe-event-date-end\">April 17 @ 9:00 pm<\/span>\t\t<\/time>\n\t\t<\/div>\n\t\t<h3  class=\"tribe-events-calendar-month-mobile-events__mobile-event-title tribe-common-h7\" >\n\t<a\n\t\thref=\"https:\/\/fundacioncajaruraldelsur.com\/pt\/evento\/i-certamen-de-pintura-y-escultura-alfonso-aramburu-terrades-2\/\"\n\t\ttitle=\"I Certamen de Pintura y Escultura \u00abAlfonso Aramburu Terrades\u00bb\"\n\t\trel=\"bookmark\"\n\t\tclass=\"tribe-events-calendar-month-mobile-events__mobile-event-title-link tribe-common-anchor\"\n\t>\n\t\tI Certamen de Pintura y Escultura \u00abAlfonso Aramburu Terrades\u00bb\t<\/a>\n<\/h3>\n\t\t\n\t<\/div>\n<\/article>\n\n\t\t\t\t\t\n\t\t\t\n\t\t\t\n\t\t\t\n<article  class=\"tribe-events-calendar-month-mobile-events__mobile-event post-10001127 tribe_events type-tribe_events status-publish hentry tribe_events_cat-exposiciones cat_exposiciones\" >\n\n\t\n\t<div class=\"tribe-events-calendar-month-mobile-events__mobile-event-details\">\n\n\t\t<div class=\"tribe-events-calendar-month-mobile-events__mobile-event-datetime tribe-common-b2\">\n\t\t\t\t<time datetime=\"2026-04-08\">\n\t\t\t<span class=\"tribe-event-date-start\">April 8 @ 11:00 am<\/span> - <span class=\"tribe-event-date-end\">April 24 @ 9:00 pm<\/span>\t\t<\/time>\n\t\t<\/div>\n\t\t<h3  class=\"tribe-events-calendar-month-mobile-events__mobile-event-title tribe-common-h7\" >\n\t<a\n\t\thref=\"https:\/\/fundacioncajaruraldelsur.com\/pt\/evento\/exposicion-de-fotografia-las-caras-de-huelva-ii-de-paco-gil\/\"\n\t\ttitle=\"Exposici\u00f3n de fotograf\u00eda: \u00abLas Caras de Huelva II\u00bb, de Paco Gil\"\n\t\trel=\"bookmark\"\n\t\tclass=\"tribe-events-calendar-month-mobile-events__mobile-event-title-link tribe-common-anchor\"\n\t>\n\t\tExposici\u00f3n de fotograf\u00eda: \u00abLas Caras de Huelva II\u00bb, de Paco Gil\t<\/a>\n<\/h3>\n\t\t\n\t<\/div>\n<\/article>\n\n\t\t\t\t\t\n\t\t\t\n\t\t\t\n\t\t\t\n<article  class=\"tribe-events-calendar-month-mobile-events__mobile-event post-10001133 tribe_events type-tribe_events status-publish has-post-thumbnail hentry tribe_events_cat-conferencias cat_conferencias\" >\n\n\t\n\t<div class=\"tribe-events-calendar-month-mobile-events__mobile-event-details\">\n\n\t\t<div class=\"tribe-events-calendar-month-mobile-events__mobile-event-datetime tribe-common-b2\">\n\t\t\t\t<time datetime=\"2026-04-16\">\n\t\t\t<span class=\"tribe-event-date-start\">April 16 @ 5:00 pm<\/span> - <span class=\"tribe-event-time\">6:00 pm<\/span>\t\t<\/time>\n\t\t<\/div>\n\t\t<h3  class=\"tribe-events-calendar-month-mobile-events__mobile-event-title tribe-common-h7\" >\n\t<a\n\t\thref=\"https:\/\/fundacioncajaruraldelsur.com\/pt\/evento\/mesa-redonda-el-reconocimiento-del-autismo-en-adultos-dentro-del-sistema-de-salud\/\"\n\t\ttitle=\"Mesa redonda: \u00abEl Reconocimiento del Autismo en adultos dentro del sistema de salud\u00bb\"\n\t\trel=\"bookmark\"\n\t\tclass=\"tribe-events-calendar-month-mobile-events__mobile-event-title-link tribe-common-anchor\"\n\t>\n\t\tMesa redonda: \u00abEl Reconocimiento del Autismo en adultos dentro del sistema de salud\u00bb\t<\/a>\n<\/h3>\n\t\t\n\t<\/div>\n<\/article>\n\n\t\t\t\t\t\n\t\t\t\n\t\t\t\n\t\t\t\n<article  class=\"tribe-events-calendar-month-mobile-events__mobile-event post-10001132 tribe_events type-tribe_events status-publish has-post-thumbnail hentry tribe_events_cat-conferencias cat_conferencias\" >\n\n\t\n\t<div class=\"tribe-events-calendar-month-mobile-events__mobile-event-details\">\n\n\t\t<div class=\"tribe-events-calendar-month-mobile-events__mobile-event-datetime tribe-common-b2\">\n\t\t\t\t<time datetime=\"2026-04-16\">\n\t\t\t<span class=\"tribe-event-date-start\">April 16 @ 7:00 pm<\/span> - <span class=\"tribe-event-time\">8:30 pm<\/span>\t\t<\/time>\n\t\t<\/div>\n\t\t<h3  class=\"tribe-events-calendar-month-mobile-events__mobile-event-title tribe-common-h7\" >\n\t<a\n\t\thref=\"https:\/\/fundacioncajaruraldelsur.com\/pt\/evento\/ciclo-de-conferencias-envejecimiento-saludable\/\"\n\t\ttitle=\"Ciclo de conferencias \u00abEnvejecimiento saludable\u00bb\"\n\t\trel=\"bookmark\"\n\t\tclass=\"tribe-events-calendar-month-mobile-events__mobile-event-title-link tribe-common-anchor\"\n\t>\n\t\tCiclo de conferencias \u00abEnvejecimiento saludable\u00bb\t<\/a>\n<\/h3>\n\t\t\n\t<\/div>\n<\/article>\n\n\t\t\n\t\t\n\t<\/div>\n\n\t\n\t\t\n<div  class=\"tribe-events-calendar-month-mobile-events__mobile-day\"  id=\"tribe-events-calendar-mobile-day-2026-04-17\">\n\n\t\n\t\t\t\t\t\n\t\t\t<div class=\"tribe-events-c-day-marker tribe-events-calendar-month-mobile-events__day-marker\">\n\t<time\n\t\tclass=\"tribe-events-c-day-marker__date tribe-common-h7 tribe-common-h--alt\"\n\t\tdatetime=\"2026-03-19\"\n\t>\n\t\tMarch 19\t<\/time>\n<\/div>\n\n\t\t\t\n\t\t\t\n<article  class=\"tribe-events-calendar-month-mobile-events__mobile-event post-10001120 tribe_events type-tribe_events status-publish has-post-thumbnail hentry tribe_events_cat-exposiciones cat_exposiciones\" >\n\n\t\n\t<div class=\"tribe-events-calendar-month-mobile-events__mobile-event-details\">\n\n\t\t<div class=\"tribe-events-calendar-month-mobile-events__mobile-event-datetime tribe-common-b2\">\n\t\t\t\t<time datetime=\"2026-03-19\">\n\t\t\t<span class=\"tribe-event-date-start\">March 19 @ 8:00 am<\/span> - <span class=\"tribe-event-date-end\">April 17 @ 5:00 pm<\/span>\t\t<\/time>\n\t\t<\/div>\n\t\t<h3  class=\"tribe-events-calendar-month-mobile-events__mobile-event-title tribe-common-h7\" >\n\t<a\n\t\thref=\"https:\/\/fundacioncajaruraldelsur.com\/pt\/evento\/exposicion-fotografica-de-felix-vazquez-por-casualidad\/\"\n\t\ttitle=\"Exposici\u00f3n fotogr\u00e1fica de F\u00e9lix V\u00e1zquez: \u00abPor Casualidad\u00bb\"\n\t\trel=\"bookmark\"\n\t\tclass=\"tribe-events-calendar-month-mobile-events__mobile-event-title-link tribe-common-anchor\"\n\t>\n\t\tExposici\u00f3n fotogr\u00e1fica de F\u00e9lix V\u00e1zquez: \u00abPor Casualidad\u00bb\t<\/a>\n<\/h3>\n\t\t\n\t<\/div>\n<\/article>\n\n\t\t\t\t\t\n\t\t\t\n\t\t\t\n\t\t\t\n<article  class=\"tribe-events-calendar-month-mobile-events__mobile-event post-10001122 tribe_events type-tribe_events status-publish hentry\" >\n\n\t\n\t<div class=\"tribe-events-calendar-month-mobile-events__mobile-event-details\">\n\n\t\t<div class=\"tribe-events-calendar-month-mobile-events__mobile-event-datetime tribe-common-b2\">\n\t\t\t\t<time datetime=\"2026-03-19\">\n\t\t\t<span class=\"tribe-event-date-start\">March 19 @ 7:00 pm<\/span> - <span class=\"tribe-event-date-end\">April 17 @ 9:00 pm<\/span>\t\t<\/time>\n\t\t<\/div>\n\t\t<h3  class=\"tribe-events-calendar-month-mobile-events__mobile-event-title tribe-common-h7\" >\n\t<a\n\t\thref=\"https:\/\/fundacioncajaruraldelsur.com\/pt\/evento\/i-certamen-de-pintura-y-escultura-alfonso-aramburu-terrades-2\/\"\n\t\ttitle=\"I Certamen de Pintura y Escultura \u00abAlfonso Aramburu Terrades\u00bb\"\n\t\trel=\"bookmark\"\n\t\tclass=\"tribe-events-calendar-month-mobile-events__mobile-event-title-link tribe-common-anchor\"\n\t>\n\t\tI Certamen de Pintura y Escultura \u00abAlfonso Aramburu Terrades\u00bb\t<\/a>\n<\/h3>\n\t\t\n\t<\/div>\n<\/article>\n\n\t\t\t\t\t\n\t\t\t\n\t\t\t\n\t\t\t\n<article  class=\"tribe-events-calendar-month-mobile-events__mobile-event post-10001127 tribe_events type-tribe_events status-publish hentry tribe_events_cat-exposiciones cat_exposiciones\" >\n\n\t\n\t<div class=\"tribe-events-calendar-month-mobile-events__mobile-event-details\">\n\n\t\t<div class=\"tribe-events-calendar-month-mobile-events__mobile-event-datetime tribe-common-b2\">\n\t\t\t\t<time datetime=\"2026-04-08\">\n\t\t\t<span class=\"tribe-event-date-start\">April 8 @ 11:00 am<\/span> - <span class=\"tribe-event-date-end\">April 24 @ 9:00 pm<\/span>\t\t<\/time>\n\t\t<\/div>\n\t\t<h3  class=\"tribe-events-calendar-month-mobile-events__mobile-event-title tribe-common-h7\" >\n\t<a\n\t\thref=\"https:\/\/fundacioncajaruraldelsur.com\/pt\/evento\/exposicion-de-fotografia-las-caras-de-huelva-ii-de-paco-gil\/\"\n\t\ttitle=\"Exposici\u00f3n de fotograf\u00eda: \u00abLas Caras de Huelva II\u00bb, de Paco Gil\"\n\t\trel=\"bookmark\"\n\t\tclass=\"tribe-events-calendar-month-mobile-events__mobile-event-title-link tribe-common-anchor\"\n\t>\n\t\tExposici\u00f3n de fotograf\u00eda: \u00abLas Caras de Huelva II\u00bb, de Paco Gil\t<\/a>\n<\/h3>\n\t\t\n\t<\/div>\n<\/article>\n\n\t\t\n\t\t\n\t<\/div>\n\n\t\n\t\t\n<div  class=\"tribe-events-calendar-month-mobile-events__mobile-day\"  id=\"tribe-events-calendar-mobile-day-2026-04-18\">\n\n\t\n\t\t\t\t\t\n\t\t\t<div class=\"tribe-events-c-day-marker tribe-events-calendar-month-mobile-events__day-marker\">\n\t<time\n\t\tclass=\"tribe-events-c-day-marker__date tribe-common-h7 tribe-common-h--alt\"\n\t\tdatetime=\"2026-04-08\"\n\t>\n\t\tApril 8\t<\/time>\n<\/div>\n\n\t\t\t\n\t\t\t\n<article  class=\"tribe-events-calendar-month-mobile-events__mobile-event post-10001127 tribe_events type-tribe_events status-publish hentry tribe_events_cat-exposiciones cat_exposiciones\" >\n\n\t\n\t<div class=\"tribe-events-calendar-month-mobile-events__mobile-event-details\">\n\n\t\t<div class=\"tribe-events-calendar-month-mobile-events__mobile-event-datetime tribe-common-b2\">\n\t\t\t\t<time datetime=\"2026-04-08\">\n\t\t\t<span class=\"tribe-event-date-start\">April 8 @ 11:00 am<\/span> - <span class=\"tribe-event-date-end\">April 24 @ 9:00 pm<\/span>\t\t<\/time>\n\t\t<\/div>\n\t\t<h3  class=\"tribe-events-calendar-month-mobile-events__mobile-event-title tribe-common-h7\" >\n\t<a\n\t\thref=\"https:\/\/fundacioncajaruraldelsur.com\/pt\/evento\/exposicion-de-fotografia-las-caras-de-huelva-ii-de-paco-gil\/\"\n\t\ttitle=\"Exposici\u00f3n de fotograf\u00eda: \u00abLas Caras de Huelva II\u00bb, de Paco Gil\"\n\t\trel=\"bookmark\"\n\t\tclass=\"tribe-events-calendar-month-mobile-events__mobile-event-title-link tribe-common-anchor\"\n\t>\n\t\tExposici\u00f3n de fotograf\u00eda: \u00abLas Caras de Huelva II\u00bb, de Paco Gil\t<\/a>\n<\/h3>\n\t\t\n\t<\/div>\n<\/article>\n\n\t\t\n\t\t\n\t<\/div>\n\n\t\n\t\t\n<div  class=\"tribe-events-calendar-month-mobile-events__mobile-day\"  id=\"tribe-events-calendar-mobile-day-2026-04-19\">\n\n\t\n\t\t\t\t\t\n\t\t\t<div class=\"tribe-events-c-day-marker tribe-events-calendar-month-mobile-events__day-marker\">\n\t<time\n\t\tclass=\"tribe-events-c-day-marker__date tribe-common-h7 tribe-common-h--alt\"\n\t\tdatetime=\"2026-04-08\"\n\t>\n\t\tApril 8\t<\/time>\n<\/div>\n\n\t\t\t\n\t\t\t\n<article  class=\"tribe-events-calendar-month-mobile-events__mobile-event post-10001127 tribe_events type-tribe_events status-publish hentry tribe_events_cat-exposiciones cat_exposiciones\" >\n\n\t\n\t<div class=\"tribe-events-calendar-month-mobile-events__mobile-event-details\">\n\n\t\t<div class=\"tribe-events-calendar-month-mobile-events__mobile-event-datetime tribe-common-b2\">\n\t\t\t\t<time datetime=\"2026-04-08\">\n\t\t\t<span class=\"tribe-event-date-start\">April 8 @ 11:00 am<\/span> - <span class=\"tribe-event-date-end\">April 24 @ 9:00 pm<\/span>\t\t<\/time>\n\t\t<\/div>\n\t\t<h3  class=\"tribe-events-calendar-month-mobile-events__mobile-event-title tribe-common-h7\" >\n\t<a\n\t\thref=\"https:\/\/fundacioncajaruraldelsur.com\/pt\/evento\/exposicion-de-fotografia-las-caras-de-huelva-ii-de-paco-gil\/\"\n\t\ttitle=\"Exposici\u00f3n de fotograf\u00eda: \u00abLas Caras de Huelva II\u00bb, de Paco Gil\"\n\t\trel=\"bookmark\"\n\t\tclass=\"tribe-events-calendar-month-mobile-events__mobile-event-title-link tribe-common-anchor\"\n\t>\n\t\tExposici\u00f3n de fotograf\u00eda: \u00abLas Caras de Huelva II\u00bb, de Paco Gil\t<\/a>\n<\/h3>\n\t\t\n\t<\/div>\n<\/article>\n\n\t\t\t\t\t\n\t\t\t\n\t\t\t\n\t\t\t\n<article  class=\"tribe-events-calendar-month-mobile-events__mobile-event post-10001136 tribe_events type-tribe_events status-publish has-post-thumbnail hentry tribe_events_cat-patrimonio-cultural cat_patrimonio-cultural\" >\n\n\t\n\t<div class=\"tribe-events-calendar-month-mobile-events__mobile-event-details\">\n\n\t\t<div class=\"tribe-events-calendar-month-mobile-events__mobile-event-datetime tribe-common-b2\">\n\t\t\t\t<time datetime=\"2026-04-19\">\n\t\t\t<span class=\"tribe-event-date-start\">April 19 @ 12:00 pm<\/span> - <span class=\"tribe-event-time\">5:00 pm<\/span>\t\t<\/time>\n\t\t<\/div>\n\t\t<h3  class=\"tribe-events-calendar-month-mobile-events__mobile-event-title tribe-common-h7\" >\n\t<a\n\t\thref=\"https:\/\/fundacioncajaruraldelsur.com\/pt\/evento\/xl-exhibicion-de-enganches-sevilla\/\"\n\t\ttitle=\"XL Exhibici\u00f3n de Enganches Sevilla\"\n\t\trel=\"bookmark\"\n\t\tclass=\"tribe-events-calendar-month-mobile-events__mobile-event-title-link tribe-common-anchor\"\n\t>\n\t\tXL Exhibici\u00f3n de Enganches Sevilla\t<\/a>\n<\/h3>\n\t\t\n\t<\/div>\n<\/article>\n\n\t\t\n\t\t\n\t<\/div>\n\n\t\n\t\t\n<div  class=\"tribe-events-calendar-month-mobile-events__mobile-day\"  id=\"tribe-events-calendar-mobile-day-2026-04-20\">\n\n\t\n\t\t\t\t\t\n\t\t\t<div class=\"tribe-events-c-day-marker tribe-events-calendar-month-mobile-events__day-marker\">\n\t<time\n\t\tclass=\"tribe-events-c-day-marker__date tribe-common-h7 tribe-common-h--alt\"\n\t\tdatetime=\"2026-04-08\"\n\t>\n\t\tApril 8\t<\/time>\n<\/div>\n\n\t\t\t\n\t\t\t\n<article  class=\"tribe-events-calendar-month-mobile-events__mobile-event post-10001127 tribe_events type-tribe_events status-publish hentry tribe_events_cat-exposiciones cat_exposiciones\" >\n\n\t\n\t<div class=\"tribe-events-calendar-month-mobile-events__mobile-event-details\">\n\n\t\t<div class=\"tribe-events-calendar-month-mobile-events__mobile-event-datetime tribe-common-b2\">\n\t\t\t\t<time datetime=\"2026-04-08\">\n\t\t\t<span class=\"tribe-event-date-start\">April 8 @ 11:00 am<\/span> - <span class=\"tribe-event-date-end\">April 24 @ 9:00 pm<\/span>\t\t<\/time>\n\t\t<\/div>\n\t\t<h3  class=\"tribe-events-calendar-month-mobile-events__mobile-event-title tribe-common-h7\" >\n\t<a\n\t\thref=\"https:\/\/fundacioncajaruraldelsur.com\/pt\/evento\/exposicion-de-fotografia-las-caras-de-huelva-ii-de-paco-gil\/\"\n\t\ttitle=\"Exposici\u00f3n de fotograf\u00eda: \u00abLas Caras de Huelva II\u00bb, de Paco Gil\"\n\t\trel=\"bookmark\"\n\t\tclass=\"tribe-events-calendar-month-mobile-events__mobile-event-title-link tribe-common-anchor\"\n\t>\n\t\tExposici\u00f3n de fotograf\u00eda: \u00abLas Caras de Huelva II\u00bb, de Paco Gil\t<\/a>\n<\/h3>\n\t\t\n\t<\/div>\n<\/article>\n\n\t\t\n\t\t\n\t<\/div>\n\n\t\n\t\t\n<div  class=\"tribe-events-calendar-month-mobile-events__mobile-day\"  id=\"tribe-events-calendar-mobile-day-2026-04-21\">\n\n\t\n\t\t\t\t\t\n\t\t\t<div class=\"tribe-events-c-day-marker tribe-events-calendar-month-mobile-events__day-marker\">\n\t<time\n\t\tclass=\"tribe-events-c-day-marker__date tribe-common-h7 tribe-common-h--alt\"\n\t\tdatetime=\"2026-04-08\"\n\t>\n\t\tApril 8\t<\/time>\n<\/div>\n\n\t\t\t\n\t\t\t\n<article  class=\"tribe-events-calendar-month-mobile-events__mobile-event post-10001127 tribe_events type-tribe_events status-publish hentry tribe_events_cat-exposiciones cat_exposiciones\" >\n\n\t\n\t<div class=\"tribe-events-calendar-month-mobile-events__mobile-event-details\">\n\n\t\t<div class=\"tribe-events-calendar-month-mobile-events__mobile-event-datetime tribe-common-b2\">\n\t\t\t\t<time datetime=\"2026-04-08\">\n\t\t\t<span class=\"tribe-event-date-start\">April 8 @ 11:00 am<\/span> - <span class=\"tribe-event-date-end\">April 24 @ 9:00 pm<\/span>\t\t<\/time>\n\t\t<\/div>\n\t\t<h3  class=\"tribe-events-calendar-month-mobile-events__mobile-event-title tribe-common-h7\" >\n\t<a\n\t\thref=\"https:\/\/fundacioncajaruraldelsur.com\/pt\/evento\/exposicion-de-fotografia-las-caras-de-huelva-ii-de-paco-gil\/\"\n\t\ttitle=\"Exposici\u00f3n de fotograf\u00eda: \u00abLas Caras de Huelva II\u00bb, de Paco Gil\"\n\t\trel=\"bookmark\"\n\t\tclass=\"tribe-events-calendar-month-mobile-events__mobile-event-title-link tribe-common-anchor\"\n\t>\n\t\tExposici\u00f3n de fotograf\u00eda: \u00abLas Caras de Huelva II\u00bb, de Paco Gil\t<\/a>\n<\/h3>\n\t\t\n\t<\/div>\n<\/article>\n\n\t\t\n\t\t\n\t<\/div>\n\n\t\n\t\t\n<div  class=\"tribe-events-calendar-month-mobile-events__mobile-day\"  id=\"tribe-events-calendar-mobile-day-2026-04-22\">\n\n\t\n\t\t\t\t\t\n\t\t\t<div class=\"tribe-events-c-day-marker tribe-events-calendar-month-mobile-events__day-marker\">\n\t<time\n\t\tclass=\"tribe-events-c-day-marker__date tribe-common-h7 tribe-common-h--alt\"\n\t\tdatetime=\"2026-04-08\"\n\t>\n\t\tApril 8\t<\/time>\n<\/div>\n\n\t\t\t\n\t\t\t\n<article  class=\"tribe-events-calendar-month-mobile-events__mobile-event post-10001127 tribe_events type-tribe_events status-publish hentry tribe_events_cat-exposiciones cat_exposiciones\" >\n\n\t\n\t<div class=\"tribe-events-calendar-month-mobile-events__mobile-event-details\">\n\n\t\t<div class=\"tribe-events-calendar-month-mobile-events__mobile-event-datetime tribe-common-b2\">\n\t\t\t\t<time datetime=\"2026-04-08\">\n\t\t\t<span class=\"tribe-event-date-start\">April 8 @ 11:00 am<\/span> - <span class=\"tribe-event-date-end\">April 24 @ 9:00 pm<\/span>\t\t<\/time>\n\t\t<\/div>\n\t\t<h3  class=\"tribe-events-calendar-month-mobile-events__mobile-event-title tribe-common-h7\" >\n\t<a\n\t\thref=\"https:\/\/fundacioncajaruraldelsur.com\/pt\/evento\/exposicion-de-fotografia-las-caras-de-huelva-ii-de-paco-gil\/\"\n\t\ttitle=\"Exposici\u00f3n de fotograf\u00eda: \u00abLas Caras de Huelva II\u00bb, de Paco Gil\"\n\t\trel=\"bookmark\"\n\t\tclass=\"tribe-events-calendar-month-mobile-events__mobile-event-title-link tribe-common-anchor\"\n\t>\n\t\tExposici\u00f3n de fotograf\u00eda: \u00abLas Caras de Huelva II\u00bb, de Paco Gil\t<\/a>\n<\/h3>\n\t\t\n\t<\/div>\n<\/article>\n\n\t\t\n\t\t\n\t<\/div>\n\n\t\n\t\t\n<div  class=\"tribe-events-calendar-month-mobile-events__mobile-day\"  id=\"tribe-events-calendar-mobile-day-2026-04-23\">\n\n\t\n\t\t\t\t\t\n\t\t\t<div class=\"tribe-events-c-day-marker tribe-events-calendar-month-mobile-events__day-marker\">\n\t<time\n\t\tclass=\"tribe-events-c-day-marker__date tribe-common-h7 tribe-common-h--alt\"\n\t\tdatetime=\"2026-04-08\"\n\t>\n\t\tApril 8\t<\/time>\n<\/div>\n\n\t\t\t\n\t\t\t\n<article  class=\"tribe-events-calendar-month-mobile-events__mobile-event post-10001127 tribe_events type-tribe_events status-publish hentry tribe_events_cat-exposiciones cat_exposiciones\" >\n\n\t\n\t<div class=\"tribe-events-calendar-month-mobile-events__mobile-event-details\">\n\n\t\t<div class=\"tribe-events-calendar-month-mobile-events__mobile-event-datetime tribe-common-b2\">\n\t\t\t\t<time datetime=\"2026-04-08\">\n\t\t\t<span class=\"tribe-event-date-start\">April 8 @ 11:00 am<\/span> - <span class=\"tribe-event-date-end\">April 24 @ 9:00 pm<\/span>\t\t<\/time>\n\t\t<\/div>\n\t\t<h3  class=\"tribe-events-calendar-month-mobile-events__mobile-event-title tribe-common-h7\" >\n\t<a\n\t\thref=\"https:\/\/fundacioncajaruraldelsur.com\/pt\/evento\/exposicion-de-fotografia-las-caras-de-huelva-ii-de-paco-gil\/\"\n\t\ttitle=\"Exposici\u00f3n de fotograf\u00eda: \u00abLas Caras de Huelva II\u00bb, de Paco Gil\"\n\t\trel=\"bookmark\"\n\t\tclass=\"tribe-events-calendar-month-mobile-events__mobile-event-title-link tribe-common-anchor\"\n\t>\n\t\tExposici\u00f3n de fotograf\u00eda: \u00abLas Caras de Huelva II\u00bb, de Paco Gil\t<\/a>\n<\/h3>\n\t\t\n\t<\/div>\n<\/article>\n\n\t\t\t\t\t\n\t\t\t\n\t\t\t\n\t\t\t\n<article  class=\"tribe-events-calendar-month-mobile-events__mobile-event post-10001135 tribe_events type-tribe_events status-publish has-post-thumbnail hentry tribe_events_cat-exposicion cat_exposicion\" >\n\n\t\n\t<div class=\"tribe-events-calendar-month-mobile-events__mobile-event-details\">\n\n\t\t<div class=\"tribe-events-calendar-month-mobile-events__mobile-event-datetime tribe-common-b2\">\n\t\t\t\t<time datetime=\"2026-04-23\">\n\t\t\t<span class=\"tribe-event-date-start\">April 23 @ 11:00 am<\/span> - <span class=\"tribe-event-date-end\">May 15 @ 9:00 pm<\/span>\t\t<\/time>\n\t\t<\/div>\n\t\t<h3  class=\"tribe-events-calendar-month-mobile-events__mobile-event-title tribe-common-h7\" >\n\t<a\n\t\thref=\"https:\/\/fundacioncajaruraldelsur.com\/pt\/evento\/exposicion-obra-grafica-trazos-florales-de-gema-climent\/\"\n\t\ttitle=\"Exposici\u00f3n | Obra Gr\u00e1fica: \u00abTrazos florales\u00bb, de Gema Climent\"\n\t\trel=\"bookmark\"\n\t\tclass=\"tribe-events-calendar-month-mobile-events__mobile-event-title-link tribe-common-anchor\"\n\t>\n\t\tExposici\u00f3n | Obra Gr\u00e1fica: \u00abTrazos florales\u00bb, de Gema Climent\t<\/a>\n<\/h3>\n\t\t\n\t<\/div>\n<\/article>\n\n\t\t\n\t\t\n\t<\/div>\n\n\t\n\t\t\n<div  class=\"tribe-events-calendar-month-mobile-events__mobile-day\"  id=\"tribe-events-calendar-mobile-day-2026-04-24\">\n\n\t\n\t\t\t\t\t\n\t\t\t<div class=\"tribe-events-c-day-marker tribe-events-calendar-month-mobile-events__day-marker\">\n\t<time\n\t\tclass=\"tribe-events-c-day-marker__date tribe-common-h7 tribe-common-h--alt\"\n\t\tdatetime=\"2026-04-08\"\n\t>\n\t\tApril 8\t<\/time>\n<\/div>\n\n\t\t\t\n\t\t\t\n<article  class=\"tribe-events-calendar-month-mobile-events__mobile-event post-10001127 tribe_events type-tribe_events status-publish hentry tribe_events_cat-exposiciones cat_exposiciones\" >\n\n\t\n\t<div class=\"tribe-events-calendar-month-mobile-events__mobile-event-details\">\n\n\t\t<div class=\"tribe-events-calendar-month-mobile-events__mobile-event-datetime tribe-common-b2\">\n\t\t\t\t<time datetime=\"2026-04-08\">\n\t\t\t<span class=\"tribe-event-date-start\">April 8 @ 11:00 am<\/span> - <span class=\"tribe-event-date-end\">April 24 @ 9:00 pm<\/span>\t\t<\/time>\n\t\t<\/div>\n\t\t<h3  class=\"tribe-events-calendar-month-mobile-events__mobile-event-title tribe-common-h7\" >\n\t<a\n\t\thref=\"https:\/\/fundacioncajaruraldelsur.com\/pt\/evento\/exposicion-de-fotografia-las-caras-de-huelva-ii-de-paco-gil\/\"\n\t\ttitle=\"Exposici\u00f3n de fotograf\u00eda: \u00abLas Caras de Huelva II\u00bb, de Paco Gil\"\n\t\trel=\"bookmark\"\n\t\tclass=\"tribe-events-calendar-month-mobile-events__mobile-event-title-link tribe-common-anchor\"\n\t>\n\t\tExposici\u00f3n de fotograf\u00eda: \u00abLas Caras de Huelva II\u00bb, de Paco Gil\t<\/a>\n<\/h3>\n\t\t\n\t<\/div>\n<\/article>\n\n\t\t\t\t\t\n\t\t\t\n\t\t\t\n\t\t\t\n<article  class=\"tribe-events-calendar-month-mobile-events__mobile-event post-10001135 tribe_events type-tribe_events status-publish has-post-thumbnail hentry tribe_events_cat-exposicion cat_exposicion\" >\n\n\t\n\t<div class=\"tribe-events-calendar-month-mobile-events__mobile-event-details\">\n\n\t\t<div class=\"tribe-events-calendar-month-mobile-events__mobile-event-datetime tribe-common-b2\">\n\t\t\t\t<time datetime=\"2026-04-23\">\n\t\t\t<span class=\"tribe-event-date-start\">April 23 @ 11:00 am<\/span> - <span class=\"tribe-event-date-end\">May 15 @ 9:00 pm<\/span>\t\t<\/time>\n\t\t<\/div>\n\t\t<h3  class=\"tribe-events-calendar-month-mobile-events__mobile-event-title tribe-common-h7\" >\n\t<a\n\t\thref=\"https:\/\/fundacioncajaruraldelsur.com\/pt\/evento\/exposicion-obra-grafica-trazos-florales-de-gema-climent\/\"\n\t\ttitle=\"Exposici\u00f3n | Obra Gr\u00e1fica: \u00abTrazos florales\u00bb, de Gema Climent\"\n\t\trel=\"bookmark\"\n\t\tclass=\"tribe-events-calendar-month-mobile-events__mobile-event-title-link tribe-common-anchor\"\n\t>\n\t\tExposici\u00f3n | Obra Gr\u00e1fica: \u00abTrazos florales\u00bb, de Gema Climent\t<\/a>\n<\/h3>\n\t\t\n\t<\/div>\n<\/article>\n\n\t\t\n\t\t\n\t<\/div>\n\n\t\n\t\t\n<div  class=\"tribe-events-calendar-month-mobile-events__mobile-day\"  id=\"tribe-events-calendar-mobile-day-2026-04-25\">\n\n\t\n\t\t\t\t\t\n\t\t\t<div class=\"tribe-events-c-day-marker tribe-events-calendar-month-mobile-events__day-marker\">\n\t<time\n\t\tclass=\"tribe-events-c-day-marker__date tribe-common-h7 tribe-common-h--alt\"\n\t\tdatetime=\"2026-04-23\"\n\t>\n\t\tApril 23\t<\/time>\n<\/div>\n\n\t\t\t\n\t\t\t\n<article  class=\"tribe-events-calendar-month-mobile-events__mobile-event post-10001135 tribe_events type-tribe_events status-publish has-post-thumbnail hentry tribe_events_cat-exposicion cat_exposicion\" >\n\n\t\n\t<div class=\"tribe-events-calendar-month-mobile-events__mobile-event-details\">\n\n\t\t<div class=\"tribe-events-calendar-month-mobile-events__mobile-event-datetime tribe-common-b2\">\n\t\t\t\t<time datetime=\"2026-04-23\">\n\t\t\t<span class=\"tribe-event-date-start\">April 23 @ 11:00 am<\/span> - <span class=\"tribe-event-date-end\">May 15 @ 9:00 pm<\/span>\t\t<\/time>\n\t\t<\/div>\n\t\t<h3  class=\"tribe-events-calendar-month-mobile-events__mobile-event-title tribe-common-h7\" >\n\t<a\n\t\thref=\"https:\/\/fundacioncajaruraldelsur.com\/pt\/evento\/exposicion-obra-grafica-trazos-florales-de-gema-climent\/\"\n\t\ttitle=\"Exposici\u00f3n | Obra Gr\u00e1fica: \u00abTrazos florales\u00bb, de Gema Climent\"\n\t\trel=\"bookmark\"\n\t\tclass=\"tribe-events-calendar-month-mobile-events__mobile-event-title-link tribe-common-anchor\"\n\t>\n\t\tExposici\u00f3n | Obra Gr\u00e1fica: \u00abTrazos florales\u00bb, de Gema Climent\t<\/a>\n<\/h3>\n\t\t\n\t<\/div>\n<\/article>\n\n\t\t\t\t\t\n\t\t\t\n\t\t\t\n\t\t\t\n<article  class=\"tribe-events-calendar-month-mobile-events__mobile-event post-10001128 tribe_events type-tribe_events status-publish has-post-thumbnail hentry tribe_events_cat-jornadas cat_jornadas\" >\n\n\t\n\t<div class=\"tribe-events-calendar-month-mobile-events__mobile-event-details\">\n\n\t\t<div class=\"tribe-events-calendar-month-mobile-events__mobile-event-datetime tribe-common-b2\">\n\t\t\t\t<time datetime=\"2026-04-25\">\n\t\t\t<span class=\"tribe-event-date-start\">April 25 @ 8:00 am<\/span> - <span class=\"tribe-event-time\">2:30 pm<\/span>\t\t<\/time>\n\t\t<\/div>\n\t\t<h3  class=\"tribe-events-calendar-month-mobile-events__mobile-event-title tribe-common-h7\" >\n\t<a\n\t\thref=\"https:\/\/fundacioncajaruraldelsur.com\/pt\/evento\/xxiii-jornada-unidades-docentes-multiprofesionales-de-atencion-familiar-y-comunitaria-de-huelva\/\"\n\t\ttitle=\"XXIII JORNADA UNIDADES DOCENTES MULTIPROFESIONALES DE ATENCI\u00d3N FAMILIAR Y COMUNITARIA DE HUELVA\"\n\t\trel=\"bookmark\"\n\t\tclass=\"tribe-events-calendar-month-mobile-events__mobile-event-title-link tribe-common-anchor\"\n\t>\n\t\tXXIII JORNADA UNIDADES DOCENTES MULTIPROFESIONALES DE ATENCI\u00d3N FAMILIAR Y COMUNITARIA DE HUELVA\t<\/a>\n<\/h3>\n\t\t\n\t<\/div>\n<\/article>\n\n\t\t\n\t\t\n\t<\/div>\n\n\t\n\t\t\n<div  class=\"tribe-events-calendar-month-mobile-events__mobile-day\"  id=\"tribe-events-calendar-mobile-day-2026-04-26\">\n\n\t\n\t\t\t\t\t\n\t\t\t<div class=\"tribe-events-c-day-marker tribe-events-calendar-month-mobile-events__day-marker\">\n\t<time\n\t\tclass=\"tribe-events-c-day-marker__date tribe-common-h7 tribe-common-h--alt\"\n\t\tdatetime=\"2026-04-23\"\n\t>\n\t\tApril 23\t<\/time>\n<\/div>\n\n\t\t\t\n\t\t\t\n<article  class=\"tribe-events-calendar-month-mobile-events__mobile-event post-10001135 tribe_events type-tribe_events status-publish has-post-thumbnail hentry tribe_events_cat-exposicion cat_exposicion\" >\n\n\t\n\t<div class=\"tribe-events-calendar-month-mobile-events__mobile-event-details\">\n\n\t\t<div class=\"tribe-events-calendar-month-mobile-events__mobile-event-datetime tribe-common-b2\">\n\t\t\t\t<time datetime=\"2026-04-23\">\n\t\t\t<span class=\"tribe-event-date-start\">April 23 @ 11:00 am<\/span> - <span class=\"tribe-event-date-end\">May 15 @ 9:00 pm<\/span>\t\t<\/time>\n\t\t<\/div>\n\t\t<h3  class=\"tribe-events-calendar-month-mobile-events__mobile-event-title tribe-common-h7\" >\n\t<a\n\t\thref=\"https:\/\/fundacioncajaruraldelsur.com\/pt\/evento\/exposicion-obra-grafica-trazos-florales-de-gema-climent\/\"\n\t\ttitle=\"Exposici\u00f3n | Obra Gr\u00e1fica: \u00abTrazos florales\u00bb, de Gema Climent\"\n\t\trel=\"bookmark\"\n\t\tclass=\"tribe-events-calendar-month-mobile-events__mobile-event-title-link tribe-common-anchor\"\n\t>\n\t\tExposici\u00f3n | Obra Gr\u00e1fica: \u00abTrazos florales\u00bb, de Gema Climent\t<\/a>\n<\/h3>\n\t\t\n\t<\/div>\n<\/article>\n\n\t\t\n\t\t\n\t<\/div>\n\n\t\n\t\t\n<div  class=\"tribe-events-calendar-month-mobile-events__mobile-day\"  id=\"tribe-events-calendar-mobile-day-2026-04-27\">\n\n\t\n\t\t\t\t\t\n\t\t\t<div class=\"tribe-events-c-day-marker tribe-events-calendar-month-mobile-events__day-marker\">\n\t<time\n\t\tclass=\"tribe-events-c-day-marker__date tribe-common-h7 tribe-common-h--alt\"\n\t\tdatetime=\"2026-04-23\"\n\t>\n\t\tApril 23\t<\/time>\n<\/div>\n\n\t\t\t\n\t\t\t\n<article  class=\"tribe-events-calendar-month-mobile-events__mobile-event post-10001135 tribe_events type-tribe_events status-publish has-post-thumbnail hentry tribe_events_cat-exposicion cat_exposicion\" >\n\n\t\n\t<div class=\"tribe-events-calendar-month-mobile-events__mobile-event-details\">\n\n\t\t<div class=\"tribe-events-calendar-month-mobile-events__mobile-event-datetime tribe-common-b2\">\n\t\t\t\t<time datetime=\"2026-04-23\">\n\t\t\t<span class=\"tribe-event-date-start\">April 23 @ 11:00 am<\/span> - <span class=\"tribe-event-date-end\">May 15 @ 9:00 pm<\/span>\t\t<\/time>\n\t\t<\/div>\n\t\t<h3  class=\"tribe-events-calendar-month-mobile-events__mobile-event-title tribe-common-h7\" >\n\t<a\n\t\thref=\"https:\/\/fundacioncajaruraldelsur.com\/pt\/evento\/exposicion-obra-grafica-trazos-florales-de-gema-climent\/\"\n\t\ttitle=\"Exposici\u00f3n | Obra Gr\u00e1fica: \u00abTrazos florales\u00bb, de Gema Climent\"\n\t\trel=\"bookmark\"\n\t\tclass=\"tribe-events-calendar-month-mobile-events__mobile-event-title-link tribe-common-anchor\"\n\t>\n\t\tExposici\u00f3n | Obra Gr\u00e1fica: \u00abTrazos florales\u00bb, de Gema Climent\t<\/a>\n<\/h3>\n\t\t\n\t<\/div>\n<\/article>\n\n\t\t\n\t\t\n\t<\/div>\n\n\t\n\t\t\n<div  class=\"tribe-events-calendar-month-mobile-events__mobile-day tribe-events-calendar-month-mobile-events__mobile-day--show\"  id=\"tribe-events-calendar-mobile-day-2026-04-28\">\n\n\t\n\t\t\t\t\t\n\t\t\t<div class=\"tribe-events-c-day-marker tribe-events-calendar-month-mobile-events__day-marker\">\n\t<time\n\t\tclass=\"tribe-events-c-day-marker__date tribe-common-h7 tribe-common-h--alt\"\n\t\tdatetime=\"2026-04-23\"\n\t>\n\t\tApril 23\t<\/time>\n<\/div>\n\n\t\t\t\n\t\t\t\n<article  class=\"tribe-events-calendar-month-mobile-events__mobile-event post-10001135 tribe_events type-tribe_events status-publish has-post-thumbnail hentry tribe_events_cat-exposicion cat_exposicion\" >\n\n\t\n\t<div class=\"tribe-events-calendar-month-mobile-events__mobile-event-details\">\n\n\t\t<div class=\"tribe-events-calendar-month-mobile-events__mobile-event-datetime tribe-common-b2\">\n\t\t\t\t<time datetime=\"2026-04-23\">\n\t\t\t<span class=\"tribe-event-date-start\">April 23 @ 11:00 am<\/span> - <span class=\"tribe-event-date-end\">May 15 @ 9:00 pm<\/span>\t\t<\/time>\n\t\t<\/div>\n\t\t<h3  class=\"tribe-events-calendar-month-mobile-events__mobile-event-title tribe-common-h7\" >\n\t<a\n\t\thref=\"https:\/\/fundacioncajaruraldelsur.com\/pt\/evento\/exposicion-obra-grafica-trazos-florales-de-gema-climent\/\"\n\t\ttitle=\"Exposici\u00f3n | Obra Gr\u00e1fica: \u00abTrazos florales\u00bb, de Gema Climent\"\n\t\trel=\"bookmark\"\n\t\tclass=\"tribe-events-calendar-month-mobile-events__mobile-event-title-link tribe-common-anchor\"\n\t>\n\t\tExposici\u00f3n | Obra Gr\u00e1fica: \u00abTrazos florales\u00bb, de Gema Climent\t<\/a>\n<\/h3>\n\t\t\n\t<\/div>\n<\/article>\n\n\t\t\n\t\t\n\t<\/div>\n\n\t\n\t\t\n<div  class=\"tribe-events-calendar-month-mobile-events__mobile-day\"  id=\"tribe-events-calendar-mobile-day-2026-04-29\">\n\n\t\n\t\t\t\t\t\n\t\t\t<div class=\"tribe-events-c-day-marker tribe-events-calendar-month-mobile-events__day-marker\">\n\t<time\n\t\tclass=\"tribe-events-c-day-marker__date tribe-common-h7 tribe-common-h--alt\"\n\t\tdatetime=\"2026-04-23\"\n\t>\n\t\tApril 23\t<\/time>\n<\/div>\n\n\t\t\t\n\t\t\t\n<article  class=\"tribe-events-calendar-month-mobile-events__mobile-event post-10001135 tribe_events type-tribe_events status-publish has-post-thumbnail hentry tribe_events_cat-exposicion cat_exposicion\" >\n\n\t\n\t<div class=\"tribe-events-calendar-month-mobile-events__mobile-event-details\">\n\n\t\t<div class=\"tribe-events-calendar-month-mobile-events__mobile-event-datetime tribe-common-b2\">\n\t\t\t\t<time datetime=\"2026-04-23\">\n\t\t\t<span class=\"tribe-event-date-start\">April 23 @ 11:00 am<\/span> - <span class=\"tribe-event-date-end\">May 15 @ 9:00 pm<\/span>\t\t<\/time>\n\t\t<\/div>\n\t\t<h3  class=\"tribe-events-calendar-month-mobile-events__mobile-event-title tribe-common-h7\" >\n\t<a\n\t\thref=\"https:\/\/fundacioncajaruraldelsur.com\/pt\/evento\/exposicion-obra-grafica-trazos-florales-de-gema-climent\/\"\n\t\ttitle=\"Exposici\u00f3n | Obra Gr\u00e1fica: \u00abTrazos florales\u00bb, de Gema Climent\"\n\t\trel=\"bookmark\"\n\t\tclass=\"tribe-events-calendar-month-mobile-events__mobile-event-title-link tribe-common-anchor\"\n\t>\n\t\tExposici\u00f3n | Obra Gr\u00e1fica: \u00abTrazos florales\u00bb, de Gema Climent\t<\/a>\n<\/h3>\n\t\t\n\t<\/div>\n<\/article>\n\n\t\t\n\t\t\n\t<\/div>\n\n\t\n\t\t\n<div  class=\"tribe-events-calendar-month-mobile-events__mobile-day\"  id=\"tribe-events-calendar-mobile-day-2026-04-30\">\n\n\t\n\t\t\t\t\t\n\t\t\t<div class=\"tribe-events-c-day-marker tribe-events-calendar-month-mobile-events__day-marker\">\n\t<time\n\t\tclass=\"tribe-events-c-day-marker__date tribe-common-h7 tribe-common-h--alt\"\n\t\tdatetime=\"2026-04-23\"\n\t>\n\t\tApril 23\t<\/time>\n<\/div>\n\n\t\t\t\n\t\t\t\n<article  class=\"tribe-events-calendar-month-mobile-events__mobile-event post-10001135 tribe_events type-tribe_events status-publish has-post-thumbnail hentry tribe_events_cat-exposicion cat_exposicion\" >\n\n\t\n\t<div class=\"tribe-events-calendar-month-mobile-events__mobile-event-details\">\n\n\t\t<div class=\"tribe-events-calendar-month-mobile-events__mobile-event-datetime tribe-common-b2\">\n\t\t\t\t<time datetime=\"2026-04-23\">\n\t\t\t<span class=\"tribe-event-date-start\">April 23 @ 11:00 am<\/span> - <span class=\"tribe-event-date-end\">May 15 @ 9:00 pm<\/span>\t\t<\/time>\n\t\t<\/div>\n\t\t<h3  class=\"tribe-events-calendar-month-mobile-events__mobile-event-title tribe-common-h7\" >\n\t<a\n\t\thref=\"https:\/\/fundacioncajaruraldelsur.com\/pt\/evento\/exposicion-obra-grafica-trazos-florales-de-gema-climent\/\"\n\t\ttitle=\"Exposici\u00f3n | Obra Gr\u00e1fica: \u00abTrazos florales\u00bb, de Gema Climent\"\n\t\trel=\"bookmark\"\n\t\tclass=\"tribe-events-calendar-month-mobile-events__mobile-event-title-link tribe-common-anchor\"\n\t>\n\t\tExposici\u00f3n | Obra Gr\u00e1fica: \u00abTrazos florales\u00bb, de Gema Climent\t<\/a>\n<\/h3>\n\t\t\n\t<\/div>\n<\/article>\n\n\t\t\n\t\t\n\t<\/div>\n\n\t\n\t\t\n<div  class=\"tribe-events-calendar-month-mobile-events__mobile-day\"  id=\"tribe-events-calendar-mobile-day-2026-05-1\">\n\n\t\n\t\t\t\t\t\n\t\t\t<div class=\"tribe-events-c-day-marker tribe-events-calendar-month-mobile-events__day-marker\">\n\t<time\n\t\tclass=\"tribe-events-c-day-marker__date tribe-common-h7 tribe-common-h--alt\"\n\t\tdatetime=\"2026-04-23\"\n\t>\n\t\tApril 23\t<\/time>\n<\/div>\n\n\t\t\t\n\t\t\t\n<article  class=\"tribe-events-calendar-month-mobile-events__mobile-event post-10001135 tribe_events type-tribe_events status-publish has-post-thumbnail hentry tribe_events_cat-exposicion cat_exposicion\" >\n\n\t\n\t<div class=\"tribe-events-calendar-month-mobile-events__mobile-event-details\">\n\n\t\t<div class=\"tribe-events-calendar-month-mobile-events__mobile-event-datetime tribe-common-b2\">\n\t\t\t\t<time datetime=\"2026-04-23\">\n\t\t\t<span class=\"tribe-event-date-start\">April 23 @ 11:00 am<\/span> - <span class=\"tribe-event-date-end\">May 15 @ 9:00 pm<\/span>\t\t<\/time>\n\t\t<\/div>\n\t\t<h3  class=\"tribe-events-calendar-month-mobile-events__mobile-event-title tribe-common-h7\" >\n\t<a\n\t\thref=\"https:\/\/fundacioncajaruraldelsur.com\/pt\/evento\/exposicion-obra-grafica-trazos-florales-de-gema-climent\/\"\n\t\ttitle=\"Exposici\u00f3n | Obra Gr\u00e1fica: \u00abTrazos florales\u00bb, de Gema Climent\"\n\t\trel=\"bookmark\"\n\t\tclass=\"tribe-events-calendar-month-mobile-events__mobile-event-title-link tribe-common-anchor\"\n\t>\n\t\tExposici\u00f3n | Obra Gr\u00e1fica: \u00abTrazos florales\u00bb, de Gema Climent\t<\/a>\n<\/h3>\n\t\t\n\t<\/div>\n<\/article>\n\n\t\t\n\t\t\n\t<\/div>\n\n\t\n\t\t\n<div  class=\"tribe-events-calendar-month-mobile-events__mobile-day\"  id=\"tribe-events-calendar-mobile-day-2026-05-2\">\n\n\t\n\t\t\t\t\t\n\t\t\t<div class=\"tribe-events-c-day-marker tribe-events-calendar-month-mobile-events__day-marker\">\n\t<time\n\t\tclass=\"tribe-events-c-day-marker__date tribe-common-h7 tribe-common-h--alt\"\n\t\tdatetime=\"2026-04-23\"\n\t>\n\t\tApril 23\t<\/time>\n<\/div>\n\n\t\t\t\n\t\t\t\n<article  class=\"tribe-events-calendar-month-mobile-events__mobile-event post-10001135 tribe_events type-tribe_events status-publish has-post-thumbnail hentry tribe_events_cat-exposicion cat_exposicion\" >\n\n\t\n\t<div class=\"tribe-events-calendar-month-mobile-events__mobile-event-details\">\n\n\t\t<div class=\"tribe-events-calendar-month-mobile-events__mobile-event-datetime tribe-common-b2\">\n\t\t\t\t<time datetime=\"2026-04-23\">\n\t\t\t<span class=\"tribe-event-date-start\">April 23 @ 11:00 am<\/span> - <span class=\"tribe-event-date-end\">May 15 @ 9:00 pm<\/span>\t\t<\/time>\n\t\t<\/div>\n\t\t<h3  class=\"tribe-events-calendar-month-mobile-events__mobile-event-title tribe-common-h7\" >\n\t<a\n\t\thref=\"https:\/\/fundacioncajaruraldelsur.com\/pt\/evento\/exposicion-obra-grafica-trazos-florales-de-gema-climent\/\"\n\t\ttitle=\"Exposici\u00f3n | Obra Gr\u00e1fica: \u00abTrazos florales\u00bb, de Gema Climent\"\n\t\trel=\"bookmark\"\n\t\tclass=\"tribe-events-calendar-month-mobile-events__mobile-event-title-link tribe-common-anchor\"\n\t>\n\t\tExposici\u00f3n | Obra Gr\u00e1fica: \u00abTrazos florales\u00bb, de Gema Climent\t<\/a>\n<\/h3>\n\t\t\n\t<\/div>\n<\/article>\n\n\t\t\n\t\t\n\t<\/div>\n\n\t\n\t\t\n<div  class=\"tribe-events-calendar-month-mobile-events__mobile-day\"  id=\"tribe-events-calendar-mobile-day-2026-05-3\">\n\n\t\n\t\t\t\t\t\n\t\t\t<div class=\"tribe-events-c-day-marker tribe-events-calendar-month-mobile-events__day-marker\">\n\t<time\n\t\tclass=\"tribe-events-c-day-marker__date tribe-common-h7 tribe-common-h--alt\"\n\t\tdatetime=\"2026-04-23\"\n\t>\n\t\tApril 23\t<\/time>\n<\/div>\n\n\t\t\t\n\t\t\t\n<article  class=\"tribe-events-calendar-month-mobile-events__mobile-event post-10001135 tribe_events type-tribe_events status-publish has-post-thumbnail hentry tribe_events_cat-exposicion cat_exposicion\" >\n\n\t\n\t<div class=\"tribe-events-calendar-month-mobile-events__mobile-event-details\">\n\n\t\t<div class=\"tribe-events-calendar-month-mobile-events__mobile-event-datetime tribe-common-b2\">\n\t\t\t\t<time datetime=\"2026-04-23\">\n\t\t\t<span class=\"tribe-event-date-start\">April 23 @ 11:00 am<\/span> - <span class=\"tribe-event-date-end\">May 15 @ 9:00 pm<\/span>\t\t<\/time>\n\t\t<\/div>\n\t\t<h3  class=\"tribe-events-calendar-month-mobile-events__mobile-event-title tribe-common-h7\" >\n\t<a\n\t\thref=\"https:\/\/fundacioncajaruraldelsur.com\/pt\/evento\/exposicion-obra-grafica-trazos-florales-de-gema-climent\/\"\n\t\ttitle=\"Exposici\u00f3n | Obra Gr\u00e1fica: \u00abTrazos florales\u00bb, de Gema Climent\"\n\t\trel=\"bookmark\"\n\t\tclass=\"tribe-events-calendar-month-mobile-events__mobile-event-title-link tribe-common-anchor\"\n\t>\n\t\tExposici\u00f3n | Obra Gr\u00e1fica: \u00abTrazos florales\u00bb, de Gema Climent\t<\/a>\n<\/h3>\n\t\t\n\t<\/div>\n<\/article>\n\n\t\t\n\t\t\n\t<\/div>\n\n\t\n\t\n<\/section>\n\n\t\t\n\t\t<div class=\"tribe-common-b1 tribe-common-b2--min-medium tribe-events-widget-events-month__view-more\">\n\t<a\n\t\thref=\"https:\/\/fundacioncajaruraldelsur.com\/pt\/eventos\/\"\n\t\tclass=\"tribe-common-anchor-thin tribe-events-widget-events-month__view-more-link\"\n\t\ttitle=\"Ver mais eventos.\"\n\t>\n\t\tVer calend\u00e1rio\t<\/a>\n<\/div>\n\n\t<\/section>\n\n<\/div>\n\n<script data-js='tribe-events-view-nonce-data' type='application\/json'>{\"tvn1\":\"26fcef1103\",\"tvn2\":\"\"}<\/script>\n<\/div>\n<\/div><\/section><section id=\"nav_menu-2\" class=\"widget widget_nav_menu\"><div class=\"widget-inner\"><h3 class=\"widget-title\">COMPROMISO<\/h3><div class=\"menu-compromiso-container\"><ul id=\"menu-compromiso\" class=\"menu\"><li id=\"menu-item-2488\" class=\"menu-item menu-item-type-post_type menu-item-object-page menu-item-2488\"><a href=\"https:\/\/fundacioncajaruraldelsur.com\/pt\/labor-social\/\">LABOR SOCIAL<\/a><\/li>\n<li id=\"menu-item-2487\" class=\"menu-item menu-item-type-post_type menu-item-object-page menu-item-2487\"><a href=\"https:\/\/fundacioncajaruraldelsur.com\/pt\/labor-cultural\/\">LABOR CULTURAL<\/a><\/li>\n<li id=\"menu-item-2486\" class=\"menu-item menu-item-type-post_type menu-item-object-page menu-item-2486\"><a href=\"https:\/\/fundacioncajaruraldelsur.com\/pt\/labor-cientifica-e-investigacion\/\">LABOR CIENT\u00cdFICA E INVESTIGACI\u00d3N<\/a><\/li>\n<li id=\"menu-item-2485\" class=\"menu-item menu-item-type-post_type menu-item-object-page menu-item-2485\"><a href=\"https:\/\/fundacioncajaruraldelsur.com\/pt\/labor-agroalimentaria\/\">LABOR AGROALIMENTARIA<\/a><\/li>\n<li id=\"menu-item-2489\" class=\"menu-item menu-item-type-post_type menu-item-object-page menu-item-2489\"><a href=\"https:\/\/fundacioncajaruraldelsur.com\/pt\/publicaciones\/\">PUBLICACIONES<\/a><\/li>\n<\/ul><\/div><\/div><\/section>\n\t\t<section id=\"recent-posts-4\" class=\"widget widget_recent_entries\"><div class=\"widget-inner\">\n\t\t<h3 class=\"widget-title\">Recent Posts<\/h3>\n\t\t<ul>\n\t\t\t\t\t\t\t\t\t\t\t<li>\n\t\t\t\t\t<a href=\"https:\/\/fundacioncajaruraldelsur.com\/pt\/caja-rural-del-sur-apoya-a-la-xxxii-feria-agroganadera-de-pozoblanco-y-xxii-feria-agroalimentaria-del-valle-de-los-pedroches\/\">Caja Rural del Sur apoya a la XXXII Feria Agroganadera de Pozoblanco y XXII Feria Agroalimentaria del Valle de Los Pedroches<\/a>\n\t\t\t\t\t\t\t\t\t\t\t<span class=\"post-date\">21 April, 2026<\/span>\n\t\t\t\t\t\t\t\t\t<\/li>\n\t\t\t\t\t\t\t\t\t\t\t<li>\n\t\t\t\t\t<a href=\"https:\/\/fundacioncajaruraldelsur.com\/pt\/presentacion-en-caja-rural-del-sur-de-la-xl-exhibicion-de-enganches-y-la-xii-concurso-internacional-de-enganches-de-tradicion-ciat\/\">Presentaci\u00f3n en Caja Rural del Sur de la XL Exhibici\u00f3n de Enganches y la XII Concurso Internacional de Enganches de Tradici\u00f3n (CIAT)<\/a>\n\t\t\t\t\t\t\t\t\t\t\t<span class=\"post-date\">21 April, 2026<\/span>\n\t\t\t\t\t\t\t\t\t<\/li>\n\t\t\t\t\t\t\t\t\t\t\t<li>\n\t\t\t\t\t<a href=\"https:\/\/fundacioncajaruraldelsur.com\/pt\/la-fundacion-caja-rural-del-sur-en-sevilla-acoge-la-presentacion-de-la-novela-de-donana-de-juan-villa\/\">La Fundaci\u00f3n Caja Rural del Sur en Sevilla acoge la presentaci\u00f3n de \u00abLa novela de Do\u00f1ana\u00bb de Juan Villa<\/a>\n\t\t\t\t\t\t\t\t\t\t\t<span class=\"post-date\">21 April, 2026<\/span>\n\t\t\t\t\t\t\t\t\t<\/li>\n\t\t\t\t\t\t\t\t\t\t\t<li>\n\t\t\t\t\t<a href=\"https:\/\/fundacioncajaruraldelsur.com\/pt\/presentado-en-sevilla-el-libro-versos-toreros-de-carlos-urquijo-herraiz-una-mirada-poetica-a-la-tradicion-taurina\/\">Presentado en Sevilla el libro Versos Toreros, de Carlos Urquijo Herraiz, una mirada po\u00e9tica a la tradici\u00f3n taurina<\/a>\n\t\t\t\t\t\t\t\t\t\t\t<span class=\"post-date\">14 April, 2026<\/span>\n\t\t\t\t\t\t\t\t\t<\/li>\n\t\t\t\t\t\t\t\t\t\t\t<li>\n\t\t\t\t\t<a href=\"https:\/\/fundacioncajaruraldelsur.com\/pt\/la-exposicion-fotografica-las-caras-de-huelva-2-reune-a-51-protagonistas-de-la-sociedad-de-huelva\/\">La exposici\u00f3n fotogr\u00e1fica &#8216;Las Caras de Huelva 2&#8217; re\u00fane a 51 protagonistas de la sociedad de Huelva<\/a>\n\t\t\t\t\t\t\t\t\t\t\t<span class=\"post-date\">9 April, 2026<\/span>\n\t\t\t\t\t\t\t\t\t<\/li>\n\t\t\t\t\t\t\t\t\t\t\t<li>\n\t\t\t\t\t<a href=\"https:\/\/fundacioncajaruraldelsur.com\/pt\/san-telmo-reune-en-sevilla-a-los-principales-lideres-del-sector-agroindustrial-con-la-colaboracion-de-la-fundacion-caja-rural-del-sur\/\">San Telmo re\u00fane en Sevilla a los principales l\u00edderes del sector agroindustrial con la colaboraci\u00f3n de la Fundaci\u00f3n Caja Rural del Sur<\/a>\n\t\t\t\t\t\t\t\t\t\t\t<span class=\"post-date\">8 April, 2026<\/span>\n\t\t\t\t\t\t\t\t\t<\/li>\n\t\t\t\t\t\t\t\t\t\t\t<li>\n\t\t\t\t\t<a href=\"https:\/\/fundacioncajaruraldelsur.com\/pt\/caja-rural-del-sur-y-su-fundacion-impulsan-el-deporte-en-huelva-con-el-premio-al-mejor-punto-en-el-europeo-de-badminton-2026\/\">Caja Rural del Sur y su Fundaci\u00f3n impulsan el deporte en Huelva con el Premio al Mejor Punto en el Europeo de B\u00e1dminton 2026<\/a>\n\t\t\t\t\t\t\t\t\t\t\t<span class=\"post-date\">8 April, 2026<\/span>\n\t\t\t\t\t\t\t\t\t<\/li>\n\t\t\t\t\t<\/ul>\n\n\t\t<\/div><\/section>\n\t\t<\/div>\n\t<\/div>\n<\/div><\/div><\/div><div class=\"wpb_column vc_column_container vc_col-sm-8\"><div class=\"vc_column-inner\"><div class=\"wpb_wrapper\">\n\t<div class=\"wpb_text_column wpb_content_element\" >\n\t\t<div class=\"wpb_wrapper\">\n\t\t\t<style type='text\/css' media='all'>#rt-tpg-container-3089053970 .rt-holder .rt-woo-info .price{color:#00b2a6;}body .rt-tpg-container .rt-tpg-isotope-buttons .selected,\n\t\t\t\t\t#rt-tpg-container-3089053970 .layout12 .rt-holder:hover .rt-detail,\n\t\t\t\t\t#rt-tpg-container-3089053970 .isotope8 .rt-holder:hover .rt-detail,\n\t\t\t\t\t#rt-tpg-container-3089053970 .carousel8 .rt-holder:hover .rt-detail,\n\t\t\t\t\t#rt-tpg-container-3089053970 .layout13 .rt-holder .overlay .post-info,\n\t\t\t\t\t#rt-tpg-container-3089053970 .isotope9 .rt-holder .overlay .post-info,\n\t\t\t\t\t#rt-tpg-container-3089053970.rt-tpg-container .layout4 .rt-holder .rt-detail,\n\t\t\t\t\t.rt-modal-3089053970 .md-content,\n\t\t\t\t\t.rt-modal-3089053970 .md-content > .rt-md-content-holder .rt-md-content,\n\t\t\t\t\t.rt-popup-wrap-3089053970.rt-popup-wrap .rt-popup-navigation-wrap,\n\t\t\t\t\t#rt-tpg-container-3089053970 .carousel9 .rt-holder .overlay .post-info{background-color:#00b2a6;}#rt-tpg-container-3089053970 .layout5 .rt-holder .overlay, #rt-tpg-container-3089053970 .isotope2 .rt-holder .overlay, #rt-tpg-container-3089053970 .carousel2 .rt-holder .overlay,#rt-tpg-container-3089053970 .layout15 .rt-holder h3, #rt-tpg-container-3089053970 .isotope11 .rt-holder h3, #rt-tpg-container-3089053970 .carousel11 .rt-holder h3, #rt-tpg-container-3089053970 .layout16 .rt-holder h3,\n\t\t\t\t\t#rt-tpg-container-3089053970 .isotope12 .rt-holder h3, #rt-tpg-container-3089053970 .carousel12 .rt-holder h3 {background-color:rgba(0,178,166,0.8);}#rt-tpg-container-3089053970 .pagination-list li a,\n\t\t\t\t\trt-tpg-container-3089053970 .pagination-list li span,\n\t\t\t\t\trt-tpg-container-3089053970 .pagination li a,\n\t\t\t\t\t#rt-tpg-container-3089053970 .rt-tpg-isotope-buttons button,\n\t\t\t\t\t#rt-tpg-container-3089053970 .rt-tpg-utility .rt-tpg-load-more button,\n\t\t\t\t\t#rt-tpg-container-3089053970.rt-tpg-container .swiper-navigation .slider-btn,\n\t\t\t\t\t#rt-tpg-container-3089053970.rt-tpg-container .swiper-pagination-bullet,\n\t\t\t\t\t#rt-tpg-container-3089053970 .wc1 .rt-holder .rt-img-holder .overlay .product-more ul li a,\n\t\t\t\t\t#rt-tpg-container-3089053970 .wc2 .rt-detail .rt-wc-add-to-cart,\n\t\t\t\t\t#rt-tpg-container-3089053970 .wc3 .rt-detail .rt-wc-add-to-cart,\n\t\t\t\t\t#rt-tpg-container-3089053970 .wc4 .rt-detail .rt-wc-add-to-cart,\n\t\t\t\t\t#rt-tpg-container-3089053970 .wc-carousel2 .rt-detail .rt-wc-add-to-cart,\n\t\t\t\t\t#rt-tpg-container-3089053970 .wc-isotope2 .rt-detail .rt-wc-add-to-cart,\n\t\t\t\t\t#rt-tpg-container-3089053970 .rt-layout-filter-container .rt-filter-wrap .rt-filter-item-wrap.rt-filter-dropdown-wrap .rt-filter-dropdown,\n\t\t\t\t\t#rt-tpg-container-3089053970 .rt-layout-filter-container .rt-filter-sub-tax.sub-button-group .rt-filter-button-item,\n\t\t\t\t\t#rt-tpg-container-3089053970.rt-tpg-container .rt-pagination-wrap .rt-page-numbers .paginationjs .paginationjs-pages ul li>a,\n\t\t\t\t\t#rt-tpg-container-3089053970 .rt-filter-item-wrap.rt-filter-button-wrap span.rt-filter-button-item,\n\t\t\t\t\t#rt-tpg-container-3089053970.rt-tpg-container .rt-pagination-wrap  .rt-loadmore-btn,\n\t\t\t\t\t#rt-tpg-container-3089053970.rt-tpg-container .rt-pagination-wrap .rt-cb-page-prev-next > *,\n\t\t\t\t\t#rt-tpg-container-3089053970 .rt-read-more,\n\t\t\t\t\t#rt-tooltip-3089053970, #rt-tooltip-3089053970 .rt-tooltip-bottom:after{background-color:#005a42;}#rt-tpg-container-3089053970 .rt-filter-item-wrap.rt-filter-button-wrap span.rt-filter-button-item,\n\t\t\t\t\t#rt-tpg-container-3089053970 .rt-layout-filter-container .rt-filter-sub-tax.sub-button-group .rt-filter-button-item{border-color:#005a42;}#rt-tpg-container-3089053970.rt-tpg-container .layout17 .rt-holder .overlay a.tpg-zoom .fa{color:#005a42;}#rt-tpg-container-3089053970 .rt-holder .read-more a {background-color:#005a42;padding: 8px 15px;}#rt-tpg-container-3089053970 .pagination-list li a,\n\t\t\t\t\t#rt-tpg-container-3089053970 .pagination li a,\n\t\t\t\t\t#rt-tpg-container-3089053970 .rt-tpg-isotope-buttons button,\n\t\t\t\t\t#rt-tpg-container-3089053970 .rt-holder .read-more a,\n\t\t\t\t\t#rt-tpg-container-3089053970 .rt-tpg-utility .rt-tpg-load-more button,\n\t\t\t\t\t#rt-tpg-container-3089053970.rt-tpg-container .swiper-navigation .slider-btn,\n\t\t\t\t\t#rt-tpg-container-3089053970 .wc1 .rt-holder .rt-img-holder .overlay .product-more ul li a,\n\t\t\t\t\t#rt-tpg-container-3089053970 .edd1 .rt-holder .rt-img-holder .overlay .product-more ul li a,\n\t\t\t\t\t#rt-tpg-container-3089053970 .wc2 .rt-detail .rt-wc-add-to-cart,\n\t\t\t\t\t#rt-tpg-container-3089053970 .wc3 .rt-detail .rt-wc-add-to-cart,\n\t\t\t\t\t#rt-tpg-container-3089053970 .edd2 .rt-detail .rt-wc-add-to-cart,\n\t\t\t\t\t#rt-tpg-container-3089053970 .wc4 .rt-detail .rt-wc-add-to-cart,\n\t\t\t\t\t#rt-tpg-container-3089053970 .edd3 .rt-detail .rt-wc-add-to-cart,\n\t\t\t\t\t#rt-tpg-container-3089053970 .wc-carousel2 .rt-detail .rt-wc-add-to-cart,\n\t\t\t\t\t#rt-tpg-container-3089053970 .wc-isotope2 .rt-detail .rt-wc-add-to-cart,\n\t\t\t\t\t#rt-tpg-container-3089053970 .rt-tpg-utility .rt-tpg-load-more button,\n\t\t\t\t\t#rt-tooltip-3089053970,\n\t\t\t\t\t#rt-tpg-container-3089053970 .rt-filter-item-wrap.rt-filter-button-wrap span.rt-filter-button-item,\n\t\t\t\t\t#rt-tpg-container-3089053970 .rt-layout-filter-container .rt-filter-sub-tax.sub-button-group .rt-filter-button-item,\n\t\t\t\t\t#rt-tpg-container-3089053970 .rt-layout-filter-container .rt-filter-wrap .rt-filter-item-wrap.rt-sort-order-action,\n\t\t\t\t\t#rt-tpg-container-3089053970 .rt-layout-filter-container .rt-filter-wrap .rt-filter-item-wrap.rt-filter-dropdown-wrap .rt-filter-dropdown .rt-filter-dropdown-item,\n\t\t\t\t\t#rt-tpg-container-3089053970.rt-tpg-container .rt-pagination-wrap .rt-page-numbers .paginationjs .paginationjs-pages ul li>a,\n\t\t\t\t\t#rt-tpg-container-3089053970.rt-tpg-container .rt-pagination-wrap .rt-cb-page-prev-next > *,\n\t\t\t\t\t#rt-tpg-container-3089053970.rt-tpg-container .rt-pagination-wrap  .rt-loadmore-btn,\n\t\t\t\t\t#rt-tpg-container-3089053970 .rt-read-more,\n\t\t\t\t\t#rt-tooltip-3089053970 .rt-tooltip-bottom:after{color:#ffffff;}#rt-tpg-container-3089053970 .read-more a{border-radius:px;}#rt-tpg-container-3089053970 .rt-img-holder img.rt-img-responsive,#rt-tpg-container-3089053970 .rt-img-holder,\n\t\t\t\t\t#rt-tpg-container-3089053970 .rt-post-overlay .post-img,\n\t\t\t\t\t#rt-tpg-container-3089053970 .post-sm .post-img,\n\t\t\t\t\t#rt-tpg-container-3089053970 .rt-post-grid .post-img,\n\t\t\t\t\t#rt-tpg-container-3089053970 .post-img img {border-radius:px;}<\/style><div class='rt-container-fluid rt-tpg-container tpg-shortcode-main-wrapper ' id='rt-tpg-container-3089053970'   data-layout='layout12' data-grid-style='even' data-desktop-col='2'  data-tab-col='2'  data-mobile-col='1' data-sc-id='11076'><div data-title='Loading ...' class='rt-row rt-content-loader   layout12 tpg-even '><div class=\"rt-col-md-6 rt-col-sm-6 rt-col-xs-12 even-grid-item rt-grid-item\" data-id=\"12726\"><div class=\"rt-holder\"><div class=\"rt-img-holder\"><a data-id='12726' class='' href='https:\/\/fundacioncajaruraldelsur.com\/pt\/caja-rural-del-sur-apoya-a-la-xxxii-feria-agroganadera-de-pozoblanco-y-xxii-feria-agroalimentaria-del-valle-de-los-pedroches\/'><img loading=\"lazy\" decoding=\"async\" width=\"831\" height=\"463\" src=\"https:\/\/fundacioncajaruraldelsur.com\/wp-content\/uploads\/2026\/04\/pedroches.jpg\" class=\"rt-img-responsive \" alt=\"\" \/><\/a><\/div> <div class='rt-detail'><div class='post-meta-user '><span class='date-meta'><i class='far fa-calendar-alt '><\/i>21 April, 2026<\/span><\/div><h3 class=\"entry-title\"><a data-id=\"12726\" class=\"\" href=\"https:\/\/fundacioncajaruraldelsur.com\/pt\/caja-rural-del-sur-apoya-a-la-xxxii-feria-agroganadera-de-pozoblanco-y-xxii-feria-agroalimentaria-del-valle-de-los-pedroches\/\">Caja Rural del Sur apoya a la XXXII Feria Agroganadera de Pozoblanco y XXII Feria Agroalimentaria del Valle de Los Pedroches<\/a><\/h3><div class='tpg-excerpt'>Caja Rural del Sur colabora, un a\u00f1o m\u00e1s, con la XXXII Feria Agroganadera y XXII...<\/div><div class='post-meta '><span class='read-more'><a data-id='12726' class='' href='https:\/\/fundacioncajaruraldelsur.com\/pt\/caja-rural-del-sur-apoya-a-la-xxxii-feria-agroganadera-de-pozoblanco-y-xxii-feria-agroalimentaria-del-valle-de-los-pedroches\/'>Read More<\/a><\/span><\/div><\/div><\/div><\/div><div class=\"rt-col-md-6 rt-col-sm-6 rt-col-xs-12 even-grid-item rt-grid-item\" data-id=\"12722\"><div class=\"rt-holder\"><div class=\"rt-img-holder\"><a data-id='12722' class='' href='https:\/\/fundacioncajaruraldelsur.com\/pt\/presentacion-en-caja-rural-del-sur-de-la-xl-exhibicion-de-enganches-y-la-xii-concurso-internacional-de-enganches-de-tradicion-ciat\/'><img loading=\"lazy\" decoding=\"async\" width=\"960\" height=\"600\" src=\"https:\/\/fundacioncajaruraldelsur.com\/wp-content\/uploads\/2026\/04\/WhatsApp-Image-2026-04-15-at-12.42.44-1080x675-1-1024x640.jpeg\" class=\"rt-img-responsive \" alt=\"\" \/><\/a><\/div> <div class='rt-detail'><div class='post-meta-user '><span class='date-meta'><i class='far fa-calendar-alt '><\/i>21 April, 2026<\/span><\/div><h3 class=\"entry-title\"><a data-id=\"12722\" class=\"\" href=\"https:\/\/fundacioncajaruraldelsur.com\/pt\/presentacion-en-caja-rural-del-sur-de-la-xl-exhibicion-de-enganches-y-la-xii-concurso-internacional-de-enganches-de-tradicion-ciat\/\">Presentaci\u00f3n en Caja Rural del Sur de la XL Exhibici\u00f3n de Enganches y la XII Concurso Internacional de Enganches de Tradici\u00f3n (CIAT)<\/a><\/h3><div class='tpg-excerpt'>Caja Rural del Sur ha acogido la presentaci\u00f3n oficial del XII Concurso Internacional de Enganches...<\/div><div class='post-meta '><span class='read-more'><a data-id='12722' class='' href='https:\/\/fundacioncajaruraldelsur.com\/pt\/presentacion-en-caja-rural-del-sur-de-la-xl-exhibicion-de-enganches-y-la-xii-concurso-internacional-de-enganches-de-tradicion-ciat\/'>Read More<\/a><\/span><\/div><\/div><\/div><\/div><div class=\"rt-col-md-6 rt-col-sm-6 rt-col-xs-12 even-grid-item rt-grid-item\" data-id=\"12720\"><div class=\"rt-holder\"><div class=\"rt-img-holder\"><a data-id='12720' class='' href='https:\/\/fundacioncajaruraldelsur.com\/pt\/la-fundacion-caja-rural-del-sur-en-sevilla-acoge-la-presentacion-de-la-novela-de-donana-de-juan-villa\/'><img loading=\"lazy\" decoding=\"async\" width=\"960\" height=\"600\" src=\"https:\/\/fundacioncajaruraldelsur.com\/wp-content\/uploads\/2026\/04\/Presentacion-Libro-Donana-1-1080x675-1-1024x640.jpg\" class=\"rt-img-responsive \" alt=\"\" \/><\/a><\/div> <div class='rt-detail'><div class='post-meta-user '><span class='date-meta'><i class='far fa-calendar-alt '><\/i>21 April, 2026<\/span><\/div><h3 class=\"entry-title\"><a data-id=\"12720\" class=\"\" href=\"https:\/\/fundacioncajaruraldelsur.com\/pt\/la-fundacion-caja-rural-del-sur-en-sevilla-acoge-la-presentacion-de-la-novela-de-donana-de-juan-villa\/\">La Fundaci\u00f3n Caja Rural del Sur en Sevilla acoge la presentaci\u00f3n de \u00abLa novela de Do\u00f1ana\u00bb de Juan Villa<\/a><\/h3><div class='tpg-excerpt'>La sede de la Fundaci\u00f3n Caja Rural del Sur en Sevilla ha sido el escenario...<\/div><div class='post-meta '><span class='read-more'><a data-id='12720' class='' href='https:\/\/fundacioncajaruraldelsur.com\/pt\/la-fundacion-caja-rural-del-sur-en-sevilla-acoge-la-presentacion-de-la-novela-de-donana-de-juan-villa\/'>Read More<\/a><\/span><\/div><\/div><\/div><\/div><div class=\"rt-col-md-6 rt-col-sm-6 rt-col-xs-12 even-grid-item rt-grid-item\" data-id=\"12704\"><div class=\"rt-holder\"><div class=\"rt-img-holder\"><a data-id='12704' class='' href='https:\/\/fundacioncajaruraldelsur.com\/pt\/presentado-en-sevilla-el-libro-versos-toreros-de-carlos-urquijo-herraiz-una-mirada-poetica-a-la-tradicion-taurina\/'><img loading=\"lazy\" decoding=\"async\" width=\"960\" height=\"433\" src=\"https:\/\/fundacioncajaruraldelsur.com\/wp-content\/uploads\/2026\/04\/Versos-Toreros-Caja-Rural-del-Sur-1024x462.jpeg\" class=\"rt-img-responsive \" alt=\"\" \/><\/a><\/div> <div class='rt-detail'><div class='post-meta-user '><span class='date-meta'><i class='far fa-calendar-alt '><\/i>14 April, 2026<\/span><\/div><h3 class=\"entry-title\"><a data-id=\"12704\" class=\"\" href=\"https:\/\/fundacioncajaruraldelsur.com\/pt\/presentado-en-sevilla-el-libro-versos-toreros-de-carlos-urquijo-herraiz-una-mirada-poetica-a-la-tradicion-taurina\/\">Presentado en Sevilla el libro Versos Toreros, de Carlos Urquijo Herraiz, una mirada po\u00e9tica a la tradici\u00f3n taurina<\/a><\/h3><div class='tpg-excerpt'>El libro Versos Toreros, obra de Carlos Urquijo Herraiz, se ha presentado este lunes, 13...<\/div><div class='post-meta '><span class='read-more'><a data-id='12704' class='' href='https:\/\/fundacioncajaruraldelsur.com\/pt\/presentado-en-sevilla-el-libro-versos-toreros-de-carlos-urquijo-herraiz-una-mirada-poetica-a-la-tradicion-taurina\/'>Read More<\/a><\/span><\/div><\/div><\/div><\/div><\/div><div class='rt-pagination-wrap' data-total-pages='241' data-posts-per-page='4' data-type='pagination'  ><div class=\"rt-pagination\" ><ul class=\"pagination-list\"><li class=\"active\"><span>1<\/span><\/li><li><a data-paged='2' href='https:\/\/fundacioncajaruraldelsur.com\/pt\/wp-json\/wp\/v2\/pages\/1881\/page\/2\/'>2<\/a><\/li><li><a data-paged='3' href='https:\/\/fundacioncajaruraldelsur.com\/pt\/wp-json\/wp\/v2\/pages\/1881\/page\/3\/'>3<\/a><\/li><li><a data-paged='4' href='https:\/\/fundacioncajaruraldelsur.com\/pt\/wp-json\/wp\/v2\/pages\/1881\/page\/4\/'>4<\/a><\/li><li><a data-paged='5' href='https:\/\/fundacioncajaruraldelsur.com\/pt\/wp-json\/wp\/v2\/pages\/1881\/page\/5\/'>5<\/a><\/li><li><a data-paged='2' href=\"https:\/\/fundacioncajaruraldelsur.com\/pt\/wp-json\/wp\/v2\/pages\/1881\/page\/2\/\"  aria-label='Next'>&rsaquo;<\/a><\/li><li><a data-paged='241' href='https:\/\/fundacioncajaruraldelsur.com\/pt\/wp-json\/wp\/v2\/pages\/1881\/page\/241\/' aria-label='Last'>&raquo;<\/a><\/li><\/ul><\/div><\/div><\/div>\n\n\t\t<\/div>\n\t<\/div>\n\n\t<div class=\"wpb_text_column wpb_content_element\" >\n\t\t<div class=\"wpb_wrapper\">\n\t\t\t<div class=\"epyt-gallery\" data-currpage=\"1\" id=\"epyt_gallery_60624\"><iframe loading=\"lazy\"  id=\"_ytid_16956\"  width=\"960\" height=\"540\"  data-origwidth=\"960\" data-origheight=\"540\" src=\"https:\/\/www.youtube.com\/embed\/xViYL3MTu1s?enablejsapi=1&autoplay=0&cc_load_policy=0&cc_lang_pref=&iv_load_policy=1&loop=0&rel=1&fs=1&playsinline=0&autohide=2&theme=dark&color=red&controls=1&disablekb=0&\" class=\"__youtube_prefs__  no-lazyload\" title=\"YouTube player\"  data-epytgalleryid=\"epyt_gallery_60624\"  allow=\"fullscreen; accelerometer; autoplay; clipboard-write; encrypted-media; gyroscope; picture-in-picture; web-share\" referrerpolicy=\"strict-origin-when-cross-origin\" allowfullscreen data-no-lazy=\"1\" data-skipgform_ajax_framebjll=\"\"><\/iframe><div class=\"epyt-gallery-list\"><div class=\"epyt-pagination \"><div tabindex=\"0\" role=\"button\" class=\"epyt-pagebutton epyt-prev  hide \" data-playlistid=\"PLpriM2eRXhkePkpP5eLyxksNJ8uiaI62m\" data-pagesize=\"15\" data-pagetoken=\"\" data-epcolumns=\"3\" data-showtitle=\"1\" data-showpaging=\"1\" data-autonext=\"0\" data-thumbplay=\"1\"><div class=\"epyt-arrow\">&laquo;<\/div> <div>Prev<\/div><\/div><div class=\"epyt-pagenumbers hide\"><div class=\"epyt-current\">1<\/div><div class=\"epyt-pageseparator\"> \/ <\/div><div class=\"epyt-totalpages\">1<\/div><\/div><div tabindex=\"0\" role=\"button\" class=\"epyt-pagebutton epyt-next hide \" data-playlistid=\"PLpriM2eRXhkePkpP5eLyxksNJ8uiaI62m\" data-pagesize=\"15\" data-pagetoken=\"\" data-epcolumns=\"3\" data-showtitle=\"1\" data-showpaging=\"1\" data-autonext=\"0\" data-thumbplay=\"1\"><div>Next<\/div> <div class=\"epyt-arrow\">&raquo;<\/div><\/div><div class=\"epyt-loader\"><img loading=\"lazy\" decoding=\"async\" alt=\"loading\" width=\"16\" height=\"11\" src=\"https:\/\/fundacioncajaruraldelsur.com\/wp-content\/plugins\/youtube-embed-plus\/images\/gallery-page-loader.gif\"><\/div><\/div><div class=\"epyt-gallery-allthumbs  epyt-cols-3 \"><div tabindex=\"0\" role=\"button\" data-videoid=\"xViYL3MTu1s\" class=\"epyt-gallery-thumb\"><div class=\"epyt-gallery-img-box\"><div class=\"epyt-gallery-img\" style=\"background-image: url(https:\/\/i.ytimg.com\/vi\/xViYL3MTu1s\/hqdefault.jpg)\"><div class=\"epyt-gallery-playhover\"><img loading=\"lazy\" decoding=\"async\" alt=\"play\" class=\"epyt-play-img\" width=\"30\" height=\"23\" src=\"https:\/\/fundacioncajaruraldelsur.com\/wp-content\/plugins\/youtube-embed-plus\/images\/playhover.png\" data-no-lazy=\"1\" data-skipgform_ajax_framebjll=\"\" \/><div class=\"epyt-gallery-playcrutch\"><\/div><\/div><\/div><\/div><div class=\"epyt-gallery-title\">Exposici\u00f3n IMAGINART - Colectivo Ef\u00edmero - C\u00f3rdoba<\/div><\/div><div tabindex=\"0\" role=\"button\" data-videoid=\"e6w1s5Z4Fzg\" class=\"epyt-gallery-thumb\"><div class=\"epyt-gallery-img-box\"><div class=\"epyt-gallery-img\" style=\"background-image: url(https:\/\/i.ytimg.com\/vi\/e6w1s5Z4Fzg\/hqdefault.jpg)\"><div class=\"epyt-gallery-playhover\"><img loading=\"lazy\" decoding=\"async\" alt=\"play\" class=\"epyt-play-img\" width=\"30\" height=\"23\" src=\"https:\/\/fundacioncajaruraldelsur.com\/wp-content\/plugins\/youtube-embed-plus\/images\/playhover.png\" data-no-lazy=\"1\" data-skipgform_ajax_framebjll=\"\" \/><div class=\"epyt-gallery-playcrutch\"><\/div><\/div><\/div><\/div><div class=\"epyt-gallery-title\">Exposici\u00f3n ESTRUCTURA NATURAL - Manuel Luna - C\u00f3rdoba<\/div><\/div><div class=\"epyt-gallery-clear\"><\/div><\/div><div class=\"epyt-pagination \"><div tabindex=\"0\" role=\"button\" class=\"epyt-pagebutton epyt-prev  hide \" data-playlistid=\"PLpriM2eRXhkePkpP5eLyxksNJ8uiaI62m\" data-pagesize=\"15\" data-pagetoken=\"\" data-epcolumns=\"3\" data-showtitle=\"1\" data-showpaging=\"1\" data-autonext=\"0\" data-thumbplay=\"1\"><div class=\"epyt-arrow\">&laquo;<\/div> <div>Prev<\/div><\/div><div class=\"epyt-pagenumbers hide\"><div class=\"epyt-current\">1<\/div><div class=\"epyt-pageseparator\"> \/ <\/div><div class=\"epyt-totalpages\">1<\/div><\/div><div tabindex=\"0\" role=\"button\" class=\"epyt-pagebutton epyt-next hide \" data-playlistid=\"PLpriM2eRXhkePkpP5eLyxksNJ8uiaI62m\" data-pagesize=\"15\" data-pagetoken=\"\" data-epcolumns=\"3\" data-showtitle=\"1\" data-showpaging=\"1\" data-autonext=\"0\" data-thumbplay=\"1\"><div>Next<\/div> <div class=\"epyt-arrow\">&raquo;<\/div><\/div><div class=\"epyt-loader\"><img loading=\"lazy\" decoding=\"async\" alt=\"loading\" width=\"16\" height=\"11\" src=\"https:\/\/fundacioncajaruraldelsur.com\/wp-content\/plugins\/youtube-embed-plus\/images\/gallery-page-loader.gif\"><\/div><\/div><\/div><\/div><div class=\"epyt-gallery\" data-currpage=\"1\" id=\"epyt_gallery_76906\"><iframe loading=\"lazy\"  id=\"_ytid_42140\"  width=\"960\" height=\"540\"  data-origwidth=\"960\" data-origheight=\"540\" src=\"https:\/\/www.youtube.com\/embed\/jGG0-u2nIrs?enablejsapi=1&autoplay=0&cc_load_policy=0&cc_lang_pref=&iv_load_policy=1&loop=0&rel=1&fs=1&playsinline=0&autohide=2&theme=dark&color=red&controls=1&disablekb=0&\" class=\"__youtube_prefs__  no-lazyload\" title=\"YouTube player\"  data-epytgalleryid=\"epyt_gallery_76906\"  allow=\"fullscreen; accelerometer; autoplay; clipboard-write; encrypted-media; gyroscope; picture-in-picture; web-share\" referrerpolicy=\"strict-origin-when-cross-origin\" allowfullscreen data-no-lazy=\"1\" data-skipgform_ajax_framebjll=\"\"><\/iframe><div class=\"epyt-gallery-list\"><div class=\"epyt-pagination \"><div tabindex=\"0\" role=\"button\" class=\"epyt-pagebutton epyt-prev  hide \" data-playlistid=\"PLpriM2eRXhkeZS7Q2QP3Z0JTsiXlquuG9\" data-pagesize=\"15\" data-pagetoken=\"\" data-epcolumns=\"3\" data-showtitle=\"1\" data-showpaging=\"1\" data-autonext=\"0\" data-thumbplay=\"1\"><div class=\"epyt-arrow\">&laquo;<\/div> <div>Prev<\/div><\/div><div class=\"epyt-pagenumbers hide\"><div class=\"epyt-current\">1<\/div><div class=\"epyt-pageseparator\"> \/ <\/div><div class=\"epyt-totalpages\">1<\/div><\/div><div tabindex=\"0\" role=\"button\" class=\"epyt-pagebutton epyt-next hide \" data-playlistid=\"PLpriM2eRXhkeZS7Q2QP3Z0JTsiXlquuG9\" data-pagesize=\"15\" data-pagetoken=\"\" data-epcolumns=\"3\" data-showtitle=\"1\" data-showpaging=\"1\" data-autonext=\"0\" data-thumbplay=\"1\"><div>Next<\/div> <div class=\"epyt-arrow\">&raquo;<\/div><\/div><div class=\"epyt-loader\"><img loading=\"lazy\" decoding=\"async\" alt=\"loading\" width=\"16\" height=\"11\" src=\"https:\/\/fundacioncajaruraldelsur.com\/wp-content\/plugins\/youtube-embed-plus\/images\/gallery-page-loader.gif\"><\/div><\/div><div class=\"epyt-gallery-allthumbs  epyt-cols-3 \"><div tabindex=\"0\" role=\"button\" data-videoid=\"jGG0-u2nIrs\" class=\"epyt-gallery-thumb\"><div class=\"epyt-gallery-img-box\"><div class=\"epyt-gallery-img\" style=\"background-image: url(https:\/\/i.ytimg.com\/vi\/jGG0-u2nIrs\/hqdefault.jpg)\"><div class=\"epyt-gallery-playhover\"><img loading=\"lazy\" decoding=\"async\" alt=\"play\" class=\"epyt-play-img\" width=\"30\" height=\"23\" src=\"https:\/\/fundacioncajaruraldelsur.com\/wp-content\/plugins\/youtube-embed-plus\/images\/playhover.png\" data-no-lazy=\"1\" data-skipgform_ajax_framebjll=\"\" \/><div class=\"epyt-gallery-playcrutch\"><\/div><\/div><\/div><\/div><div class=\"epyt-gallery-title\">XII Premios &#039;Ricardo L\u00f3pez Crespo&#039; | Acc\u00e9sit Acci\u00f3n Social - Fundaci\u00f3n Fepamic<\/div><\/div><div tabindex=\"0\" role=\"button\" data-videoid=\"M6nVwwOoCac\" class=\"epyt-gallery-thumb\"><div class=\"epyt-gallery-img-box\"><div class=\"epyt-gallery-img\" style=\"background-image: url(https:\/\/i.ytimg.com\/vi\/M6nVwwOoCac\/hqdefault.jpg)\"><div class=\"epyt-gallery-playhover\"><img loading=\"lazy\" decoding=\"async\" alt=\"play\" class=\"epyt-play-img\" width=\"30\" height=\"23\" src=\"https:\/\/fundacioncajaruraldelsur.com\/wp-content\/plugins\/youtube-embed-plus\/images\/playhover.png\" data-no-lazy=\"1\" data-skipgform_ajax_framebjll=\"\" \/><div class=\"epyt-gallery-playcrutch\"><\/div><\/div><\/div><\/div><div class=\"epyt-gallery-title\">XII Premios Ricardo L\u00f3pez Crespo | I+D+i STIMA2<\/div><\/div><div tabindex=\"0\" role=\"button\" data-videoid=\"wls_KkMprtg\" class=\"epyt-gallery-thumb\"><div class=\"epyt-gallery-img-box\"><div class=\"epyt-gallery-img\" style=\"background-image: url(https:\/\/i.ytimg.com\/vi\/wls_KkMprtg\/hqdefault.jpg)\"><div class=\"epyt-gallery-playhover\"><img loading=\"lazy\" decoding=\"async\" alt=\"play\" class=\"epyt-play-img\" width=\"30\" height=\"23\" src=\"https:\/\/fundacioncajaruraldelsur.com\/wp-content\/plugins\/youtube-embed-plus\/images\/playhover.png\" data-no-lazy=\"1\" data-skipgform_ajax_framebjll=\"\" \/><div class=\"epyt-gallery-playcrutch\"><\/div><\/div><\/div><\/div><div class=\"epyt-gallery-title\">XII Premios &#039;Ricardo L\u00f3pez Crespo&#039; |  Acc\u00e9sit Recuperaci\u00f3n del Patrimonio Hist\u00f3rico-Art\u00edstico<\/div><\/div><div class=\"epyt-gallery-rowbreak\"><\/div><div tabindex=\"0\" role=\"button\" data-videoid=\"8pNjkbQrUEQ\" class=\"epyt-gallery-thumb\"><div class=\"epyt-gallery-img-box\"><div class=\"epyt-gallery-img\" style=\"background-image: url(https:\/\/i.ytimg.com\/vi\/8pNjkbQrUEQ\/hqdefault.jpg)\"><div class=\"epyt-gallery-playhover\"><img loading=\"lazy\" decoding=\"async\" alt=\"play\" class=\"epyt-play-img\" width=\"30\" height=\"23\" src=\"https:\/\/fundacioncajaruraldelsur.com\/wp-content\/plugins\/youtube-embed-plus\/images\/playhover.png\" data-no-lazy=\"1\" data-skipgform_ajax_framebjll=\"\" \/><div class=\"epyt-gallery-playcrutch\"><\/div><\/div><\/div><\/div><div class=\"epyt-gallery-title\">XII Premios &#039;Ricardo L\u00f3pez Crespo&#039; |  Acci\u00f3n Social Asociaci\u00f3n Apannedis<\/div><\/div><div tabindex=\"0\" role=\"button\" data-videoid=\"E6wUKNuh_OY\" class=\"epyt-gallery-thumb\"><div class=\"epyt-gallery-img-box\"><div class=\"epyt-gallery-img\" style=\"background-image: url(https:\/\/i.ytimg.com\/vi\/E6wUKNuh_OY\/hqdefault.jpg)\"><div class=\"epyt-gallery-playhover\"><img loading=\"lazy\" decoding=\"async\" alt=\"play\" class=\"epyt-play-img\" width=\"30\" height=\"23\" src=\"https:\/\/fundacioncajaruraldelsur.com\/wp-content\/plugins\/youtube-embed-plus\/images\/playhover.png\" data-no-lazy=\"1\" data-skipgform_ajax_framebjll=\"\" \/><div class=\"epyt-gallery-playcrutch\"><\/div><\/div><\/div><\/div><div class=\"epyt-gallery-title\">XII Premios &#039;Ricardo L\u00f3pez Crespo&#039; | Mejor Expediente - Carmen Oliva Sanz<\/div><\/div><div tabindex=\"0\" role=\"button\" data-videoid=\"nNuc24ArtiU\" class=\"epyt-gallery-thumb\"><div class=\"epyt-gallery-img-box\"><div class=\"epyt-gallery-img\" style=\"background-image: url(https:\/\/i.ytimg.com\/vi\/nNuc24ArtiU\/hqdefault.jpg)\"><div class=\"epyt-gallery-playhover\"><img loading=\"lazy\" decoding=\"async\" alt=\"play\" class=\"epyt-play-img\" width=\"30\" height=\"23\" src=\"https:\/\/fundacioncajaruraldelsur.com\/wp-content\/plugins\/youtube-embed-plus\/images\/playhover.png\" data-no-lazy=\"1\" data-skipgform_ajax_framebjll=\"\" \/><div class=\"epyt-gallery-playcrutch\"><\/div><\/div><\/div><\/div><div class=\"epyt-gallery-title\">XII Premios Ricardo L\u00f3pez Crespo | I+D+i - Olive2Energi<\/div><\/div><div class=\"epyt-gallery-rowbreak\"><\/div><div tabindex=\"0\" role=\"button\" data-videoid=\"N8Vub4NE46c\" class=\"epyt-gallery-thumb\"><div class=\"epyt-gallery-img-box\"><div class=\"epyt-gallery-img\" style=\"background-image: url(https:\/\/i.ytimg.com\/vi\/N8Vub4NE46c\/hqdefault.jpg)\"><div class=\"epyt-gallery-playhover\"><img loading=\"lazy\" decoding=\"async\" alt=\"play\" class=\"epyt-play-img\" width=\"30\" height=\"23\" src=\"https:\/\/fundacioncajaruraldelsur.com\/wp-content\/plugins\/youtube-embed-plus\/images\/playhover.png\" data-no-lazy=\"1\" data-skipgform_ajax_framebjll=\"\" \/><div class=\"epyt-gallery-playcrutch\"><\/div><\/div><\/div><\/div><div class=\"epyt-gallery-title\">XII Premios &#039;Ricardo L\u00f3pez Crespo&#039; | Iniciativas Empresariales - MAM<\/div><\/div><div tabindex=\"0\" role=\"button\" data-videoid=\"hwvTx8qxyWA\" class=\"epyt-gallery-thumb\"><div class=\"epyt-gallery-img-box\"><div class=\"epyt-gallery-img\" style=\"background-image: url(https:\/\/i.ytimg.com\/vi\/hwvTx8qxyWA\/hqdefault.jpg)\"><div class=\"epyt-gallery-playhover\"><img loading=\"lazy\" decoding=\"async\" alt=\"play\" class=\"epyt-play-img\" width=\"30\" height=\"23\" src=\"https:\/\/fundacioncajaruraldelsur.com\/wp-content\/plugins\/youtube-embed-plus\/images\/playhover.png\" data-no-lazy=\"1\" data-skipgform_ajax_framebjll=\"\" \/><div class=\"epyt-gallery-playcrutch\"><\/div><\/div><\/div><\/div><div class=\"epyt-gallery-title\">XII Premios &#039;Ricardo L\u00f3pez Crespo&#039; | Recuperaci\u00f3n del Patrimonio - Fundaci\u00f3n Cuenca del Guadiato<\/div><\/div><div tabindex=\"0\" role=\"button\" data-videoid=\"u8yY_IGtTok\" class=\"epyt-gallery-thumb\"><div class=\"epyt-gallery-img-box\"><div class=\"epyt-gallery-img\" style=\"background-image: url(https:\/\/i.ytimg.com\/vi\/u8yY_IGtTok\/hqdefault.jpg)\"><div class=\"epyt-gallery-playhover\"><img loading=\"lazy\" decoding=\"async\" alt=\"play\" class=\"epyt-play-img\" width=\"30\" height=\"23\" src=\"https:\/\/fundacioncajaruraldelsur.com\/wp-content\/plugins\/youtube-embed-plus\/images\/playhover.png\" data-no-lazy=\"1\" data-skipgform_ajax_framebjll=\"\" \/><div class=\"epyt-gallery-playcrutch\"><\/div><\/div><\/div><\/div><div class=\"epyt-gallery-title\">XII Premios &#039;Ricardo L\u00f3pez Crespo&#039; | Iniciativas Empresariales - Glamping La Dehesa S.L<\/div><\/div><div class=\"epyt-gallery-rowbreak\"><\/div><div class=\"epyt-gallery-clear\"><\/div><\/div><div class=\"epyt-pagination \"><div tabindex=\"0\" role=\"button\" class=\"epyt-pagebutton epyt-prev  hide \" data-playlistid=\"PLpriM2eRXhkeZS7Q2QP3Z0JTsiXlquuG9\" data-pagesize=\"15\" data-pagetoken=\"\" data-epcolumns=\"3\" data-showtitle=\"1\" data-showpaging=\"1\" data-autonext=\"0\" data-thumbplay=\"1\"><div class=\"epyt-arrow\">&laquo;<\/div> <div>Prev<\/div><\/div><div class=\"epyt-pagenumbers hide\"><div class=\"epyt-current\">1<\/div><div class=\"epyt-pageseparator\"> \/ <\/div><div class=\"epyt-totalpages\">1<\/div><\/div><div tabindex=\"0\" role=\"button\" class=\"epyt-pagebutton epyt-next hide \" data-playlistid=\"PLpriM2eRXhkeZS7Q2QP3Z0JTsiXlquuG9\" data-pagesize=\"15\" data-pagetoken=\"\" data-epcolumns=\"3\" data-showtitle=\"1\" data-showpaging=\"1\" data-autonext=\"0\" data-thumbplay=\"1\"><div>Next<\/div> <div class=\"epyt-arrow\">&raquo;<\/div><\/div><div class=\"epyt-loader\"><img loading=\"lazy\" decoding=\"async\" alt=\"loading\" width=\"16\" height=\"11\" src=\"https:\/\/fundacioncajaruraldelsur.com\/wp-content\/plugins\/youtube-embed-plus\/images\/gallery-page-loader.gif\"><\/div><\/div><\/div><\/div>\n\n\t\t<\/div>\n\t<\/div>\n<\/div><\/div><\/div><\/div>\n<\/div>","protected":false},"excerpt":{"rendered":"El libro Versos Toreros, obra de Carlos Urquijo Herraiz, se ha presentado este lunes, 13 de abril, en un acto celebrado en la Fundaci\u00f3n Caja Rural del Sur, en Sevilla. [...]","protected":false},"author":4,"featured_media":0,"parent":0,"menu_order":0,"comment_status":"closed","ping_status":"closed","template":"page_fullwidth_notitle.php","meta":{"footnotes":""},"class_list":["post-1881","page","type-page","status-publish","hentry"],"yoast_head":"<!-- This site is optimized with the Yoast SEO plugin v27.3 - https:\/\/yoast.com\/product\/yoast-seo-wordpress\/ -->\n<title>Fundaci\u00f3n Caja Rural del Sur<\/title>\n<meta name=\"description\" content=\"Fundaci\u00f3n Caja Rural del Sur\" \/>\n<meta name=\"robots\" content=\"index, follow, max-snippet:-1, max-image-preview:large, max-video-preview:-1\" \/>\n<link rel=\"canonical\" href=\"https:\/\/fundacioncajaruraldelsur.com\/pt\/\" \/>\n<meta property=\"og:locale\" content=\"pt_PT\" \/>\n<meta property=\"og:type\" content=\"article\" \/>\n<meta property=\"og:title\" content=\"Fundaci\u00f3n Caja Rural del Sur\" \/>\n<meta property=\"og:description\" content=\"Fundaci\u00f3n Caja Rural del Sur\" \/>\n<meta property=\"og:url\" content=\"https:\/\/fundacioncajaruraldelsur.com\/pt\/\" \/>\n<meta property=\"og:site_name\" content=\"Fundaci\u00f3n Caja Rural del Sur\" \/>\n<meta property=\"article:modified_time\" content=\"2025-04-03T07:56:24+00:00\" \/>\n<meta name=\"twitter:card\" content=\"summary_large_image\" \/>\n<meta name=\"twitter:label1\" content=\"Est. reading time\" \/>\n\t<meta name=\"twitter:data1\" content=\"1 minute\" \/>\n<script type=\"application\/ld+json\" class=\"yoast-schema-graph\">{\"@context\":\"https:\\\/\\\/schema.org\",\"@graph\":[{\"@type\":\"WebPage\",\"@id\":\"https:\\\/\\\/fundacioncajaruraldelsur.com\\\/\",\"url\":\"https:\\\/\\\/fundacioncajaruraldelsur.com\\\/\",\"name\":\"Fundaci\u00f3n Caja Rural del Sur\",\"isPartOf\":{\"@id\":\"https:\\\/\\\/fundacioncajaruraldelsur.com\\\/#website\"},\"datePublished\":\"2015-01-09T10:15:48+00:00\",\"dateModified\":\"2025-04-03T07:56:24+00:00\",\"description\":\"Fundaci\u00f3n Caja Rural del Sur\",\"breadcrumb\":{\"@id\":\"https:\\\/\\\/fundacioncajaruraldelsur.com\\\/#breadcrumb\"},\"inLanguage\":\"pt-PT\",\"potentialAction\":[{\"@type\":\"ReadAction\",\"target\":[\"https:\\\/\\\/fundacioncajaruraldelsur.com\\\/\"]}]},{\"@type\":\"BreadcrumbList\",\"@id\":\"https:\\\/\\\/fundacioncajaruraldelsur.com\\\/#breadcrumb\",\"itemListElement\":[{\"@type\":\"ListItem\",\"position\":1,\"name\":\"Portada\",\"item\":\"https:\\\/\\\/fundacioncajaruraldelsur.com\\\/\"},{\"@type\":\"ListItem\",\"position\":2,\"name\":\"Fundaci\u00f3n Caja Rural del Sur\"}]},{\"@type\":\"WebSite\",\"@id\":\"https:\\\/\\\/fundacioncajaruraldelsur.com\\\/#website\",\"url\":\"https:\\\/\\\/fundacioncajaruraldelsur.com\\\/\",\"name\":\"Fundaci\u00f3n Caja Rural del Sur\",\"description\":\"\",\"potentialAction\":[{\"@type\":\"SearchAction\",\"target\":{\"@type\":\"EntryPoint\",\"urlTemplate\":\"https:\\\/\\\/fundacioncajaruraldelsur.com\\\/?s={search_term_string}\"},\"query-input\":{\"@type\":\"PropertyValueSpecification\",\"valueRequired\":true,\"valueName\":\"search_term_string\"}}],\"inLanguage\":\"pt-PT\"}]}<\/script>\n<!-- \/ Yoast SEO plugin. -->","yoast_head_json":{"title":"Funda\u00e7\u00e3o Caja Rural del Sur","description":"Funda\u00e7\u00e3o Caja Rural del Sur","robots":{"index":"index","follow":"follow","max-snippet":"max-snippet:-1","max-image-preview":"max-image-preview:large","max-video-preview":"max-video-preview:-1"},"canonical":"https:\/\/fundacioncajaruraldelsur.com\/pt\/","og_locale":"pt_PT","og_type":"article","og_title":"Fundaci\u00f3n Caja Rural del Sur","og_description":"Fundaci\u00f3n Caja Rural del Sur","og_url":"https:\/\/fundacioncajaruraldelsur.com\/pt\/","og_site_name":"Fundaci\u00f3n Caja Rural del Sur","article_modified_time":"2025-04-03T07:56:24+00:00","twitter_card":"summary_large_image","twitter_misc":{"Est. reading time":"1 minute"},"schema":{"@context":"https:\/\/schema.org","@graph":[{"@type":"WebPage","@id":"https:\/\/fundacioncajaruraldelsur.com\/","url":"https:\/\/fundacioncajaruraldelsur.com\/","name":"Funda\u00e7\u00e3o Caja Rural del Sur","isPartOf":{"@id":"https:\/\/fundacioncajaruraldelsur.com\/#website"},"datePublished":"2015-01-09T10:15:48+00:00","dateModified":"2025-04-03T07:56:24+00:00","description":"Funda\u00e7\u00e3o Caja Rural del Sur","breadcrumb":{"@id":"https:\/\/fundacioncajaruraldelsur.com\/#breadcrumb"},"inLanguage":"pt-PT","potentialAction":[{"@type":"ReadAction","target":["https:\/\/fundacioncajaruraldelsur.com\/"]}]},{"@type":"BreadcrumbList","@id":"https:\/\/fundacioncajaruraldelsur.com\/#breadcrumb","itemListElement":[{"@type":"ListItem","position":1,"name":"Portada","item":"https:\/\/fundacioncajaruraldelsur.com\/"},{"@type":"ListItem","position":2,"name":"Fundaci\u00f3n Caja Rural del Sur"}]},{"@type":"WebSite","@id":"https:\/\/fundacioncajaruraldelsur.com\/#website","url":"https:\/\/fundacioncajaruraldelsur.com\/","name":"Funda\u00e7\u00e3o Caja Rural del Sur","description":"","potentialAction":[{"@type":"SearchAction","target":{"@type":"EntryPoint","urlTemplate":"https:\/\/fundacioncajaruraldelsur.com\/?s={search_term_string}"},"query-input":{"@type":"PropertyValueSpecification","valueRequired":true,"valueName":"search_term_string"}}],"inLanguage":"pt-PT"}]}},"rttpg_featured_image_url":null,"rttpg_author":{"display_name":"Huelvaadmin","author_link":"https:\/\/fundacioncajaruraldelsur.com\/pt\/author\/huelvaadmin\/"},"rttpg_comment":0,"rttpg_category":"","rttpg_excerpt":null,"_links":{"self":[{"href":"https:\/\/fundacioncajaruraldelsur.com\/pt\/wp-json\/wp\/v2\/pages\/1881","targetHints":{"allow":["GET"]}}],"collection":[{"href":"https:\/\/fundacioncajaruraldelsur.com\/pt\/wp-json\/wp\/v2\/pages"}],"about":[{"href":"https:\/\/fundacioncajaruraldelsur.com\/pt\/wp-json\/wp\/v2\/types\/page"}],"author":[{"embeddable":true,"href":"https:\/\/fundacioncajaruraldelsur.com\/pt\/wp-json\/wp\/v2\/users\/4"}],"replies":[{"embeddable":true,"href":"https:\/\/fundacioncajaruraldelsur.com\/pt\/wp-json\/wp\/v2\/comments?post=1881"}],"version-history":[{"count":26,"href":"https:\/\/fundacioncajaruraldelsur.com\/pt\/wp-json\/wp\/v2\/pages\/1881\/revisions"}],"predecessor-version":[{"id":11080,"href":"https:\/\/fundacioncajaruraldelsur.com\/pt\/wp-json\/wp\/v2\/pages\/1881\/revisions\/11080"}],"wp:attachment":[{"href":"https:\/\/fundacioncajaruraldelsur.com\/pt\/wp-json\/wp\/v2\/media?parent=1881"}],"curies":[{"name":"wp","href":"https:\/\/api.w.org\/{rel}","templated":true}]}}